{"id":10490,"date":"2024-05-16T13:09:00","date_gmt":"2024-05-16T11:09:00","guid":{"rendered":"https:\/\/www.sozialethik.kath.theologie.uni-mainz.de\/?page_id=10490"},"modified":"2024-07-30T19:53:25","modified_gmt":"2024-07-30T17:53:25","slug":"dr-regina-abeld","status":"publish","type":"page","link":"https:\/\/www.sozialethik.kath.theologie.uni-mainz.de\/en\/dr-regina-abeld\/","title":{"rendered":"Dr. Regina Abeld"},"content":{"rendered":"<jgu-base-pageheader react-props=\"{\n    &quot;items&quot;: [\n        {\n            &quot;box&quot;: {\n                &quot;index&quot;: &quot;&quot;,\n                &quot;title&quot;: &quot;Dr. Regina Abeld&quot;,\n                &quot;link&quot;: {\n                    &quot;url&quot;: &quot;&quot;,\n                    &quot;title&quot;: &quot;learn more&quot;\n                }\n            },\n            &quot;color&quot;: &quot;default&quot;,\n            &quot;image&quot;: {\n                &quot;url&quot;: &quot;&quot;\n            },\n            &quot;imgCredit&quot;: &quot;&quot;,\n            &quot;useVideo&quot;: false,\n            &quot;video&quot;: false\n        }\n    ],\n    &quot;type&quot;: &quot;small&quot;,\n    &quot;useBreadcrumb&quot;: true,\n    &quot;align&quot;: &quot;full&quot;,\n    &quot;quicklinks&quot;: {\n        &quot;show&quot;: false,\n        &quot;selects&quot;: []\n    }\n}\">\n<\/jgu-base-pageheader>\n\n<jgu-base-accordion react-props=\"{&quot;selected&quot;:1,&quot;align&quot;:&quot;wide&quot;,&quot;hasAllOpenButton&quot;:true,&quot;onlyOne&quot;:false,&quot;initAllClosed&quot;:true,&quot;enableSearch&quot;:false}\">\n    \n<jgu-base-accordionitem react-props=\"{&quot;title&quot;:&quot;Curriculum Vitae&quot;,&quot;init&quot;:false,&quot;slug&quot;:&quot;curriculum-vitae&quot;,&quot;align&quot;:&quot;wide&quot;,&quot;customSlug&quot;:false}\">\n    \n\n<p><\/p>\n\n\n\n<ul class=\"wp-block-list\">\n<li>born in 1980 in Adenau<\/li>\n\n\n\n<li>2002-2005 Studium Diplom-Sozialarbeit\/Sozialp\u00e4dagogik an der katholischen Fachhochschule Norddeutschland (Osnabr\u00fcck)<\/li>\n\n\n\n<li>2005 Mitarbeit im Forschungsprojekt zu den Lebensumst\u00e4nden alleinerziehender M\u00fctter und V\u00e4ter (Osnabr\u00fcck)<\/li>\n\n\n\n<li>2009-2011 Berufsbegleitendes Masterstudium \u201eForschung und Leitung in der Gemeindepsychiatrie\u201c an der Hochschule RheinMain (Wiesbaden)<\/li>\n\n\n\n<li>2005-2012 verschiedene T\u00e4tigkeiten als Dipl. Sozialarbeiterin in station\u00e4ren und ambulanten Settings der Suchtkrankenhilfe und Gemeindepsychiatrie (Glandorf, Rheine)<\/li>\n\n\n\n<li>2011 Ausbildung zur Mediatorin<\/li>\n\n\n\n<li>2012-2016 Promotion an der Universit\u00e4t Kassel in Kooperation mit der Hochschule Fulda<\/li>\n\n\n\n<li>2014 Weiterbildung zur Familienrat-Koordinatorin<\/li>\n\n\n\n<li>2014-2019 freiberufliche T\u00e4tigkeit als Mediatorin und Familienrat-Koordinatorin im Mediationsb\u00fcro Osnabr\u00fcck e.V.<\/li>\n\n\n\n<li>Seit 2014 Honorar-Lehrbeauftragte der Hochschulen Osnabr\u00fcck, Berlin, Fulda und Koblenz<\/li>\n\n\n\n<li>2014-2019 Hochschuldidaktische Weiterbildung (insgesamt 138 AE)<\/li>\n\n\n\n<li>2017 Ausbildung zur Integralen K\u00f6rpertherapeutin (Basismodul)<\/li>\n\n\n\n<li>2017-2018 Fachbereichsleiterin und Dozentin f\u00fcr das duale Studium \u201eSoziale Arbeit\u201c an der Berufsakademie Melle<\/li>\n\n\n\n<li>Since 2019 in Ausbildung \u201eSupervision, Coaching und Organisationsentwicklung im Integrativen Verfahren\u201c<\/li>\n\n\n\n<li>Since 05\/2019 Projektkoordinatorin des Projektes \u201eIntegration einer durchg\u00e4ngigen Vermittlung wissenschaftlicher Methodenkompetenz in der Fachlehre der Katholischen Theologie\u201c (<a href=\"https:\/\/www.kath.theologie.uni-mainz.de\/glk-projekt-intwiss\/\">IntWiss<\/a>) am Fachbereich 01 Katholische Theologie der Johannes Gutenberg-Universit\u00e4t Mainz, duration April 01, 2019 &#8211; December 31, 2020<\/li>\n<\/ul>\n\n\n<\/jgu-base-accordionitem>\n\n<jgu-base-accordionitem react-props=\"{&quot;title&quot;:&quot;Publications&lt;br&gt;&quot;,&quot;init&quot;:false,&quot;slug&quot;:&quot;publicationsbr&quot;,&quot;align&quot;:&quot;wide&quot;,&quot;customSlug&quot;:false}\">\n    \n\n<p>2019<\/p>\n\n\n\n<ul class=\"wp-block-list\">\n<li>Potenziale und Spannungsfelder professioneller Beziehungen in der Gemeindepsychiatrie. Ergebnisse einer Klient*innen-Befragung. In: Gromann, Petra (Hrsg.): Beziehungskisten in der Gemeindepsychiatrie. K\u00f6ln<\/li>\n\n\n\n<li>Beziehungen im Spannungsfeld: Der reflexive Umgang mit Paradoxien als Teil professioneller Beziehungskompetenz. In: Unsere Jugend. Die Zeitschrift f\u00fcr Studium und Praxis der Sozialp\u00e4dagogik (6)<\/li>\n<\/ul>\n\n\n\n<p>2017<\/p>\n\n\n\n<ul class=\"wp-block-list\">\n<li>Professionelle Beziehungen in der Sozialen Arbeit. Eine integrale Exploration im Spiegel der Perspektiven von Klienten und Klientinnen. Wiesbaden<\/li>\n<\/ul>\n\n\n\n<p>2013<\/p>\n\n\n\n<ul class=\"wp-block-list\">\n<li>Dahm, Regina\/Kunstreich, Tjark: Ungewissheit und Ohnmacht. Professionelle Beziehungskompetenz in der Sozialen Arbeit. In: Gromann, Petra (Hrsg.): Schl\u00fcsselkompetenzen f\u00fcr die psychiatrische Arbeit. K\u00f6ln<\/li>\n<\/ul>\n\n\n\n<p>2011<\/p>\n\n\n\n<ul class=\"wp-block-list\">\n<li>Dahm, Regina\/Kunstreich, Tjark: N\u00e4he und Distanz: Ein Forschungsprojekt \u00fcber professionelle Beziehungsgestaltung. In: neue praxis (6) S. 635-646<\/li>\n<\/ul>\n\n\n\n<p>2008<\/p>\n\n\n\n<ul class=\"wp-block-list\">\n<li>Verband alleinerziehender M\u00fctter und V\u00e4ter e.V. (Hrsg.): Bildung \u2013 ein schmaler Pfad. Bildungschancen f\u00fcr Kinder aus Einelternfamilien. Osnabr\u00fcck (Mitarbeit bei der Erstellung)<\/li>\n\n\n\n<li>Dahm, Regina: Jenseits des Abstinenzdiktats \u2013 M\u00f6glichkeiten und Grenzen des kontrollierten Trinkens. M\u00fcnchen<\/li>\n<\/ul>\n\n\n<\/jgu-base-accordionitem>\n\n<\/jgu-base-accordion>\n    <div style=\"display: none\">\n        \n    <\/div>","protected":false},"excerpt":{"rendered":"","protected":false},"author":1,"featured_media":0,"parent":0,"menu_order":0,"comment_status":"closed","ping_status":"closed","template":"","meta":{"footnotes":""},"categories":[],"tags":[],"class_list":["post-10490","page","type-page","status-publish","hentry"],"content_raw":"<!-- wp:jgu\/pageheader {\"items\":[{\"box\":{\"index\":\"\",\"title\":\"Dr. Regina Abeld\",\"link\":{\"url\":\"\",\"title\":\"learn more\"}},\"color\":\"default\",\"image\":{\"url\":\"\"},\"imgCredit\":\"\",\"useVideo\":false,\"video\":false}],\"type\":\"small\",\"useBreadcrumb\":true} \/-->\n\n<!-- wp:jgu\/accordion {\"selected\":1} -->\n<!-- wp:jgu\/accordion-item {\"title\":\"Curriculum Vitae\",\"init\":false,\"slug\":\"curriculum-vitae\"} -->\n<!-- wp:paragraph -->\n<p><\/p>\n<!-- \/wp:paragraph -->\n\n<!-- wp:list -->\n<ul class=\"wp-block-list\"><!-- wp:list-item -->\n<li>born in 1980 in Adenau<\/li>\n<!-- \/wp:list-item -->\n\n<!-- wp:list-item -->\n<li>2002-2005 Studium Diplom-Sozialarbeit\/Sozialp\u00e4dagogik an der katholischen Fachhochschule Norddeutschland (Osnabr\u00fcck)<\/li>\n<!-- \/wp:list-item -->\n\n<!-- wp:list-item -->\n<li>2005 Mitarbeit im Forschungsprojekt zu den Lebensumst\u00e4nden alleinerziehender M\u00fctter und V\u00e4ter (Osnabr\u00fcck)<\/li>\n<!-- \/wp:list-item -->\n\n<!-- wp:list-item -->\n<li>2009-2011 Berufsbegleitendes Masterstudium \u201eForschung und Leitung in der Gemeindepsychiatrie\u201c an der Hochschule RheinMain (Wiesbaden)<\/li>\n<!-- \/wp:list-item -->\n\n<!-- wp:list-item -->\n<li>2005-2012 verschiedene T\u00e4tigkeiten als Dipl. Sozialarbeiterin in station\u00e4ren und ambulanten Settings der Suchtkrankenhilfe und Gemeindepsychiatrie (Glandorf, Rheine)<\/li>\n<!-- \/wp:list-item -->\n\n<!-- wp:list-item -->\n<li>2011 Ausbildung zur Mediatorin<\/li>\n<!-- \/wp:list-item -->\n\n<!-- wp:list-item -->\n<li>2012-2016 Promotion an der Universit\u00e4t Kassel in Kooperation mit der Hochschule Fulda<\/li>\n<!-- \/wp:list-item -->\n\n<!-- wp:list-item -->\n<li>2014 Weiterbildung zur Familienrat-Koordinatorin<\/li>\n<!-- \/wp:list-item -->\n\n<!-- wp:list-item -->\n<li>2014-2019 freiberufliche T\u00e4tigkeit als Mediatorin und Familienrat-Koordinatorin im Mediationsb\u00fcro Osnabr\u00fcck e.V.<\/li>\n<!-- \/wp:list-item -->\n\n<!-- wp:list-item -->\n<li>Seit 2014 Honorar-Lehrbeauftragte der Hochschulen Osnabr\u00fcck, Berlin, Fulda und Koblenz<\/li>\n<!-- \/wp:list-item -->\n\n<!-- wp:list-item -->\n<li>2014-2019 Hochschuldidaktische Weiterbildung (insgesamt 138 AE)<\/li>\n<!-- \/wp:list-item -->\n\n<!-- wp:list-item -->\n<li>2017 Ausbildung zur Integralen K\u00f6rpertherapeutin (Basismodul)<\/li>\n<!-- \/wp:list-item -->\n\n<!-- wp:list-item -->\n<li>2017-2018 Fachbereichsleiterin und Dozentin f\u00fcr das duale Studium \u201eSoziale Arbeit\u201c an der Berufsakademie Melle<\/li>\n<!-- \/wp:list-item -->\n\n<!-- wp:list-item -->\n<li>Since 2019 in Ausbildung \u201eSupervision, Coaching und Organisationsentwicklung im Integrativen Verfahren\u201c<\/li>\n<!-- \/wp:list-item -->\n\n<!-- wp:list-item -->\n<li>Since 05\/2019 Projektkoordinatorin des Projektes \u201eIntegration einer durchg\u00e4ngigen Vermittlung wissenschaftlicher Methodenkompetenz in der Fachlehre der Katholischen Theologie\u201c (<a href=\"https:\/\/www.kath.theologie.uni-mainz.de\/glk-projekt-intwiss\/\">IntWiss<\/a>) am Fachbereich 01 Katholische Theologie der Johannes Gutenberg-Universit\u00e4t Mainz, duration April 01, 2019 - December 31, 2020<\/li>\n<!-- \/wp:list-item --><\/ul>\n<!-- \/wp:list -->\n<!-- \/wp:jgu\/accordion-item -->\n\n<!-- wp:jgu\/accordion-item {\"title\":\"Publications\\u003cbr\\u003e\",\"init\":false,\"slug\":\"publicationsbr\"} -->\n<!-- wp:paragraph -->\n<p>2019<\/p>\n<!-- \/wp:paragraph -->\n\n<!-- wp:list -->\n<ul class=\"wp-block-list\"><!-- wp:list-item -->\n<li>Potenziale und Spannungsfelder professioneller Beziehungen in der Gemeindepsychiatrie. Ergebnisse einer Klient*innen-Befragung. In: Gromann, Petra (Hrsg.): Beziehungskisten in der Gemeindepsychiatrie. K\u00f6ln<\/li>\n<!-- \/wp:list-item -->\n\n<!-- wp:list-item -->\n<li>Beziehungen im Spannungsfeld: Der reflexive Umgang mit Paradoxien als Teil professioneller Beziehungskompetenz. In: Unsere Jugend. Die Zeitschrift f\u00fcr Studium und Praxis der Sozialp\u00e4dagogik (6)<\/li>\n<!-- \/wp:list-item --><\/ul>\n<!-- \/wp:list -->\n\n<!-- wp:paragraph -->\n<p>2017<\/p>\n<!-- \/wp:paragraph -->\n\n<!-- wp:list -->\n<ul class=\"wp-block-list\"><!-- wp:list-item -->\n<li>Professionelle Beziehungen in der Sozialen Arbeit. Eine integrale Exploration im Spiegel der Perspektiven von Klienten und Klientinnen. Wiesbaden<\/li>\n<!-- \/wp:list-item --><\/ul>\n<!-- \/wp:list -->\n\n<!-- wp:paragraph -->\n<p>2013<\/p>\n<!-- \/wp:paragraph -->\n\n<!-- wp:list -->\n<ul class=\"wp-block-list\"><!-- wp:list-item -->\n<li>Dahm, Regina\/Kunstreich, Tjark: Ungewissheit und Ohnmacht. Professionelle Beziehungskompetenz in der Sozialen Arbeit. In: Gromann, Petra (Hrsg.): Schl\u00fcsselkompetenzen f\u00fcr die psychiatrische Arbeit. K\u00f6ln<\/li>\n<!-- \/wp:list-item --><\/ul>\n<!-- \/wp:list -->\n\n<!-- wp:paragraph -->\n<p>2011<\/p>\n<!-- \/wp:paragraph -->\n\n<!-- wp:list -->\n<ul class=\"wp-block-list\"><!-- wp:list-item -->\n<li>Dahm, Regina\/Kunstreich, Tjark: N\u00e4he und Distanz: Ein Forschungsprojekt \u00fcber professionelle Beziehungsgestaltung. In: neue praxis (6) S. 635-646<\/li>\n<!-- \/wp:list-item --><\/ul>\n<!-- \/wp:list -->\n\n<!-- wp:paragraph -->\n<p>2008<\/p>\n<!-- \/wp:paragraph -->\n\n<!-- wp:list -->\n<ul class=\"wp-block-list\"><!-- wp:list-item -->\n<li>Verband alleinerziehender M\u00fctter und V\u00e4ter e.V. (Hrsg.): Bildung \u2013 ein schmaler Pfad. Bildungschancen f\u00fcr Kinder aus Einelternfamilien. Osnabr\u00fcck (Mitarbeit bei der Erstellung)<\/li>\n<!-- \/wp:list-item -->\n\n<!-- wp:list-item -->\n<li>Dahm, Regina: Jenseits des Abstinenzdiktats \u2013 M\u00f6glichkeiten und Grenzen des kontrollierten Trinkens. M\u00fcnchen<\/li>\n<!-- \/wp:list-item --><\/ul>\n<!-- \/wp:list -->\n<!-- \/wp:jgu\/accordion-item -->\n<!-- \/wp:jgu\/accordion -->","_links":{"self":[{"href":"https:\/\/www.sozialethik.kath.theologie.uni-mainz.de\/en\/wp-json\/wp\/v2\/pages\/10490","targetHints":{"allow":["GET"]}}],"collection":[{"href":"https:\/\/www.sozialethik.kath.theologie.uni-mainz.de\/en\/wp-json\/wp\/v2\/pages"}],"about":[{"href":"https:\/\/www.sozialethik.kath.theologie.uni-mainz.de\/en\/wp-json\/wp\/v2\/types\/page"}],"author":[{"embeddable":true,"href":"https:\/\/www.sozialethik.kath.theologie.uni-mainz.de\/en\/wp-json\/wp\/v2\/users\/1"}],"replies":[{"embeddable":true,"href":"https:\/\/www.sozialethik.kath.theologie.uni-mainz.de\/en\/wp-json\/wp\/v2\/comments?post=10490"}],"version-history":[{"count":7,"href":"https:\/\/www.sozialethik.kath.theologie.uni-mainz.de\/en\/wp-json\/wp\/v2\/pages\/10490\/revisions"}],"predecessor-version":[{"id":11697,"href":"https:\/\/www.sozialethik.kath.theologie.uni-mainz.de\/en\/wp-json\/wp\/v2\/pages\/10490\/revisions\/11697"}],"wp:attachment":[{"href":"https:\/\/www.sozialethik.kath.theologie.uni-mainz.de\/en\/wp-json\/wp\/v2\/media?parent=10490"}],"wp:term":[{"taxonomy":"category","embeddable":true,"href":"https:\/\/www.sozialethik.kath.theologie.uni-mainz.de\/en\/wp-json\/wp\/v2\/categories?post=10490"},{"taxonomy":"post_tag","embeddable":true,"href":"https:\/\/www.sozialethik.kath.theologie.uni-mainz.de\/en\/wp-json\/wp\/v2\/tags?post=10490"}],"curies":[{"name":"wp","href":"https:\/\/api.w.org\/{rel}","templated":true}]}}