{"id":10418,"date":"2024-05-16T10:55:45","date_gmt":"2024-05-16T08:55:45","guid":{"rendered":"https:\/\/www.sozialethik.kath.theologie.uni-mainz.de\/?page_id=10418"},"modified":"2024-07-31T12:22:55","modified_gmt":"2024-07-31T10:22:55","slug":"prof-i-r-dr-gerhard-kruip","status":"publish","type":"page","link":"https:\/\/www.sozialethik.kath.theologie.uni-mainz.de\/en\/prof-i-r-dr-gerhard-kruip\/","title":{"rendered":"Prof. i.R. Dr. Gerhard Kruip"},"content":{"rendered":"<jgu-base-pageheader react-props=\"{\n    &quot;items&quot;: [\n        {\n            &quot;box&quot;: {\n                &quot;index&quot;: &quot;&quot;,\n                &quot;title&quot;: &quot;Prof. i.R. Dr. Gerhard Kruip&quot;,\n                &quot;link&quot;: {\n                    &quot;url&quot;: &quot;&quot;,\n                    &quot;title&quot;: &quot;learn more&quot;\n                }\n            },\n            &quot;color&quot;: &quot;default&quot;,\n            &quot;image&quot;: {\n                &quot;url&quot;: &quot;&quot;\n            },\n            &quot;imgCredit&quot;: &quot;&quot;,\n            &quot;useVideo&quot;: false,\n            &quot;video&quot;: false\n        }\n    ],\n    &quot;type&quot;: &quot;small&quot;,\n    &quot;useBreadcrumb&quot;: true,\n    &quot;align&quot;: &quot;full&quot;,\n    &quot;quicklinks&quot;: {\n        &quot;show&quot;: false,\n        &quot;selects&quot;: []\n    }\n}\">\n<\/jgu-base-pageheader>\n\n<jgu-base-accordion react-props=\"{&quot;selected&quot;:4,&quot;align&quot;:&quot;wide&quot;,&quot;hasAllOpenButton&quot;:true,&quot;onlyOne&quot;:false,&quot;initAllClosed&quot;:true,&quot;enableSearch&quot;:false}\">\n    \n<jgu-base-accordionitem react-props=\"{&quot;title&quot;:&quot;Curriculum Vitae&quot;,&quot;init&quot;:false,&quot;slug&quot;:&quot;curriculum-vitae&quot;,&quot;align&quot;:&quot;wide&quot;,&quot;customSlug&quot;:false}\">\n    \n\n<p><\/p>\n\n\n\n<ul class=\"wp-block-list\">\n<li>1957 Born in Munich (Germany)&nbsp;<\/li>\n\n\n\n<li>1975-1981 Studies of Mathematics and Catholic Theology in W\u00fcrzburg (Germany) and Paris (France)&nbsp;<\/li>\n\n\n\n<li>1982\/1983 Research stay in Mexico&nbsp;<\/li>\n\n\n\n<li>1985-1995 Assistant Professor for Social Ethics at the Faculty for Catholic Theology of the University of W\u00fcrzburg&nbsp;<\/li>\n\n\n\n<li>1989 Dr. theol.&nbsp;<\/li>\n\n\n\n<li>1991\/1992 Research stay in Mexico&nbsp;<\/li>\n\n\n\n<li>1995 Dr. habil. theol.&nbsp;<\/li>\n\n\n\n<li>1995-2000 Director of the Catholic academy for youth issues (Katholische Akademie f\u00fcr Jugendfragen\/Permanent formation) in Altenberg&nbsp;<\/li>\n\n\n\n<li>2000-2009 Director of the Hanover Institute for Philosophical Research (Forschungsinstitut f\u00fcr Philosophie, fiph, Hannover)&nbsp;<\/li>\n\n\n\n<li>since 2006 Professor for Christian Anthropology and Social Ethics at the Faculty for Catholic Theology of the Johannes Gutenberg-University of Mainz&nbsp;<\/li>\n\n\n\n<li>2012 Award of the Johannes Gutenberg-University of Mainz for an excellent academic teaching&nbsp;<\/li>\n\n\n\n<li>2012-2015 Dean of the Faculty for Catholic Theology of the Johannes Gutenberg-University of Mainz&nbsp;<\/li>\n\n\n\n<li>Retired on April 1, 2024<\/li>\n\n\n\n<li><\/li>\n<\/ul>\n\n\n\n<p><strong>Lectureships<\/strong><\/p>\n\n\n\n<p><\/p>\n\n\n\n<ul class=\"wp-block-list\">\n<li>1990               Guest lecturer at the Universidad de Salamanca (Spain)&nbsp;<\/li>\n\n\n\n<li>1995 Guest lecturer at the &#8220;Studienjahr&#8221; of the Dormitian Abbey in Jerusalem (Israel)&nbsp;<\/li>\n\n\n\n<li>1994-1997 Faculty for Catholic Theology of Fulda (Germany)&nbsp;<\/li>\n\n\n\n<li>1996-2000 Institute for Catholic Theology at the University of Cologne (Germany)&nbsp;<\/li>\n\n\n\n<li>2000-2001 Catholic University of Applied Sciences of Berlin (Germany)&nbsp;<\/li>\n\n\n\n<li>2001-2006 Philosophical Seminar and Institute of Catholic Theology at the Leibniz University of Hanover (Germany)<\/li>\n\n\n\n<li><\/li>\n<\/ul>\n\n\n\n<p><strong>Involvement in Committees and networks (a selection)<\/strong><\/p>\n\n\n\n<ul class=\"wp-block-list\">\n<li>2011-2024 &#8220;Editor-in-Chief&#8221; of &#8220;ET-Studies&#8221;, Journal of the European Society for Catholic Theology (Herausgeber der ET-Studies, Zeitschrift der Europ\u00e4ischen Gesellschaft f\u00fcr katholische Theologie)&nbsp;<\/li>\n\n\n\n<li>until 02\/2020 Advisary board of the Berlin Institute of Christian Ethics and Politics (Beirat des Berliner Instituts f\u00fcr Christliche Ethik und Politik, ICEP)&nbsp;<\/li>\n\n\n\n<li>until 02\/2020: <br>2006-2016 Consultant of Commission VI and Subcommission for contacts with Latin America of the German Bishops Conference (Berater der Kommission VI und der Unterkommission f\u00fcr Kontakte mit Lateinamerika der Deutschen Bischofskonferenz DBK)<br>2016 &#8211; 02\/2020: Consultant of the Caritas Commission of the German Bishops Conference (Berater der Caritaskommission der Deutschen Bischofskonferenz DBK)&nbsp;<\/li>\n\n\n\n<li>until 02\/2020: Consultant of the Permanent Working Group for Political Fundamental Issues of the Central Committee of German Catholics (Berater im st\u00e4ndigen Arbeitskreis f\u00fcr politische Grundsatzfragen des Zentralkomitees der deutschen Katholiken, ZdK)&nbsp;<\/li>\n\n\n\n<li>2006-2015 Assembly of Delegates of the German Caritas Association (Delegiertenversammlung des Deutschen Caritasverbandes)&nbsp;<\/li>\n\n\n\n<li>Board of Trustees of the scholarship organization Latin America-Germany (Kuratorium des Stipendienwerks Lateinamerika-Deutschland)&nbsp;<\/li>\n\n\n\n<li>Expert group World Economy and Social Ethics of the German Bishops Conference (Sachverst\u00e4ndigengruppe Weltwirtschaft und Sozialethik der Deutschen Bischofskonferenz DBK)&nbsp;<\/li>\n\n\n\n<li>until 02\/2020: Scientific advisary board of distance learning for theology (Wissenschaftlicher Beirat von Theologie im Fernkurs)&nbsp;<\/li>\n\n\n\n<li>until 02\/2020: Consultant of the working group \u201eEurope\u201c of the German Bishops Conference (Berater der Arbeitsgruppe \u201eEuropa\u201c der Deutschen Bischofskonferenz DBK)<br><\/li>\n<\/ul>\n\n\n\n<p><strong>Memberships (a selection)<\/strong><\/p>\n\n\n\n<ul class=\"wp-block-list\">\n<li>Asociaci\u00f3n Alemana de Investigacion sobre Am\u00e9rica Latina; Working group of German research about Latin America (Arbeitsgemeinschaft Deutscher Lateinamerikaforschung, ADLAF)&nbsp;<\/li>\n\n\n\n<li>European Society for Catholic Theology (Europ\u00e4ische Gesellschaft f\u00fcr Katholische Theologie)&nbsp;<\/li>\n\n\n\n<li>International Association for Moral Theology and Social Ethics (Internationale Vereinigung f\u00fcr Moraltheologie und Sozialethik)&nbsp;<\/li>\n\n\n\n<li>European Society for Research in Ethics\/ Societas Ethica (Europ\u00e4ische Forschungsgesellschaft f\u00fcr Ethik)<\/li>\n\n\n\n<li><\/li>\n<\/ul>\n\n\n<\/jgu-base-accordionitem>\n\n<jgu-base-accordionitem react-props=\"{&quot;title&quot;:&quot;Publications&quot;,&quot;init&quot;:false,&quot;slug&quot;:&quot;publications&quot;,&quot;align&quot;:&quot;wide&quot;,&quot;customSlug&quot;:false}\">\n    \n\n<p class=\"has-small-font-size\">current status as of: July 01, 2024<\/p>\n\n\n\n<p><strong>Books<\/strong><\/p>\n\n\n\n<p>1996<\/p>\n\n\n\n<ul class=\"wp-block-list\">\n<li>Kirche und Gesellschaft im Proze\u00df ethisch historischer Selbstverst\u00e4ndigung. Die mexikanische Kontroverse um die &#8220;Entdeckung Amerikas&#8221;. M\u00fcnster: Lit Verlag 1996 (Schriften des Instituts f\u00fcr Christliche Sozialwissenschaften der Westf\u00e4lischen Wilhelms Universit\u00e4t M\u00fcnster 34). XIV+414 S.<\/li>\n<\/ul>\n\n\n\n<p>1988<\/p>\n\n\n\n<ul class=\"wp-block-list\">\n<li>Entwicklung oder Befreiung? Elemente einer Ethik sozialer Strukturen am Beispiel ausgew\u00e4hlter Stellungnahmen aus der katholischen Kirche Mexikos (1982 1987). Saarbr\u00fccken; Fort Lauderdale: Breitenbach, 1988. VI+597 S.<\/li>\n<\/ul>\n\n\n\n<p><strong>Editions<\/strong><\/p>\n\n\n\n<p>2022<\/p>\n\n\n\n<ul class=\"wp-block-list\">\n<li>Zus. m. Heimbach-Steins, Marianne; Becka, Michelle; Fr\u00fchbauer, Johannes J.; (Hg.) (F, 2022): <a href=\"https:\/\/www.uni-muenster.de\/FB2\/ics\/lehrbuch_2022.html\">Christliche Sozialethik &#8211; Grundlagen &#8211; Kontexte &#8211; Themen<\/a>. Ein Lehr-und Studienbuch. Regensburg: Pustet.<\/li>\n<\/ul>\n\n\n\n<p>2019<\/p>\n\n\n\n<ul class=\"wp-block-list\">\n<li>zus. m. M\u00fc\u00dfig, Dietmar; Zikesch, Raphael (Hg.) (2019): Neo-Extraktivismus in Bolivien. Chancen, Risiken, Nachhaltigkeit. M\u00fcnster: Aschendorff. \u2013 Span. Ausgabe: El Neo-Extractivismo en Bolivia. Oportunidades, Riesgos, Sostenibilidad. Cochabamba (Bolivien): Itinerarios 2019.<\/li>\n<\/ul>\n\n\n\n<p>2016<\/p>\n\n\n\n<ul class=\"wp-block-list\">\n<li>zus. mit Prcela, Frano (Hg.): Die Zukunft der Orden. Mit einem Geleitwort von Karl Kardinal Lehmann. W\u00fcrzburg: Echter, 2016.<\/li>\n\n\n\n<li>zus. mit Eckert, Michael; Eckholt, Margit; Gross, Walter u.a. (Hg.): Intercambio. Jahrbuch des Stipendienwerks Lateinamerika-Deutschland (Band 3\/2011-2014). M\u00fcnster: Lit, 2016.<\/li>\n<\/ul>\n\n\n\n<p>2011<\/p>\n\n\n\n<ul class=\"wp-block-list\">\n<li>zus. mit Heimbach-Steins, Marianne; Wendel, Saskia (Hg.) (2011): &#8220;Kirche 2011 Ein notwendiger Aufbruch&#8221;. Argumente zum Memorandum. Freiburg im Breisgau: Herder (mit einem Vorwort der Herausgeber\/innen, 9-13).- Spanische \u00dcbersetzung \u201eIglesia 2011 &#8211; Un resurgimiento imprescindible &#8211; Argumentos para el Memorando\u201d. Im Internet unter <a href=\"http:\/\/amerindiaenlared.org\/download\/8099\/libro-iglesia-2011-un-resurgimiento-imprescindible--argumentos-para-el-memorando\">http:\/\/amerindiaenlared.org\/download\/8099\/libro-iglesia-2011-un-resurgimiento-imprescindible&#8211;argumentos-para-el-memorando<\/a>.<\/li>\n\n\n\n<li>zus. mit Heimbach-Steins, Marianne (Hg.): Kooperative Bildungsverantwortung. Sozialethische und p\u00e4dagogische Perspektiven auf &#8220;Educational Governance&#8221;. Bielefeld: W. Bertelsmann, 2011 (mit einem Vorwort der Herausgeber\/in, 7-8).<\/li>\n<\/ul>\n\n\n\n<p>2010<\/p>\n\n\n\n<ul class=\"wp-block-list\">\n<li>zus. mit Gisbertz, Helga; Tolksdorf, Markus (Hg.): Ethisches Lernen in der allgemeinen Erwachsenenbildung. Bielefeld: W. Bertelsmann, 2010 (mit einem Vorwort der Herausgeber\/in, 11-13).<\/li>\n<\/ul>\n\n\n\n<p>2009<\/p>\n\n\n\n<ul class=\"wp-block-list\">\n<li>zus. mit Heimbach-Steins, Marianne; Kunze, Axel-Bernd (Hg.): Bildungsgerechtigkeit &#8211; Interdisziplin\u00e4re Perspektiven. Bielefeld: W. Bertelsmann, 2009 (mit einem Vorwort der Herausgeber\/in S. 7-11).<\/li>\n\n\n\n<li>zus. mit Marianne Heimbach-Steins; Axel-Bernd Kunze (Hg.): Bildung, Politik und Menschenrecht. Ein ethischer Diskurs. Bielefeld: W. Bertelsmann, 2009.<\/li>\n<\/ul>\n\n\n\n<p>2008<\/p>\n\n\n\n<ul class=\"wp-block-list\">\n<li>zus. mit Eckert, Michael; Eckholt, Margit; Goss, Walter u.a. (Hg.): Intercambio. Jahrbuch des Stipendienwerks Lateinamerika-Deutschland (Band 1). M\u00fcnster: Lit, 2008.<\/li>\n\n\n\n<li>zus. mit Heimbach-Steins, Marianne; Neuhoff, Katja (Hg.): Bildungswege als Hindernisl\u00e4ufe. Zum Menschenrecht auf Bildung in Deutschland. Bielefeld: W. Bertelsmann, 2008.<\/li>\n<\/ul>\n\n\n\n<p>2007<\/p>\n\n\n\n<ul class=\"wp-block-list\">\n<li>zus. mit Fischer, Michael (Hg.): Feindliche \u00dcbernahmen? Zur Dynamik gesellschaftlicher Grenz\u00fcberschreitungen. M\u00fcnster: Lit, 2007 (mit einer Einf\u00fchrung der Herausgeber, S. 7-14).<\/li>\n\n\n\n<li>zus. mit Heimbach-Steins, Marianne; Kunze, Axel-Bernd (Hg.): Das Menschenrecht auf Bildung und seine Umsetzung in Deutschland. Diagnosen &#8211; Reflexionen &#8211; Perspektiven. Bielefeld: W. Bertelsmann, 2007 (mit einem Vorwort der Herausgeber\/in 5-7).<\/li>\n\n\n\n<li>zus. mit Bergold, Ralph; Gisbertz, Helga (Hg.): Treffpunkt Ethik: Internetbasierte Lernumgebungen f\u00fcr ethische Diskurse. Bielefeld: W. Bertelsmann, 2007 (mit einem Vorwort (15-20) und einem Ausblick (497-500) der Herausgeber\/in).<\/li>\n\n\n\n<li>zus. mit Reifeld, Helmut (Hg.): Church and Civil Society: The Role of Christian Churches in the Emerging Countries of Argentina, Mexico, Nigeria and South Africa. Sankt Augustin\/Berlin: KAS, 2007.<\/li>\n<\/ul>\n\n\n\n<p>2006<\/p>\n\n\n\n<ul class=\"wp-block-list\">\n<li>zus. mit Fischer, Michael (Hg.): Gerechtigkeiten: Hannoversche Zwischenrufe 2006. M\u00fcnster: Lit, 2007 (mit einem Vorwort der Herausgeber, VII-IX).<\/li>\n\n\n\n<li>zus. mit V\u00f6gele, Wolfgang (Hg.): Schatten der Differenz. Das Paradigma der Anerkennung und die Realit\u00e4t gesellschaftlicher Konflikte. M\u00fcnster: Lit. 2006. (Mit einem Vorwort der Herausgeber, VII-XIV)<\/li>\n\n\n\n<li>zus. mit Fischer, Michael (Hg.): Als g\u00e4be es Ihn nicht &#8211; Vernunft und Gottesfrage heute. M\u00fcnster u.a.: Lit, 2006.<\/li>\n<\/ul>\n\n\n\n<p>2005<\/p>\n\n\n\n<ul class=\"wp-block-list\">\n<li>Neuhoff, Katja: Blended Learning im Treffpunkt Ethik: Abschlussbericht der Wissenschaftlichen Begleitforschung. \/ Unter Mitarbeit von Reinhard Hohmann, Uwe Fricke, Marianne Malten und unter Leitung von Gerhard Kruip. Hannover: FIPH, 2005.<\/li>\n\n\n\n<li>zus. mit Goebel, Bernd; Hauk, Ana Maria (Hg.): Probleme des Naturalismus : Philosophische Beitr\u00e4ge. Paderborn: Mentis 2005.<\/li>\n<\/ul>\n\n\n\n<p>2004<\/p>\n\n\n\n<ul class=\"wp-block-list\">\n<li>zus. mit Emunds, Bernhard; Horntrich, Georg; Ulsh\u00f6fer, Gotlind (Hg.): Vom Sein zum Sollen und zur\u00fcck. Zum Verh\u00e4ltnis von Faktizit\u00e4t und Normativit\u00e4t. Frankfurt\/Main: Haag + Herchen, 2004 (mit einer Einf\u00fchrung der Herausgeber, 7-13).<\/li>\n<\/ul>\n\n\n\n<p>2003<\/p>\n\n\n\n<ul class=\"wp-block-list\">\n<li>zus. mit Heimbach-Steins, Marianne (Hg.): Bildung und Beteiligungsgerechtigkeit: Sozialethische Sondierungen. Bielefeld: W. Bertelsmann, 2003 (mit einem Vorwort der Herausgeber, 7-8).<\/li>\n\n\n\n<li>zus. mit Goebel, Bernd (Hg.): Gentechnologie und die Zukunft der Menschenw\u00fcrde. M\u00fcnster: Lit, 2003 (mit einem gemeinsamen Vorwort, V).<\/li>\n<\/ul>\n\n\n\n<p>2002<\/p>\n\n\n\n<ul class=\"wp-block-list\">\n<li>zus. mit Huch, Monika (Hg.): Eine Erde f\u00fcr alle. Geowissenschaften und Philosophie im Dialog. Ein Beitrag zum Jahr der Geowissenschaften 2002 anl\u00e4sslich der gleichnamigen Veranstaltung am 27. und 28. Juni 2002 in Celle. Hannover: Dt. Geol. Gesellschaft, 2002 (Schriftenreihe der Dt. Geol. Gesellsch. 20).<\/li>\n<\/ul>\n\n\n\n<p>2001<\/p>\n\n\n\n<ul class=\"wp-block-list\">\n<li>zus. mit H\u00f6sle, Vittorio; Koslowski, Peter; Schenk, Richard (Hg.): Jahrbuch f\u00fcr Philosophie des Forschungsinstituts f\u00fcr Philosophie Hannover Bd. 12\/2001, Wien 2001 (mit einem gemeinsamen Vorwort der Herausgeber 11-12).<\/li>\n\n\n\n<li>zus. mit Feldbaum, Karl-Heinz; Hobelsberger, Hans; Freitag, Michael (Hg.): Neues Lernen f\u00fcr globale Solidarit\u00e4t: Entwicklungsbezogene Bildung in kirchlicher Kinder- und Jugendarbeit. D\u00fcsseldorf: Verlag Haus Altenberg, 2001 (mit einem gemeinsamen Vorwort der Herausgeber 7-9).<\/li>\n<\/ul>\n\n\n\n<p>1999<\/p>\n\n\n\n<ul class=\"wp-block-list\">\n<li>zus. mit Gralla, Anneliese; Hobelsberger, Hans (Hg.): Diakonische Jugendarbeit: Option f\u00fcr die Jugend und Option von Jugendlichen. M\u00fcnchen: Don Bosco, 1999 (Studien zur Jugendpastoral 6) (mit einem gemeinsamen Vorwort der Herausgeber).<\/li>\n\n\n\n<li>Personalentwicklung und Fortbildung: Dokumentation einer Fachtagung der Katholischen Akademie f\u00fcr Jugendfragen vom 4.-6. M\u00e4rz 1999. Odenthal Altenberg 1999 (Schriftenreihe der Katholischen Akademie f\u00fcr Jugendfragen, Bd. 9) (mit einem Vorwort 7-8, einem Res\u00fcmee 89-93 und dem Wiederabdruck eines eigenen Beitrags s.u.).<\/li>\n<\/ul>\n\n\n\n<p>1998<\/p>\n\n\n\n<ul class=\"wp-block-list\">\n<li>zus. mit Hobelsberger, Hans; Tzscheetzsch, Werner (Hg.): Engagement und Religion im Leben von Jugendlichen. Odenthal: Selbstverlag, 1998 (Schriftenreihe der Katholischen Akademie f\u00fcr Jugendfragen, Bd. 7) (mit einem gemeinsamen Vorwort 5-6).<\/li>\n\n\n\n<li>zus. mit Amann, Hans; Lechner, Martin (Hg.): \u201eKundschafter des Volkes Gottes\u201d: Festschrift f\u00fcr P. Roman Bleistein SJ zum 70 Geburtstag (Studien zur Jugendpastoral 4). M\u00fcnchen: Don Bosco, 1998 (mit einem gemeinsamen Vorwort 7-10).<\/li>\n<\/ul>\n\n\n\n<p>1996<\/p>\n\n\n\n<ul class=\"wp-block-list\">\n<li>zus. mit Franke-Hesse, Ute (Hg.): Kirchliches Leben und Theologie in Frankreich, Dokumentation einer Fachtagung vom 6. 7.12.1996. Odenthal: Kath. Akademie f\u00fcr Jugendfragen, 1997 (Schriftenreihe Bd. 5) (mit einem Vorwort mit Paul H\u00fcster, 7-8).<\/li>\n\n\n\n<li>zus. mit Franke-Hesse, Ute (Hg.): Situation und Perspektiven von Fort- und Weiterbildung, Dokumentation einer Fachtagung vom 4.-6.10.1996. Odenthal: Kath. Akademie f\u00fcr Jugendfragen, 1997 (Schriftenreihe Bd. 4) (mit einem Vorwort 5-8, einem Arbeitsgruppenbericht 119-125 und einem Res\u00fcmee 146-149).<\/li>\n<\/ul>\n\n\n\n<p>1993<\/p>\n\n\n\n<ul class=\"wp-block-list\">\n<li>zus. mit Dreier, Wilhelm u.a. (Hg.): Entdeckung, Eroberung, Befreiung: 500 Jahre Gewalt und Evangelium in Amerika. W\u00fcrzburg: Echter 1993.<\/li>\n<\/ul>\n\n\n\n<p>1990<\/p>\n\n\n\n<ul class=\"wp-block-list\">\n<li>zus. mit Donhauser, Karin; Irrgang, Bernhard; Klawitter, J\u00f6rg (Hg. i. A. der STEIG): \u00d6kologie und Dritte Welt (Themenheft), Forum f\u00fcr Interdisziplin\u00e4re Forschung (FIF) 3(1990)2 (mit einem Vorwort 1-2).<\/li>\n<\/ul>\n\n\n\n<p>1985<\/p>\n\n\n\n<ul class=\"wp-block-list\">\n<li>zus. mit Irrgang, Bernhard; Klawitter, J\u00f6rg (Hg. i. A. der STEIG e.V.): Kommentierte Bibliographie zum Themenfeld Natur Mensch Umwelt. W\u00fcrzburg: STEIG e.V. 1985.<\/li>\n\n\n\n<li>zus. mit Irrgang, Bernhard; Klawitter, J\u00f6rg (Hg. i. A. der STEIG e.V.): Interdisziplin\u00e4re Bibliographie: Analysen, Modelle, Strategien zum Themenfeld Natur Mensch Umwelt. W\u00fcrzburg: STEIG e.V. 1985.<\/li>\n\n\n\n<li>zus. mit Klawitter, J\u00f6rg (Hg. i. A. der STEIG e.V.): M\u00f6glichkeiten der Ver\u00e4nderung durch Macht und\/oder Elite und\/oder Vorbild angesichts unserer Zukunftsprobleme? W\u00fcrzburg: STEIG e.V. 1985.<\/li>\n<\/ul>\n\n\n\n<p><strong>Articles and Book chapters<\/strong><\/p>\n\n\n\n<p>2024<\/p>\n\n\n\n<ul class=\"wp-block-list\">\n<li>Zus. m. Michael Quisinsky: Digitalisierung und ihre Bedeutung f\u00fcr Theologie und Kirche (Editorial). In: ET-Studies 15(2024)1, V-VIII.<\/li>\n\n\n\n<li>Zus. m. Kivist\u00f6, Hanna-Mari; Wittenbrink, Edith: Refugees\u2019 Human Rights and the Duties of the EU. In: Francesco Lo Piccolo, Annalisa Mangiaracina, Giuseppe Paternostro, Vincenzo Todaro (Hg.): In and Out: Rights of Migrants in the European Space. Cham: Springer Nature Switzerland (UNIPA Springer Series), 135-146.<\/li>\n\n\n\n<li>Zus. m. Carmona, Carmen: The Invisible Voices of Migrants in Higher Education. In: Francesco Lo Piccolo, Annalisa Mangiaracina, Giuseppe Paternostro, Vincenzo Todaro (Hg.): In and Out: Rights of Migrants in the European Space. Cham: Springer Nature Switzerland (UNIPA Springer Series), 307-317.<\/li>\n\n\n\n<li>Industrie, Innovation und Infrastruktur (SDG 9). Voraussetzungen f\u00fcr eine gelingende sozial-\u00f6kologische Transformation. In: Thomas Laubach, Konstantin Lindner und Simon Steinberger (Hg.): Theology for Future. Die 17 Ziele der UN f\u00fcr nachhaltige Entwicklung theologisch reflektiert. Freiburg i. Br.: Herder, 153\u2013165.<\/li>\n\n\n\n<li>Eine Pflicht zum Verzicht. Der Deutsche Ethikrat bezieht Stellung zum Thema Klimagerechtigkeit. In: Herder Korrespondenz 78(2024)4, 20\u201322.<\/li>\n<\/ul>\n\n\n\n<p>2023<\/p>\n\n\n\n<ul class=\"wp-block-list\">\n<li>Die Soziale Frage in der globalen Klimaschutzpolitik. In: Konrad Adenauer Stiftung e.V. (Hg.): Sozialethik konkret. Klimaschutz global gerecht gestalten. Berlin (Sozialethik konkret): KAS, 2023, 59\u201376.<\/li>\n\n\n\n<li>Climate justice &#8211; An example of a complex interplay of different justice aspects. In: Theresa Perabo und Sigrid Rieuwerts (Hg.): A Fearful Hope. Imagining a Blueprint for a Sustainable Future in an international interdisciplinary Global Outreach Project. M\u00fcnster u. a.: Waxmann 2023 (Mainzer Beitr\u00e4ge zur Kulturanthropologie\/Europ\u00e4ischen Ethnologie), im Erscheinen.<\/li>\n\n\n\n<li>Die Welt um uns herum zerf\u00e4llt. Das Apostolische Schreiben &#8220;Laudate deum&#8221;. In: Herder Korrespondenz 77(2023)11, 21\u201323.<\/li>\n\n\n\n<li>Umweltpolitische Eckpfeiler des Koalitionsvertrages aus sozialethischem Blickwinkel. In: Matthias Pulte (Hg.): Aktuelle Herausforderungen aus der Politik f\u00fcr Religion und Recht. W\u00fcrzburg: Echter, 35-60.<\/li>\n\n\n\n<li>Zus. m. H\u00f6llinger, Stephanie: Zukunft der Theologie in Europa (Editorial). In: ET-Studies 14(2023)2, V-VIII.<\/li>\n\n\n\n<li>Europ\u00e4ische Theologie: Zukunftsf\u00e4hig? In: Herder Korrespondenz 77(2023)10, 9\u201310.<\/li>\n\n\n\n<li>Krieg und Religion \u2013 und die Sehnsucht nach Frieden (Editorial). In: ET-Studies 14(2023)1, V-VIII.<\/li>\n\n\n\n<li>\u00dcberlegungsgleichgewicht. In: Johannes Fru\u0308hbauer, Michael Reder, Michael Roseneck und Thomas S. Schmidt (Hg.): Rawls-Handbuch. Leben &#8211; Werk &#8211; Wirkung. Stuttgart: Metzler 2023, 399\u2013403.<\/li>\n\n\n\n<li>Urzustand. In: Johannes Fru\u0308hbauer, Michael Reder, Michael Roseneck und Thomas S. Schmidt (Hg.): Rawls-Handbuch. Leben \u2013 Werk &#8211; Wirkung. Stuttgart: Metzler 2023, 409\u2013413.<\/li>\n\n\n\n<li>Zus. m. Cremer, Georg: Arbeit muss sich f\u00fcr alle lohnen! Notwendige Reformen f\u00fcr Bezieher:innen von B\u00fcrgergeld und Geringverdiener:innen. In: Amos international 17(2023)1, 7-15.<\/li>\n\n\n\n<li>Bedingungsloses Grundeinkommen \u2013 aus sozialethischer Perspektive. In: Torsten Meireis, Clemens Wustmans (Hg.): Bedingungsloses Grundeinkommen \u2013 Utopie, Ideologie, ethisch begr\u00fcndbares Ziel? Berlin, Boston: de Gruyter 2023, 63\u201376 (Berliner Theologische Zeitschrift: Beiheft).<\/li>\n<\/ul>\n\n\n\n<p>2022<\/p>\n\n\n\n<ul class=\"wp-block-list\">\n<li>Les abus sexuels, un probl\u00e8me syst\u00e9mique pour l&#8217;\u00c9glise. In: Talitha Cooreman-Guittin und Fr\u00e9d\u00e9ric Trautmann (Hg.): S&#8217;aventurer en \u00e9thique. Hommage \u00e0 Marie-Jo Thiel. Strasbourg: Presses Universitaires de Strasbourg 2022, 189-195.<\/li>\n\n\n\n<li>zus. mit Eckholt, Margit: Die Frage nach Gott. In: ET-Studies 13(2022)2, V-VIII.<\/li>\n\n\n\n<li>zus. mit Wittenbrink, Edith: Abschlussbericht \u00fcber die Aktivit\u00e4ten des Labs &#8220;Diversity and Migration&#8221; an der JGU, Mainz. In: Francesco Lo Piccolo, Annalisa Mangiaracina, Giuseppe Paternostro, Vincenzo Todaro: Research Evidence and Implications on Migration Phenomena in Europe. Palermo: Palermo University Press 2022, 101-113.<\/li>\n\n\n\n<li>zus. mit Wittenbrink, Edith: Report on the activities of the Lab &#8220;Diversity and Migration&#8221; at JGU Mainz. In: Francesco Lo Piccolo, Annalisa Mangiaracina, Giuseppe Paternostro, Vincenzo Todaro: Research Evidence and Implications on Migration Phenomena in Europe. Palermo: Palermo University Press 2022, 93-100.<\/li>\n\n\n\n<li>Innerkirchliche Konflikte (Editorial). In: ET-Studies 13(2022)1, V-VIII.<\/li>\n\n\n\n<li>\u00d6kologisch-soziale Transformation: Wirtschaften als Sozialprozess. Oswald von Nell-Breuning und Papst Franziskus zu den \u201eGrenzen des Wachstums\u201c. In: Bernhard Emunds und Stephan Rixen (Hg.): Oswald von Nell-Breuning weiterdenken. Solidarische Perspektiven f\u00fcr das 21. Jahrhundert. Freiburg: Herder, 91-111.<\/li>\n\n\n\n<li>Fehlende Bildungsgerechtigkeit in der Corona-Pandemie. Korreferat zum Beitrag von Christian Fischer. In: Martin Dabrowski, Judith Wolf und Patricia Ehret (Hg.): Globalen Krisen gerecht begegnen. Berlin: KAS 2022, 103-111.<\/li>\n\n\n\n<li>Kalter Winter. Die Energiekrise aus sozialethischer Perspektive. In: Herder Korrespondenz 76(2022)9, 31\u201333.<\/li>\n\n\n\n<li>Transformation zur Nachhaltigkeit. Sozialethische Impulse. In: Lebendige Seelsorge 73(2022)2, 120-124.<\/li>\n\n\n\n<li>Zus. m. Heimbach-Steins, Marianne; Becka, Michelle; Fr\u00fchbauer, Johannes: Einf\u00fchrung. In: Marianne Heimbach-Steins u. a. (Hg.): Christliche Sozialethik &#8211; Grundlagen &#8211; Kontexte &#8211; Themen. Ein Lehr-und Studienbuch. Regensburg: Pustet 2022, 11\u201325.<\/li>\n\n\n\n<li>Sozialkatholizismus. In: Marianne Heimbach-Steins u. a. (Hg.): Christliche Sozialethik &#8211; Grundlagen &#8211; Kontexte &#8211; Themen. Ein Lehr-und Studienbuch. Regensburg: Pustet 2022, 105-119.<\/li>\n\n\n\n<li>Wirtschaft. In: Marianne Heimbach-Steins u. a. (Hg.): Christliche Sozialethik &#8211; Grundlagen &#8211; Kontexte &#8211; Themen. Ein Lehr-und Studienbuch. Regensburg: Pustet 2022, 261-279.<\/li>\n\n\n\n<li>Arbeit. In: Marianne Heimbach-Steins u. a. (Hg.): Christliche Sozialethik &#8211; Grundlagen &#8211; Kontexte &#8211; Themen. Ein Lehr-und Studienbuch. Regensburg: Pustet 2022, 361-373.<\/li>\n\n\n\n<li>Soziale Sicherung. In: Marianne Heimbach-Steins u. a. (Hg.): Christliche Sozialethik &#8211; Grundlagen &#8211; Kontexte &#8211; Themen. Ein Lehr-und Studienbuch. Regensburg: Pustet 2022, 374-386.<\/li>\n\n\n\n<li>Bildung. In: Marianne Heimbach-Steins u. a. (Hg.): Christliche Sozialethik &#8211; Grundlagen &#8211; Kontexte &#8211; Themen. Ein Lehr-und Studienbuch. Regensburg: Pustet 2022, 387-399.<\/li>\n\n\n\n<li>Le chemin synodal en Allemagne. Un pas vers la r\u00e9forme de l&#8217;\u00c9glise? In: Marie-Jo Thiel, Anne Danion-Grilliat und Fr\u00e9d\u00e9ric Trautmann (Hg.): Abus sexuels. \u00c9couter, enqu\u00eater, pr\u00e9venir. Strasbourg: Presses Universitaires de Strasbourg 2022, 385\u2013397.<\/li>\n<\/ul>\n\n\n\n<p>2021<\/p>\n\n\n\n<ul class=\"wp-block-list\">\n<li>Papst Leo XIII., Rerum novarum. In: Manfred Brocker (Hg.): Geschichte des politischen Denkens. Das 19. Jahrhundert. Frankfurt am Main: Suhrkamp 2021, 748-761.<\/li>\n\n\n\n<li>Solidarit\u00e4t ohne Grenzen: Im Grunde sind wir f\u00fcr alle mitverantwortlich. Eine Response auf Andrea Bieler. In: Journal of Ethics in Antiquity and Christianity (3), 84-88. Online verf\u00fcgbar unter <a href=\"https:\/\/jeac.de\/ojs\/index.php\/jeac\/article\/view\/839\">https:\/\/jeac.de\/ojs\/index.php\/jeac\/article\/view\/839<\/a>.<\/li>\n\n\n\n<li>Zus. m. Backert, Andreas: Geht Digitalisierung der Pastoral auch diakonisch? In: Evangel. Magazin f\u00fcr missionarische Pastoral (3). Online verf\u00fcgbar unter https:\/\/www.euangel.de\/ausgabe-3-2021\/digitalitaet\/geht-digitalisierung-der-pastoral-auch-diakonisch\/.<\/li>\n\n\n\n<li>Reale Freiheiten f\u00fcr alle. Georg Cremer&#8217;s Pl\u00e4doyer f\u00fcr eine bef\u00e4higungspolitische Reform des Sozialstaats. In: Herder Korrespondenz 75(2021)12, 44-45.<\/li>\n\n\n\n<li>\u00a1No hay verdadera democracia sin el pueblo! Un criterio esencial para una buena pol\u00edtica seg\u00fan Fratelli tutti. In: Rafael Luciani und Daniel Portillo (Hg.): Fraternidad Abierta 2.0. Reflexiones sobre la amistad social en un mundo fragmentado. Madrid: Khaf, 375-390.<\/li>\n\n\n\n<li>Universit\u00e4t: Europas Theologen und die Klimakrise. Der Klimawandel als Herausforderung f\u00fcr Kirche und Theologie stand im Mittelpunkt der Tagung der Europ\u00e4ischen Gesellschaft f\u00fcr Katholische Theologie. In: Herder Korrespondenz 75 (2021)10, 11\u201312.<\/li>\n\n\n\n<li>Zus. m. Stefan Altmeyer: Religionsunterricht (Editorial). In: ET-Studies 12(2021)2, V-VIII.<\/li>\n\n\n\n<li>Extraktivismus: eine sozialethische Perspektive. In: Concilium 2021\/4, 402-410, spanische Ausg.: 39-51, italienische Ausg.: 50-62, englische Ausg.: 36-46.<\/li>\n\n\n\n<li>Die Corona-Krise \u2013 Wird die Chance zum Lernen genutzt? In: ThPQ 169(2021), 237-245.<\/li>\n\n\n\n<li>Die Corona-Krise als Herausforderung f\u00fcr Theologie und Kirche (Editorial). In: ET-Studies 12(2021)1, V-VIII.<\/li>\n\n\n\n<li>Wer ist das Volk? Papst Franziskus zur \u201eLegitimit\u00e4t des Volksbegriffs\u201c. In: Ursula Nothelle-Wildfeuer und Lukas Schmitt (Hg.): Unter Geschwistern? Die Sozialenzyklika Fratelli tutti: Perspektiven &#8211; Konsequenzen &#8211; Kontroversen. Freiburg i. Br: Herder, 207-219.<\/li>\n\n\n\n<li>Zus. mit Wittenbrink, Edith: Eine Entwicklung der Befreiungstheologie? Zu den Unterschieden zwischen der ersten Auflage und der \u00fcberarbeiteten Neuauflage<br>der Theologie der Befreiung von Gustavo Guti\u00e9rrez. In: Michelle Becka, Franz Gmainer-Pranzl (2021): Gustavo Guti\u00e9rrez: Theologie der Befreiung (1971\/2021). Der bleibende Impuls eines theologischen Klassikers. Innsbruck (Salzburger Theologische Studien \u2013 interkulturell): Tyrolia, 87-111.<\/li>\n<\/ul>\n\n\n\n<p>2020<\/p>\n\n\n\n<ul class=\"wp-block-list\">\n<li>Utopie der Geschwisterlichkeit. Zur Enzyklika &#8220;Fratelli tutti&#8221; von Papst Franziskus. In: Herder Korrespondenz 74 (11), S. 29\u201331.<\/li>\n\n\n\n<li>Wir brauchen jeweils beides: Ethik und Moral, individuelle Verantwortung und moralf\u00f6rderliche Strukturen \u2013 eine Antwort auf Gertrud Nunner-Winkler. In: Thomas Beschorner, Alexander Brink, Bettina Hollstein, Marc C. H\u00fcbscher und Olaf Schumann (Hg.): Wirtschafts- und Unternehmensethik. Wiesbaden: Springer Fachmedien Wiesbaden, S. 410\u2013412.<\/li>\n\n\n\n<li>Neue Strukturen f\u00fcr die Kirche (Editorial). In: ET-Studies 11 (2), S. V.-VIII.<\/li>\n\n\n\n<li>Zus. mit Pr\u00fcller-Jagenteufel, Gunter (2020): &#8220;European Theology&#8221; (Editorial). In: ET-Studies 11 (1), S. V\u2013VIII.<\/li>\n\n\n\n<li>Digitalisierung und Auswirkungen auf die Sozialversicherungen. In: Martin Dabrowski, Mark Radtke und Patricia Ehret (Hg.): Digitale Transformation und Solidarit\u00e4t. Paderborn: Verlag Ferdinand Sch\u00f6ningh, S.1-21.<\/li>\n\n\n\n<li>Der polnische Papst und die unverstandene Theologie der Befreiung. Johannes Paul II und seine Reaktion auf die lateinamerikanischen Neuaufbr\u00fcche nach dem Konzil. In: Stephan Goertz und Magnus Striet (Hg.): Johannes Paul II. Verm\u00e4chtnis und Hypothek eines Pontifikats. Freiburg (Breisgau): Herder, 144-177.<\/li>\n\n\n\n<li>Die Einheit der Menschheitsfamilie und die Atmosph\u00e4re als Gemeingut der Menschheit. In: Ulrich Bartosch u.a. (Hg.): Wirtschaft im Dienst des Lebens? Die p\u00e4pstliche Enzyklika Laudato si&#8217; als \u00f6konomische und wissenschaftliche Herausforderung. M\u00fcnster: Lit, S. 1\u201314.<\/li>\n\n\n\n<li>Global gerechte Entwicklung. In: Marianne Heimbach-Steins, Sebastian Kistler, Walter Lesch und Matthias M\u00f6hring-Hesse (Hg.): Globales Gemeinwohl. Sozialwissenschaftliche und sozialethische Analysen. Paderborn: Sch\u00f6ningh; Brill, 227-248.<\/li>\n\n\n\n<li>Migration und globale Gerechtigkeit. Bisch\u00f6fliche Stimmen aus dem S\u00fcden, in: Zeitschrift f\u00fcr Missionswissenschaft und Religionswissenschaft 104(2020)1, 55-67.<\/li>\n\n\n\n<li>Verantwortung im &#8216;Anthropoz\u00e4n&#8217;. In: Vierteljahresschrift f\u00fcr wissenschaftliche P\u00e4dagogik 96(2020)1, 25\u201340.<\/li>\n\n\n\n<li>Zusammen mit Blanc, Julia\/Bogner, Daniel: Eine selbe Gerechtigkeit &#8211; f\u00fcr die Welt und f\u00fcr die Kirche?! Einf\u00fchrung in das Schwerpunktthema. In: AmosInternational 14(2020)1, 3\u201310.<\/li>\n<\/ul>\n\n\n\n<p>2019<\/p>\n\n\n\n<ul class=\"wp-block-list\">\n<li>El s\u00ednodo de la Amazon\u00eda: \u00bfUn avance en las reformas necesarias de la Iglesia Cat\u00f3lica? In: AEBCAMagazin. Revista de la Asocicaci\u00f3n de Exbecarios Cat\u00f3licos en Alemania 14(2019), 18\u201320.<\/li>\n\n\n\n<li>Imago Dei und Transhumanismus (Editorial). In: ET-Studies 10(2019)2, V-VIII.<\/li>\n\n\n\n<li>Werte und Normen: Nicht &#8220;vermitteln&#8221;, sondern autonome Aneignung f\u00f6rdern! In: Ethik und Milit\u00e4r 2\/2019, 12-17. Online verf\u00fcgbar unter http:\/\/www.ethikundmilitaer.de\/de\/themenueberblick\/20192-ethik-fuer-soldaten\/kruip-werte-und-normen-nicht-vermitteln-sondern-autonome-aneignung-foerdern\/. \u2013 Englische \u00dcbersetzung: Values And Norms: Don\u2019t \u201eTeach\u201c, Encourage Independent Acquisition! In: Ethics and Armed Forces 02\/2019, 11-15. Online verf\u00fcgbar unter http:\/\/www.ethikundmilitaer.de\/en\/full-issues\/20192-ethics-for-soldiers\/kruip-values-and-norms-dont-teach-encourage-independent-acquisition\/.<\/li>\n\n\n\n<li>Brauchen wir eine europ\u00e4ische Arbeitslosenversicherung? K\u00f6ln: Bachem (Kirche und Gesellschaft, 464).<\/li>\n\n\n\n<li>Zus. m. Weiler, Birgit: Ein theologischer Ort. Der Aufbruch in Amazonien als Inspirationsquelle. In: Herder Korrespondenz 73 (10), S. 13\u201315.<\/li>\n\n\n\n<li>Le d\u00e9fi de la migration internationale. Les voix des \u00e9v\u00eaques du sud, de la doctrine sociale de l&#8217;\u00e9glise et les principes d&#8217;une justice globale. In: Lumen vitae 74 (2), 157-166.<\/li>\n\n\n\n<li>zus. mit Claus Arnold: Kirchengeschichte als Potenzial f\u00fcr notwendige Reformen in der Kirche (Editorial). In: ET-Studies 10(2019)1, V-VIII.<\/li>\n\n\n\n<li>zus. mit Meier, Johannes: Welche Christen brauchen Kirche und Welt heute? Erinnerungen an einen gemeinsamen Freund: Karl-Heinz Hein-Rothenb\u00fccher (1954-2016). In: Paul M. Zulehner und Tom\u00e1\u0161 Hal\u00edk (Hg.): Wir teilen diesen Traum. Theologen und Theologinnen aus aller Welt argumentieren pro Pope Francis (E-Book). Ostfildern: Patmos, o. S.<\/li>\n\n\n\n<li>Neue Medien &#8211; neue Populismen. Eine Herausforderung f\u00fcr die Demokratie. In: Margit Eckholt (Hg.): Religion als Ressource befreiender Entwicklung. 50 Jahre nach der 2. Konferenz des lateinamerikanischen Episkopats in Medell\u00edn. Kontinuit\u00e4ten und Br\u00fcche. Mainz: Gr\u00fcnewald 2019, 281-291. Span. Fassung: Nuevos medios \u2013 nuevos populismos: un desaf\u00edo para la democracia. In: Eckholt, Margit; Dur\u00e1n Casas, Vicente (Hg.) (2020): Religi\u00f3n como fuente para un desarrollo liberador. 50 a\u00f1os de la Conferencia del Episcopado Lationoamericano en Medell\u00edn. Continuidades y rupturas. Bogot\u00e1 (Kolumbien): Editorial Universidad Javeriana, 418-424. Online verf\u00fcgbar unter <a href=\"http:\/\/hdl.handle.net\/10554\/51059.\">http:\/\/hdl.handle.net\/10554\/51059.<\/a><\/li>\n\n\n\n<li>zus. m. Zikesch, Raphael: Neo-Extraktivismus und Sozialethik. Ethische Instrumente zur Bewertung und eine kurze Einf\u00fchrung in diesen Band. In: Gerhard Kruip, Dietmar M\u00fc\u00dfig und Raphael Zikesch (Hg.): Neo-Extraktivismus in Bolivien. Chancen, Risiken, Nachhaltigkeit. M\u00fcnster: Aschendorff 2019, 15-30. Span. Fassung: Extractivismo y \u00e9tica social. Algunas herramientas de teor\u00eda moral e introducci\u00f3n a las contribuciones de este libro. In: Gerhard Kruip, Dietmar M\u00fc\u00dfig und Raphael Zikesch (Hg.): El Neo-Extractivismo en Bolivia. Oportunidades, Riesgos, Sostenibilidad. Cochabamba (Bolivien): Itinerarios 2019, 13\u201330.<\/li>\n\n\n\n<li>zus. m. M\u00fc\u00dfig, Dietmar; Zikesch, Raphael: Empfehlungen. In: Gerhard Kruip, Dietmar M\u00fc\u00dfig und Raphael Zikesch (Hg.): Neo-Extraktivismus in Bolivien. Chancen, Risiken, Nachhaltigkeit. M\u00fcnster: Aschendorff 2019, 325-330. Span. Fassung: Recomendaciones. Alternativas al neo-extractivismo en Bolivia. In: Gerhard Kruip, Dietmar M\u00fc\u00dfig und Raphael Zikesch (Hg.): El Neo-Extractivismo en Bolivia. Oportunidades, Riesgos, Sostenibilidad. Cochabamba (Bolivien): Itinerarios 2019, 383\u2013395.<\/li>\n<\/ul>\n\n\n\n<p>2018<\/p>\n\n\n\n<ul class=\"wp-block-list\">\n<li>zus. m. Fischer, Luisa: Familie als Ressource gesellschaftlichen Zusammenhalts. Welche Familienpolitik tr\u00e4gt dazu bei? in: Stimme der Familie 65(2018)6, S. 14-18.<\/li>\n\n\n\n<li>Ordnungspolitik alleine gen\u00fcgt nicht. Die n\u00fcchterne Wirtschafts- und Unternehmensethik von Hermann Sautter. (Ethik und Gesellschaft 2\/2018: Rechtsbr\u00fcche). Download unter: https:\/\/dx.doi.org\/10.18156\/eug-2-2018-rez-9.<\/li>\n\n\n\n<li>Hat die kirchliche Soziallehre von Karl Marx gelernt? K\u00f6ln: Bachem, 2018 (Kirche und Gesellschaft [Gr\u00fcne Reihe], 455).<\/li>\n\n\n\n<li>Ethical and Theological Aspects of Poverty According to Pope Francis. In: Martin Schlag und Daniela Ortiz (Hg.): Poverty, injustice, and inequality as challenges for Christian humanism. Berlin: Duncker et Humblot, 2018 (Soziale Orientierung, Band 27), 36\u201349.<\/li>\n\n\n\n<li>Liturgie und Diakonie (Editorial). In: ET-Studies 9(2018)2, V-VIII.<\/li>\n\n\n\n<li>Betroffenheit und Reue reichen nicht! Was auf die MHG-Studie folgen muss. In: Herder Korrespondenz 72 (11), 13-16.<\/li>\n\n\n\n<li>zus. m. Fischer, Luisa: Ver\u00e4nderte Solidarit\u00e4t in Familien &#8211; kein Grund f\u00fcr Pessimismus. In: Familien-Prisma 10 (2018) Juli, 11-19.<\/li>\n\n\n\n<li>Ethik im Kontext von Theologie und Kirche aus katholischer Perspektive. In: Michael Roth und Marcus Held (Hg.): Was ist eine Theologische Ethik? Grundbestimmungen und Grundvorstellungen. Berlin, Boston: de Gruyter, S. 303\u2013322.<\/li>\n\n\n\n<li>Laudato si&#8217; als Gerechtigkeitsenzyklika. Sozialethische Perspektiven. In: Zeitschrift f\u00fcr Missionswissenschaft und Religionswissenschaft 102 (1-2), 50-61.<\/li>\n\n\n\n<li>Vergessene Hausaufgaben. Der Vatikan kritisiert die fehlende Regulierung der Finanzm\u00e4rkte. In: Herder Korrespondenz 72(2018)7, 26\u201329.<\/li>\n\n\n\n<li>Ein falsches Signal. [Das bedingungslose Grundeinkommen &#8211; contra]. In: Politikum 4 (2), 65-68.<\/li>\n\n\n\n<li>Zus. m. Beck, Hannah; B\u00f6gner, Klemens: Zusammenhalt muss erlebbar werden. In: neue caritas 119(2018)8, 23\u201326.<\/li>\n\n\n\n<li>Une \u00c9glise qui change \u2013 Cinq ans apr\u00e8s l&#8217;\u00e9lection du Pape Fran\u00e7ois. (Editorial). In: ET-Studies 9 (1), V\u2013VIII.<\/li>\n\n\n\n<li>Realistische M\u00f6glichkeit oder sch\u00f6ner Traum? Das bedingungslose Grundeinkommen. In: Herder Korrespondenz 72(2018)5, 32-35.<\/li>\n\n\n\n<li>\u201eDas Defizit an anschaulich gelebter Hoffnung ausgleichen\u201c. Gesellschaftlicher Zusammenhalt oder Aufl\u00f6sung des Gemeinwohls? In: Deus Lo Vult, Jahrbuch der Deutschen Statthalterei des Ritterordens vom Heiligen Grab zu Jerusalem 82(2017\/18), 42-46.<\/li>\n\n\n\n<li>Gustavo Guti\u00e9rrez: Theologie der Befreiung (1971). In: Manfred Brocker (Hg.): Geschichte des politischen Denkens. Das 20. Jahrhundert. Frankfurt am Main: Suhrkamp (Suhrkamp-Taschenbuch Wissenschaft 2210), 533-547.<\/li>\n\n\n\n<li>Gerechtigkeit &#8211; Voraussetzung guten Lebens f\u00fcr alle. In: Wort und Antwort 59(2018)1, 26-31.<\/li>\n\n\n\n<li>Himmel und Erde f\u00fcr alle. Keine Zukunft ohne globale Solidarit\u00e4t. In: Linus Eibicht, Jakobus Kaffanke und Cyrill Sch\u00e4fer (Hg.): Die Anderen &#8211; meine Zukunft. Herausforderungen und Perspektiven f\u00fcr Christen heute. M\u00fcnsterschwarzach: Vier T\u00fcrme, S. 90\u2013123.<\/li>\n<\/ul>\n\n\n\n<p>2017<\/p>\n\n\n\n<ul class=\"wp-block-list\">\n<li>(Neue) Rolle und Verantwortung der Bisch\u00f6fe in der Katholischen Kirche (Editorial). In: ET-Studies 8(2017)2, V-VIII.<\/li>\n\n\n\n<li>Asyl: Menschenrechte zwischen Unbedingtheit und Zumutbarkeit. In: Stefan Altmeyer u.a. (Hg.): Menschenrechte und Religionsunterricht. G\u00f6ttingen, Bristol, CT, U.S.A.: Vandenhoeck &amp; Ruprecht 2017 (Neukirchener Theologie, Band 33), S. 202\u2013209<\/li>\n\n\n\n<li>Befreiungstheologische Kritik am Kapitalismus und an der Sozialen Marktwirtschaft. Die Position von Papst Franziskus. In: Ingeborg Gabriel, Peter G. Kirschschl\u00e4ger und Richard Sturn (Hg.): Eine Wirtschaft, die Leben f\u00f6rdert. Wirtschafts- und unternehmensethische Reflexionen im Anschluss an Papst Franziskus. Ostfildern: Matthias Gr\u00fcnewald Verlag 2017, S. 153\u2013169.<\/li>\n\n\n\n<li>Migranten sind ein Geschenk Gottes. Mexikanische und US-amerikanische Bisch\u00f6fe kritisieren die geplante Mauer. In: Herder Korrespondenz 71(2017)10, 39-42.<\/li>\n\n\n\n<li>Die Einheit der Menschheitsfamilie und die Rechte der Migranten. In: Ulrich Hemel und J\u00fcrgen Manemann (Hg.): Heimat finden &#8211; Heimat erfinden. Politisch-philosophische Perspektiven. M\u00fcnchen: Fink 2017, 133-149.<\/li>\n\n\n\n<li>zus. mit Pr\u00fcller-Jagenteufel, Gunter: Geschlechtergerechtigkeit (Editorial), in: ET-Studies 8(2017)1, V-VIII.<\/li>\n\n\n\n<li>&#8216;Volk&#8217; als kritischer Topos der Theologie. In: Walter Lesch (Hg.): Christentum und Populismus. Klare Fronten? Freiburg: Herder 2017, 38-48, 210-212.<\/li>\n\n\n\n<li>Darf man noch Fleisch essen? K\u00f6ln: Bachem, 2017 (Kirche und Gesellschaft, 440).<\/li>\n\n\n\n<li>Sozialstaatliche Herausforderungen durch das Crowdworking. In: Martin Dabrowski, Judith Wolf (Hg.): Crowdworking und Gerechtigkeit auf dem Arbeitsmarkt. Paderborn: Sch\u00f6ningh 2017, S. 137-154.<\/li>\n\n\n\n<li>Umweltethik und Nachhaltigkeit in christlicher Perspektive. In: Ralph Bergold, Jochen Sautermeister und Andr\u00e9 Schr\u00f6der (Hg.): Dem Wandel eine menschliche Gestalt geben. Sozialethische Perspektiven f\u00fcr die Gesellschaft von morgen. Freiburg (Breisgau): Herder 2017, 319-332. &#8211; Auch online unter: <a href=\"http:\/\/www.nachhaltig-predigen.de\/dokumente\/cmsj\/Strukturen\/Umweltethik-Nachhaltigkeit_Kruip\">http:\/\/www.nachhaltig-predigen.de\/dokumente\/cmsj\/Strukturen\/Umweltethik-Nachhaltigkeit_Kruip<\/a>.htm.<\/li>\n\n\n\n<li>Beteiligung an\/durch Erwerbsarbeit. Chancen und Schwierigkeiten f\u00fcr die Ankommenden und f\u00fcr die Aufnahmegesellschaft, in: Marianne Heimbach-Steins (Hrsg.), Zerrei\u00dfprobe Fl\u00fcchtlingsintegration, Freiburg i. Br.: Herder 2017, 137-148.<\/li>\n<\/ul>\n\n\n\n<p>2016<\/p>\n\n\n\n<ul class=\"wp-block-list\">\n<li>Verleihung der Carl Friedrich von Weizs\u00e4cker-Medaille an Leonardo Boff. Laudatio. Online auf: <a href=\"http:\/\/issuu.com\/freydruck\/docs\/vlz_laudatio_boff_berlin_2016_web-f?e=2048658\/41921216\">http:\/\/issuu.com\/freydruck\/docs\/vlz_laudatio_boff_berlin_2016_web-f?e=2048658\/41921216<\/a>. \u2013 Auch in: KNA-Dokumente 2017\/1 (Januar), 17-24. Nochmals abgedruckt unter dem Titel \u201eGeerdeter Glaube\u201c in: Boff, Leonardo: Traum von einer neuen Erde \u2013 Bilanz eines theologischen Lebens. Wien; Z\u00fcrich: Lit, 2019, 1-14.<\/li>\n\n\n\n<li>Entkolonialisierung des Christentums und der Vernunft? Zur notwendigen Kritik postkolonialer Diskurse. In: Mariano Delgado, Michael Sievernich und Klaus Vellguth (Hg.): Transformationen der Missionswissenschaft. Programme, Protagonisten, Perspektiven. Festschrift zum 100. Jahrgang der ZMR. Fribourg\/Schweiz 2016, 297-305.<\/li>\n\n\n\n<li>Der Glaube trennt &#8211; das Handeln eint? Oder ist es heute umgekehrt? In: Herder Korrespondenz Spezial 2016: Nach der Glaubensspaltung &#8211; zur Zukunft des Christentums, S. 33-35.<\/li>\n\n\n\n<li>zus. mit Fischer, Luisa; Horstmann, Julia (Mitarbeit) (2016): Eine Welt &#8211; Eine Menschheit: Die internationale Gemeinschaft. In: Bernhard Meuser und \u00d6sterreichische Bischofskonferenz (Hg.): DOCAT &#8211; Was tun? Die Soziallehre der Kirche. Augsburg: Sankt Ulrich-Verlag, S. 208-233.<\/li>\n\n\n\n<li>Verantwortung der Kirche f\u00fcr Gerechtigkeit und Teilhabe. Ein sozialethischer Essay. Online verf\u00fcgbar unter <a href=\"http:\/\/www.futur2.org\/article\/verantwortung-der-kirche-fuer-gerechtigkeit-und-teilhabe\">http:\/\/www.futur2.org\/article\/verantwortung-der-kirche-fuer-gerechtigkeit-und-teilhabe<\/a>\/.<\/li>\n\n\n\n<li>zus. mit Fischer, Luisa: Migration (Editorial). In: ET-Studies 7(2016)2, V-VIII.<\/li>\n\n\n\n<li>zus. mit Prcela, Frano: Einf\u00fchrung. In: Kruip, Gerhard; Prcela, Frano (Hg.): Die Zukunft der Orden. W\u00fcrzburg (Echter), 11-20.<\/li>\n\n\n\n<li>zus. mit Loichinger, Alexander: Theologie als Wissenschaft (Editorial). In: ET-Studies 7(2016)1, V-X.<\/li>\n\n\n\n<li>Theologie als Wissenschaft. In: Christoph B\u00f6ttigheimer und Ren\u00e9 Dausner (Hg.): Das Konzil er\u00f6ffnen. Reflexionen zu Theologie und Kirche 50 Jahre nach dem II. Vatikanischen Konzil. Freiburg: Verlag Herder, 37-42. Franz\u00f6sische \u00dcbersetzung: La th\u00e9ologie comme science. In: Christoph B\u00f6ttigheimer u. a. (Hg.) (2017): 50 ans apr\u00e8s le concile, quelles t\u00e2ches pour la th\u00e9ologie ? Diagnostics et d\u00e9lib\u00e9rations de th\u00e9ologiens du monde entier : d\u00e9clarations et documents des deux congr\u00e8s internationaux de Munich (6 au 8 d\u00e9cembre 2015) et de Paris (13 au 15 avril 2015) (donner raison, 62), 37\u201341. Spanische \u00dcbersetzung : La teolog\u00eda como ciencia. In: Christoph B\u00f6ttigheimer und Ren\u00e9 Dausner (Hg.): \u00abAbrir\u00bb el Concilio. Teolog\u00eda e Iglesia a los 50 a\u00f1os del Vaticano II. Malia\u00f1o (Cantabria, Espa\u00f1a): Sal Terrae, S. 47\u201353.<\/li>\n\n\n\n<li>zus. mit Loichinger, Alexander: Theologie als Wissenschaft. In: Christoph B\u00f6ttigheimer und Ren\u00e9 Dausner (Hg.): Vaticanum 21. Die bleibenden Aufgaben des Zweiten Vatikanischen Konzils im 21. Jahrhundert. Dokumentationsband zum M\u00fcnchner Kongress \u201eDas Konzil &#8216;er\u00f6ffnen'&#8221;. Freiburg (Breisgau): Herder, S. 87-88.<\/li>\n\n\n\n<li>The Unity of the Human Family. A Foundation for Global Justice. In: Fabian Klose und Mirjam Thulin (Hg.): Humanity &#8211; A History of European Concepts in Practice from the 16th Century to the Present. G\u00f6ttingen: Vandehoeck&amp;Ruprecht, 267-283.<\/li>\n\n\n\n<li>Werden die mexikanischen Bisch\u00f6fe dem Papst folgen? Mexiko vor dem Papstbesuch. In: Herder Korrespondenz 70(2016)2, 22-26.<\/li>\n\n\n\n<li>Tr\u017en\u00ed hospod\u00e1\u0159stv\u00ed v katolick\u00e9m soci\u00e1ln\u00edm u\u010deni \u2013 historick\u00fd p\u0159ehled a soci\u00e1ln\u011betick\u00e1 anal\u00fdza (Marktwirtschaft in der katholischen Sozialverk\u00fcndigung. Historischer R\u00fcckblick und systematisch-theologische Analyse). In: Acta Universitatis Carolinae Theologica 6(2016)1, 15-31.<\/li>\n\n\n\n<li>Religi\u00f6se Wurzeln und Perspektiven: Judentum und Christentum. In: Mieth, Corinna, Goppel, Anna und Christian Neuh\u00e4user (Hg.): Handbuch Gerechtigkeit. Stuttgart, Weimar: J. B. Metzler, 2016, 35-41.<\/li>\n<\/ul>\n\n\n\n<p>2015<\/p>\n\n\n\n<ul class=\"wp-block-list\">\n<li>Alemania frente a un million de nuevos migrantes. In: Intercambio (Lima, Peru) 33 (Dic)(2015), S. 7-9.<\/li>\n\n\n\n<li>zus. mit Meier, Johannes: Weltkirche und Eurozentrismus (Editorial). In: ET-Studies 6(2015)2, V-VIII.<\/li>\n\n\n\n<li>Die Armen der Reichen &#8211; Was fordert die Option f\u00fcr die Armen von Christen in Deutschland? In: Bibel und Liturgie 88(2015)4, 268-277.<\/li>\n\n\n\n<li>Buen vivir &#8211; Gut leben im Einklang mit Mutter Erde. Das kulturelle Erbe der Indigenen und die Suche nach einem anderen Fortschritt in Laudato s\u00ed. In: AmosInternational 9(2015)4, 11-18.<\/li>\n\n\n\n<li>Toleranz und Dialog: unverzichtbar f\u00fcr menschliches Zusammenleben heute! In: Einblicke. Journal der Katholischen Hochschule f\u00fcr Sozialwesen Berlin WiSe 2015\/16, 4-10.<\/li>\n\n\n\n<li>zus. mit Fischer, Luisa: Drama oder Trag\u00f6die in f\u00fcnf Akten? Der Gespr\u00e4chsprozess der Deutschen Bischofskonferenz. In: Herder Korrespondenz 69 (2015)10, 522-526.<\/li>\n\n\n\n<li>zus. mit Stra\u00dfner, Veit: Was ist globale Gerechtigkeit? In: Religionsunterricht heute 43(2015)2, 4-9.<\/li>\n\n\n\n<li>zus. mit Turner, Geoffrey: The Historical Jesus (Editorial). In: ET-Studies 6(2015)1, V-VIII.<\/li>\n\n\n\n<li>zus. mit Fischer, Luisa: Verbesserung der Gespr\u00e4chskultur Ja &#8211; aber kaum inhaltliche und strukturelle Fortschritte! Eine Zwischenbilanz des Gespr\u00e4chsprozesses \u201dIm Heute glauben&#8221;. In: Martin Kirschner und Joachim Schmiedl (Hg.): Der Dialog geht weiter. Ergebnisse und Perspektiven des Gespr\u00e4chsprozesses. Freiburg : Herder, 26-43.<\/li>\n\n\n\n<li>Ein dramatischer Appell. Die neue Umweltenzyklika des Papstes. In: Herder Korrespondenz 69 (2015) 7, 341-344.<\/li>\n\n\n\n<li>Mu\u00dfe nur f\u00fcr Privilegierte? Eine sozialethische Skizze zur \u201eZeitgerechtigkeit\u201d. In: Theologisch-praktische Quartalschrift 163(2015)3, 243-253.<\/li>\n\n\n\n<li>Steuergerechtigkeit als Teil sozialer Gerechtigkeit. In: Nathalie Georges, Danielle Schronen und Robert Urb\u00e9 (Hg.): Sozialalmanach 2015. Schwerpunkt: Steiergerechtegkeet. Luxembourg: Caritas Luxembourg, S. 171-184.<\/li>\n\n\n\n<li>Globale Herausforderungen &#8211; auch die Kirche selbst steht in der Pflicht! In: Wort und Antwort 56(2015)3, 120-125.<\/li>\n\n\n\n<li>Gewissens- und Religionsfreiheit &#8211; ein katholischer Beitrag. In: Wolfgang Breul; Generaldirektion Kulturelles Erbe Rheinland-Pfalz- (Hg.): Ritter! Tod! Teufel? Franz von Sickingen und die Reformation. Ausstellungskatalog. Regensburg: Schnell &amp; Steiner, 153-154.<\/li>\n\n\n\n<li>Das Programm von Papst Franziskus und die katholische Kirche in Deutschland. In: Martin Kirschner und Joachim Schmiedl (Hg.): Martyria. Den Glauben bezeugen in der Welt von heute. Freiburg, Basel, Wien: Herder (Katholische Kirche im Dialog, 3), 69-100.<\/li>\n\n\n\n<li>Die Welt der Theologie &#8211; eine Kritik aus befreiungstheologisch-sozialethischer Perspektive. In: Thomas S\u00f6ding (Hg.): Die Rolle der Theologie in der Kirche. Die Debatte \u00fcber das Dokument der Theologenkommission. Freiburg (Breisgau): Herder (Quaestiones disputatae), 208-231.<\/li>\n\n\n\n<li>Moralische Konflikte. Eine Chance zum ethischen Lernen? In: DIE. Zeitschrift f\u00fcr Erwachsenenbildung 22(2015)1, 45-47.<\/li>\n\n\n\n<li>&#8220;Liberaci\u00f3n y promoci\u00f3n de los pobres&#8221; (Evangelii gaudium 187). Sobre el tel\u00f3n de fondo latinoamericano del papa Franciso. In: Christus 77(2015)1-2, S. 15-23.<\/li>\n<\/ul>\n\n\n\n<p>2014<\/p>\n\n\n\n<ul class=\"wp-block-list\">\n<li>Soci\u00e1ln\u00ed spravedlnost p\u0159ed ov\u00fdmi v\u00fdzvami \u2013 \u00davahy ze soci\u00e1ln\u011betick\u00e9 perspektivy. (Soziale Gerechtigkeit vor neuen Herausforderungen &#8211; Er\u00f6rterungen aus der sozialethischen Perspektive). In: Soci\u00e1lni pr\u00e1ce 14(2014)4, S. 47-57<\/li>\n\n\n\n<li>\u201eDie Hilfe, welche die Kirche von der heutigen Welt erf\u00e4hrt\u201d (GS 44). Chancen und Herausforderungen der S\u00e4kularisierung f\u00fcr die Katholische Kirche am Beginn des 21. Jahrhunderts. In: Studia Nauk Teologicznych PAN 8 (2014), S. 85-101.<\/li>\n\n\n\n<li>zus. mit Lintner, Martin: 25 Jahre Europ\u00e4ische Gesellschaft f\u00fcr Katholische Theologie (Editorial). In: ET-Studies 5(2014)2, V-IX.<\/li>\n\n\n\n<li>Ist die Forderung nach Freihandel kompatibel mit der Option f\u00fcr die Armen? Eine befreiungstheologische Perspektive. In: Amosinternational 8(2014)4, S. 42-47.<\/li>\n\n\n\n<li>zus. mit Fischer, Luisa: \u201eDie Offenheit des Prozesses bedeutet nicht, dass auch am Ende alles offen bleibt.\u201d (Kardinal Marx) &#8211; Auswertung des vierten Gespr\u00e4chsforums im Gespr\u00e4chsprozess der DBK \u201eIm Heute glauben\u201d vom 12.-13. September 2014 in Magdeburg \u201eIch bin eine Mission &#8211; heute von Gott reden\u201d. siehe auch: <a href=\"http:\/\/www.memorandum-freiheit.de\/zum-gespraechsprozess\">http:\/\/www.memorandum-freiheit.de\/zum-gespraechsprozess<\/a>\/ sowie Auswertung-Gespr\u00e4chsforum-Memorandum-Freiheit-Magdeburg-2014.pdf<\/li>\n\n\n\n<li>Nov\u00e9 v\u00fdzvy pro soci\u00e1ln\u00ed spravedlnost &#8211; europeizace a globalizace. Im Internet unter: http:\/\/www.socialninauka.cz\/aktualne\/zucastnili-jste-se-verejne-prednasky-s-nami.html (20.10.2014). Deutsche \u00dcbersetzung: Neue Herausforderungen f\u00fcr soziale Gerechtigkeit &#8211; Europ\u00e4isierung und Globalisierung. Vortrag in Prag am 9.10.2014. Im Internet unter: <a href=\"http:\/\/www.socialninauka.cz\/files\/files\/p%C5%99edn%C3%A1%C5%A1ka%20Kruip.\">http:\/\/www.socialninauka.cz\/files\/files\/p%C5%99edn%C3%A1%C5%A1ka%20Kruip.<\/a>pdf (20.10.2014).<\/li>\n\n\n\n<li>Sozialethische Aspekte staatlicher Religionsf\u00f6rderung. In: Matthias Pulte und Ansgar Hense (Hg.): Grund und Grenzen staatlicher Religionsf\u00f6rderung. Unter besonderer Ber\u00fccksichtigung des Verh\u00e4ltnisses von Staat und Katholischer Kirche in Deutschland. Paderborn: Sch\u00f6ningh (Kirchen- und Staatskirchenrecht, 17), S. 127-141<\/li>\n\n\n\n<li>Armut als Selbstverpflichtung und politische Diakonie. In: Thomas Laubach und Stefanie Wahl (Hg.): Arme Kirche? Die Botschaft des Papstes in der Diskussion. Freiburg (Breisgau): Herder, 2014 (Theologie kontrovers), S. 75-82.<\/li>\n\n\n\n<li>zus. mit Schmiedl, Joachim: Dialog in der Kirche &#8211; zum 50. Jahrestag von Ecclesiam suam (Paul VI.) (Editorial). In: ET-Studies 5(2014)1) S. V-IX.<\/li>\n\n\n\n<li>zus. mit Bernardy, Anne: Chancen der Erneuerung. Das weltkirchlich-solidarische Engagement katholischer Verb\u00e4nde. In: Herder Korrespondenz 68(2014)8, S. 398-402.<\/li>\n\n\n\n<li>Gott oder der Mammon. Gibt es einen rechten Gebrauch des Geldes? In: Lebendiges Zeugnis 68(2014)1, S. 3-13.<\/li>\n\n\n\n<li>\u201dDie Befreiung und die F\u00f6rderung der Armen&#8221; (EG 187). Zum lateinamerikanischen Hintergrund von Papst Franziskus. In: Kirche und Gesellschaft &#8220;Gr\u00fcne Reihe&#8221; Nr. 408, herausgegeben von der Katholischen Sozialwissenschaftlichen Zentralstelle. M\u00f6nchengladbach 2014 &#8211; Auch im Internet unter <a href=\"http:\/\/ordosocialis.de\/pdf\/Kruip\/408-Papst-19-03-14 final\">http:\/\/ordosocialis.de\/pdf\/Kruip\/408-Papst-19-03-14 final<\/a>.pdf. Spanische \u00dcbersetzung: <a href=\"http:\/\/ordosocialis.de\/pdf\/Kruip\/408-Papst-19-03-14 final-es\">http:\/\/ordosocialis.de\/pdf\/Kruip\/408-Papst-19-03-14 final-es<\/a>.pdf<\/li>\n\n\n\n<li>Impuls f\u00fcr weitere Diskussionen. Kirchen legen neues \u201dSozialwort&#8221; vor. In: Herder Korrespondenz 68 (4), S. 173-177.<\/li>\n\n\n\n<li>zus. mit Berrang, Luisa: &#8220;Halbzeit &#8211; jedoch keine Zeit, eine Pause einzulegen&#8221;. Auswertung des Gespr\u00e4chsforums im Gespr\u00e4chsprozess der DBK &#8220;Im Heute glauben.&#8221; vom 13.-14. September 2013 in Stuttgart. Mainz, Februar 2014, siehe auch:<a href=\"http:\/\/www.memorandum-freiheit.de\/zum-gespraechsprozess\">http:\/\/www.memorandum-freiheit.de\/zum-gespraechsprozess<\/a>\/ sowie Auswertung-Gespr\u00e4chsforum-Memorandum-Freiheit-Stuttgart-2013.pdf<\/li>\n\n\n\n<li>Um ihrer Glaubw\u00fcrdigkeit willen. Pl\u00e4doyer f\u00fcr den Verzicht auf Staatsdotationen f\u00fcr die Kirche. In: Herder Korrespondenz 68 (2014) 2, S. 79-84.<\/li>\n<\/ul>\n\n\n\n<p>2013<\/p>\n\n\n\n<ul class=\"wp-block-list\">\n<li>Globale Geschwisterlichkeit &#8211; gegen eine Globalisierung der Gleichg\u00fcltigkeit. In: Deutsche Bischofskonferenz (Hg.): Br\u00fcderlichkeit &#8211; Grundlage und Weg f\u00fcr den Frieden. Welttag des Friedens, 1. Januar 2014. Bonn: Sekretariat der DBK, 2013 (Arbeitshilfen 265), S. 4-6.<\/li>\n\n\n\n<li>Bildungsgerechtigkeit zwischen \u00d6konomie, Recht, Bildungswissenschaft, P\u00e4dagogik und Ethik. In: Peter Schallenberg und Arnd K\u00fcppers (Hg.): Interdisziplinarit\u00e4t der Christlichen Sozialethik. Paderborn: Sch\u00f6ningh 2013, S. 153-166.<\/li>\n\n\n\n<li>Kirche f\u00fcr die Armen &#8211; was hei\u00dft das f\u00fcr die Caritas? In: neue caritas 114(2013)18, S. 21-25. Im Internet unter <a href=\"http:\/\/www.caritas.de\/neue-caritas\/heftarchiv\/jahrgang2013\/artikel\/kirchefuerdiearmenwasheisstdasfuerdiecaritas\">http:\/\/www.caritas.de\/neue-caritas\/heftarchiv\/jahrgang2013\/artikel\/kirchefuerdiearmenwasheisstdasfuerdiecaritas<\/a><\/li>\n\n\n\n<li>Zukunftsweisendes und Zeitbedingtes. Zum 200. Geburtstag von Adolph Kolping. In: Herder Korrespondenz 67 (2013) 9, S. 481-485. PDF<\/li>\n\n\n\n<li>Qualit\u00e4t der theologischen Ausbildung in Europa (Editorial). In: ET-Studies 3(2012)2, V-VIII (erschienen 2013).<\/li>\n\n\n\n<li>Sozialethik als Ethik der Gerechtigkeit sozialer Strukturen und Institutionen. In: Markus Vogt (Hg.): Theologie der Sozialethik. Freiburg (Breisgau); Basel; Wien: Herder (Quaestiones disputatae, 255), S. 211-225.<\/li>\n\n\n\n<li>zus. mit Fischer, Luisa: \u201eUm Himmels Willen: Nicht blo\u00df reden!\u201d &#8211; Auswertung des Gespr\u00e4chsforums im Gespr\u00e4chsprozess der DBK &#8220;Im Heute glauben.&#8221; vom 14.-15. September 2012 in Hannover, Mainz, 4.1.2013, siehe auch <a href=\"http:\/\/www.memorandum-freiheit.de\/zum-gespraechsprozess\/ sowie Auswertung-Gespr\u00e4chsforum-Memorandum-Freiheit-Hannover-2012\">http:\/\/www.memorandum-freiheit.de\/zum-gespraechsprozess\/ sowie Auswertung-Gespr\u00e4chsforum-Memorandum-Freiheit-Hannover-2012<\/a>.pdf<\/li>\n<\/ul>\n\n\n\n<p>2012<\/p>\n\n\n\n<ul class=\"wp-block-list\">\n<li>Solidarit\u00e4t in Europa (Editorial). In: ET-Studies 3(2012)1, V-VIII.<\/li>\n\n\n\n<li>Konfliktbereit im Dialog &#8211; um der Kirche und ihrer Zukunft willen. In: Lebendige Seelsorge 63(2012)6, 420-424.<\/li>\n\n\n\n<li>Ethik und Sozialethik in der katholischen Erwachsenenbildung. In: Horst Ziegler und Ralph Bergold (Hg.): Neue Vermessungen. Katholische Erwachsenenbildung heute im Spannungsfeld von Kirche und Gesellschaft. Dillingen\/Saar: Kr\u00fcger 2012, 251-273.<\/li>\n\n\n\n<li>Kapitalismuskritik: Brauchen wir ein anderes Wirtschaftssystem? In: Diakonia 43(2012)4, 223-229.<\/li>\n\n\n\n<li>Kirche auf der Seite von Gesetzesbrechern? Zum innovativen Potenzial des katholischen Forums &#8220;Leben in der Illegalit\u00e4t&#8221;. In: Valentin Dessoy und Gundo Lames (Hg.): &#8220;Siehe, ich mache alles neu&#8221;. Innovation als strategische Herausforderung in Kirche und Gesellschaft. Trier: Paulinus 2012 (Gesellschaft und Kirche &#8211; Wandel gestalten, 2), 298-303.<\/li>\n\n\n\n<li>Entwicklung &#8211; immer noch ein Name f\u00fcr Frieden? Die Rolle der Religionen in der Entwicklungszusammenarbeit. In: Mariano Delgado, Adrian Holderegger und Guido Vergauwen (Hg.): Friedensf\u00e4higkeit und Friedensvisionen in Religionen und Kulturen. Stuttgart: Kohlhammer 2012, 245-258.<\/li>\n\n\n\n<li>La Union Europea. \u00bfModelo para Am\u00e9rica Latina? In: Margit Eckholt und Fernando Barredo (Hg.): Ciudadan\u00eda y memoria. Reflexiones en vista a la conmemoraci\u00f3n del Bicentenario de la Independencia. Quito: Abya Yala 2012, 389-405.<\/li>\n\n\n\n<li>Gesellschaft funktioniert nicht ohne Solidarit\u00e4t. In: neue caritas 113(2012)17, 19-22. In: Deutscher Caritasverband (Hg.): Caritas 2013. Jahrbuch des Deutschen Caritasverbandes[erschienen 2012]. Freiburg i. Br.: DCV, 90-96.<\/li>\n\n\n\n<li>Pl\u00e4doyer f\u00fcr eine \u201dKultur des K\u00fcmmerns&#8221;. In: neue caritas Jahrbuch 2013 [erschienen 2012], 53-58.<\/li>\n\n\n\n<li>Soziale Marktwirtschaft in Europa &#8211; sozialethische Anmerkungen. Zugleich eine Auseinandersetzung mit der Enzyklika Caritas in veritate und dem Ansatz von Stefano Zamagni. In: Peter Schallenberg und Piotr Mazurkiewicz (Hg.): Soziale Marktwirtschaft in der Europ\u00e4ischen Union. Paderborn: Sch\u00f6ningh 2012, 55-75.<\/li>\n\n\n\n<li>&#8220;Eine einzige koh\u00e4rente und zugleich stets neue Lehre&#8221;. Der Neuaufbruch der katholischen Soziallehre in Gaudium et spes. In: Kirche und Gesellschaft Nr. 393, herausgegeben von der Katholischen Sozialwissenschaftlichen Zentralstelle. M\u00f6nchengladbach 2012.<\/li>\n\n\n\n<li>Handeln als Menschheitsfamilie. Die Besinnung auf Weltgemeing\u00fcter als globale Zukunftsperspektive. In: Herder Korrespondenz 66 (9), 460-465. PDF &#8211; Englische \u00dcbersetzung: &#8220;Taking Action as Humankind Family: Reflecting on the World&#8217;s Common Property&#8221; auf <a href=\"http:\/\/www.con-spiration.de\/texte\/english\/2012\/kruip-e.html.\">http:\/\/www.con-spiration.de\/texte\/english\/2012\/kruip-e.html.<\/a><\/li>\n\n\n\n<li>&#8220;Market Economy&#8221;: Global Social Challenges. A German Perspective. In: Pham Van Duc (Hg.): Social Responsibility in the Context of Market Economy. Hanoi (Vietnam): Social Sciences Publishing House, 130-150.<\/li>\n\n\n\n<li>zus. mit Fischer, Luisa: &#8220;Hausaufgaben&#8221; f\u00fcr den Gespr\u00e4chsprozess. Auswertung des Gespr\u00e4chsforums im Gespr\u00e4chsprozess &#8220;Im Heute glauben&#8221; vom 14.-15. September 2011 in Mannheim. Mit einer Dokumentation der erarbeiteten Texte, Mainz 2012, siehe auch http:\/\/www.memorandum-freiheit.de\/zum-gespraechsprozess\/ sowie Auswertung-Gespr\u00e4chsforum-Memorandum-Freiheit-Mannheim-2011.pdf<\/li>\n\n\n\n<li>Gerechte Ressourcenallokation und Priorisierung im Gesundheitswesen. In: Karlies Abmeier, Martin Dabrowski und Judith Wolf (Hg.): Gesundheitssystem und Gerechtigkeit. Paderborn: Sch\u00f6ningh, 69-92.<\/li>\n\n\n\n<li>Freiheit und soziale Gerechtigkeit sind kein Widerspruch. In: neue caritas 113(2012), 23-25.<\/li>\n\n\n\n<li>Marktwirtschaft und Gerechtigkeit &#8211; Die Perspektive der christlichen Soziallehre. In: Vanberg, Viktor J. (Hrsg.): Marktwirtschaft und soziale Gerechtigkeit. Gestaltungsfragen der Wirtschaftsordnung in einer demokratischen Gesellschaft, T\u00fcbingen : Mohr Siebeck, 51-70.<\/li>\n<\/ul>\n\n\n\n<p>2011<\/p>\n\n\n\n<ul class=\"wp-block-list\">\n<li>Berechtigte Emp\u00f6rung. Junge Menschen zu Frieden und Gerechtigkeit erziehen. In: Deutsche Bischofskonferenz (Hg.): Jugend zu Frieden und Gerechtigkeit erziehen. Welttag des Friedens, 1. Januar 2012. Bonn: Sekretariat der DBK (Arbeitshilfen, 252), 4-6.<\/li>\n\n\n\n<li>Un nuevo resurgimiento de la Iglesia Cat\u00f3lica en Alemania. In: Christus (M\u00e9xico) 787, Jg. 75, Nov.-Dez. 2011, 42-46.<\/li>\n\n\n\n<li>Die Soziale Frage &#8211; damals und heute. Aktuelle sozialethische Ver\u00f6ffentlichungen. In: Religionsunterricht an h\u00f6heren Schulen 54(2011)5, 226-230.<\/li>\n\n\n\n<li>Sozialdiakonische Kompetenzen. In: Lebendige Seelsorge 62(2011)6, 452-455.<\/li>\n\n\n\n<li>Ein Glaube, der etwas bedeutet! Eine Kirche, die den Gl\u00e4ubigen erlaubt, diese Bedeutung pers\u00f6nlich zum Ausdruck zu bringen! In: Eckholt, Margit (Hg.): Prophetie und Aggiornamento &#8211; Volk Gottes auf dem Weg. Eine internationale Festgabe f\u00fcr die Bisch\u00f6fliche Aktion ADVENIAT. M\u00fcnster\/Westf: Lit 2011 (Intercambio-Schriftenreihe, 4), 131-138.<\/li>\n\n\n\n<li>Vorreiter und Vorbild. Zur bleibenden Bedeutung von Bischof Wilhelm Emmanuel von Ketteler. In: Herder Korrespondenz 65(2011)11, 564-567.<\/li>\n\n\n\n<li>Sich aus Verantwortung f\u00fcr die Kirche streiten. Die Aufgabe der Bisch\u00f6fe im Dialog. In: Lebendige Seelsorge 62(2011)5, 374-376.<\/li>\n\n\n\n<li>Die Grundidee der Sozialen Marktwirtschaft und ihre Beziehung zur christlichen Sozialethik. In: Konrad-Adenauer-Stiftung (Hg.): Soziale Marktwirtschaft und deren Perzeption im Islam. 23.-24. September 2010, Ankara. Ankara\/T\u00fcrkei: KAS, 11-39. &#8211; T\u00fcrkische \u00dcbersetzung: Sosyal Piyasa Ekonomisin ana Hatlari ve Bunlarin Hiristyan Sosyal Ahlakiyla Ba\u011dlantisi. In: Konrad-Adenauer-Stiftung Yayini: Sosyal Piyasa Ekonomisin ve \u0130slam\u2019Daki Alagilani\u015fi , 23 &#8211; 24 Eyl\u00fcl 2010. Ankara 2010, 9-34.<\/li>\n\n\n\n<li>Die Kirche in der Krise in der Krise. Sozialethische \u00dcberlegungen zu einer politischen Diakonie der Kirche im Kontext einer doppelten Krise. In: ET-Studies. Zeitschrift der Europ\u00e4ischen Gesellschaft f\u00fcr Katholische Theologie 1(2010)2, 167-192 [erschienen 2011].<\/li>\n\n\n\n<li>Gibt es einen Neuaufbruch in der katholischen Kirche? In: <a href=\"http:\/\/www.explizit.net\/Kirchen\/Gibt-es-einen-Neuaufbruch-in-der-katholischen-Kirche\">explizit.net<\/a><\/li>\n\n\n\n<li>Marktgerechtigkeit und christliche Moral. In: Hirschberg 64 (07\/08), 452-466.<\/li>\n\n\n\n<li>Glaubw\u00fcrdigkeit und moralische Autorit\u00e4t. In: Heimbach-Steins, Marianne; Kruip, Gerhard; Wendel, Saskia (Hg.): \u201eKirche 2011 Ein notwendiger Aufbruch\u201d. Argumente zum Memorandum. Freiburg im Breisgau: Herder 2011, 114-124.<\/li>\n\n\n\n<li>Educational Governance und kooperative Bildungsverantwortung. In: Heimbach-Steins, Marianne; Kruip, Gehrard (Hg.): Kooperative Bildungsverantwortung. Sozialethische und p\u00e4dagogische Perspektiven auf \u201eEducational Governance\u201d. Bielefeld: W. Bertelsmann 2011, 11-33. &#8211; Auch im Internet: <a href=\"http:\/\/www.pedocs.de\/volltexte\/2011\/4432\/pdf\/Kruip_Educational_Governance_2011_D_A.pdf.\">http:\/\/www.pedocs.de\/volltexte\/2011\/4432\/pdf\/Kruip_Educational_Governance_2011_D_A.pdf.<\/a><\/li>\n\n\n\n<li>La Iglesia cat\u00f3lica ha perdido la autoridad moral. \u00bfC\u00f3mo puede recuperarla? In: Revista CLAR 49(2011)1, 10-25.<\/li>\n\n\n\n<li>Ins Mark getroffen. Wie kann die Kirche moralische Autorit\u00e4t zur\u00fcck gewinnen? In: Herder Korrespondenz 65(2011)4, 173-178.<\/li>\n\n\n\n<li>Entsch\u00e4digung gefordert? Die armen L\u00e4nder als Opfer der Finanzmarktkrise 2008-2009. In: Gabriel, Ingeborg; Schwarz, Ludwig (Hg.): Weltordnungspolitik in der Krise. Perspektiven internationaler Gerechtigkeit. Paderborn, M\u00fcnchen, Wien, Z\u00fcrich: Sch\u00f6ningh 2011, 169-184.<\/li>\n<\/ul>\n\n\n\n<p>2010<\/p>\n\n\n\n<ul class=\"wp-block-list\">\n<li>Wachsende Ungleichheit &#8211; fehlendes Vertrauen. Kann ein neues Sozialwort der Kirchen in Deutschland helfen? In: Herder Korrespondenz 64(2010)10, 497-501. <a href=\"http:\/\/reddot1.zdv.uni-mainz.de\/cms\/ioEditor\/%5bioID%5dE6970FA1DBD64A1C8E62EA61ED2487E3\/HK_64_2010_10_Ss_497ff.pdf\">PDF<\/a><\/li>\n\n\n\n<li>Globalisierung der Solidarit\u00e4t: Die katholische Kirche als Global Player und die Rolle der kirchlichen Hilfswerke in Deutschland. In: ZMR 94(2010)3-4, 213-228.<\/li>\n\n\n\n<li>zus. mit Cremer, Georg: Solidarit\u00e4t f\u00f6rdern &#8211; zu Eigenverantwortung ermutigen. F\u00fcr eine Sozialpolitik der Bef\u00e4higung. In: Stimmen der Zeit 228(2010)10, 699-711. &#8211; Auch in: Katholisch-Soziales Institut der Erzdi\u00f6zese K\u00f6ln (Hg.): Katholische Soziallehre. Richtungsweisend? Haltgebend? Urspr\u00fcnge und Impulse zur Diskussion (CD-Rom). Bad Honnef 2012, B.5.1.<\/li>\n\n\n\n<li>Aktuelle sozialethische Beitr\u00e4ge zu Wirtschaftsethik und Unternehmensethik. Ein Literatur\u00fcberblick. In: Jahrbuch f\u00fcr Christliche Sozialwissenschaft, Jg. 51, 321-350.<\/li>\n\n\n\n<li>zus. mit Schramm, Michael: Steuergerechtigkeit &#8211; Eine Topographie moralischer Fragen. In: Amosinternational 4 (2010)2, 3-9.<\/li>\n\n\n\n<li>zus. mit Krau\u00df, Christoph: Kein Anwalt der armen L\u00e4nder? Zur Neupositionierung des BMZ. In: ICEP argumente 6(2010)3, 1-2. <a href=\"http:\/\/reddot1.zdv.uni-mainz.de\/cms\/ioEditor\/%5bioID%5dE6970FA1DBD64A1C8E62EA61ED2487E3\/03_10_KruipKrauss(1).pdf\">PDF<\/a><\/li>\n\n\n\n<li>zus. mit Krau\u00df, Christoph: Mit einer Stimme sprechen. Zur Zukunft einer gemeinsamen politischen Diakonie der Kirchen. In: Herder Korrespondenz Spezial 1-2010 (Vers\u00f6hnt verschieden? Perspektiven der \u00d6kumene), 61-64. <a href=\"http:\/\/reddot1.zdv.uni-mainz.de\/cms\/ioEditor\/%5bioID%5dE6970FA1DBD64A1C8E62EA61ED2487E3\/HK_SH_2010_01_Ss_61ff.pdf\">PDF<\/a><\/li>\n\n\n\n<li>Weltarmut und globale Gerechtigkeit &#8211; Wozu verpflichtet uns die Not der Menschen in anderen Teilen der Welt? In: Spie\u00df, Christian (Hg.): Freiheit &#8211; Natur &#8211; Religion. Studien zur Sozialethik (FS Anzenbacher). Paderborn: Sch\u00f6ningh 2010, 241-261.<\/li>\n\n\n\n<li>zus. mit Winkler, Katja: Moraltheoretische, entwicklungspsychologische und andragogisch-konzeptionelle Grundlagen ethischen Lernens. In: Gisbertz, Helga; Kruip, Gerhard; Tolksdorf, Markus (Hg.): Ethisches Lernen in der allgemeinen Erwachsenenbildung. Bielefeld: W. Bertelsmann 2010, 15-55. &#8211; Im Internet: <a href=\"http:\/\/www.pedocs.de\/volltexte\/2010\/3080\/pdf\/Kruip_Winkler_Moraltheoretische_Grundlagen_ethischen_Lernens_2010_D_A.pdf.\">http:\/\/www.pedocs.de\/volltexte\/2010\/3080\/pdf\/Kruip_Winkler_Moraltheoretische_Grundlagen_ethischen_Lernens_2010_D_A.pdf.<\/a><\/li>\n\n\n\n<li>zus. mit Gisbertz, Helga: Tolksdorf, Markus: Zum k\u00fcnftigen Umgang mit ethischen Themen in der allgemeinen Erwachsenenbildung. In: Gisbertz, Helga; Kruip, Gerhard; Tolksdorf, Markus (Hg.): Ethisches Lernen in der allgemeinen Erwachsenenbildung. Bielefeld: W. Bertelsmann 2010, 205-211.<\/li>\n\n\n\n<li>Caritas in veritate. Ein kritischer Kommentar aus sozialethischer Perspektive. In: Theologie und Glaube 100(2010)1, 85-107.<\/li>\n\n\n\n<li>Menschenrecht auf Bildung? Diagnosen &#8211; Reflexionen &#8211; Perspektiven seiner Umsetzung in Deutschland. In: Bock, Veronika (Hg.): Die W\u00fcrde des Menschen unantastbar? 60 Jahre Allgemeine Erkl\u00e4rung der Menschenrechte. M\u00fcnster: Lit, 2010, 57-75.<\/li>\n\n\n\n<li>\u201eUnser t\u00e4gliches Brot gib uns heute\u201d. Das Recht auf ein soziokulturelles Existenzminimum in einer globalisierten Welt. In: Stimpfle, Alois (Hg.): Pater Noster &#8211; oder mit sieben Bitten auf in den Himmel? M\u00fcnster: Lit 2010, 89-106.<\/li>\n<\/ul>\n\n\n\n<p>2009<\/p>\n\n\n\n<ul class=\"wp-block-list\">\n<li>Zur Verantwortung des Christen &#8211; Freiheit in einer vernetzten Welt. In: Gemeinschaft Katholischer Soldaten (GKS) (Hg.): Als Soldat und Christ dem Frieden verpflichtet. Beitr\u00e4ge zur Ethik des soldatischen Dienstes. Berlin 2009, 482-496 (Wiederabdruck des gleichnamigen Beitrags in: Auftrag &#8211; Organ der Gemeinschaft Katholischer Soldaten 42(2002)247, 37-45.<\/li>\n\n\n\n<li>Gibt es ein Menschenrecht auf ethische Bildung? In: zfwu 10 (2009), 164-179. <br>erneut abgedruckt in: Thomas Beschorner u. a. (Hg.): Wirtschafts- und Unternehmensethik. Wiesbaden: Springer Fachmedien Wiesbaden 2020, S. 389\u2013405.<\/li>\n\n\n\n<li>Das \u201echristliche Menschenbild\u201d &#8211; keine Letztbegr\u00fcndungsformel! In: Darwish, Farid; Wahler, Hendrik (Hg.): Menschenbilder. Praktische Folgen einer Haltung des Menschen zu sich selbst. London: Turnshare 2009, 29-46.<\/li>\n\n\n\n<li>Ist Geiz geil oder gottlos? Haben oder Sein im sp\u00e4ten Kapitalismus. In: Nickl, Peter (Hg.): Die Sieben Tods\u00fcnden &#8211; Zwischen Reiz und Reue. M\u00fcnster: Lit 2009, 13-30.<\/li>\n\n\n\n<li>Menschenrecht auf Bildung. Chancengerechtigkeit f\u00fcr Kinder und Jugendliche mit famili\u00e4rem Armuts- und Migrationshintergrund. In: Religionsunterricht an h\u00f6heren Schulen 52(2009)5, 287-289 und 292-296.<\/li>\n\n\n\n<li>Finanzmarktkrise: das Ende der Sozialen Marktwirtschaft? In: neue caritas Jahrbuch 2010 [erschienen 2009], S. 32-37.<\/li>\n\n\n\n<li>Fordert christliche Sozialethik einen allgemeinen Mindestlohn? In: Nacke, Bernhard (Hg.): Orientierung und Innovation. Beitr\u00e4ge der Kirche f\u00fcr Staat und Gesellschaft. Freiburg (Breisgau) u.a.: Herder 2009, 418-431.- Auch in: Katholisch-Soziales Institut der Erzdi\u00f6zese K\u00f6ln (Hg.): Katholische Soziallehre. Richtungsweisend? Haltgebend? Urspr\u00fcnge und Impulse zur Diskussion (CD-Rom). Bad Honnef 2012, B.4.5.<\/li>\n\n\n\n<li>Wie stehen die Kirchen zur Organlebendspende? In: muko.info. Das Magazin des Mukoviszidose e.V. 2009\/3, 32-33.<\/li>\n\n\n\n<li>&#8220;De Iustitia in Mundo&#8221;. Gobal Justice in the Tradition of the Social Teaching of the Catholic Church. In: Mack, Elke; Schramm, Michael; Klasen, Stephan; Pogge, Thomas (Hg.): Absolute Poverty and Global Justice. Empirical Data &#8211; Moral Theories &#8211; Initiatives. Farnham: Ashgate 2009, 79-90.<\/li>\n\n\n\n<li>Bildungsfinanzierung &#8211; auch eine Frage der Gerechtigkeit! In: Heimbach-Steins, Marianne; Kruip, Gerhard; Kunze, Axel-Bernd (Hg.): Bildungsgerechtigkeit &#8211; Interdisziplin\u00e4re Perspektiven. Bielefeld: W. Bertelsmann 2009, 73-92.<\/li>\n\n\n\n<li>Der Mensch &#8211; \u201edas echte Kapital\u201d. In: neue caritas 110(2009)16, 21-25.<\/li>\n\n\n\n<li>zus. mit Heimbach-Steins, Marianne; Kunze, Axel-Bernd: Menschenrecht auf Bildung. Ma\u00dfstab f\u00fcr die Bildungspolitik in Deutschland? In: Heimbach-Steins, Marianne; Kruip, Gerhard; Kunze, Axel-Bernd (Hg.): Bildung, Politik und Menschenrecht. Ein ethischer Diskurs. Bielefeld: W. Bertelsmann 2009, 7-14.<\/li>\n\n\n\n<li>Entwicklung und Wahrheit. Die Sozialenzyklika Benedikts XVI. erm\u00f6glicht viele Lesarten. In: Herder Korrespondenz 63(2009)8, 388-392.<\/li>\n\n\n\n<li>Market Economy &#8211; Global Social Challenges. A German Perspective. In: Philosophy (Hanoi, Vietnam) 2009\/5(216), 26-36 (in vietnamesischer Sprache).<\/li>\n\n\n\n<li>Globale Gerechtigkeit und Option f\u00fcr die Armen. Konsequenzen f\u00fcr die weltweite Armutsbek\u00e4mpfung. In: Abmeier, Karlies; Dabrowski, Martin; Wolf, Judith (Hg.): Globalisierung und globale Gerechtigkeit. Paderborn: Sch\u00f6ningh 2009, 11-32.<\/li>\n\n\n\n<li>Justicia social &#8211; desde la perspectiva de la \u00e9tica social cristiana. In: Bombassaro, Luiz Carlos; Kr\u00fcggeler, Thomas; Timm de Souza, Ricardo (Hg.): Democracia e inclus\u00e3o social. Desigualdade como desaf\u00edo para a sociedade e a Igreja no Brasil. Porto Alegre (Brasilien): Edipucrs 2009, 29-53.<\/li>\n\n\n\n<li>Eigeninteresse, universelle Normen des Gerechten und partikulare Vorstellungen des Guten. Welche Wertbindungen braucht die Entwicklungspolitik? In: Reifeld, Helmut; Wahlers, Gerhard (Hg.): Jenseits der Milleniumsziele. Wertorientierung f\u00fcr die k\u00fcnftige Entwicklungspolitik. Sankt Augustin\/Bonn: Konrad Adenauer-Stiftung 2009, 57-74.<\/li>\n\n\n\n<li>Mexiko. In: Meier, Johannes; Stra\u00dfner, Veit (Hg.): Lateinamerika und Karibik. Paderborn u.a: Sch\u00f6ningh 2009 (Kirche und Katholizismus seit 1945, 6), 63-110.<\/li>\n\n\n\n<li>zus. mit Cremer, Georg: Reich der Freiheit oder Hartz IV f\u00fcr alle? Sozialethische und \u00f6konomische \u00dcberlegungen zum bedingungslosen Grundeinkommen. In: Stimmen der Zeit 227(2009)6, 415-425.<\/li>\n\n\n\n<li>Moral und Religion im interkulturellen Dialog, in: Christian Thies (Hg.), Der Wert der Menschenw\u00fcrde, Paderborn: Sch\u00f6ningh 2009, 223-239.<\/li>\n\n\n\n<li>Sozialethische Perspektiven zur aktuellen Finanzmarktkrise. In: Sekretariat der Deutschen Bischofskonferenz (Hg.): Studienhalbtag zur Finanz- und Wirtschaftskrise. Fr\u00fchjahrs-Vollversammlung der Deutschen Bischofskonferenz in Hamburg, 4.3.2009. Bonn: DBK 2009, 22-30.<\/li>\n\n\n\n<li>In der Menschenw\u00fcrde begr\u00fcndet. F\u00fcr ein Menschenrecht auf Bildung auch in Deutschland. In: Herder Korrespondenz 63(2009)3, 145-149. &#8211; Auch in: Katholisch-Soziales Institut der Erzdi\u00f6zese K\u00f6ln (Hg.): Katholische Soziallehre. Richtungsweisend? Haltgebend? Urspr\u00fcnge und Impulse zur Diskussion (CD-Rom). Bad Honnef 2012, B.4.2.<\/li>\n\n\n\n<li>Formaci\u00f3n para todos y justicia participativa y contributiva. Una reflexi\u00f3n desde la \u00e9tica social cristiana. In: Eckholt, Margit; Lerner Febres, Salom\u00f3n (Hg.): Ciudadan\u00eda, democracia y derechos humanos. Reflexiones en vista a la conmemoraci\u00f3n del Bicentenario de la Independencia. Quito (Ecuador): Abya-Yala 2009, 155-171.<\/li>\n<\/ul>\n\n\n\n<p>2008<\/p>\n\n\n\n<ul class=\"wp-block-list\">\n<li>Gerechtigkeit jetzt und f\u00fcr alle Zeiten &#8211; Eine sozialethische Perspektive. In: Schwarz-Boenneke, Bernadette (Hg.): Gerechtigkeit jetzt und f\u00fcr alle Zeiten (Jes 9,6). Veranstaltungen zur bundesweiten Er\u00f6ffnung der Adveniat-Jahresaktion 2007. Mainz: Adveniat 2008, 23-34.<\/li>\n\n\n\n<li>In der Legitimationskrise. Neue Aufgaben f\u00fcr die Soziale Marktwirtschaft. In: Herder Korrespondenz 62(2008)10, 498-502.<\/li>\n\n\n\n<li>Soll die katholische Kirche auf eigenem Boden den Anbau gentechnisch ver\u00e4nderter Organismen erlauben? Eine Empfehlung. In: Drell, Volker; Thies, Christian (Hg.): Agro-Gentechnik. Zum F\u00fcr und Wider einer neuen landwirtschaftlichen Technologie. M\u00fcnster u.a: Lit 2008, 69-72.<\/li>\n\n\n\n<li>Gerechte Bildungsfinanzierung &#8211; sozialethische Kriterien. In: Dabrowski, Martin; Wolf, Judith (Hg.): Bildungspolitik und Bildungsgerechtigkeit. Paderborn u.a.: Sch\u00f6ningh 2008, 141-161.<\/li>\n\n\n\n<li>zus. mit Neuhoff, Katja: Hauptsch\u00fcler ohne Zukunftsperspektive? In: Stimmen der Zeit 133(2008)8, 507-520.<\/li>\n\n\n\n<li>\u201eEine andere Welt ist m\u00f6glich\u201d &#8211; Globalisierung der Gerechtigkeit. In: Trierer Theologische Zeitschrift 117(2008)3, 235-252.<\/li>\n\n\n\n<li>\u00c9tica Social Cristiana. In: Thesing, Josef (Hg.): Doctrina social cristiana. Textos de las conferencias de la VI. Academia de Verano del 28 de junio al 16 de julio de 2008. Bad Honnef: Konrad Adenauer-Stiftung; Adveniat; KSI (ohne Seitenangabe, 18 S.).<\/li>\n\n\n\n<li>Neuaufbruch oder Regression? Die Ergebnisse der lateinamerikanischen Bischofsversammlung in Aparecida (13.-31.5.2007) aus sozialethischer Sicht. In: ZMR 92(2008), 119-132. PDF<\/li>\n\n\n\n<li>Verantwortung wof\u00fcr? Unternehmen vor wachsenden Herausforderungen globaler M\u00e4rkte und universeller Geltungsanspr\u00fcche. D\u00fcsseldorf: NRW-Bank (Denkraum.2). PDF<\/li>\n\n\n\n<li>Die Option f\u00fcr die Armen: Was bedeutet sie in Deutschland? In: Amosinternational 2(2008)2, 23-31.<\/li>\n\n\n\n<li>Traditional Conceptions of Justice in Christianity. In: Bhargava, Rajeev; Dusche, Michael; Reifeld, Helmut (Hg.): Justice. Political, social, juridical. New Delhi: Sage 2008, 94-115.<\/li>\n\n\n\n<li>Die Krux des gerechten Lohnes. In: neue caritas 109(2008)5, 9-11.<\/li>\n\n\n\n<li>zus. mit Winkler, Katja: Bildungsethik &#8211; ethische Bildung. In: Natur und Geist. Das Forschungsmagazin der Johannes Gutenberg-Universit\u00e4t Mainz 24(2008)1, 40-43.<\/li>\n\n\n\n<li>Fortschritte im Selbstverst\u00e4ndigungsprozess: Ans\u00e4tze, Methode und Themen der Sozialethik. In: Herder Korrespondenz Spezial \u201eGlauben denken\u201d Februar 2008, 45-48.<\/li>\n\n\n\n<li>Selbstbestimmte Teilhabe sozialethisch gesehen. In: neue caritas 109(2008)2, 9-11.<\/li>\n<\/ul>\n\n\n\n<p>2007<\/p>\n\n\n\n<ul class=\"wp-block-list\">\n<li>Wirklich gerecht sind nur Gerechtigkeiten. In: Deutscher Caritasverband (Hg.): Caritas 2008. Jahrbuch des Deutschen Caritasverbandes. Freiburg i. Br.: DCV 2007, 30-36.<\/li>\n\n\n\n<li>Vom Fortschritt der V\u00f6lker zur Entwicklung der Einen Welt: 40 Jahre Populorum Progressio. In: KSI-inform 3\/2007, 5.<\/li>\n\n\n\n<li>Vertragstheorien und Diskursethik: Zur Bedeutung prozeduraler Ethiken in der sozialen Arbeit. In: Lesch, Walter; Lob-H\u00fcdepohl, Andreas (Hg.): Ethik Sozialer Arbeit: Ein Handbuch. Paderborn u.a.: Sch\u00f6ningh; UTB, 69-87.<\/li>\n\n\n\n<li>zus. mit Neuhoff, Katja: Das Menschenrecht auf Bildung und seine Umsetzung in Deutschland &#8211; Perspektiven. In: Heimbach-Steins, Marianne; Kruip, Gerhard; Kunze, Axel-Bernd (Hg.): Das Menschenrecht auf Bildung und seine Umsetzung in Deutschland. Diagnosen &#8211; Reflexionen &#8211; Perspektiven. Bielefeld: W. Bertelsmann 2007, 205-220.<\/li>\n\n\n\n<li>zus. mit Winkler, Katja: Ethisches Lernen in der allgemeinen Erwachsenenbildung (Basispapier). Bonn: Katholische Bundesarbeitsgemeinschaft f\u00fcr Erwachsenenbildung, 2007 (Sonderdruck).<\/li>\n\n\n\n<li>Kriterien f\u00fcr die Rationierung und Differenzierung von Sozialleistungen. In: Dabrowski, Martin; Wolf, Judith (Hg.): Aufgaben und Grenzen des Sozialstaats. Paderborn u.a.: Sch\u00f6ningh 2007, 197-220.<\/li>\n\n\n\n<li>Marktgerechte Gesellschaft oder sozial gerechter Markt? In: rhs &#8211; Religionsunterricht an h\u00f6heren Schulen 50(2007)4, 218-225.<\/li>\n\n\n\n<li>zus. mit Krau\u00df, Christoph: In Selbstblockaden verstrickt. R\u00f6mische Korrekturen am Schlussdokument von Aparecida. In: Herder Korrespondenz 61(2007)9, 450-453. &#8211; Englische \u00dcbersetzung im Internet unter <a href=\"http:\/\/www.con-spiration.de\/texte\/english\/2007\/krauss-kruip-e.html\">http:\/\/www.con-spiration.de\/texte\/english\/2007\/krauss-kruip-e.html<\/a>.<\/li>\n\n\n\n<li>Globale Finanzm\u00e4rkte und menschliche Entwicklung. Eine christlich-sozialethische Perspektive. In: Giersch, Christoph (Hg.): Money makes the world go round? Ethik als notwendiges Gestaltungsprinzip f\u00fcr Banken und Kapitalm\u00e4rkte. M\u00fcnchen, Mering: Hampp 2007, 55-70.<\/li>\n\n\n\n<li>Kirche und Religionen in Lateinamerika: Neue Ambivalenzen zwischen Modernisierungs- und Retraditionalisierungsprozessen. In: Bernecker, Walther L. u.a. (Hg.): Lateinamerika 1870-2000. Wien: Promedia 2007, 213-230 (leicht \u00fcberarbeitete und aktualisierte Fassung des Beitrags in Kaller-Dietrich, Martina; Potthast, Barbara; Tobler, Hans Werner (Hg.): Lateinamerika im 19. und 20. Jahrhundert. Wien: Promedia, 2004, 175-191).<\/li>\n\n\n\n<li>Eine andere Welt ist m\u00f6glich: Der G8-Gipfel und die Enzyklika &#8220;Populorum Progressio&#8221; Pauls VI. In: Herder Korrespondenz 61(2007)6, 290-294.<\/li>\n\n\n\n<li>zus. mit Winkler, Katja: Ist Moral lehrbar? M\u00fcssen wir Moral wirklich lernen? In: Kompass. Soldat in Welt und Kirche, Ausgabe 05\/2007 (2.5.07), 4-7.<\/li>\n\n\n\n<li>Gerechtigkeit in einem globalisierten Luxemburg. In: Schronen, Danielle; Urb\u00e9, Robert (Hg.): Sozialalmanach 2007. Schwerpunkt: Soziale Gerechtigkeit. Das Caritas-Jahrbuch zur sozialen Lage Luxemburgs. Luxemburg: Caritas 2007, 117-130.<\/li>\n\n\n\n<li>Soziale Gerechtigkeit in der christlichen Soziallehre. In: Blanke, Hermann-Josef (Hg.): Der Umbau des Sozialstaats zwischen Freiheitlichkeit und Solidarit\u00e4t. T\u00fcbingen: Mohr-Siebeck 2007, 225-242.<\/li>\n\n\n\n<li>Gerechtigkeit zwischen den Generationen. In: Blasberg-Kuhnke, Martina; Wittrahm, Andreas (Hg.): Altern in Freiheit und W\u00fcrde: Handbuch christliche Altenarbeit. M\u00fcnchen: K\u00f6sel 2007, 52-62.<\/li>\n\n\n\n<li>Introduction. In: Kruip, Gerhard; Reifeld, Helmut (Hg.): Church and Civil Society: The Role of Christian Churches in the Emerging Countries of Argentina, Mexico, Nigeria and South Africa. Sankt Augustin\/Berlin: KAS 2007, 11-18.<\/li>\n<\/ul>\n\n\n\n<p>2006<\/p>\n\n\n\n<ul class=\"wp-block-list\">\n<li>La necesidad de \u201evolver a pensar\u201d lo social, in: Eckholt, Margit; Michelini, Dorando (Hg.), El trabajo y el futuro del hombre. Reflexiones sobre la crisis actual y perspectivas desde la enc\u00edclica Laborem Exercens, Buenos Aires (San Pablo) 2006, 255-266.<\/li>\n\n\n\n<li>Bildungsarmut &#8211; eine der zentralen \u201eSozialen Fragen\u201d der Gegenwart. In: Misereor (Hg.): Bildung. Aachen: Misereor 2006, 16-21.<\/li>\n\n\n\n<li>Menschenrechte und soziale Gerechtigkeit. Wert\u00fcberzeugungen Europas vor der Herausforderung des Globalisierungsprozesses. In: Elm, Ralf (Hg.): Vernunft und Freiheit in der Kultur Europas. Freiburg i. Br., Alber 2006, 425-465.<\/li>\n\n\n\n<li>Katholische Kirche und Religionsfreiheit. In: Rottleuthner, Hubert; Mahlmann, Matthias (Hg.): Ein neuer Kampf der Religionen?: Staat, Recht und religi\u00f6se Toleranz. Berlin: Duncker &amp; Humblot 2006, 101-126.<\/li>\n\n\n\n<li>zus. mit Fischer, Michael: Nicht nur Einzelschicksale: Stellt sich in Deutschland von neuem die soziale Frage? In: Herder Korrespondenz 60(2006)12, 613-617.<\/li>\n\n\n\n<li>Impliziert die Anerkennung des Anderen die Billigung unmoralischer Handlungen? In: Kruip, Gerhard; V\u00f6gele, Wolfgang (Hg.): Schatten der Differenz. Das Paradigma der Anerkennung und die Realit\u00e4t gesellschaftlicher Konflikte. M\u00fcnster: Lit. 2006, 303-321.<\/li>\n\n\n\n<li>Zur Einf\u00fchrung: Gott im Kontext der Gegenwart &#8211; Versuch einer Diagnose der Zeit und ihrer theologischen Herausforderung. In: Fischer, Michael; Kruip, Gerhard (Hg.): Als g\u00e4be es Ihn nicht &#8211; Vernunft und Gottesfrage heute. M\u00fcnster u.a.: Lit 2006, 1-13.<\/li>\n\n\n\n<li>Bildungspolitik und Sozialpolitik &#8211; Zum Verh\u00e4ltnis von Beteiligungs- und Verteilungsgerechtigkeit. In: Katholische Erwachsenenbildung im Lande Niedersachsen e.V. (Hg.): Jubil\u00e4umsjahrbuch 2005\/2006. Hannover: Selbstverlag 2006, 19-21.<\/li>\n\n\n\n<li>Katholische Kirche in der Finanzkrise: Gibt es theologische und ethische Kriterien \u201erichtigen\u201d Sparens? In: Franz, Thomas; Sauer, Hanjo (Hg.): Glaube in der Welt von heute: Theologie und Kirche nach dem Zweiten Vatikanischen Konzil. Band 2: Diskursfelder. F\u00fcr Elmar Klinger. W\u00fcrzburg: Echter 2006, 468-485.<\/li>\n\n\n\n<li>Katholische Kirche in einer globalisierten Welt. In: G\u00f6llner, Reinhard; Knapp, Markus (Hg.): Kirche der Zukunft &#8211; Zukunft der Kirche. M\u00fcnster: Lit 2006, 117-136.<\/li>\n\n\n\n<li>Die sozialethische Relevanz der Berufung auf die &#8216;\u0080\u009akatholischen&#8217; Grundlagen des Sozialstaats (Korreferat). In: Gro\u00dfe Kracht, Hermann-Josef; Kostka, Ulrike; Schramm, Michael (Hg.): Der fraglich gewordene Sozialstaat: Aktuelle Streitfelder &#8211; ethische Grundlagenprobleme. Paderborn u.a.: Sch\u00f6ningh, 2006, 32-36.<\/li>\n\n\n\n<li>Gerechtigkeit im Gesundheitswesen &#8211; zwischen wachsenden Anspr\u00fcchen und \u00f6konomischen Zw\u00e4ngen. In: Sternberg, Thomas (Hg.): Soziale Gerechtigkeiten: Beitr\u00e4ge zu einer neuen Sozialkultur. M\u00fcnster: dialogverlag 2006, 75-105.<\/li>\n<\/ul>\n\n\n\n<p>2005<\/p>\n\n\n\n<ul class=\"wp-block-list\">\n<li>Was ist soziale Gerechtigkeit? Korreferat zum Vortrag des DGB-Bundesvorsitzenden Michael Sommer. In: Horster, Detlef (Hg.): Sozialstaat und Gerechtigkeit: Hannah-Arendt-Lectures und Hannah-Arendt-Tage 2004. Weilerswist: Velbr\u00fcck 2005, 87-99.<\/li>\n\n\n\n<li>Systematische Bestandsaufnahme: Der neue \u201eSozialkatechismus\u201d sichert das Erbe p\u00e4pstlicher Sozialverk\u00fcndigung. In: Herder Korrespondenz 59(2005)1, 11-15.<\/li>\n\n\n\n<li>Erfordert die \u00f6konomische Integration Europas eine \u00dcbereinstimmung von Gerechtigkeitsvorstellungen? Das Beispiel sozialer Gerechtigkeit. In: Societas Ethica (Hg.): Pluralismus in Europa? 41. Jahresbericht 2004 der Societas Ethica. Erlangen 2005, 206-223. &#8211; Nochmals abgedruckt in: Heuser, Stefan; Ulrich, Hans G. (Hg.): Pluralism in Europe &#8211; One Law, One Market, One Culture? Proceedings of the Annual Conference of the Societas Ethica in Ljubljana, August 2004. Berlin: Lit 2006, 153-170.<\/li>\n\n\n\n<li>Wer mag schon den Kapitalismus?: Die Naivit\u00e4t moralischer Emp\u00f6rung und die Komplexit\u00e4t des Marktes. In: Herder Korrespondenz 59(2005)7, 348-352.<\/li>\n\n\n\n<li>Vom \u201eSinn f\u00fcr Ungerechtigkeit\u201d zur \u201eGlobalisierung der Gerechtigkeit\u201d. In: Kaplow, Ian; Lienkamp, Christoph (Hg.): Sinn f\u00fcr Ungerechtigkeit: Ethische Argumentationen im globalen Kontext. Baden-Baden: Nomos 2005, 100-116.<\/li>\n\n\n\n<li>Warum wir das Neue \u201esozial denken\u201d m\u00fcssen. In: impulse aus der Hauptabteilung Schule und Hochschule des Erzbistums K\u00f6ln Nr. 74, 2. Quartal 2005, 2-6.<\/li>\n\n\n\n<li>zus. mit Vogt, Markus: Globalisierung: Ein Bericht vom Berliner Werkstattgespr\u00e4ch der SozialethikerInnen 2004. In: Jahrbuch f\u00fcr Christliche Sozialwissenschaften 46(2005), 346-351.<\/li>\n\n\n\n<li>zus. mit Hemel, Ulrich: Das fiph vor neuen Herausforderungen: Eine kleine Zwischenbilanz und ein Ausblick nach f\u00fcnf Jahren \u201eNeuausrichtung\u201d (2000-2005). In: fiph-journal Nr. 6 (September 2005), 13-14.<\/li>\n<\/ul>\n\n\n\n<p>2004<\/p>\n\n\n\n<ul class=\"wp-block-list\">\n<li>Kirchen und Religionen in Lateinamerika: Neue Ambivalenzen zwischen Modernisierungs- und Retraditionalisierungsprozessen. In: Kaller-Dietrich, Martina; Potthast, Barbara; Tobler, Hans Werner (Hg.): Lateinamerika im 19. und 20. Jahrhundert. Wien: Promedia 2004, 175-191.<\/li>\n\n\n\n<li>Role of Civil Society in the Development of Modern States. In: Konrad-Adenauer-Stiftung (Hg.): Political Philosophy in Dialogue [in chinesischer Sprache]. Peking: Selbstverlag 2004, 94-110.<\/li>\n\n\n\n<li>Das Soziale weiter denken. In: Stimmen der Zeit 222(2004)6, 398-408.<\/li>\n\n\n\n<li>Wechselseitige Verpflichtungen: Partnerschaft in der Entwicklungszusammenarbeit. In: Entwicklungspolitik 12\/2004, 39-40. Nochmals abgedruckt in: Hirsch, Klaus; Seitz, Klaus (Hg.): Zwischen Sicherheitskalk\u00fcl, Interesse und Moral: Beitr\u00e4ge zur Ethik der Entwicklungspolitik. Frankfurt am Main: IKO 2005, 185-190.<\/li>\n\n\n\n<li>Was ist soziale Gerechtigkeit? Grunds\u00e4tzliche \u00dcberlegungen zur aktuellen Sozialstaatsdebatte in Deutschland. In: Jans, Jan (Hg.): F\u00fcr die Freiheit verantwortlich: Festschrift f\u00fcr Karl-Wilhelm Merks, Fribourg\/Schweiz: Academic Press; Freiburg\/Wien: Herder 2004, 221-237.<\/li>\n\n\n\n<li>Religion, Kirche und Staat. In: Bernecker, Walther L. u.a. (Hg.): Mexiko heute: Politik, Wirtschaft, Kultur. 3., vollst. neu bearb. Aufl. Frankfurt am Main: Vervuert 2004, 149-173.<\/li>\n\n\n\n<li>Gemeinwohl und Subsidiarit\u00e4t: Die Vorteile von Freiheit und Kooperation. In: Berten, Ignace; Eggensperger, Thomas; Engel, Ulrich (Hg.): Gemeinwohl im Konflikt der Interessen: Gesellschaftspolitische, sozialethische und philosophisch-theologische Recherchen zu Europa. M\u00fcnster: Lit, 2004, 55-72. &#8211; Polnische \u00dcbersetzung: Dobre wsp\u00f3lne i subsydiarno\u015b\u0107: zalety wolno\u015bci i kooperacji. In: Wok\u00f3l Wsp\u00f3lczeswno\u015bci 17(2004)1, 106-121.<\/li>\n<\/ul>\n\n\n\n<p>2003<\/p>\n\n\n\n<ul class=\"wp-block-list\">\n<li>Gibt es moralische Kriterien f\u00fcr einen gesellschaftlichen Kompromiss in ethischen Fragen? Zugleich ein Kommentar zur getroffenen Regelung des Imports von embryonalen Stammzellen. In: Goebel, Bernd; Kruip, Gerhard (Hg.): Gentechnologie und die Zukunft der Menschenw\u00fcrde. M\u00fcnster: Lit, 2003, 133-149.<\/li>\n\n\n\n<li>\u00dcber den Markt steuern: L\u00f6sen Bildungsgutscheine Gerechtigkeitsprobleme bei der Bildungsfinanzierung? In: Herder Korrespondenz 57(2003)3, 151-155.<\/li>\n\n\n\n<li>Nicht so bescheiden! Korreferat zu Wilfried Hinsch: Die Verschuldung \u00e4rmster Entwicklungsl\u00e4nder aus ethischer Sicht. In: Dabrowski, Martin u.a. (Hg.): Die Diskussion um ein Insolvenzrecht f\u00fcr Staaten: Bewertungen eines L\u00f6sungsvorschlags zur \u00dcberwindung der Internationalen Schuldenkrise. Berlin: Duncker &amp; Humblot 2003, 45-53.<\/li>\n\n\n\n<li>Die Option f\u00fcr die Armen als wirtschaftspolitische Maxime. In: Schick, Gerhard (Hg.): Wirtschaftsordnung und Fundamentalismus. Berlin: Stiftung Marktwirtschaft 2003, 117-129.<\/li>\n\n\n\n<li>Katholische Kirche und Globalisierung. In: V\u00f6gele, Wolfgang; Wegner, Gerhard (Hg.): Religion und Globalisierung. Rehberg-Loccum : Ev. Akademie Loccum, 2003, 47-56 (Loccumer Protokolle 57\/02).<\/li>\n\n\n\n<li>Bildungsgutscheine &#8211; ein Weg zur L\u00f6sung der Gerechtigkeits- und Steuerungsprobleme des Bildungssystems. In: Heimbach-Steins, Marianne; Kruip, Gerhard (Hg.): Bildung und Beteiligungsgerechtigkeit: Sozialethische Sondierungen. Bielefeld: W. Bertelsmann 2003, 109-129.<\/li>\n\n\n\n<li>Lebenslanges Lernen unter der Perspektive von Beteiligungsgerechtigkeit &#8211; Einf\u00fchrung. In: Heimbach-Steins, Marianne; Kruip, Gerhard (Hg.): Bildung und Beteiligungsgerechtigkeit: Sozialethische Sondierungen. Bielefeld: W. Bertelsmann 2003, 249-254.<\/li>\n\n\n\n<li>Europa in Lateinamerika &#8211; Neubewertung der kulturellen Wurzeln. In: Burmeister, Hans-Peter; Lange, Joachim (Hg.): Lateinamerika und Europa. Perspektiven der wirtschaftlichen, politischen und kulturellen Beziehungen. Rehburg-Loccum: Selbstverlag 2003, 57-66 (Loccumer Protokolle 09\/03)<\/li>\n\n\n\n<li>zus. mit Heimbach-Steins, Marianne: Wir brauchen eine Sozialethik der Bildung! Einf\u00fchrung in Thema und Struktur des Bandes. In: Heimbach-Steins, Marianne; Kruip, Gerhard (Hg.): Bildung und Beteiligungsgerechtigkeit: Sozialethische Sondierungen. Bielefeld: W. Bertelsmann 2003, 9-22.<\/li>\n<\/ul>\n\n\n\n<p>2002<\/p>\n\n\n\n<ul class=\"wp-block-list\">\n<li>Katholische Erwachsenenbildung im Dienst der Beteiligungsgerechtigkeit. In: Katholische Erwachsenenbildung in der Di\u00f6zese Hildesheim e.V. (Hg.): Beteiligung schafft Gerechtigkeit (Jahresthema 2001). Hildesheim 2001, 4-29. Erneut abgedruckt in: Katholische Erwachsenenbildung im Lande Niedersachsen e.V. (Hg.): Jahresbericht 2000\/2001. Hannover 2002, 10-17.<\/li>\n\n\n\n<li>Lassen sich moralische Normen rational begr\u00fcnden? Eine Auseinandersetzung mit dem Ansatz Peter Stemmers \u201eHandeln zugunsten anderer\u201d (2001).<\/li>\n\n\n\n<li>Sprengkraft gelebter Hoffnung. Wie viel religi\u00f6ses Profil braucht die christliche Sozialethik? In: Herder Korrespondenz 56(2002)4, 197-202.<\/li>\n\n\n\n<li>Zur Verantwortung des Christen &#8211; Freiheit in einer vernetzten Welt. In: Auftrag &#8211; Organ der Gemeinschaft Katholischer Soldaten 42(2002)247, 37-45.<\/li>\n\n\n\n<li>Eine Implementierungstheorie der Moral (Korreferat zu Michael Schramm: Kontingenzer\u00f6ffnung und Kontingenzmanagement &#8211; Christliche Sozialethik als theologische Systemethik). In: Jahrbuch f\u00fcr Christliche Sozialwissenschaften 43(2002), 117-125.<\/li>\n\n\n\n<li>Was leistet die Philosophie im Dialog mit den Geowissenschaften? In: Huch, Monika; Kruip, Gerhard (Hg.): Eine Erde f\u00fcr alle. Geowissenschaften und Philosophie im Dialog. Ein Beitrag zum Jahr der Geowissenschaften 2002 anl\u00e4sslich der gleichnamigen Veranstaltung am 27. und 28. Juni 2002 in Celle. Hannover: Dt. Geol. Gesellschaft, 2002, 62-68 (Schriftenreihe der Dt. Geol. Gesellsch. 20).<\/li>\n\n\n\n<li>Die moralischen Herausforderungen der Gentechnik am Menschen. In: Verband L\u00e4ndlicher Heimvolkshochschulen Deutschlands e.V. (Hg.): Die Geister, die ich rief\u2026: Gentechnik zwischen Zukunftssicherung, Fortschrittsglaube und Ethik (Tagungsdokumentation). Stuttgart: Selbstverlag 2002, 14-23;<\/li>\n\n\n\n<li>Korruptionsbek\u00e4mpfung und Zivilgesellschaft in Entwicklungsl\u00e4ndern am Beispiel Bolivien. In: Arnold, Volker (Hg.): Wirtschaftsethische Perspektiven VI. Berlin : Duncker &amp; Humblot, 2002, 47-75 (Schriften des Vereins f\u00fcr Socialpolitik Bd. 228\/VI).<\/li>\n<\/ul>\n\n\n\n<p>2001<\/p>\n\n\n\n<ul class=\"wp-block-list\">\n<li>Werteverlust oder Wertewandel? Bilanz \u00fcber die Ressourcen einer postkonventionellen Moral. In: Herder Korrespondenz 55(2001)2, 76-80.<\/li>\n\n\n\n<li>Dritter Sektor und Zivilgesellschaft in der Dritten Welt &#8211; Bolivien als Vorbild. In: Jahrbuch f\u00fcr Christliche Sozialwissenschaft 2001, 168-194.<\/li>\n\n\n\n<li>\u201eKatholische Soziallehre\u201d heute &#8211; Zwischen lehramtlicher Tradition und neuen Herausforderungen. In: bdkj-Journal 10(2001)5, 16-17. &#8211; Auch in: Katholisch-Soziales Institut der Erzdi\u00f6zese K\u00f6ln (Hg.): Katholische Soziallehre. Richtungsweisend? Haltgebend? Urspr\u00fcnge und Impulse zur Diskussion (CD-Rom). Bad Honnef 2012, B.1.2.<\/li>\n\n\n\n<li>Lebenslanges Lernen im Rahmen der Akademiearbeit. In: Pr\u00e4sidium der Bundeskonferenz der Rektoren und Pr\u00e4sidenten kirchlicher Fachhochschulen in der Bundesrepublik Deutschland (Hg.): Schnittstellen lebenslangen Lernens: Kirchliche Fachhochschulen und ihre Tr\u00e4ger im Gespr\u00e4ch (Tagungsdokumentation). Darmstadt 2001, 37-49.<\/li>\n\n\n\n<li>Konkurrenz der Solidarit\u00e4ten. In: Feldbaum, Karl-Heinz; Hobelsberger, Hans; Kruip, Gerhard; Freitag, Michael (Hg.): Neues Lernen f\u00fcr globale Solidarit\u00e4t: Entwicklungsbezogene Bildung in kirchlicher Kinder- und Jugendarbeit. D\u00fcsseldorf: Verlag Haus Altenberg 2001, 101-112.<\/li>\n\n\n\n<li>Werteverlust &#8211; Wertewandel &#8211; Wertepolitik: Ressourcen f\u00fcr eine postkonventionelle Moral, in: H\u00f6sle, Vittorio u.a. (Hg.), Jahrbuch f\u00fcr Philosophie des Forschungsinstituts f\u00fcr Philosophie Hannover Bd. 12\/2001, Wien 2001, 137-155.<\/li>\n\n\n\n<li>Perspektiven der zuk\u00fcnftigen Arbeit des Forschungsinstituts f\u00fcr Philosophie Hannover, in: H\u00f6sle, Vittorio u.a. (Hg.), Jahrbuch f\u00fcr Philosophie des Forschungsinstituts f\u00fcr Philosophie Hannover Bd. 12\/2001, Wien 2001, 185-187.<\/li>\n\n\n\n<li>zus. mit Ammicht-Quinn, Regina; Jans, Jan; Lienkamp, Andreas: Abschlu\u00dfpodium. In: Merks, Karl-Wilhelm (Hg.): Verantwortung &#8211; Ende oder Wandlungen einer Vorstellung? Orte und Funktionen der Ethik in unserer Gesellschaft. Dokumentation des 29. Internationalen Fachkongresses f\u00fcr Moraltheologie und Sozialethik, 20.-24. September 1999. M\u00fcnster: Lit 2001, 275-288.<\/li>\n<\/ul>\n\n\n\n<p>2000<\/p>\n\n\n\n<ul class=\"wp-block-list\">\n<li>Individualisierung und Erlebnisorientierung &#8211; Gesellschaftliche Hintergr\u00fcnde f\u00fcr die ver\u00e4nderte Einstellung von Jugendlichen zu Religion und Kirche. In: K\u00d6B 1\/2000, 5-11.<\/li>\n\n\n\n<li>Jugend und Kirche &#8211; Individualisierte Religionsstile Jugendlicher in moderner Gesellschaft: Thesenpapier. In: Informationsdienst f\u00fcr Internatserzieher 60 (Dez. 1999) [erschienen 2000], 17-22.<\/li>\n\n\n\n<li>Impulse der Theologie der Befreiung f\u00fcr die kirchliche Solidarit\u00e4tsarbeit. In: Delgado, Mariano; Noti, Odilo; Venetz, Hermann-Josef (Hg.): Blutende Hoffnung: Gustavo Guti\u00e9rrez zu Ehren. Luzern: Exodus 2000, 200-214.<\/li>\n\n\n\n<li>Young People and Religious Beliefs in Western Europe. In: SEDOS (Hg.): Europe &#8211; New Roles for the Church in East and West. SEDOS-Symposion 1999. Roma 2000, 53-69.<\/li>\n\n\n\n<li>Realismus und klare Optionen. Was bedeutet das Gedenken an das Martyrium Oscar Arnulfo Romeros heute? In: Herder Korrespondenz 54(2000)6, 301-304.<\/li>\n\n\n\n<li>Politisches Erdbeben: Der Beitrag der Kirche zum Ende der PRI-Herrschaft in Mexiko. In: Herder Korrespondenz 54(2000)9, 478-482.<\/li>\n\n\n\n<li>Orte der Entwicklung sozialer Kompetenz im Kontext von Individualisierung und Erlebnisorientierung. Vor- und Nachteile von Freiwilligendiensten bzw. sozialen Pflichtdiensten. In: Fortbildungs-Akademie des Deutschen Caritasverbandes u.a. (Hg.): Soziale Kompetenz entwickeln &#8211; Bilanz des Zivildienstes und Perspektiven f\u00fcr Freiwilligendienste. Studientagung vom 7.-11. Februar 2000. Dokumentation: Plenum. Freiburg i.Br.: Selbstverlag 2000, 109-122.<\/li>\n\n\n\n<li>Bildung und Armutsbek\u00e4mpfung &#8211; aus sozialethischer Perspektive. In: Jim\u00e9nez Carvajal, Jorge Enrique u.a. (Hg.): Marktwirtschaft und Soziale Gerechtigkeit f\u00fcr Lateinamerika. M\u00fcnster: Lit 2000, 136-144. Spanische \u00dcbersetzung: \u201eEducaci\u00f3n y lucha contra la pobreza. Una perspectiva \u00e9tico-social\u201d, in: Jim\u00e9nez Carvajal, Jorge Enrique u.a. (Hg.): Econom\u00eda de Mercado y Justicia Social para Lationoam\u00e9rica. Buenos Aires : CIEDLA\/Konrad-Adenauer-Stiftung, 2000, 139-147.<\/li>\n\n\n\n<li>Nachwort. In: Franke-Hesse, Ute (Hg.): \u201eWas lange w\u00e4hrt \u2026\u201d Wirkung und Nutzen langfristiger Fort- und Weiterbildung. Zu einer Befragung ehemaliger Kursteilnehmer\/innen. Odenthal-Altenberg : Selbstverlag, 2000, 140-144 (Schriftenreihe der Katholischen Akademie f\u00fcr Jugendfragen Bd. 11).<\/li>\n\n\n\n<li>Therapien mit Nebenwirkungen &#8211; zur notwendigen Erg\u00e4nzung \u00f6konomischer Anpassungen durch eine soziale und eine politische Dimension (Korreferat zu Marc Piazolo). In: Dabrowski, Martin; Eschenburg, Rolf; Gabriel, Karl (Hg.): L\u00f6sungsstrategien zur \u00dcberwindung der Internationalen Schuldenkrise, Berlin 2000, 141-150.<\/li>\n<\/ul>\n\n\n\n<p>1999<\/p>\n\n\n\n<ul class=\"wp-block-list\">\n<li>\u201eEvangelisierung in den indigenen Kulturen\u201d: Samuel Ruiz (*1924), Bischof von San Crist\u00f3bal de Las Casas\/Mexiko. In: Meier, Johannes (Hg.): Die Armen zuerst! Zw\u00f6lf Lebensbilder lateinamerikanischer Bisch\u00f6fe. Mainz: Gr\u00fcnewald 1999, 200-217.<\/li>\n\n\n\n<li>Wachsendes Bed\u00fcrfnis nach Orientierung &#8211; Eine Herausforderung f\u00fcr kirchliche Kinder- und Jugendarbeit. In: Jugend &amp; Gesellschaft 1999\/2, 14-16.<\/li>\n\n\n\n<li>Das Humankapital pflegen. Auch die Kirche bedarf dringend der Personalentwicklung. In: Herder Korrespondenz 53(1999)5, 245 249; in leicht erweiterter Fassung wieder abgedruckt in: Kruip, Gerhard (Hg.): Personalentwicklung und Fortbildung: Dokumentation einer Fachtagung der Katholischen Akademie f\u00fcr Jugendfragen vom 4.-6. M\u00e4rz 1999. Odenthal: Altenberg 1999 (Schriftenreihe der Katholischen Akademie f\u00fcr Jugendfragen, Bd. 9), 95-107.<\/li>\n\n\n\n<li>Chancengerechtigkeit: Neue Generationen haben ein Recht auf Umverteilung. In: Schallenberg, Peter (Hg.): \u201eAls w\u00f6gen Tr\u00e4nen unsere Arbeit auf\u201d &#8211; Menschliche Arbeit im gesellschaftlichen Wandel: 50 Jahre Sozialinstitut Kommende Dortmund. M\u00fcnster: Lit 1999, 195-207.<\/li>\n\n\n\n<li>Die Kompetenz der Kirche f\u00fcr die Politik &#8211; aus theologisch sozialethischer Sicht. In: Lochb\u00fchler, Wilfried; Wiemeyer, Joachim; Wolf, Judith (Hg.): Der \u00d6ffentlichkeitsauftrag der Kirche. M\u00fcnster: Lit, 1999, 112-126.<\/li>\n\n\n\n<li>zus. Hobelsberger, Hans: \u201eDiakonische Jugendarbeit\u201d und \u201ejugendbezogene Diakonie\u201d &#8211; Ein Orientierungsversuch. In: Gralla, Anneliese; Hobelsberger, Hans; Kruip, Gerhard (Hg.): Diakonische Jugendarbeit: Option f\u00fcr die Jugend und Option von Jugendlichen. M\u00fcnchen: Don Bosco 1999 (Studien zur Jugendpastoral 6), 11-25.<\/li>\n<\/ul>\n\n\n\n<p>1998<\/p>\n\n\n\n<ul class=\"wp-block-list\">\n<li>Intergenerationelle Gerechtigkeit &#8211; eine sozialethische Ann\u00e4herung vor dem Hintergrund aktueller Diskussionen. In: Amann, Hans; Kruip, Gerhard; Lechner, Martin (Hg.): \u201eKundschafter des Volkes Gottes\u201d: Festschrift f\u00fcr P. Roman Bleistein SJ zum 70 Geburtstag (Studien zur Jugendpastoral 4). M\u00fcnchen: Don Bosco 1998, 162-177.<\/li>\n\n\n\n<li>Befreiung im Kontext der Hegemonie des Neoliberalismus: Zur Neoliberalismus-Kritik der lateinamerikanischen Kirche. In: Keul, Hildegund; Sander, Hans Joachim (Hg.): Das Volk Gottes &#8211; ein Ort der Befreiung. Festschrift f\u00fcr Elmar Klinger. W\u00fcrzburg: Echter 1998, 121-137.<\/li>\n\n\n\n<li>Der Laie in kirchlichen Leitungs\u00e4mtern. In: Abteilung Jugendseelsorge im Generalvikariat K\u00f6ln (Hg.): Thema: F\u00fchren und Leiten. Dokumentation einer Tagung f\u00fcr Leiter\/innen der Katholischen Jugend\u00e4mter und die Stadt \/Kreisjugendseelsorger im Erzbistum K\u00f6ln, 12.-14.11.97. K\u00f6ln 1998 (ohne Seitenzahlen).<\/li>\n\n\n\n<li>Kein geschlossenes System. Wo steht die Christliche Gesellschaftsethik heute? In: Herder Korrespondenz 52(1998)7, 351-356.<\/li>\n\n\n\n<li>Roman Bleistein 70 Jahre. In: Jugendwohl 79(1998)7\/8, 372-373.<\/li>\n\n\n\n<li>Elemente eines christlichen Lebensentwurfs in moderner Gesellschaft. In: Hobelsberger, Hans; Kruip, Gerhard; Tzscheetzsch, Werner (Hg.): Engagement und Religion im Leben von Jugendlichen. Odenthal: Selbstverlag, 1998 (Schriftenreihe der Katholischen Akademie f\u00fcr Jugendfragen, Bd. 7), 111-132.<\/li>\n\n\n\n<li>El ethos vivido por la juventud y la reflexi\u00f3n \u00e9tica. In: Eckholt, Margit; H\u00fcnermann, Peter (Hg.): La juventud latinoamericana en los procesos de globalizaci\u00f3n. Opci\u00f3n por los j\u00f3venes: Buenos Aires: Ed. Universitaria de Buenos Aires, 1998, 275-297. Deutsche \u00dcbersetzung: Das gelebte Ethos der Jugend und die ethische Reflexion der Kirche. In: Eckholt, Margit; H\u00fcnermann, Peter (Hg.): Option f\u00fcr die Jugend. Die lateinamerikanische Jugend im Sog der Globalisierungsprozesse. M\u00fcnchen: Don Bosco 1998, 229-252.<\/li>\n<\/ul>\n\n\n\n<p>1997<\/p>\n\n\n\n<ul class=\"wp-block-list\">\n<li>Die Rezeption der Theologie der Befreiung in der Christlichen Sozialethik in Deutschland. In: Fornet Betancourt, Ra\u00fal (Hg.): Befreiungstheologie: Kritischer R\u00fcckblick und Perspektiven f\u00fcr die Zukunft. Bd. 3: Die Rezeption im deutschsprachigen Raum. Mainz: Gr\u00fcnewald 1997, 41-66.<\/li>\n\n\n\n<li>Unwirtliche St\u00e4dte, Menschen Bilder, Weg-Zeichen. Zu Bildern von Gerd Winner und Ingemar Reuter. In: Spurensuche: F\u00fcr eine Spiritualit\u00e4t solidarischen Lebens. Aachen: Misereor 1997, 87-96.<\/li>\n\n\n\n<li>Frankreich als Missionsland &#8211; das Evangelisierungskonzept der franz\u00f6sischen Arbeiterpriester. In: Franke Hesse, Ute; Kruip, Gerhard (Hg.): Kirchliches Leben und Theologie in Frankreich. Dokumentation einer Fachtagung in Kooperation mit der Arbeitsstelle f\u00fcr Jugendseelsorge zur Vorbereitung des Weltjugendtags in Paris 1997. Odenthal: Katholische Akademie f\u00fcr Jugendfragen 1997 (Schriftenreihe der Katholischen Akademie f\u00fcr Jugendfragen; 5), 50-66.<\/li>\n\n\n\n<li>Einleitung zu Kapitel 2, Kommentare zu den Nrn. 48-77, 84-90, 161-163, 165, 167-176, 204-208, 237-242. In: F\u00fcr eine Zukunft in Solidarit\u00e4t und Gerechtigkeit: Wort des Rates der Evangelischen Kirche in Deutschland und der Deutschen Bischofskonferenz zur wirtschaftlichen und sozialen Lage in Deutschland. Eingeleitet und kommentiert von Marianne Heimbach Steins und Andreas Lienkamp (Hg.). Unter Mitarbeit von Gerhard Kruip und Stefan Lunte. Hildesheim : Bernward bei Don Bosco 1997.<\/li>\n\n\n\n<li>\u201eJugend Kultur Kirche: Die lateinamerikanische Jugend vor dem Proze\u00df der Globalisierung\u201d, VII. Interdisziplin\u00e4res Seminar des Stipendienwerks Deutschland Lateinamerika in Cochabamba\/Bolivien vom 24.2. bis 1.3.1997 [Tagungsbericht]. In: JPInfo [Jugendpastoralinstitut Benediktbeuern] 2\/1997, 5-6.<\/li>\n\n\n\n<li>Sozialethik als Verfahrensethik. In: H\u00f6hn, Hans Joachim (Hg.): Christliche Sozialethik interdisziplin\u00e4r. Paderborn u.a.: Sch\u00f6ningh 1997, 41-58.<\/li>\n\n\n\n<li>Globalisierung als Chance f\u00fcr universelle Solidarit\u00e4t. Situation und Perspektiven der \u201eEntwicklungszusammenarbeit\u201d. In: H\u00f6hn, Hans Joachim (Hg.): Christliche Sozialethik interdisziplin\u00e4r. Paderborn u.a.: Sch\u00f6ningh 1997, 309-336.<\/li>\n\n\n\n<li>Globalisierung, globale Solidarit\u00e4t und das Menschenrecht auf Arbeit. Kommentar zum Gemeinsamen Wort. In: Arbeiterfragen 2\/1997, 12-16.<\/li>\n\n\n\n<li>Die Chancen der Jugend und die Zukunftsf\u00e4higkeit der Gesellschaft. Anmerkungen zu den jugendbezogenen Ausagen des Sozialworts. In: Gabriel, Karl; Kr\u00e4mer, Werner (Hg.): Kirchen im gesellschaftlichen Konflikt. Der Konsultationsproze\u00df und das Sozialwort der Kirchen \u201eF\u00fcr eine Zukunft in Solidarit\u00e4t und Gerechtigkeit\u201d. M\u00fcnster : Lit 1997 (Studien zur christlichen Gesellschaftsethik 1), 232-242. Als Vorabdruck unter dem Titel \u201eJugend im Blick der Kirchen\u201d. In: Jugendwohl 78(1997)8\/9, 349-356.<\/li>\n\n\n\n<li>Soziallehre: Herausgefordert durch das neue Europa. In: Herder Korrespondenz 51(1997)8, 393 395.<\/li>\n\n\n\n<li>\u201eWieviel Milieu brauche ich zum Arbeiten?\u201d In: Arbeitsstelle f\u00fcr Jugendseelsorge (Hg.): \u201eF\u00fcrchte dich nicht, du kleine Herde!\u201d Diaspora als Herausforderung f\u00fcr die Jugendpastoral. Dokumentation der Jahreskonferenz Jugendseelsorge 03.-08.11.1996. D\u00fcsseldorf 1997, 20-24.<\/li>\n\n\n\n<li>Deutschland vor den Herausforderungen der Globalisierung. In: Nacke, Bernhard (Hg.): Sozialwort der Kirchen in der Diskussion &#8211; Argumente der Parteien, Verb\u00e4nde und Wissenschaft. W\u00fcrzburg: Echter 1997, 363-380.<\/li>\n\n\n\n<li>zus. mit Dinger, Wolfgang; Lemaire, Bernhard: Organisationsentwicklung und Managementfortbildung im Angebot der Katholischen Akademie f\u00fcr Jugendfragen. In: Deutscher Caritasverband (Hg.): Caritas Jahrbuch &#8217;98. Freiburg: Eigenverlag 1997, 213-220.<\/li>\n\n\n\n<li>zus. mit H\u00f6hn, Hans Joachim: Inkulturation, Prozesse der Dekulturation und die Option f\u00fcr die Armen. In: Lienkamp, Andreas; Lienkamp, Christoph (Hg.): Die \u201eIdentit\u00e4t\u201d des Glaubens in den Kulturen. Das Inkulturationsparadigma auf dem Pr\u00fcfstand. W\u00fcrzburg: Echter 1997, 285-292.<\/li>\n<\/ul>\n\n\n\n<p>1996<\/p>\n\n\n\n<ul class=\"wp-block-list\">\n<li>Die Theologie der Befreiung und der Zusammenbruch des realen Sozialismus &#8211; eine unbew\u00e4ltigte Herausforderung. In: Zeitschrift f\u00fcr Missionswissenschaft und Religionswissenschaft 80(1996)1, 3-25.<\/li>\n\n\n\n<li>M\u00f6glichkeit von Menschlichkeit : Wir brauchen mehr als eine \u201eOption f\u00fcr die Armen in Deutschland\u201d. In: Kursiv. Jugendseelsorge im Erzbistum K\u00f6ln, Juni 1996, 4.<\/li>\n\n\n\n<li>Junge Erwachsene und christliche Religion. In: Zivi Zeit 1996\/4, 14-18.<\/li>\n\n\n\n<li>Individualisierung der Lebensentw\u00fcrfe, Pluralisierung und Vielschichtigkeit der Lebenslagen junger Menschen als Herausforderung an Kirche und Caritas. In: Di\u00f6zesan-Caritasverband f\u00fcr das Erzbistum K\u00f6ln e.V. (Hg.): Beitr\u00e4ge zum Verh\u00e4ltnis von Caritas und Jugend. K\u00f6ln: Selbstverlag 1996 (Schriftenreihe des Di\u00f6zesan Caritasverbandes K\u00f6ln; 32), 26-31.<\/li>\n\n\n\n<li>Welche Optionen braucht die kirchliche Jugendarbeit in Deutschland? In: Hobelsberger, Hans; Lechner, Martin; Tzscheetzsch, Werner (Hg.): Ziele und Aufgaben kirchlicher Jugendarbeit &#8211; Bilanz und Auftrag 20 Jahre nach dem Synodenbeschlu\u00df. M\u00fcnchen : Don Bosco 1996 (Studien zur Jugendpastoral 3), 149-168.<\/li>\n\n\n\n<li>Option f\u00fcr die Armen im Kontext der lateinamerikanischen Kirche, Die Option kommt zu uns, Anmerkungen zur \u00dcbertragungsproblematik. In: Erzbistum K\u00f6ln, Abteilung Jugendseelsorge (Hg.): II. Symposion \u201eJugend Kirche Gesellschaft\u201d: Jugendpastoral vor der Option, Altenberg 19.-20.3.96 (Dokumentation). K\u00f6ln: Erdi\u00f6zese K\u00f6ln o.J., 1-29.<\/li>\n\n\n\n<li>zus. mit Zimmermann, Klaus: Der Indianeraufstand in Chiapas &#8211; Schock und Hoffnung f\u00fcr ein k\u00fcnftiges Mexiko. In: Briesemeister, Dietrich; Zimmermann, Klaus (Hg.): Mexiko heute: Politik, Wirtschaft, Kultur. Frankfurt: Vervuert, Neuauflage 1996, 101-120.<\/li>\n<\/ul>\n\n\n\n<p>1995<\/p>\n\n\n\n<ul class=\"wp-block-list\">\n<li>Armutsbek\u00e4mpfung und \u201enachhaltige Entwicklung\u201d &#8211; der notwendige Beitrag der reichen Staaten des Nordens. In: Heimbach Steins, Marianne; Lienkamp; Andreas; Wiemeyer, Joachim (Hg.): Brennpunkt Sozialethik: Theorien, Aufgaben, Methoden. F\u00fcr Franz Furger. Freiburg i. Br. u. a.: Herder, 1995, 367-384.<\/li>\n\n\n\n<li>Grundeinkommen f\u00fcr alle &#8211; ein Beitrag zur Bew\u00e4ltigung der Krise des Sozialstaats? In: Arbeiterfragen 1\/95, 3-33.<\/li>\n\n\n\n<li>Krise des Selbstvertrauens: Nicht nur in Chiapas kommt Mexiko nicht zur Ruhe. In: Herder Korrespondenz 49(1995)5, 267-271.<\/li>\n\n\n\n<li>Kirche als Anw\u00e4ltin der Armen im globalen Verteilungskampf. In: Bisch\u00f6fliches Generalvikariat der Di\u00f6zese Hildesheim (Hg.): Expo Hearing, 21.2.1995. Dokumentation. Hildesheim: Eigenverlag 1995, 7-12.<\/li>\n<\/ul>\n\n\n\n<p>1994<\/p>\n\n\n\n<ul class=\"wp-block-list\">\n<li>Vor einer \u201ezweiten Revolution\u201d? Der Indio Aufstand im mexikanischen Chiapas und seine Folgen. In: Herder Korrespondenz 48(1994)3, 147-152.<\/li>\n\n\n\n<li>Widerstand gegen Betriebsstillegungen &#8211; sozialethisch relevante Lernerfahrungen: Ein Kommentar. In: Arbeiterfragen 2\/94, 23 27.<\/li>\n<\/ul>\n\n\n\n<p>1993<\/p>\n\n\n\n<ul class=\"wp-block-list\">\n<li>Fakten, die zum Teilen zwingen: Daten zu nationalen und weltweiten sozialen Ungleichheiten. In: Koch, G\u00fcnter; Pretscher, Josef (Hg.): Teilen, um zu leben: Sozialethische Impulse christlichen Glaubens. W\u00fcrzburg: Echter 1993, 7-30.<\/li>\n\n\n\n<li>Gesellschaftsethik im interdisziplin\u00e4ren Dialog: Wilhelm Dreiers Beitrag zur Erneuerung der Gesellschaftsethik nach dem Konzil. In: Hengsbach, Friedhelm; Emunds, Bernhard; M\u00f6hring Hesse, Matthias (Hg.): Jenseits Katholischer Soziallehre: Neue Entw\u00fcrfe christlicher Gesellschaftsethik. D\u00fcsseldorf: Patmos 1993, 91-105 (Anm.: 305-306).<\/li>\n\n\n\n<li>Erinnerung an die Opfer &#8211; Verantwortung vor der Geschichte. In: Dreier, Wilhelm u.a. (Hg.): Entdeckung, Eroberung, Befreiung: 500 Jahre Gewalt und Evangelium in Amerika. W\u00fcrzburg: Echter 1993, 20-34.<\/li>\n\n\n\n<li>Mexiko und seine Geschichtsbew\u00e4ltigung. In: Uni Intern (Universit\u00e4t W\u00fcrzburg) 18\/93 (17.06.93), 5-6.<\/li>\n\n\n\n<li>1492-1992: Kein Neubeginn ohne kritische Reflexion der Geschichte. Bericht \u00fcber zwei Tagungen. In: Zeitschrift f\u00fcr Missionswissenschaft und Religionswissenschaft 77(1993)1, 78-82.<\/li>\n<\/ul>\n\n\n\n<p>1992<\/p>\n\n\n\n<ul class=\"wp-block-list\">\n<li>Memoria y Liberaci\u00f3n: El aporte de Walter Benjamin. In: Centro Evangelio y Liberaci\u00f3n (Hg.): V Centenario Memoria y Liberaci\u00f3n : XI Congreso de Teolog\u00eda. Madrid 1991, 212-215. &#8211; Leicht \u00fcberarbeitet auch in: Concordia 21 (1992), 87-91.<\/li>\n\n\n\n<li>Jubelfeier oder gef\u00e4hrliche Erinnerung? Der Stand der spanischen Vorbereitung und Diskussion zum \u201eQuinto Centenario\u201d &#8211; ein Konfliktpanorama (Sept. 1991). In: Jahrbuch f\u00fcr Christliche Sozialwissenschaft 33(1992), 197-225.<\/li>\n\n\n\n<li>Religion, Kirche und Staat. In: Briesemeister, Dietrich; Zimmermann, Klaus (Hg.): Mexiko heute: Politik, Wirtschaft, Kultur. Frankfurt: Vervuert, 1992, 311-332; \u00fcberarbeitete Neuauflage 1996, 292-310.<\/li>\n\n\n\n<li>Nachwort. In: Wilhelm Dreier: Umkehr zur Zukunft: Sozialethische Wegzeichen in ein postkolonialistisches Zeitalter. Saarbr\u00fccken; Fort Lauderdale: Breitenbach, 1992, 251-255.<\/li>\n<\/ul>\n\n\n\n<p>1991<\/p>\n\n\n\n<ul class=\"wp-block-list\">\n<li>Las ra\u00edces hist\u00f3ricas de la Doctrina Social Cat\u00f3lica en la Alemania del siglo XIX &#8211; \u00bfUn modelo para superar los desaf\u00edos de la modernidad? In: Salmanticensis 38(1991)2, Mayo Agosto 1991, 193-224.<\/li>\n\n\n\n<li>Armutsorientierte kirchliche Entwicklungsarbeit: Misereor auf dem Pr\u00fcfstand. In: Zeitschrift f\u00fcr Missionswissenschaft und Religionswissenschaft 75(1991)3, 224-231.<\/li>\n\n\n\n<li>\u201eChristliche Sozialethik im weltweiten Horizont\u201d &#8211; M\u00fcnster, 6.-8. Februar 1991 [Tagungsbericht]. In: Zeitschrift f\u00fcr Missionswissenschaft und Religionswissenschaft 75(1991)4, 310-313.<\/li>\n\n\n\n<li>Memoria de las v\u00edctimas de luchas pasadas &#8211; condici\u00f3n y consecuencia de una praxis liberadora del presente. In: Cristianismo y Sociedad. M\u00e9xico 110(1991)4, 55- 64.<\/li>\n<\/ul>\n\n\n\n<p>1990<\/p>\n\n\n\n<ul class=\"wp-block-list\">\n<li>Gibt es eine befreiungstheologische Wirtschaftsethik? Beispiele aus der katholischen Kirche Mexikos. In: Jahrbuch f\u00fcr Christliche Sozialwissenschaft 31(1990), 156-178.<\/li>\n\n\n\n<li>F\u00fcnfhundert Jahre \u201eEntdeckung\u201d Amerikas: Jubelfeier oder gef\u00e4hrliche Erinnerung? In: Information der Bayerischen Julius Maximilians Universit\u00e4t W\u00fcrzburg 4\/24 (20.12.1990), 12-14.<\/li>\n<\/ul>\n\n\n\n<p>1988<\/p>\n\n\n\n<ul class=\"wp-block-list\">\n<li>Theologie der Befreiung und Katholische Soziallehre: Neue Ans\u00e4tze im Dialog. In: Zeitschrift f\u00fcr Missionswissenschaft und Religionswissenschaft 72(1988)1, 55-64.<\/li>\n\n\n\n<li>\u201ePraxisver\u00e4ndernde Bildung\u201d an der Universit\u00e4t: Erfahrungen mit \u201eteilnehmerorientierten\u201d Seminaren am Lehrstuhl f\u00fcr Christliche Sozialwissenschaft, Universit\u00e4t W\u00fcrzburg. In: Allert, Rochus u.a.: Die Zeichen der Zeit erkennen: Lernorte einer nachkonziliaren Sozialethik. Wilhelm Dreier zum 60. Geburtstag. M\u00fcnster: liberaci\u00f3n, 1988, 133-153.<\/li>\n\n\n\n<li>Befreiung und Entwicklung: Zum Verh\u00e4ltnis von Soziallehre und Theologie der Befreiung. In: Gabriel, Karl; Klein, Wolfgang; Kr\u00e4mer, Werner (Hg.): Die gesellschaftliche Verantwortung der Kirche: Zur Enzyklika Sollicitudo rei socialis. D\u00fcsseldorf: Patmos 1988, 137-153.<\/li>\n<\/ul>\n\n\n\n<p>1987<\/p>\n\n\n\n<ul class=\"wp-block-list\">\n<li>zus. mit Duwe, Detlef, u.a.: Anders lernen an der UNI: Analyse bestehender, Konzept und Praxis neuer Hochschulrealit\u00e4t. W\u00fcrzburg: Lehrstuhl f\u00fcr Christliche Sozialwissenschaft, 1987.<\/li>\n<\/ul>\n\n\n\n<p>1986<\/p>\n\n\n\n<ul class=\"wp-block-list\">\n<li>Weder die Herren noch die Krone der Sch\u00f6pfung: Versuch einer nicht anthropozentrischen Umweltethik aus christlich theologischer Perspektive. In: Keul, Hildegund u.a. (Hg. i. A. der STEIG): Verantwortung in Umwelt und Sch\u00f6pfung. W\u00fcrzburg: STEIG e.V. 1986, 7-14.<\/li>\n<\/ul>\n\n\n\n<p>1985<\/p>\n\n\n\n<ul class=\"wp-block-list\">\n<li>Der Traum einer Menschheitsfamilie. Brauchen wir die \u201eDritte Welt\u201d dazu? In: der steig 3 (Mai 1985), 18-23.<\/li>\n\n\n\n<li>Hacia la Liberaci\u00f3n del Hombre y de la Naturaleza Eplotados. In: Christus (M\u00e9xico) 589 (Oct. 1985), 41-45.<\/li>\n\n\n\n<li>zus. mit Klawitter, J\u00f6rg: Rhapsodische Schlussgedanken. In: Klawitter, J\u00f6rg; Kruip, Gerhard (Hg. i.A. der STEIG e.V.): M\u00f6glichkeiten der Ver\u00e4nderung durch Macht und\/oder Elite und\/oder Vorbild angesichts unserer Zukunftsprobleme. W\u00fcrzburg: STEIG e.V. 1985, 52-54.<\/li>\n<\/ul>\n\n\n\n<p>1984<\/p>\n\n\n\n<ul class=\"wp-block-list\">\n<li>\u201eZahlt keine Steuern &#8211; organisiert Euch\u201d: Basisbewegungen in den Elendsvierteln von Mexico City. In: Mittelamerika Magazin 37 (April 1984), 17-20.<\/li>\n\n\n\n<li>Altmexikanische Religion und christliche Heilsbotschaft. In: Zeitschrift f\u00fcr Missionswissenschaft und Religionswissenschaft 68(1984)4, 309-310.<\/li>\n\n\n\n<li>zus. mit Haub, Thomas; Gerhard Kuriewicz: Arbeitsgruppe Soziologie-Politologie in STEIG. Bewu\u00dftseins- und Verhaltens\u00e4nderung durch Einsicht in Sachzw\u00e4nge und Normen &#8211; M\u00f6glichkeiten und Grenzen. In: K\u00fcmmel, Reiner; Suhrcke, Monika (Hg.): Energie und Gerechtigkeit. M\u00fcnchen: Minerva 1984, 187-191.<\/li>\n<\/ul>\n\n\n\n<p>1983<\/p>\n\n\n\n<ul class=\"wp-block-list\">\n<li>Mexiko Stadt: Millionen leben in Elendsvierteln. In: Image. Informations- und Diskussionsforum der Katholischen Hochschulgemeinde W\u00fcrzburg 14(1983)54, 22-24.<\/li>\n<\/ul>\n\n\n\n<p>1982<\/p>\n\n\n\n<ul class=\"wp-block-list\">\n<li>Die Probleme der Schwellenl\u00e4nder am Beispiel Mexikos. In: Christian Lehmann (Hg.): Entwicklungsprobleme der Industriegesellschaft. W\u00fcrzburg: STEIG e.V. 1982, 55-58.<\/li>\n\n\n\n<li>Mexiko: Offensive gegen die Basisgemeinden. Der Erzbischof von Mexiko Stadt bringt Adveniat ins Zwielicht. In: Publik Forum 11(1982)25\/26, 38.<\/li>\n\n\n\n<li>Zukunft und Entwicklung f\u00fcr alle &#8211; eine Utopie. Hg. v. Wilhelm Dreier. W\u00fcrzburg: Lehrstuhl f\u00fcr Christliche Sozialwissenschaft, 1982.<\/li>\n<\/ul>\n\n\n\n<p>1978<\/p>\n\n\n\n<ul class=\"wp-block-list\">\n<li>zus. mit M\u00fcller, Karlheinz u.a.: Lernprogramm Synoptiker: Programmierte Unterweisung zum methodischen Umgang mit den synoptischen Evangelien. W\u00fcrzburg: Lehrstuhl f\u00fcr Biblische Einleitung, 1978.<\/li>\n<\/ul>\n\n\n\n<p><strong>Book reviews<\/strong><\/p>\n\n\n\n<p>2024<\/p>\n\n\n\n<ul class=\"wp-block-list\">\n<li>Kistler, Sebastian; Puzio, Anna; Riedl, Anna Maria; Veith, Werner (Hg.) (2023): Digitale Transformationen der Gesellschaft. Sozialethische Perspektiven auf den technologischen Wandel. In: ET-Studies 15(2024)1, 159-160.<\/li>\n\n\n\n<li>Heimbach-Steins, Marianne; K\u00f6nemann, Judith (Hg.) (2019): Religi\u00f6se Identit\u00e4ten in einer globalisierten Welt. In: ET-Studies 15(2024)1, 168-169.<\/li>\n<\/ul>\n\n\n\n<p>2023<\/p>\n\n\n\n<ul class=\"wp-block-list\">\n<li>Vellguth, Klaus (Hg.) (2022): Eine Welt &#8211; keine Sklaverei. Moderne Sklaverei weltweit. Freiburg, Basel, Wien: Verlag Herder (Theologie der Einen Welt, Band 20). In: Zeitschrift f\u00fcr Kirchengeschichte 134(2023)3, 423-424.<\/li>\n\n\n\n<li>Heil, Uta; Schellenberg, Annette (Hg.) (2023): Zukunft der Theologie &#8211; Theologie der Zukunft. 200 Jahre Evangelisch-Theologische Fakult\u00e4t Wien. In: ET-Studies 14(2023)2, 335-336.<\/li>\n\n\n\n<li>Ludwig, Johannes (2022): System Kirche. Machtaus\u00fcbung zwischen Idee, Interesse und Institution. Basel, W\u00fcrzburg: Schwabe, Echter. In: ET-Studies 14(2023)1, 155-156.<\/li>\n\n\n\n<li>Alshanskaya, Alena (2016): Der Europa-Diskurs der Russischen Orthodoxen Kirche (1996-2011), Frankfurt am Main: Lang, (Erfurter Studien zur Kulturgeschichte des Orthodoxen Christentums, 12). In: ET-Studies 14(2023)1, 149-150.<\/li>\n\n\n\n<li>H\u00f6llinger, Stephanie (2019): Anspr\u00fcche an Ehe und Partnerschaft. Ein theologischer Beitrag zu einer beziehungsethischen Herausforderung. M\u00fcnster: Aschendorff Verlag. In: Marriage, Families and Spirituality (KU Leuven) 29 (2023)2, 289-290. <\/li>\n\n\n\n<li>Hartmut Rosa (2022): Demokratie braucht Religion. Mit einem Vorwort von Gregor Gysi. M\u00fcnchen: K\u00f6sel Verlag. In: Eulenfisch Literatur 16(2023)1, 56-57.<\/li>\n<\/ul>\n\n\n\n<p>2022<\/p>\n\n\n\n<ul class=\"wp-block-list\">\n<li>Vogt, Markus (2021): Christliche Umweltethik. Grundlagen und zentrale Herausforderungen. Freiburg, Basel, Wien: Herder. In: ET-Studies 13(2022)1, 177-179.<\/li>\n\n\n\n<li>Lederhilger, Severin J. (Hg.) (2020): Die gespaltene Gesellschaft. Analysen, Perspektiven und die Aufgabe der Kirchen. Regensburg: Verlag Friedrich Pustet (Schriften der Katholischen Privat-Universit\u00e4t Linz, Band 9). In: Amos International 2022\/2, 49-50.<\/li>\n\n\n\n<li>Becka, Michelle; Emunds, Bernhard; Eurich, Johannes; Kubon-Gilke, Gisela; Meireis, Torsten; M\u00f6hring-Hesse, Matthias (2020): Sozialethik als Kritik, Baden-Baden, Nomos, (Ethik und Gesellschaft, Band 1). In: ET-Studies 13(2022)2, 369-370.<\/li>\n\n\n\n<li>Erbele-K\u00fcster, Dorothea; K\u00fcster, Volker; Roth, Michael (2021): Theologie infiziert. Religi\u00f6se Rede im Kontext der Pandemie, Stuttgart, Verlag W. Kohlhammer, (Theologische Interventionen, Band 7). In: ET-Studies 13(2022)2, 358-359.<\/li>\n\n\n\n<li>Hersche, Peter (2021): Max Weber, die \u00d6kologie und der Katholizismus. Basel: Schwabe Verlag. In: Zeitschrift f\u00fcr Kirchengeschichte 133(2022)2, 282-283.<\/li>\n<\/ul>\n\n\n\n<p>2021<\/p>\n\n\n\n<ul class=\"wp-block-list\">\n<li>Jochen Ostheimer (2019): Liberalismus und soziale Gerechtigkeit. Zur politischen Philosophie von Rawls, Nozick und Hayek. Paderborn. In: Theologische Revue 117(2021) Januar o.S. Online zug\u00e4nglich \u00fcber <a href=\"https:\/\/www.uni-muenster.de\/Ejournals\/index.php\/thrv\/article\/view\/3110\/3186.\">https:\/\/www.uni-muenster.de\/Ejournals\/index.php\/thrv\/article\/view\/3110\/3186.<\/a><\/li>\n\n\n\n<li>Mukerji, Nikil; Mannino, Adriano (2020): Covid-19. Was in der Krise z\u00e4hlt: \u00fcber Philosophie in Echtzeit. 3., durchgesehene Auflage. Ditzingen: Reclam. In: ET-Studies 12(2021)1, 175-176.<\/li>\n\n\n\n<li>Zulehner, Paul M. (2021): Bange Zuversicht. Was Menschen in der Corona-Krise bewegt. Ostfildern: Patmos Verlag. In: ET-Studies 12(2021)1, 177-178.<\/li>\n\n\n\n<li>Cremer, Georg (2021): Sozial ist, was stark macht. Warum Deutschland eine Politik der Bef\u00e4higung braucht und was sie leistet. 1. Auflage. Freiburg: Verlag Herder. In: neue caritas 2021\/15, 20.<\/li>\n\n\n\n<li>Klaus Mertes (2021): Den Kreislauf des Scheiterns durchbrechen. Damit die Aufarbeitung des Missbrauchs am Ende nicht wieder am Anfang steht. Ostfildern: Patmos Verlag. In: Eulenfisch Literatur 2\/2021, 24-25.<\/li>\n\n\n\n<li>Famer\u00e9e, Joseph; Routhier, Gilles (2021): Penser la r\u00e9forme de l\u2019\u00c9glise. Paris : Cerf. In: ET-Studies 12(2021)2, 384-385.<\/li>\n\n\n\n<li>L\u00fcdecke, Norbert (2021): Die T\u00e4uschung. Haben Katholiken die Kirche, die sie verdienen? Darmstadt: wgb. In: ET-Studies 12(2021)2, 387-389.<\/li>\n<\/ul>\n\n\n\n<p>2020<\/p>\n\n\n\n<ul class=\"wp-block-list\">\n<li>Hilpert, Konrad (2019): Ethik der Menschenrechte. Zwischen Rhetorik und Verwirklichung. Paderborn: Ferdinand Sch\u00f6ningh. In: Theologische Revue 116(2020) Januar o.S. Online zug\u00e4nglich \u00fcber <a href=\"https:\/\/www.uni-muenster.de\/Ejournals\/index.php\/thrv\/article\/view\/2552\/2463.\">https:\/\/www.uni-muenster.de\/Ejournals\/index.php\/thrv\/article\/view\/2552\/2463.<\/a><\/li>\n\n\n\n<li>Kre\u00df, Hartmut (2018): Staat und Person. Politische Ethik im Umbruch des modernen Staates. Stuttgart: Kohlhammer. In: Theologische Revue 116(2020) Januar o.S. Online zug\u00e4nglich \u00fcber <a href=\"https:\/\/www.uni-muenster.de\/Ejournals\/index.php\/thrv\/article\/view\/2552\/2463\">https:\/\/www.uni-muenster.de\/Ejournals\/index.php\/thrv\/article\/view\/2552\/2463<\/a>.<\/li>\n\n\n\n<li>Bogner, Daniel (2019): Ihr macht uns die Kirche kaputt. \u2026 doch wir lassen das nicht zu! Freiburg im Breisgau, Ann Arbor, Michigan: Herder Verlag; ProQuest. In: ET-Studies 11(2020)2, 343-345.<\/li>\n<\/ul>\n\n\n\n<p>2019<\/p>\n\n\n\n<ul class=\"wp-block-list\">\n<li>Emunds, Bernhard (Hg.) (2018): Christliche Sozialethik \u2013 Orientierung welcher Praxis? Friedhelm Hengsbach SJ zu Ehren. (Ethik und Gesellschaft Band 4), Baden-Baden. In: Stimmen der Zeit 144(2019)3, 232-234.<\/li>\n<\/ul>\n\n\n\n<p>2018<\/p>\n\n\n\n<ul class=\"wp-block-list\">\n<li>Sautter, Hermann (2017): Verantwortlich wirtschaften. Die Ethik gesamtwirtschaftlicher Regelwerke und des unternehmerischen Handelns. Marburg: Metropolis-Verlag (Ethik und \u00d6konomie, Band 20). Rezension: Ordnungspolitik alleine gen\u00fcgt nicht. Die n\u00fcchterne Wirtschafts- und Unternehmensethik von Hermann Sautter. (Ethik und Gesellschaft 2\/2018: Rechtsbr\u00fcche). Download unter: <a href=\"https:\/\/dx.doi.org\/10.18156\/eug-2-2018-rez-9.\">https:\/\/dx.doi.org\/10.18156\/eug-2-2018-rez-9.<\/a><\/li>\n\n\n\n<li>Clemens Sedmak (2017): \u201eDie W\u00fcrde des Menschen ist unantastbar\u201c. Zur Anwendung der Katholischen Soziallehre. Regensburg: Friedrich Pustet Verlag. In: EULENFISCH Literatur 11(2018)1, 28-29. \u2013 Im Internet unter: <a href=\"http:\/\/www.eulenfisch.de\/literatur\/literaturmagazin\/literaturmagazin-01-2018\/.\">http:\/\/www.eulenfisch.de\/literatur\/literaturmagazin\/literaturmagazin-01-2018\/.<\/a><\/li>\n\n\n\n<li>Boeve, Lieven.; Maeseneer, Y. de; van Stichel, Ellen (Hg.) (2014): Questioning the human. Toward a theological anthropology for the twenty-first century: Fordham University Press. In: ET-Studies 9(2018)1, 165-166.<\/li>\n\n\n\n<li>Gabriel, Karl; Reuter, Hans-Richard (Hg.) (2017): Religion und Wohlfahrtsstaatlichkeit in Deutschland. Konfessionen &#8211; Semantiken &#8211; Diskurse. 1. Auflage. T\u00fcbingen: Mohr Siebeck. In: AmosInternational 12(2018)4, 51-52.<\/li>\n\n\n\n<li>Kern, Bruno (2017): &#8220;Es rettet uns kein h\u00f6h&#8217;res Wesen&#8221;? Die Religionskritik von Karl-Marx &#8211; ein solidarisches Streitgespr\u00e4ch. Ostfildern: Matthias Gr\u00fcnewald Verlag. In: Eulenfisch Literatur 11(2018)2, 62-63 \u2013 Im Internet unter: <a href=\"http:\/\/www.eulenfisch.de\/literatur\/literaturmagazin\/literaturmagazin-02-2018\/.\">http:\/\/www.eulenfisch.de\/literatur\/literaturmagazin\/literaturmagazin-02-2018\/.<\/a><br>2017<\/li>\n\n\n\n<li>MacAskill, William (2016): Gutes besser tun. Wie wir mit effektivem Altruismus die Welt ver\u00e4ndern k\u00f6nnen. M\u00fcnchen: Ullstein. In: AmosInternational 11(2017)1, 41-43.<\/li>\n\n\n\n<li>Hallermann, Heribert; Meckel, Thomas; Meckel-Pfannkuche, Sabrina; Pulte, Matthias (Hg.) (2017): Reform an Haupt und Gliedern. Impulse f\u00fcr eine Kirche &#8220;im Aufbruch&#8221;. W\u00fcrzburg: Echter. In: ET-Studies 8(2017)2, 387-389.<\/li>\n<\/ul>\n\n\n\n<p>2016<\/p>\n\n\n\n<ul class=\"wp-block-list\">\n<li>Nussbaum, Martha (2014): Die neue religi\u00f6se Intoleranz. Ein Ausweg aus der Politik der Angst. Darmstadt: WBG (Wissenschaftliche Buchgesellschaft). In: Theologische Revue 112(2016)2, 160-161.<\/li>\n<\/ul>\n\n\n\n<p>2015<\/p>\n\n\n\n<ul class=\"wp-block-list\">\n<li>Wiemeyer, Joachim (2015): Keine Freiheit ohne Gerechtigkeit. Christliche Sozialethik angesichts globaler Herausforderungen. Freiburg im Breisgau: Verlag Herder. In: AmosInternational 2015\/4, 46-47.<\/li>\n\n\n\n<li>Joas, Hans (2015): Sind die Menschenrechte westlich? M\u00fcnchen: K\u00f6sel. In: Eulenfisch Literatur 8(2015)2, 38-39. <\/li>\n<\/ul>\n\n\n\n<p>2014<\/p>\n\n\n\n<ul class=\"wp-block-list\">\n<li>Heimbach-Steins, Marianne (2012): Religionsfreiheit. Ein Menschenrecht unter Druck. Paderborn. In: Theologische Revue 110(2014)1, Sp. 54-56.<\/li>\n\n\n\n<li>Goosen, Gideon (2011): Hyphenated Christians. Towards a better understanding of dual religious belonging. Oxford, New York: Peter Lang (Studies in theology, society, and culture, v. 6). In: ET-Studies 5(2014)1, 183-185.<\/li>\n\n\n\n<li>Erbacher, J\u00fcrgen (2013): Papst Franziskus. Aufbruch und Neuanfang. M\u00fcnchen: Pattloch; Waldenfels, Hans (2014): Sein Name ist Franziskus. Der Papst der Armen. Paderborn: Sch\u00f6ningh; Holztrattner, Magdalena (Hg.) (2013): Innovation Armut. Wohin f\u00fchrt Papst Franziskus die Kirche? Innsbruck [u.a.]: Tyrolia. In: ET-Studies 5(2014)1, 186-188.<\/li>\n\n\n\n<li>Hal\u00edk, Tom\u00e1\u0161 (2014): All meine Wege sind DIR vertraut. Von der Untergrundkirche ins Labyrinth der Freiheit. Freiburg im Breisgau: Verlag Herder. In: Eulenfisch Literatur 7(2014)2, 12-13. \u2013 Im Internet unter <\/li>\n\n\n\n<li>Hartlieb, Michael (2013): Die Menschenw\u00fcrde und ihre Verletzung durch extreme Armut. Eine sozialethisch-systematische Relekt\u00fcre des W\u00fcrdebegriffs. Paderborn: Sch\u00f6ningh. In: AmosInternational 8(2014)4, 50-51.<\/li>\n\n\n\n<li>Goldschmidt, Nils; Nothelle-Wildfeuer, Ursula (Hg.) (2010): Freiburger Schule und Christliche Gesellschaftslehre. Joseph Kardinal H\u00f6ffner und die Ordnung von Wirtschaft und Gesellschaft. T\u00fcbingen: Mohr Siebeck (Untersuchungen zur Ordnungstheorie und Ordnungspolitik, 59). In: Theologische Revue 110(2014)6, Sp. 519-520.<\/li>\n<\/ul>\n\n\n\n<p>2013<\/p>\n\n\n\n<ul class=\"wp-block-list\">\n<li>Campagna, Norbert (2012): La sexualit\u00e9 des handicap\u00e9s. Faut-il seulement la tol\u00e9rer ou aussi l&#8217;encourager ? Gen\u00e8ve: Labor et Fides (Le Champ \u00e9thique, 58). In: ET-Studies 4(2013)1, 161-163.<\/li>\n\n\n\n<li>Katz, Heiner (2021): Kirchliche Autorit\u00e4t im Strukturwandel der Gesellschaft. Eine religions- und wissenssoziologische Untersuchung zum nachkonziliaren Autorit\u00e4tsproblem der katholischen Kirche, M\u00fcnster. In: ET-Studies 4(2013)2, 354-356.<\/li>\n\n\n\n<li>Wolf, Hubert (2013): Die Nonnen von Sant\u2019Ambrogio. Eine wahre Geschichte, M\u00fcnchen. In: ET-Studies 4(2013)2, 356-357.<\/li>\n\n\n\n<li>Leinen, Frank (Hg.) (2012): M\u00e9xico 2010. Kultur in Bewegung \u2013 Mythen auf dem Pr\u00fcfstand. D\u00fcsseldorf: d\u00fcsseldorf university press. In: Philologie im Netz 66(2013).<\/li>\n<\/ul>\n\n\n\n<p>2011<\/p>\n\n\n\n<ul class=\"wp-block-list\">\n<li>Nacke, Stefan (2021): Die Kirche der Weltgesellschaft. Das II. Vatikanische Konzil und die Globalisierung des Katholizismus. Wiesbaden : VS Verlag f\u00fcr Sozialwissenschaften. In: Amosinternational 2011\/1, 45-46.<\/li>\n\n\n\n<li>Castles, Francis G.; Leibfried, Stephan; Lewis, Jane; Obinger, Herbert; Pierson, Christopher (Hg.) (2010): The Oxford Handbook of the Welfare State. Oxford: Oxford University Press. In: Amosinternational 2011\/1, 41-42.<\/li>\n\n\n\n<li>Hilpert, Konrad (Hg.) (2011): Zukunftshorizonte katholischer Sexualethik. Freiburg i. Br. : Herder. In: Amosinternational 2011\/4, 48-49.<\/li>\n\n\n\n<li>Goertz, Stephan; Ulonska, Herbert (Hg.) (2010): Sexuelle Gewalt. Fragen an Kirche und Theologie. M\u00fcnster: Lit (Theologie, 31). In: ET-Studies 2(2011)2, 312-313.<\/li>\n<\/ul>\n\n\n\n<p>2009<\/p>\n\n\n\n<ul class=\"wp-block-list\">\n<li>Detlef Horster (2009): Ethik. Stuttgart: Reclam. In: fiph-journal 14, November 2009, 5.<\/li>\n\n\n\n<li>Rauscher, Anton (Hg.) (2008): Handbuch der Katholischen Soziallehre. Im Auftrag der G\u00f6rresgesellschaft und der Katholischen Sozialwissenschaftlichen Zentralstelle. Unter Mitarbeit von J\u00f6rg Althammer, Wolfgang Bergsdorf und Otto Depenheuer. Berlin: Duncker &amp; Humblot. In: Herder Korrespondenz 63(2009)6, 322. \u2013 Auch online auf socialnet.de: http:\/\/www.socialnet.de\/rezensionen\/7389.php<\/li>\n\n\n\n<li>Olaru, Bogdan (Hg.) (2008): Autonomy, Responsibility and Health Care. Critical Reflections. Bukarest: Zeta-books, 229. In: fiph-journal 13, April 2009, 7.<\/li>\n<\/ul>\n\n\n\n<p>2008<\/p>\n\n\n\n<ul class=\"wp-block-list\">\n<li>Gabriel, Ingeborg; Papaderos, Alexandros K.; K\u00f6rtner, Ulrich H. J. (Hg.) (2006): Perspektiven \u00f6kumenischer Sozialethik. Der Auftrag der Kirchen im gr\u00f6\u00dferen Europa. 2. Aufl. Ostfildern: Matthias-Gr\u00fcnewald-Verl.; Gabriel, Ingeborg; Gassner, Franz (Hg.) (2007): Solidarit\u00e4t und Gerechtigkeit. \u00d6kumenische Perspektiven. Ostfildern: Matthias-Gr\u00fcnewald-Verl., 278 S., 19,90 Euro. Beide In: fiph-journal 11, M\u00e4rz 2008, 31.<\/li>\n\n\n\n<li>Pries, Ludger (2008): Die Transnationalisierung der sozialen Welt. Sozialr\u00e4ume jenseits von Nationalgesellschaften. Frankfurt am Main: Suhrkamp (Edition Suhrkamp, 2521). In: fiph-journal 11, M\u00e4rz 2008, 17.<\/li>\n\n\n\n<li>Nass, Elmar (2006): Der humangerechte Sozialstaat. Ein sozialethischer Entwurf zur Symbiose aus \u00f6konomischer Effizienz und sozialer Gerechtigkeit. T\u00fcbingen: Mohr Siebeck (Untersuchungen zur Ordnungstheorie und Ordnungspolitik, 51). In: fiph-journal 11, M\u00e4rz 2008, 23.<\/li>\n<\/ul>\n\n\n\n<p>2007<\/p>\n\n\n\n<ul class=\"wp-block-list\">\n<li>Christofer Frey; J\u00fcrgen H\u00e4drich; Lars Klinnert (Hrsg.) (2006): Gerechtigkeit \u2013 Illusion oder Herausforderung? Felder und Aufgaben f\u00fcr die interdisziplin\u00e4re Diskussion. M\u00fcnster u.a.: Lit. In: fiph-journal 10 (September 2007), 16.<\/li>\n\n\n\n<li>Jahrbuch f\u00fcr christliche Sozialwissenschaften 47 (2006): Gesundheit \u2013 Ethik \u2013 Politik. Sozialethik der Gesundheitsversorgung. M\u00fcnster: Aschendorff. In: Zeitschrift f\u00fcr medizinische Ethik 53(2007)4, 423-425.<\/li>\n<\/ul>\n\n\n\n<p>2005<\/p>\n\n\n\n<ul class=\"wp-block-list\">\n<li>Marianne Heimbach-Steins (Hrsg.) (2004): Christliche Sozialethik. Ein Lehrbuch, Bd. 1. Regensburg: Pustet. In: fiph-journal 6 (September 2005), 21.<br>2004<\/li>\n\n\n\n<li>Karafyllis, Nicole C. (Hrsg.) (2003): Biofakte : Versuch \u00fcber den Menschen zwischen Artefakt und Lebewesen. Paderborn. In: fiph-journal 3, Februar 2004, 11.<\/li>\n\n\n\n<li>Seco Serrano, Carlos (2000): Historia del conservadurismo espa\u00f1ol. Una l\u00ednea pol\u00edtica integradora en el siglo XIX. Madrid. In: Iberoamericana 4(2004)14, 276.<\/li>\n\n\n\n<li>Madsen, Richard; Strong, Tracy B. (Hrsg.) : The many and the one : Religious and Secular Perspectives on Ethical Pluralism in the Modern World. In: fiph-journal 4, September 2004, 15<\/li>\n<\/ul>\n\n\n\n<p>2003<\/p>\n\n\n\n<ul class=\"wp-block-list\">\n<li>Furger, Franz: Christliche Sozialethik in pluraler Gesellschaft. \/ Posthum hrsg. v. Marianne Heimbach Steins; Andreas Lienkamp u. Joachim Wiemeyer (1997): M\u00fcnster: Lit. In: Zeitschrift f\u00fcr Missionswissenschaft und Religionswissenschaft 87(2003)1, 75-76.<\/li>\n\n\n\n<li>Pitou van Diejck (Hrsg.) (1998): The Bolivian Experiment: Structural Adjustment and Poverty Alleviation. Amsterdam : Centrum voor Studie en Documentatie van Ltijns Amerika. In: Iberoamericana 3(2003)9, 310-311.<\/li>\n<\/ul>\n\n\n\n<p>2002<\/p>\n\n\n\n<ul class=\"wp-block-list\">\n<li>Cremer, Georg (2000): Korruption begrenzen : Praxisfeld Entwicklungspolitik. Freiburg i. Br. : Lambertus. In: ZMR 86(2002)4, 298-300.<\/li>\n<\/ul>\n\n\n\n<ul class=\"wp-block-list\">\n<li>Lienkamp, Andreas (2000): Theodor Steinb\u00fcchels Sozialismusrezeption : Eine christlich-sozialethische Relecture. Paderborn: Sch\u00f6ningh. In: ZMR 86(2002)4, 314-315.<\/li>\n<\/ul>\n\n\n\n<p>2000<\/p>\n\n\n\n<ul class=\"wp-block-list\">\n<li>Kim, Hyung-Min (1995): Solidarit\u00e4t und Menschenrechte : Eine theologisch-sozialethische Er\u00f6rterung der Begr\u00fcndung und Umsetzung der Menschenrechte der dritten Dimension. M\u00fcnster: Lit. In: Theologische Revue 95(2000)6, Sp. 498-500.<\/li>\n<\/ul>\n\n\n\n<p>1998<\/p>\n\n\n\n<ul class=\"wp-block-list\">\n<li>Tangeman, Michael (1995): Mexico at the crossroads : Politics, the church, and the poor. Maryknoll, NY: Orbis. In: Zeitschrift f\u00fcr Missionswissenschaft und Religionswissenschaft 82(1998)4, 316-317.<\/li>\n\n\n\n<li>Nuscheler, Franz; Gabriel, Karl; Keller, Sabine; Treber, Monika (1995): Christliche Dritte-Welt-Gruppen : Praxis und Selbstverst\u00e4ndnis. Mainz : Matthias Gr\u00fcnewald Verl., (Forum Weltkirche ; Bd. 5). In: Zeitschrift f\u00fcr Missionswissenschaft und Religionswissenschaft 82(1998)2, 134 135.<\/li>\n\n\n\n<li>Sievernich, Michael; Spelthahn, Dieter (Hrsg.) (1995): F\u00fcnfhundert Jahre Evangelisierung Lateinamerikas. Geschichte Kontroversen Perspektiven. Frankfurt am Main: Vervuert. In: Zeitschrift f\u00fcr Missionswissenschaft und Religionswissenschaft 82(1998)4, 309-310.<\/li>\n<\/ul>\n\n\n\n<p>1997<\/p>\n\n\n\n<ul class=\"wp-block-list\">\n<li>B\u00fcchele, Herwig (1996): Eine Welt oder keine : Sozialethische Grundfragen angesichts einer ausbleibenden Weltordnungspolitik. Innsbruck, Wien : Tyrolia; Mainz : Gr\u00fcnewald. In: Theologischer Literaturdienst 1\/97, 11 12.<\/li>\n\n\n\n<li>Jugendwerk der Deutschen Shell (Hrsg.) (1997): Jugend &#8217;97 : Zukunftsperspektiven Gesellschaftliches Engagement Politische Orientierungen. \/ Gesamtkonzeption und Koordination: Arthur Fischer, Richard M\u00fcnchmeier. Opladen : Leske+Budrich. In: Katechetische Bl\u00e4tter 122(1997), 356.<\/li>\n<\/ul>\n\n\n\n<p>1996<\/p>\n\n\n\n<ul class=\"wp-block-list\">\n<li>Hausmanninger, Thomas (Hrsg.) (1993): Christliche Sozialethik zwischen Moderne und Postmoderne. Paderborn u.a. : Sch\u00f6ningh. In: Zeitschrift f\u00fcr Missionswissenschaft und Religionswissenschaft 80(1996)2, 157-159.<\/li>\n\n\n\n<li>Bedford Strohm, Heinrich (1993): Vorrang f\u00fcr die Armen : Auf dem Weg zu einer theologischen Theorie der Gerechtigkeit. G\u00fctersloh: Kaiser. In: Zeitschrift f\u00fcr Missionswissenschaft und Religionswissenschaft 80(1996), 148-149.<\/li>\n\n\n\n<li>Wingen, Max (1994): Zur Theorie und Praxis der Familienpolitik. Stuttgart: Kohlhammer. In: Theologischer Literaturdienst 1\/96, 15 16.<\/li>\n<\/ul>\n\n\n\n<p>1995<\/p>\n\n\n\n<ul class=\"wp-block-list\">\n<li>Michael Schramm (1994): Der Geldwert der Sch\u00f6pfung. Theologie \u00d6kologie \u00d6konomie. Paderborn u.a. : Sch\u00f6ningh. In: Diakonia 26(1995)2, 142.<\/li>\n\n\n\n<li>Gaillot, Jacques (1990): &#8220;Eine Kirche, die nicht dient, dient zu nichts.&#8221; Erfahrungen eines Bischofs. Freiburg i. Br. : Herder. In: Diakonia 26(1995)2, 142 143.<\/li>\n\n\n\n<li>Fliethmann, Thomas; L\u00fccking, Michel (Hrsg.) (1992): Im Dienst der Armen: Entwicklungsarbeit als Selbstvollzug der Kirche. \/ Mit Beitr\u00e4gen von Herbert K\u00f6tter, Hermann Sautter, Franz Furger, Peter H\u00fcnermann, Norbert Herkenrath, Margit Eckholt. M\u00fcnster: Aschendorff, (Schriften des Institus f\u00fcr Christliche Sozialwissenschaften der Westf\u00e4lischen Wilhelms\u2011Universit\u00e4t M\u00fcnster ; Bd. 26). In: Zeitschrift f\u00fcr Missionswissenschaft und Religionswissenschaft 79(1995)3, 246-247.<\/li>\n<\/ul>\n\n\n\n<p>1994<\/p>\n\n\n\n<ul class=\"wp-block-list\">\n<li>G\u00fcnter Baadte; Anton Rauscher (Hrsg.) (1992): Dritte Welt und Entwicklung. \/ Mit Beitr\u00e4gen von Franz Ansprenger, Franz Furger, Gerhard Grohs, Hans Rimbert Hemmer, Norbert Herkenrath und Horst Pietschmann. Graz; Wien; K\u00f6ln: Styria, (Kirche heute ; Bd. 6). In: Zeitschrift f\u00fcr Missionswissenschaft und Religionswissenschaft 78(1994).<\/li>\n\n\n\n<li>Wolfgang Ockenfels (1992): Kolonialethik : Von der Kolonial zur Entwicklungspolitik. Paderborn u.a. : Sch\u00f6ningh, (Abhandlungen zur Sozialethik ; Bd. 32). In: Zeitschrift f\u00fcr Missionswissenschaft und Religionswissenschaft 78(1994)4, 313 317.<\/li>\n\n\n\n<li>Der christliche Glaube und die heutige Weltwirtschaft (1992): Ein Studiendokument des \u00d6kumenischen Rates der Kirchen. Genf: WCC Publications. In: Zeitschrift f\u00fcr Missionswissenschaft und Religionswissenschaft 78(1994)4, 305 306.<\/li>\n\n\n\n<li>Rudolf Weiler (1991): Einf\u00fchrung in die katholische Soziallehre : Ein systematischer Abri\u00df. Graz; Wien; K\u00f6ln: Verl. Styria. 144 S. In: Zeitschrift f\u00fcr Missionswissenschaft und Religionswissenschaft 78(1994)3, 252\u2011253.<\/li>\n\n\n\n<li>Baadte, G\u00fcnter; Rauscher, Anton (Hrsg.) (1991): Wirtschaft und Ethik. \/ Mit Beitr\u00e4gen von Friedrich Beutter, Heinz Frisch, Eilert Herms, Karl Homann, Hermann Sautter, Alfred Sch\u00fcller. Graz; Wien; K\u00f6ln : Verl. Styria, (Kirche heute ; 5). In: Zeitschrift f\u00fcr Missionswissenschaft und Religionswissenschaft 78(1994)3, 225.<\/li>\n<\/ul>\n\n\n\n<p>1993<\/p>\n\n\n\n<ul class=\"wp-block-list\">\n<li>Gessenharter, Wolfgang; Fr\u00f6chling, Helmut (Hrsg.) (1991): Minderheiten: St\u00f6rpotential oder Chance f\u00fcr eine friedliche Gesellschaft? Baden Baden: Nomos (Milit\u00e4r, R\u00fcstung, Sicherheit; Band 67); 346 S. In: Katechetische Bl\u00e4tter 118(1993)1, 69 70.<\/li>\n\n\n\n<li>Rotter, Hans; Virt, G\u00fcnter (Hrsg.) (1990): Neues Lexikon der christlichen Moral. Innsbruck; Wien: Tyrolia. In: Diakonia 24(1993)6, 430 431.<\/li>\n\n\n\n<li>Bucher, Alexius J.; Fornet Betancourt, Ra\u00fal; Renker, Joseph; Sing, Horst (Hrsg.) (1991): Die &#8220;Vorrangige Option f\u00fcr die Armen&#8221; der katholischen Kirche in Lateinamerika : Zug\u00e4nge zu ihrer Begr\u00fcndungsproblematik, Geschichte und Verwirklichung. Band 1: Begr\u00fcndungszusammenh\u00e4nge. Eichst\u00e4tt; Ingolstadt; Wien: Rolf Kaufmann (Concordia. Internationale Zeitschrift f\u00fcr Philosophie ; Reihe Monographien 5.1). In: Zeitschrift f\u00fcr Missionswissenschaft und Religionswissenschaft 77(1993)1, 92 93.<\/li>\n\n\n\n<li>Hengsbach, Friedhelm (1991): Wirtschaftsethik : Aufbruch, Konflikte, Perspektiven. Freiburg; Basel; Wien: Herder (Herder Spektrum; 4013). In: Forum f\u00fcr Interdisziplin\u00e4re Forschung 11 (1993), 123 125.<\/li>\n\n\n\n<li>Sawyer, Frank (1992): The Poor are many : Political Ethics in the Social Encyclicals, Christian Democracy, and Liberation Theology in Latin America. Kampen: Kok (Kerk en theologie in context ; 15). In: Zeitschrift f\u00fcr Missionswissenschaft und Religionswissenschaft 77(1993)1, 94 95.<\/li>\n\n\n\n<li>Swidler, Leonhard; Connor, Patrick (Hrsg.) (1990): &#8220;Alle Katholiken haben das Recht \u2026&#8221; : Freiheitsrechte in der Kirche. M\u00fcnchen : K\u00f6sel. In: Diakonia 24(1993)2, 143.<\/li>\n\n\n\n<li>Chenu, Marie Dominique (1991): Kirchliche Soziallehre im Wandel : Das Ringen der Kirche um das Verst\u00e4ndnis der gesellschaftlichen Wirklichkeit. Fribourg\/Luzern: Exodus. In: Zeitschrift f\u00fcr Missionswissenschaft und Religionswissenschaft 77(1993)2, 165.<\/li>\n<\/ul>\n\n\n\n<p>1992<\/p>\n\n\n\n<ul class=\"wp-block-list\">\n<li>Sayer, Josef; Biesinger, Albert (1988): Von lateinamerikanischen Gemeinden lernen. M\u00fcnchen: K\u00f6sel. In: Diakonia 23(1992)3, 211.<\/li>\n\n\n\n<li>Bornhorst, Bernd u.a. (1990): Entwicklungsarbeit auf dem Land : Beispiele aus 3 Kontinenten. Aachen: Misereor (Misereor Dialog 7). In: Zeitschrift f\u00fcr Missionswissenschaft und Religionswissenschaft 76(1992), 221 222.<\/li>\n\n\n\n<li>Justenhoven, Heinz Gerhard (1991): Francisco de Vitoria zu Krieg und Frieden. K\u00f6ln: Bachem (Theologie und Frieden 5). In: Zeitschrift f\u00fcr Missionswissenschaft und Religionswissenschaft 76(1992), 170 171.<\/li>\n<\/ul>\n\n\n\n<p>1991<\/p>\n\n\n\n<ul class=\"wp-block-list\">\n<li>Collet, Giancarlo; Rechsteiner, Justin (Hrsg.) (1990): Vergessen hei\u00dft verraten : Erinnerungen an Oscar A. Romero zum 10. Todestag. Wuppertal: Hammer. In: Theologische Revue 87(1991)6, 499.<\/li>\n\n\n\n<li>Mensen, Bernhard (Hrsg.) (1989): F\u00fcnfhundert Jahre Lateinamerika. Nettetal. In: Zeitschrift f\u00fcr Missionswissenschaft und Religionswissenschaft 75(1991)1, 80 81.<\/li>\n\n\n\n<li>Eicher, Peter; Mette, Norbert (Hrsg.) (1989): Auf der Seite der Unterdr\u00fcckten? Theologie der Befreiung im Kontext Europas. D\u00fcsseldorf <strong>und <\/strong>Baadte, G\u00fcnter; Rauscher, Anton (Hrsg.) (1989): Christliche Gesellschaftslehre: Eine Ortsbestimmung. Graz; Wien; K\u00f6ln. In: Katechetische Bl\u00e4tter 116(1991)3, 226 227.<\/li>\n\n\n\n<li>Kaufmann, Franz Xaver (1989): Religion und Modernit\u00e4t : Sozialwissenschaftliche Perspektiven. T\u00fcbingen: Mohr, J.C.B. Mohr. In: Zeitschrift f\u00fcr Missionswissenschaft und Religionswissenschaft 75(1991)4, 316.<\/li>\n<\/ul>\n\n\n\n<p>1990<\/p>\n\n\n\n<ul class=\"wp-block-list\">\n<li>Schrader, Achim; Schl\u00fcter, Heinz (Hrsg.) (1987): \u00d6kologie Diskussion in Lateinamerika: Sozialwissenschaftliche Beitr\u00e4ge. M\u00fcnster. In: Forum f\u00fcr Interdisziplin\u00e4re Forschung 3(1990)2, 88.<\/li>\n\n\n\n<li>Siebert, Horst (1990): Die vergeudete Umwelt. Steht die Dritte Welt vor dem \u00f6kologischen Bankrott? Frankfurt. In: Forum f\u00fcr Interdisziplin\u00e4re Forschung 3(1990)2, 90 91.<\/li>\n\n\n\n<li>Klawitter, J\u00f6rg; K\u00fcmmel, Reiner; Maier Rigaud. Gerhard (Hrsg.) (1990): Natur und Industriegesellschaft: Beitr\u00e4ge aus interdisziplin\u00e4rer Sicht. In: Forum f\u00fcr Interdisziplin\u00e4re Forschung 3(1990)2, 91 92.<\/li>\n\n\n\n<li>Hauser, J\u00fcrg A. (1990): Bev\u00f6lkerungs und Umweltprobleme der Dritten Welt, Bd. 1. Bern; Stuttgart. In: Forum f\u00fcr Interdisziplin\u00e4re Forschung 3(1990)2, 92.<\/li>\n<\/ul>\n\n\n\n<p>1989<\/p>\n\n\n\n<ul class=\"wp-block-list\">\n<li>Ricardo Antoncich; Jos\u00e9 Miguel Mun\u00e1rriz (1988): Die Soziallehre der Kirche. D\u00fcsseldorf: Patmos (Bibliothek Theologie der Befreiung). In: Katechetische Bl\u00e4tter (1989)5, 382 383. Gek\u00fcrzt in: Zeitschrift f\u00fcr Missionswissenschaft und Religionswissenschaft 73(1989), 150 151.<\/li>\n\n\n\n<li>Enrique Dussel (1988): Ethik der Gemeinschaft. D\u00fcsseldorf: Patmos (Bibliothek Theologie der Befreiung). In: Zeitschrift f\u00fcr Missionswissenschaft und Religionswissenschaft 73(1989), 249 250.<\/li>\n\n\n\n<li>Egon Spiegel (1987): Gewaltverzicht : Grundlagen einer biblischen Friedenstheologie. Kassel: Weber; Zucht. In: Literaturdienst Theologie 1989\/3, 35 36.<\/li>\n\n\n\n<li>Peter H\u00fcnermann; Margit Eckholt (Hrsg.) (1989): Katholische Soziallehre Wirtschaft Demokratie : Ein lateinamerikanisch deutsches Dialogprogramm I. M\u00fcnchen: Kaiser; Mainz: Gr\u00fcnewald. In: Katechetische Bl\u00e4tter 114(1989)10, 769 770.<\/li>\n\n\n\n<li>Ruth R\u00f6mer (1989): Sprachwissenschaft und Rassenideologie in Deutschland. M\u00fcnchen: Fink. In: Forum f\u00fcr Interdisziplin\u00e4re Forschung 2(1989)2, 85 86.<\/li>\n<\/ul>\n\n\n\n<p>1987<\/p>\n\n\n\n<ul class=\"wp-block-list\">\n<li>Klaus Philipp Seif (1986): Daten vor dem Gewissen : Die Brisanz der personenbezogenen Datenerfassung. Freiburg: Herder. In: Theologischer Literaturdienst 2\/1987, 27 28. Ausf\u00fchrlicher in: der steig 9 10 (Okt. 1987), 51 53.<\/li>\n<\/ul>\n\n\n\n<p>1985<\/p>\n\n\n\n<ul class=\"wp-block-list\">\n<li>18 Rezensionen in: Bernhard Irrgang; J\u00f6rg Klawitter; Gerhard Kruip (Hrsg. i.A. der STEIG e.V.): Interdisziplin\u00e4re Bibliographie: Analysen, Modelle, Strategien zum Themenfeld Natur Mensch Umwelt. W\u00fcrzburg : STEIG e.V. 1985.<\/li>\n\n\n\n<li>Alfons Auer (1985): Umweltethik: Besprechung und Kritik. In: der STEIG 2 (Jan. 1985), 17 21.<\/li>\n\n\n\n<li>Arnold K\u00f6pcke Duttler (1984): Von der Zerbrechlichkeit der Hoffnung : Zur Kritik der Industriegesellschaft. W\u00fcrzburg. In: Publik Forum 14(1985)22, 30.<\/li>\n<\/ul>\n\n\n\n<p><strong>Scientific Lexicon Entries and Articels of scientific Handbooks&nbsp;<\/strong><\/p>\n\n\n\n<ul class=\"wp-block-list\">\n<li>\u201eMexiko VI.: Kultur, Religion, Bildung\u201d. In: Staatslexikon der G\u00f6rresgesellschaft Band 6\/1992. Freiburg: Herder, 7. Aufl. 1992, 414-415.<\/li>\n\n\n\n<li>\u201eDurango\u201d. In: LThK IV, 3. Aufl. 1995, 412.<\/li>\n\n\n\n<li>\u201eKatholische Akademie f\u00fcr Jugendfragen\u201d. In: Deutscher Verein f\u00fcr \u00f6ffentliche und private F\u00fcrsorge (Hg.): Fachlexikon der sozialen Arbeit, 4. Aufl. Frankfurt\/Main: Eigenverlag 1997, 536.<\/li>\n\n\n\n<li>\u201eKolonialismus\u201d: I. Begriff und Geschichte, III. Moderner Kolonialismus. In: LThK VI, 3. Aufl. 1997, 199-201.<\/li>\n\n\n\n<li>\u201eMexiko\u201d I. Allgemeine Einf\u00fchrung, IV. Kirche und Theologie in der Gegenwart, V. Statistik. In: LThK VII, 3. Aufl. 1998, 212, 216-222.<\/li>\n\n\n\n<li>\u201eMexiko Stadt\u201d. In: LThK VII, 3. Aufl. 1998, 222.<\/li>\n\n\n\n<li>\u201eMonterrey\u201d. In: LThK VII, 3. Aufl. 1998, 440.<\/li>\n\n\n\n<li>\u201eOaxaca\u201d. In: LThK VII, 3. Aufl. 1998, 955.<\/li>\n\n\n\n<li>\u201eCristiada\u201d. In: Religion in Geschichte und Gegenwart. Bd. 2, 4. Auflage. T\u00fcbingen: J.C.B. Mohr (Paul Siebeck) 1999, 496.<\/li>\n\n\n\n<li>\u201eSan Crist\u00f3bal de Las Casas\u201d. In: LThK IX, 3. Aufl. 2000, 18.<\/li>\n\n\n\n<li>\u201eKatholische Akademie f\u00fcr Jugendfragen\u201d. In: Mette, Norbert; Rickers, Folkert (Hg.): Lexikon der Religionsp\u00e4dagogik. 2 Bde. Neukirchen-Vluyn: Neukirchener Verlag 2001, 990-991.<\/li>\n\n\n\n<li>\u201eMendez Arceo, Sergio.\u201d In: RGG Bd. 5, 4. Aufl. 2002, 1034.<\/li>\n\n\n\n<li>\u201eMexiko\u201d. In: RGG Bd. 5, 4. Aufl. 2002, 1193-1196.<\/li>\n\n\n\n<li>Herrschaft, Politik, Staat im Katholizismus. In: Kl\u00f6cker, Michael; Tworuschka, Udo (Hg.): Ethik der Weltreligionen. Ein Handbuch. Darmstadt: WBG (Wissenschaftliche Buchgesellschaft) 2005, 149-152.<\/li>\n\n\n\n<li>\u201eWilhelm Dreier\u201d. In: Biographisch-bibliographisches Kirchenlexikon Band XXX (2009), hg. v. Traugott Bautz, Nordhausen: Bautz, 2009 (Erg\u00e4nzungen XVII), 275-279, auch in: <a href=\"http:\/\/www.bbkl.de\/d\/dreier_w.shtml.\">http:\/\/www.bbkl.de\/d\/dreier_w.shtml.<\/a><\/li>\n\n\n\n<li>\u201eKatholische Kirche\u201d. In: Barbara Potthast und Silke Hensel (Hg.): Das Lateinamerika-Lexikon. Wuppertal: Hammer 2013, S. 166-168.<\/li>\n\n\n\n<li>Armut III. Sozialethisch. In: G\u00f6rresgesellschaft und Verlag Herder (Hg.): Staatslexikon. Recht &#8211; Wirtschaft &#8211; Gesellschaft. 8. Aufl. Bd. 1. Freiburg (Breisgau): Herder 2017, Sp. 391-396. <a href=\"https:\/\/www.staatslexikon-online.de\/Lexikon\/Armut\">https:\/\/www.staatslexikon-online.de\/Lexikon\/Armut<\/a><\/li>\n\n\n\n<li>Bildung III. Sozialethische Perspektiven. In: G\u00f6rresgesellschaft und Verlag Herder (Hg.): Staatslexikon. Recht &#8211; Wirtschaft &#8211; Gesellschaft. 8. Aufl. Bd. 1. Freiburg (Breisgau): Herder 2017, Sp. 703-707. <a href=\"https:\/\/www.staatslexikon-online.de\/Lexikon\/Bildung\">https:\/\/www.staatslexikon-online.de\/Lexikon\/Bildung<\/a><\/li>\n\n\n\n<li>Grundwerte &#8211; Katholisch. In: Michael Droege, Heribert Hallermann, Thomas Meckel und Heinrich de Wall (Hg.): Lexikon f\u00fcr Kirchen- und Religionsrecht. Band 2 (F-K). Paderborn: Sch\u00f6ningh 2019, 459-461.<\/li>\n\n\n\n<li>Staat und Gesellschaft. III. Sozialethik, in: G\u00f6rresgesellschaft und Verlag Herder (Hg.), Staatslexikon. Recht &#8211; Wirtschaft &#8211; Gesellschaft, Freiburg (Breisgau), 8. Aufl. 2021, Bd.5, Sp. 532-536.<\/li>\n<\/ul>\n\n\n\n<p><strong>Tutorial Note <\/strong><\/p>\n\n\n\n<ul class=\"wp-block-list\">\n<li>Sozial-diakonische Kompetenzen: Lehrbrief 24 des Pastoralen Basiskurses von Theologie im Fernkurs. W\u00fcrzburg: Theologie im Fernkurs, 2003, 64 S. (Neuauflage 2009).<\/li>\n<\/ul>\n\n\n\n<p><strong>Editions of Series<\/strong> <\/p>\n\n\n\n<ul class=\"wp-block-list\">\n<li>zus. mit Lechner, Martin, 1995-2000 Studien zur Jugendpastoral. M\u00fcnchen, Don Bosco Verlag (Bd. 3-6).<\/li>\n\n\n\n<li>Schriftenreihe der Katholischen Akademie f\u00fcr Jugendfragen (Bd. 4-9, 1995-2000)<\/li>\n\n\n\n<li>Jahrbuch des Forschungsinstituts f\u00fcr Philosophie. Passagen-Verlag Wien (Bd. 2001)<\/li>\n\n\n\n<li>zus. mit Hemel, Ulrich: Preisschriften des Forschungsinstituts f\u00fcr Philosophie Hannover. Wallstein-Verlag G\u00f6ttingen (Bd. 1, 2003, bis Bd. 5, 2008).<\/li>\n\n\n\n<li>Philosophie aktuell. Ver\u00f6ffentlichungen aus der Arbeit des Forschungsinstituts f\u00fcr Philosophie Hannover. Lit-Verlag M\u00fcnster (Bd. 1, 2005 bis Bd. 8, 2008)<\/li>\n\n\n\n<li>zus. mit Heimbach-Steins, Marianne; Kunze, Axel Bernd: Forum Bildungsethik. Bertelsman-Verlag Bielefeld (ab Bd. 1 2007).<\/li>\n<\/ul>\n\n\n\n<p><strong>Editions of Journals<\/strong><\/p>\n\n\n\n<ul class=\"wp-block-list\">\n<li>fiph-journal. 2 Hefte pro Jahr, von 2003 bis 1\/2009.<\/li>\n\n\n\n<li>Zusammen mit Schramm, Michael: Schwerpunktthema \u201eSteuergerechtigkeit\u201c. In: AmosInternational 4(2010)2.<\/li>\n\n\n\n<li>ET-Studies. Zeitschrift der Europ\u00e4ischen Gesellschaft f\u00fcr Katholische Theologie, 2 Hefte pro Jahr, ab 2011: Heft 2(2011)1 bis 2024: Heft 15(2024)2.<\/li>\n\n\n\n<li>Zusammen mit Blanc, Julia; Bogner, Daniel: Schwerpunktthema \u201eSozialethische Anforderungen an die Kirchenreform\u201c. In: AmosInternational 14(2020)1.<\/li>\n<\/ul>\n\n\n\n<p><strong>Collaboration on ecclesial Statements and Documents&nbsp;<\/strong><\/p>\n\n\n\n<p class=\"has-normal-font-size\">Als Mitglied (von 2003 bis 2008 als Vorsitzender) der Sachverst\u00e4ndigengruppe \u201eWeltwirtschaft und Sozialethik\u201d, hg. v. der Wissenschaftlichen Arbeitsgruppe f\u00fcr weltkirchliche Aufgaben der Deutschen Bischofskonferenz:<\/p>\n\n\n\n<ul class=\"wp-block-list\">\n<li>Gutes Geld f\u00fcr alle: Sozialethische \u00dcberlegungen zur Geldwertstabilit\u00e4t. Bonn 1991.<\/li>\n\n\n\n<li>Von der Dependenz zur Interdependenz: Anst\u00f6\u00dfe und Grenzen der Dependenztheorie. Bonn 1994.<\/li>\n\n\n\n<li>Wirtschaft: global und \u00f6kologisch: \u00dcberlegungen zu Ressourcenschonung und Umwelterhaltung. Bonn 1994.<\/li>\n\n\n\n<li>Mut zur Strukturanpassung bei uns &#8211; Hilfe f\u00fcr die Entwicklungsl\u00e4nder. Bonn 1995.<\/li>\n\n\n\n<li>Stellungnahme der Sachverst\u00e4ndigengruppe der Kommission \u201eWeltkirche\u201d der DBK \u201eWeltwirtschaft und Sozialethik\u201d zum Konsultationspapier der Kirchen \u201eZur wirtschaftlichen und sozialen Lage in Deutschland\u201d. In: Katholisch Soziales Institut der Erzdi\u00f6zese K\u00f6ln (Hg.): Alle Eingaben zum Konsultationsproze\u00df. Bad Honnef 1996, CD Rom, Dok. Nr. 432.<\/li>\n\n\n\n<li>Soziale Sicherungssysteme als Elemente der Armutsbek\u00e4mpfung in Entwicklungsl\u00e4ndern. Bonn 1997.<\/li>\n\n\n\n<li>Stabilit\u00e4t und soziale Gerechtigkeit &#8211; Zur Einf\u00fchrung des Euro. Bonn 1999.<\/li>\n\n\n\n<li>Die vielen Gesichter der Globalisierung &#8211; Perspektiven einer menschengerechten Weltordnung. Eine Studie der Sachverst\u00e4ndigengruppe \u2026 und der kirchlichen Werke Adveniat, Caritas International, Misereor, missio Aachen, missio M\u00fcnchen und Renovabis. Bonn 1999.<\/li>\n\n\n\n<li>Das soziale Kapital &#8211; Ein Baustein im Kampf gegen Armut von Gesellschaften. Bonn 2000.<\/li>\n\n\n\n<li>Globale Finanzen und menschliche Entwicklung. Bonn 2001.<\/li>\n\n\n\n<li>Partnerschaft mit den Armen: Wechselseitige Verpflichtungen in der entwicklungspolitischen Zusammenarbeit. Bonn 2004.<\/li>\n\n\n\n<li>\u00d6konomisch motivierte Migration zwischen nationalen Eigeninteressen und weltweiter Gerechtigkeit. Bonn 2005.<\/li>\n\n\n\n<li>Welthandel im Dienst der Armen. Bonn 2006.<\/li>\n\n\n\n<li>Verlagerung von Arbeitspl\u00e4tzen. Entwicklungschancen und Menschenw\u00fcrde &#8211; Sozialethische \u00dcberlegungen. Bonn 2008.<\/li>\n\n\n\n<li>Mit Geldanlagen die Welt ver\u00e4ndern? Eine Orientierungshilfe zum ethikbezogenen Investment. Bonn 2010.<\/li>\n\n\n\n<li>Den Hunger bek\u00e4mpfen. Unsere gemeinsame Verantwortung f\u00fcr das Menschenrecht auf Nahrung. Bonn 2012.<\/li>\n\n\n\n<li>Wen k\u00fcmmert die Sorgearbeit? Gerechte Arbeitspl\u00e4tze in Privathaushalten. Bonn 2015.<\/li>\n\n\n\n<li>Raus aus der Wachstumsgesellschaft? Eine sozialethische Analyse und Bewertung von Postwachstumsstrategien. Bonn 2018.<\/li>\n\n\n\n<li>Wie sozial-\u00f6kologische Transformation gelingen kann. Eine interdisziplin\u00e4re Studie im Rahmen des Dialogprojektes zum weltkirchlichen Beitrag der katholischen Kirche f\u00fcr eine sozial-\u00f6kologische Transformation im Lichte von Laudato si\u2018. Bonn 2021.<\/li>\n<\/ul>\n\n\n\n<p class=\"has-normal-font-size\">Als Mitglied einer Redaktionsgruppe um Bischof Dr. Franz Kamphaus (in der Schlussphase der Erstellung des Dokuments):<\/p>\n\n\n\n<ul class=\"wp-block-list\">\n<li>Deutsche Kommission Justitia et Pax: Gerechtigkeit f\u00fcr alle: Zur Grundlegung kirchlicher Entwicklungsarbeit, Bonn 1991.<\/li>\n<\/ul>\n\n\n\n<p class=\"has-normal-font-size\">Als Mitglied einer Redaktionsgruppe der Ergebnisse des Hearings \u201eGerechtigkeit weltweit\u201d (Die Wolfsburg, 13.-14.6.95) im Rahmen des \u00d6kumenischen Konsultationsnetzes):<\/p>\n\n\n\n<ul class=\"wp-block-list\">\n<li>Die vorrangige Option f\u00fcr die Armen &#8211; Basis und Ordnungsprinzip eines gemeinsamen Wortes der Kirchen zur wirtschaftlichen und sozialen Lage Deutschlands in der einen Welt. In: Katholisch Soziales Institut der Erzdi\u00f6zese K\u00f6ln (Hg.): Alle Eingaben zum Konsultationsproze\u00df. Bad Honnef 1996, CD Rom, Dok. Nr. 1195.<\/li>\n<\/ul>\n\n\n\n<p class=\"has-normal-font-size\">Als Miglied der Arbeitsgruppe III \u201eDie Zukunft von Bildung und Qualifizierung\u201d der Gemeinsamen Initiative \u201eBeteiligung schafft Gerechtigkeit\u201d:<\/p>\n\n\n\n<ul class=\"wp-block-list\">\n<li>Lebenslanges Lernen unter der Perspektive von Beteiligungsgerechtigkeit. Bonn 2002.<\/li>\n<\/ul>\n\n\n\n<p class=\"has-normal-font-size\">Als Mitglied einer von der Kommission f\u00fcr gesellschaftliche und soziale Fragen der Deutschen Bischofskonferenz berufenen Expertengruppe:<\/p>\n\n\n\n<ul class=\"wp-block-list\">\n<li>Kommission f\u00fcr gesellschaftliche und soziale Fragen der Deutschen Bischofskonferenz: Das Soziale neu denken: F\u00fcr eine langfristig angelegte Reformpolitik. Bonn 2003.<\/li>\n\n\n\n<li>Auf dem Weg aus der Krise. Beobachtungen und Orientierungen. Stellungnahme einer von der Kommission f\u00fcr gesellschaftliche und soziale Fragen der Deutschen Bischofskonferenz berufenen Arbeitsgruppe zur Finanz- und Wirtschaftskrise \/ hrsg. vom Sekretariat der Deutschen Bischofskonferenz. Bonn 2009 (Die deutschen Bisch\u00f6fe &#8211; Kommission f\u00fcr gesellschaftliche und soziale Fragen 30).<\/li>\n\n\n\n<li>Chancengerechte Gesellschaft. Leitbild f\u00fcr eine freiheitliche Ordnung. Impulspapier der Kommission f\u00fcr gesellschaftliche und soziale Fragen der Deutschen Bischofskonferenz (hrsg. vom Sekreatriat der DBK, Bonn 2011 (Die deutschen Bisch\u00f6fe &#8211; Kommission f\u00fcr gesellschaftliche und soziale Fragen 34).<\/li>\n\n\n\n<li>Gerechte Regeln f\u00fcr den freien Handel. Sozialethische Orientierungen f\u00fcr eine Transatlantische Handels- und Investitionspartnerschaft (TTIP). Stellungnahme eines von der Kommission f\u00fcr gesellschaftliche und soziale Fragen der Deutschen Bischofskonferenz berufenen Expertenkreises. Bonn: DBK, 2015 (Die deutschen Bisch\u00f6fe &#8211; Kommission f\u00fcr gesellschaftliche und soziale Fragen, 43).<\/li>\n<\/ul>\n\n\n\n<p class=\"has-normal-font-size\">Als Mitglied des St\u00e4ndigen Arbeitskreises im Sachbereich 2 \u201ePolitische Grundfragen\u201d des Zentralkomitees der deutschen Katholiken bzw. von themenbezogenen Ad-hoc-Arbeitskreisen beim ZdK:<\/p>\n\n\n\n<ul class=\"wp-block-list\">\n<li>Politische Erkl\u00e4rung des ZdK aus Anlass der Wahlen zum 15. Deutschen Bundestag am 22. September 2002. Bonn 2002.<\/li>\n\n\n\n<li>F\u00fcr eine wertgebundene europ\u00e4ische Verfassungsordnung. Erkl\u00e4rung des ZdKs zur Arbeit des Europ\u00e4ischen Konvents f\u00fcr die Zukunft Europas, Bonn 2002.<\/li>\n\n\n\n<li>Das Europ\u00e4ische Sozialmodell &#8211; Richtschnur f\u00fcr Reformen. Bonn, 25.11.2006.<\/li>\n<\/ul>\n\n\n\n<p class=\"has-normal-font-size\">Als Mitglied der Bioethik-Kommission des Landes Rheinland-Pfalz:<\/p>\n\n\n\n<ul class=\"wp-block-list\">\n<li>Gesundheit und Gerechtigkeit. Ethische, soziale und rechtliche Herausforderungen, Bericht der Bioethik-Kommission des Landes Rheinland-Pfalz vom 30. April 2010, Mainz 2010.<\/li>\n\n\n\n<li>Pr\u00e4implantationsdiagnostik. Stellungnahme der Bioethik-Kommission des Landes Rheinland-Pfalz vom April 2011, Mainz 2011 (Mitverfasser eines abweichenden Votums, S. 12-15).<\/li>\n<\/ul>\n\n\n\n<p class=\"has-normal-font-size\">Im Auftrag der Synode der Evangelischen Kirche in Hessen und Nassau:<\/p>\n\n\n\n<ul class=\"wp-block-list\">\n<li>Zus. m. Pulte, Matthias; Ruthig, Josef: St\u00f6rung religi\u00f6ser Handlungen durch L\u00e4rm und Argumentationshilfen f\u00fcr k\u00fcnftige \u00f6ffentliche Planfeststellungsverfahren. In: Drucksache der Synode der EKHN Nr. 52\/17 [2014], 3-119 <a href=\"https:\/\/kirchenrecht-ekhn.de\/synodalds\/38335.pdf\">PDF<\/a><\/li>\n<\/ul>\n\n\n<\/jgu-base-accordionitem>\n\n<jgu-base-accordionitem react-props=\"{&quot;title&quot;:&quot;ORCID Connecting Research and Researchers&quot;,&quot;init&quot;:false,&quot;slug&quot;:&quot;orcid-connecting-research-and-researchers&quot;,&quot;align&quot;:&quot;wide&quot;,&quot;customSlug&quot;:false}\">\n    \n\n<p><a href=\"https:\/\/orcid.org\/0000-0001-9123-2904\">https:\/\/orcid.org\/0000-0001-9123-2904<\/a><\/p>\n\n\n<\/jgu-base-accordionitem>\n\n<jgu-base-accordionitem react-props=\"{&quot;title&quot;:&quot;Research Interests&quot;,&quot;init&quot;:false,&quot;slug&quot;:&quot;research-interests&quot;,&quot;align&quot;:&quot;wide&quot;,&quot;customSlug&quot;:false}\">\n    \n\n<ul class=\"wp-block-list\">\n<li><\/li>\n<\/ul>\n\n\n\n<p class=\"has-normal-font-size\"><strong>Practical Philosophy and Social Ethics esp.:<\/strong><\/p>\n\n\n\n<ul class=\"wp-block-list\">\n<li>Globalisation and global justice<\/li>\n\n\n\n<li>Civil society and democracy<\/li>\n\n\n\n<li>Labor and welfare state<\/li>\n\n\n\n<li>Intergenerational justice<\/li>\n\n\n\n<li>Education and equal opportunities, educational justice<\/li>\n\n\n\n<li>Ethical learning in the context of adult education<\/li>\n\n\n\n<li>Ethics of business and environment<\/li>\n\n\n\n<li>Poverty reduction in countries of the so called &#8220;Third world&#8221;<\/li>\n\n\n\n<li>Mexiko and Bolivia<\/li>\n\n\n\n<li>Latin American theology<\/li>\n\n\n\n<li>Theories of justice and moral<\/li>\n\n\n\n<li>Theology of liberation and catholic social teaching<\/li>\n\n\n\n<li>Reforms of the Catholic Church<\/li>\n<\/ul>\n\n\n<\/jgu-base-accordionitem>\n\n<jgu-base-accordionitem react-props=\"{&quot;title&quot;:&quot;Contact&quot;,&quot;init&quot;:false,&quot;slug&quot;:&quot;contact&quot;,&quot;align&quot;:&quot;wide&quot;,&quot;customSlug&quot;:false}\">\n    \n<jgu-base-contactcard react-props=\"{\n    &quot;name&quot;: &quot;Gerhard Kruip&quot;,\n    &quot;avatar&quot;: {\n        &quot;id&quot;: 9007,\n        &quot;url&quot;: &quot;https:\\\/\\\/cms.zdv.uni-mainz.de\\\/fb01-kath-sozialethik\\\/wp-content\\\/uploads\\\/sites\\\/177\\\/2024\\\/05\\\/Foto-Prof.-Kruip-5-scaled.jpg&quot;,\n        &quot;title&quot;: &quot;Foto-Prof.-Kruip-5&quot;,\n        &quot;width&quot;: 1707,\n        &quot;height&quot;: 2560,\n        &quot;srcset&quot;: &quot;https:\\\/\\\/cms.zdv.uni-mainz.de\\\/fb01-kath-sozialethik\\\/wp-content\\\/uploads\\\/sites\\\/177\\\/2024\\\/05\\\/Foto-Prof.-Kruip-5-scaled.jpg 1707w, https:\\\/\\\/cms.zdv.uni-mainz.de\\\/fb01-kath-sozialethik\\\/wp-content\\\/uploads\\\/sites\\\/177\\\/2024\\\/05\\\/Foto-Prof.-Kruip-5-200x300.jpg 200w, https:\\\/\\\/cms.zdv.uni-mainz.de\\\/fb01-kath-sozialethik\\\/wp-content\\\/uploads\\\/sites\\\/177\\\/2024\\\/05\\\/Foto-Prof.-Kruip-5-683x1024.jpg 683w, https:\\\/\\\/cms.zdv.uni-mainz.de\\\/fb01-kath-sozialethik\\\/wp-content\\\/uploads\\\/sites\\\/177\\\/2024\\\/05\\\/Foto-Prof.-Kruip-5-768x1152.jpg 768w, https:\\\/\\\/cms.zdv.uni-mainz.de\\\/fb01-kath-sozialethik\\\/wp-content\\\/uploads\\\/sites\\\/177\\\/2024\\\/05\\\/Foto-Prof.-Kruip-5-1024x1536.jpg 1024w, https:\\\/\\\/cms.zdv.uni-mainz.de\\\/fb01-kath-sozialethik\\\/wp-content\\\/uploads\\\/sites\\\/177\\\/2024\\\/05\\\/Foto-Prof.-Kruip-5-1365x2048.jpg 1365w&quot;\n    },\n    &quot;align&quot;: &quot;wide&quot;,\n    &quot;actions&quot;: [],\n    &quot;color&quot;: &quot;default&quot;\n}\">\n    \n<jgu-base-listitem react-props=\"{\n    &quot;icon&quot;: &quot;address-card-solid&quot;,\n    &quot;title&quot;: &quot;Kruip@uni-mainz.de&quot;,\n    &quot;uuid&quot;: &quot;1717672458337&quot;,\n    &quot;align&quot;: &quot;wide&quot;,\n    &quot;showInActions&quot;: false,\n    &quot;allowNesting&quot;: true,\n    &quot;showExpandableContent&quot;: false,\n    &quot;expandableContent&quot;: &quot;&quot;,\n    &quot;link&quot;: {\n        &quot;url&quot;: &quot;&quot;\n    }\n}\">\n    \n<\/jgu-base-listitem>\n\n<\/jgu-base-contactcard>\n\n<\/jgu-base-accordionitem>\n\n<\/jgu-base-accordion>\n    <div style=\"display: none\">\n        \n    <\/div>","protected":false},"excerpt":{"rendered":"","protected":false},"author":1,"featured_media":0,"parent":0,"menu_order":0,"comment_status":"closed","ping_status":"closed","template":"","meta":{"footnotes":""},"categories":[],"tags":[],"class_list":["post-10418","page","type-page","status-publish","hentry"],"content_raw":"<!-- wp:jgu\/pageheader {\"items\":[{\"box\":{\"index\":\"\",\"title\":\"Prof. i.R. Dr. Gerhard Kruip\",\"link\":{\"url\":\"\",\"title\":\"learn more\"}},\"color\":\"default\",\"image\":{\"url\":\"\"},\"imgCredit\":\"\",\"useVideo\":false,\"video\":false}],\"type\":\"small\",\"useBreadcrumb\":true} \/-->\n\n<!-- wp:jgu\/accordion {\"selected\":4} -->\n<!-- wp:jgu\/accordion-item {\"title\":\"Curriculum Vitae\",\"init\":false,\"slug\":\"curriculum-vitae\"} -->\n<!-- wp:paragraph -->\n<p><\/p>\n<!-- \/wp:paragraph -->\n\n<!-- wp:list -->\n<ul class=\"wp-block-list\"><!-- wp:list-item -->\n<li>1957 Born in Munich (Germany)&nbsp;<\/li>\n<!-- \/wp:list-item -->\n\n<!-- wp:list-item -->\n<li>1975-1981 Studies of Mathematics and Catholic Theology in W\u00fcrzburg (Germany) and Paris (France)&nbsp;<\/li>\n<!-- \/wp:list-item -->\n\n<!-- wp:list-item -->\n<li>1982\/1983 Research stay in Mexico&nbsp;<\/li>\n<!-- \/wp:list-item -->\n\n<!-- wp:list-item -->\n<li>1985-1995 Assistant Professor for Social Ethics at the Faculty for Catholic Theology of the University of W\u00fcrzburg&nbsp;<\/li>\n<!-- \/wp:list-item -->\n\n<!-- wp:list-item -->\n<li>1989 Dr. theol.&nbsp;<\/li>\n<!-- \/wp:list-item -->\n\n<!-- wp:list-item -->\n<li>1991\/1992 Research stay in Mexico&nbsp;<\/li>\n<!-- \/wp:list-item -->\n\n<!-- wp:list-item -->\n<li>1995 Dr. habil. theol.&nbsp;<\/li>\n<!-- \/wp:list-item -->\n\n<!-- wp:list-item -->\n<li>1995-2000 Director of the Catholic academy for youth issues (Katholische Akademie f\u00fcr Jugendfragen\/Permanent formation) in Altenberg&nbsp;<\/li>\n<!-- \/wp:list-item -->\n\n<!-- wp:list-item -->\n<li>2000-2009 Director of the Hanover Institute for Philosophical Research (Forschungsinstitut f\u00fcr Philosophie, fiph, Hannover)&nbsp;<\/li>\n<!-- \/wp:list-item -->\n\n<!-- wp:list-item -->\n<li>since 2006 Professor for Christian Anthropology and Social Ethics at the Faculty for Catholic Theology of the Johannes Gutenberg-University of Mainz&nbsp;<\/li>\n<!-- \/wp:list-item -->\n\n<!-- wp:list-item -->\n<li>2012 Award of the Johannes Gutenberg-University of Mainz for an excellent academic teaching&nbsp;<\/li>\n<!-- \/wp:list-item -->\n\n<!-- wp:list-item -->\n<li>2012-2015 Dean of the Faculty for Catholic Theology of the Johannes Gutenberg-University of Mainz&nbsp;<\/li>\n<!-- \/wp:list-item -->\n\n<!-- wp:list-item -->\n<li>Retired on April 1, 2024<\/li>\n<!-- \/wp:list-item -->\n\n<!-- wp:list-item -->\n<li><\/li>\n<!-- \/wp:list-item --><\/ul>\n<!-- \/wp:list -->\n\n<!-- wp:paragraph -->\n<p><strong>Lectureships<\/strong><\/p>\n<!-- \/wp:paragraph -->\n\n<!-- wp:paragraph -->\n<p><\/p>\n<!-- \/wp:paragraph -->\n\n<!-- wp:list -->\n<ul class=\"wp-block-list\"><!-- wp:list-item -->\n<li>1990               Guest lecturer at the Universidad de Salamanca (Spain)&nbsp;<\/li>\n<!-- \/wp:list-item -->\n\n<!-- wp:list-item -->\n<li>1995 Guest lecturer at the \"Studienjahr\" of the Dormitian Abbey in Jerusalem (Israel)&nbsp;<\/li>\n<!-- \/wp:list-item -->\n\n<!-- wp:list-item -->\n<li>1994-1997 Faculty for Catholic Theology of Fulda (Germany)&nbsp;<\/li>\n<!-- \/wp:list-item -->\n\n<!-- wp:list-item -->\n<li>1996-2000 Institute for Catholic Theology at the University of Cologne (Germany)&nbsp;<\/li>\n<!-- \/wp:list-item -->\n\n<!-- wp:list-item -->\n<li>2000-2001 Catholic University of Applied Sciences of Berlin (Germany)&nbsp;<\/li>\n<!-- \/wp:list-item -->\n\n<!-- wp:list-item -->\n<li>2001-2006 Philosophical Seminar and Institute of Catholic Theology at the Leibniz University of Hanover (Germany)<\/li>\n<!-- \/wp:list-item -->\n\n<!-- wp:list-item -->\n<li><\/li>\n<!-- \/wp:list-item --><\/ul>\n<!-- \/wp:list -->\n\n<!-- wp:paragraph -->\n<p><strong>Involvement in Committees and networks (a selection)<\/strong><\/p>\n<!-- \/wp:paragraph -->\n\n<!-- wp:list -->\n<ul class=\"wp-block-list\"><!-- wp:list-item -->\n<li>2011-2024 \"Editor-in-Chief\" of \"ET-Studies\", Journal of the European Society for Catholic Theology (Herausgeber der ET-Studies, Zeitschrift der Europ\u00e4ischen Gesellschaft f\u00fcr katholische Theologie)&nbsp;<\/li>\n<!-- \/wp:list-item -->\n\n<!-- wp:list-item -->\n<li>until 02\/2020 Advisary board of the Berlin Institute of Christian Ethics and Politics (Beirat des Berliner Instituts f\u00fcr Christliche Ethik und Politik, ICEP)&nbsp;<\/li>\n<!-- \/wp:list-item -->\n\n<!-- wp:list-item -->\n<li>until 02\/2020: <br>2006-2016 Consultant of Commission VI and Subcommission for contacts with Latin America of the German Bishops Conference (Berater der Kommission VI und der Unterkommission f\u00fcr Kontakte mit Lateinamerika der Deutschen Bischofskonferenz DBK)<br>2016 - 02\/2020: Consultant of the Caritas Commission of the German Bishops Conference (Berater der Caritaskommission der Deutschen Bischofskonferenz DBK)&nbsp;<\/li>\n<!-- \/wp:list-item -->\n\n<!-- wp:list-item -->\n<li>until 02\/2020: Consultant of the Permanent Working Group for Political Fundamental Issues of the Central Committee of German Catholics (Berater im st\u00e4ndigen Arbeitskreis f\u00fcr politische Grundsatzfragen des Zentralkomitees der deutschen Katholiken, ZdK)&nbsp;<\/li>\n<!-- \/wp:list-item -->\n\n<!-- wp:list-item -->\n<li>2006-2015 Assembly of Delegates of the German Caritas Association (Delegiertenversammlung des Deutschen Caritasverbandes)&nbsp;<\/li>\n<!-- \/wp:list-item -->\n\n<!-- wp:list-item -->\n<li>Board of Trustees of the scholarship organization Latin America-Germany (Kuratorium des Stipendienwerks Lateinamerika-Deutschland)&nbsp;<\/li>\n<!-- \/wp:list-item -->\n\n<!-- wp:list-item -->\n<li>Expert group World Economy and Social Ethics of the German Bishops Conference (Sachverst\u00e4ndigengruppe Weltwirtschaft und Sozialethik der Deutschen Bischofskonferenz DBK)&nbsp;<\/li>\n<!-- \/wp:list-item -->\n\n<!-- wp:list-item -->\n<li>until 02\/2020: Scientific advisary board of distance learning for theology (Wissenschaftlicher Beirat von Theologie im Fernkurs)&nbsp;<\/li>\n<!-- \/wp:list-item -->\n\n<!-- wp:list-item -->\n<li>until 02\/2020: Consultant of the working group \u201eEurope\u201c of the German Bishops Conference (Berater der Arbeitsgruppe \u201eEuropa\u201c der Deutschen Bischofskonferenz DBK)<br><\/li>\n<!-- \/wp:list-item --><\/ul>\n<!-- \/wp:list -->\n\n<!-- wp:paragraph -->\n<p><strong>Memberships (a selection)<\/strong><\/p>\n<!-- \/wp:paragraph -->\n\n<!-- wp:list -->\n<ul class=\"wp-block-list\"><!-- wp:list-item -->\n<li>Asociaci\u00f3n Alemana de Investigacion sobre Am\u00e9rica Latina; Working group of German research about Latin America (Arbeitsgemeinschaft Deutscher Lateinamerikaforschung, ADLAF)&nbsp;<\/li>\n<!-- \/wp:list-item -->\n\n<!-- wp:list-item -->\n<li>European Society for Catholic Theology (Europ\u00e4ische Gesellschaft f\u00fcr Katholische Theologie)&nbsp;<\/li>\n<!-- \/wp:list-item -->\n\n<!-- wp:list-item -->\n<li>International Association for Moral Theology and Social Ethics (Internationale Vereinigung f\u00fcr Moraltheologie und Sozialethik)&nbsp;<\/li>\n<!-- \/wp:list-item -->\n\n<!-- wp:list-item -->\n<li>European Society for Research in Ethics\/ Societas Ethica (Europ\u00e4ische Forschungsgesellschaft f\u00fcr Ethik)<\/li>\n<!-- \/wp:list-item -->\n\n<!-- wp:list-item -->\n<li><\/li>\n<!-- \/wp:list-item --><\/ul>\n<!-- \/wp:list -->\n<!-- \/wp:jgu\/accordion-item -->\n\n<!-- wp:jgu\/accordion-item {\"title\":\"Publications\",\"init\":false,\"slug\":\"publications\"} -->\n<!-- wp:paragraph {\"fontSize\":\"small\"} -->\n<p class=\"has-small-font-size\">current status as of: July 01, 2024<\/p>\n<!-- \/wp:paragraph -->\n\n<!-- wp:paragraph -->\n<p><strong>Books<\/strong><\/p>\n<!-- \/wp:paragraph -->\n\n<!-- wp:paragraph -->\n<p>1996<\/p>\n<!-- \/wp:paragraph -->\n\n<!-- wp:list -->\n<ul class=\"wp-block-list\"><!-- wp:list-item -->\n<li>Kirche und Gesellschaft im Proze\u00df ethisch historischer Selbstverst\u00e4ndigung. Die mexikanische Kontroverse um die \"Entdeckung Amerikas\". M\u00fcnster: Lit Verlag 1996 (Schriften des Instituts f\u00fcr Christliche Sozialwissenschaften der Westf\u00e4lischen Wilhelms Universit\u00e4t M\u00fcnster 34). XIV+414 S.<\/li>\n<!-- \/wp:list-item --><\/ul>\n<!-- \/wp:list -->\n\n<!-- wp:paragraph -->\n<p>1988<\/p>\n<!-- \/wp:paragraph -->\n\n<!-- wp:list -->\n<ul class=\"wp-block-list\"><!-- wp:list-item -->\n<li>Entwicklung oder Befreiung? Elemente einer Ethik sozialer Strukturen am Beispiel ausgew\u00e4hlter Stellungnahmen aus der katholischen Kirche Mexikos (1982 1987). Saarbr\u00fccken; Fort Lauderdale: Breitenbach, 1988. VI+597 S.<\/li>\n<!-- \/wp:list-item --><\/ul>\n<!-- \/wp:list -->\n\n<!-- wp:paragraph -->\n<p><strong>Editions<\/strong><\/p>\n<!-- \/wp:paragraph -->\n\n<!-- wp:paragraph -->\n<p>2022<\/p>\n<!-- \/wp:paragraph -->\n\n<!-- wp:list -->\n<ul class=\"wp-block-list\"><!-- wp:list-item -->\n<li>Zus. m. Heimbach-Steins, Marianne; Becka, Michelle; Fr\u00fchbauer, Johannes J.; (Hg.) (F, 2022): <a href=\"https:\/\/www.uni-muenster.de\/FB2\/ics\/lehrbuch_2022.html\">Christliche Sozialethik - Grundlagen - Kontexte - Themen<\/a>. Ein Lehr-und Studienbuch. Regensburg: Pustet.<\/li>\n<!-- \/wp:list-item --><\/ul>\n<!-- \/wp:list -->\n\n<!-- wp:paragraph -->\n<p>2019<\/p>\n<!-- \/wp:paragraph -->\n\n<!-- wp:list -->\n<ul class=\"wp-block-list\"><!-- wp:list-item -->\n<li>zus. m. M\u00fc\u00dfig, Dietmar; Zikesch, Raphael (Hg.) (2019): Neo-Extraktivismus in Bolivien. Chancen, Risiken, Nachhaltigkeit. M\u00fcnster: Aschendorff. \u2013 Span. Ausgabe: El Neo-Extractivismo en Bolivia. Oportunidades, Riesgos, Sostenibilidad. Cochabamba (Bolivien): Itinerarios 2019.<\/li>\n<!-- \/wp:list-item --><\/ul>\n<!-- \/wp:list -->\n\n<!-- wp:paragraph -->\n<p>2016<\/p>\n<!-- \/wp:paragraph -->\n\n<!-- wp:list -->\n<ul class=\"wp-block-list\"><!-- wp:list-item -->\n<li>zus. mit Prcela, Frano (Hg.): Die Zukunft der Orden. Mit einem Geleitwort von Karl Kardinal Lehmann. W\u00fcrzburg: Echter, 2016.<\/li>\n<!-- \/wp:list-item -->\n\n<!-- wp:list-item -->\n<li>zus. mit Eckert, Michael; Eckholt, Margit; Gross, Walter u.a. (Hg.): Intercambio. Jahrbuch des Stipendienwerks Lateinamerika-Deutschland (Band 3\/2011-2014). M\u00fcnster: Lit, 2016.<\/li>\n<!-- \/wp:list-item --><\/ul>\n<!-- \/wp:list -->\n\n<!-- wp:paragraph -->\n<p>2011<\/p>\n<!-- \/wp:paragraph -->\n\n<!-- wp:list -->\n<ul class=\"wp-block-list\"><!-- wp:list-item -->\n<li>zus. mit Heimbach-Steins, Marianne; Wendel, Saskia (Hg.) (2011): \"Kirche 2011 Ein notwendiger Aufbruch\". Argumente zum Memorandum. Freiburg im Breisgau: Herder (mit einem Vorwort der Herausgeber\/innen, 9-13).- Spanische \u00dcbersetzung \u201eIglesia 2011 - Un resurgimiento imprescindible - Argumentos para el Memorando\u201d. Im Internet unter <a href=\"http:\/\/amerindiaenlared.org\/download\/8099\/libro-iglesia-2011-un-resurgimiento-imprescindible--argumentos-para-el-memorando\">http:\/\/amerindiaenlared.org\/download\/8099\/libro-iglesia-2011-un-resurgimiento-imprescindible--argumentos-para-el-memorando<\/a>.<\/li>\n<!-- \/wp:list-item -->\n\n<!-- wp:list-item -->\n<li>zus. mit Heimbach-Steins, Marianne (Hg.): Kooperative Bildungsverantwortung. Sozialethische und p\u00e4dagogische Perspektiven auf \"Educational Governance\". Bielefeld: W. Bertelsmann, 2011 (mit einem Vorwort der Herausgeber\/in, 7-8).<\/li>\n<!-- \/wp:list-item --><\/ul>\n<!-- \/wp:list -->\n\n<!-- wp:paragraph -->\n<p>2010<\/p>\n<!-- \/wp:paragraph -->\n\n<!-- wp:list -->\n<ul class=\"wp-block-list\"><!-- wp:list-item -->\n<li>zus. mit Gisbertz, Helga; Tolksdorf, Markus (Hg.): Ethisches Lernen in der allgemeinen Erwachsenenbildung. Bielefeld: W. Bertelsmann, 2010 (mit einem Vorwort der Herausgeber\/in, 11-13).<\/li>\n<!-- \/wp:list-item --><\/ul>\n<!-- \/wp:list -->\n\n<!-- wp:paragraph -->\n<p>2009<\/p>\n<!-- \/wp:paragraph -->\n\n<!-- wp:list -->\n<ul class=\"wp-block-list\"><!-- wp:list-item -->\n<li>zus. mit Heimbach-Steins, Marianne; Kunze, Axel-Bernd (Hg.): Bildungsgerechtigkeit - Interdisziplin\u00e4re Perspektiven. Bielefeld: W. Bertelsmann, 2009 (mit einem Vorwort der Herausgeber\/in S. 7-11).<\/li>\n<!-- \/wp:list-item -->\n\n<!-- wp:list-item -->\n<li>zus. mit Marianne Heimbach-Steins; Axel-Bernd Kunze (Hg.): Bildung, Politik und Menschenrecht. Ein ethischer Diskurs. Bielefeld: W. Bertelsmann, 2009.<\/li>\n<!-- \/wp:list-item --><\/ul>\n<!-- \/wp:list -->\n\n<!-- wp:paragraph -->\n<p>2008<\/p>\n<!-- \/wp:paragraph -->\n\n<!-- wp:list -->\n<ul class=\"wp-block-list\"><!-- wp:list-item -->\n<li>zus. mit Eckert, Michael; Eckholt, Margit; Goss, Walter u.a. (Hg.): Intercambio. Jahrbuch des Stipendienwerks Lateinamerika-Deutschland (Band 1). M\u00fcnster: Lit, 2008.<\/li>\n<!-- \/wp:list-item -->\n\n<!-- wp:list-item -->\n<li>zus. mit Heimbach-Steins, Marianne; Neuhoff, Katja (Hg.): Bildungswege als Hindernisl\u00e4ufe. Zum Menschenrecht auf Bildung in Deutschland. Bielefeld: W. Bertelsmann, 2008.<\/li>\n<!-- \/wp:list-item --><\/ul>\n<!-- \/wp:list -->\n\n<!-- wp:paragraph -->\n<p>2007<\/p>\n<!-- \/wp:paragraph -->\n\n<!-- wp:list -->\n<ul class=\"wp-block-list\"><!-- wp:list-item -->\n<li>zus. mit Fischer, Michael (Hg.): Feindliche \u00dcbernahmen? Zur Dynamik gesellschaftlicher Grenz\u00fcberschreitungen. M\u00fcnster: Lit, 2007 (mit einer Einf\u00fchrung der Herausgeber, S. 7-14).<\/li>\n<!-- \/wp:list-item -->\n\n<!-- wp:list-item -->\n<li>zus. mit Heimbach-Steins, Marianne; Kunze, Axel-Bernd (Hg.): Das Menschenrecht auf Bildung und seine Umsetzung in Deutschland. Diagnosen - Reflexionen - Perspektiven. Bielefeld: W. Bertelsmann, 2007 (mit einem Vorwort der Herausgeber\/in 5-7).<\/li>\n<!-- \/wp:list-item -->\n\n<!-- wp:list-item -->\n<li>zus. mit Bergold, Ralph; Gisbertz, Helga (Hg.): Treffpunkt Ethik: Internetbasierte Lernumgebungen f\u00fcr ethische Diskurse. Bielefeld: W. Bertelsmann, 2007 (mit einem Vorwort (15-20) und einem Ausblick (497-500) der Herausgeber\/in).<\/li>\n<!-- \/wp:list-item -->\n\n<!-- wp:list-item -->\n<li>zus. mit Reifeld, Helmut (Hg.): Church and Civil Society: The Role of Christian Churches in the Emerging Countries of Argentina, Mexico, Nigeria and South Africa. Sankt Augustin\/Berlin: KAS, 2007.<\/li>\n<!-- \/wp:list-item --><\/ul>\n<!-- \/wp:list -->\n\n<!-- wp:paragraph -->\n<p>2006<\/p>\n<!-- \/wp:paragraph -->\n\n<!-- wp:list -->\n<ul class=\"wp-block-list\"><!-- wp:list-item -->\n<li>zus. mit Fischer, Michael (Hg.): Gerechtigkeiten: Hannoversche Zwischenrufe 2006. M\u00fcnster: Lit, 2007 (mit einem Vorwort der Herausgeber, VII-IX).<\/li>\n<!-- \/wp:list-item -->\n\n<!-- wp:list-item -->\n<li>zus. mit V\u00f6gele, Wolfgang (Hg.): Schatten der Differenz. Das Paradigma der Anerkennung und die Realit\u00e4t gesellschaftlicher Konflikte. M\u00fcnster: Lit. 2006. (Mit einem Vorwort der Herausgeber, VII-XIV)<\/li>\n<!-- \/wp:list-item -->\n\n<!-- wp:list-item -->\n<li>zus. mit Fischer, Michael (Hg.): Als g\u00e4be es Ihn nicht - Vernunft und Gottesfrage heute. M\u00fcnster u.a.: Lit, 2006.<\/li>\n<!-- \/wp:list-item --><\/ul>\n<!-- \/wp:list -->\n\n<!-- wp:paragraph -->\n<p>2005<\/p>\n<!-- \/wp:paragraph -->\n\n<!-- wp:list -->\n<ul class=\"wp-block-list\"><!-- wp:list-item -->\n<li>Neuhoff, Katja: Blended Learning im Treffpunkt Ethik: Abschlussbericht der Wissenschaftlichen Begleitforschung. \/ Unter Mitarbeit von Reinhard Hohmann, Uwe Fricke, Marianne Malten und unter Leitung von Gerhard Kruip. Hannover: FIPH, 2005.<\/li>\n<!-- \/wp:list-item -->\n\n<!-- wp:list-item -->\n<li>zus. mit Goebel, Bernd; Hauk, Ana Maria (Hg.): Probleme des Naturalismus : Philosophische Beitr\u00e4ge. Paderborn: Mentis 2005.<\/li>\n<!-- \/wp:list-item --><\/ul>\n<!-- \/wp:list -->\n\n<!-- wp:paragraph -->\n<p>2004<\/p>\n<!-- \/wp:paragraph -->\n\n<!-- wp:list -->\n<ul class=\"wp-block-list\"><!-- wp:list-item -->\n<li>zus. mit Emunds, Bernhard; Horntrich, Georg; Ulsh\u00f6fer, Gotlind (Hg.): Vom Sein zum Sollen und zur\u00fcck. Zum Verh\u00e4ltnis von Faktizit\u00e4t und Normativit\u00e4t. Frankfurt\/Main: Haag + Herchen, 2004 (mit einer Einf\u00fchrung der Herausgeber, 7-13).<\/li>\n<!-- \/wp:list-item --><\/ul>\n<!-- \/wp:list -->\n\n<!-- wp:paragraph -->\n<p>2003<\/p>\n<!-- \/wp:paragraph -->\n\n<!-- wp:list -->\n<ul class=\"wp-block-list\"><!-- wp:list-item -->\n<li>zus. mit Heimbach-Steins, Marianne (Hg.): Bildung und Beteiligungsgerechtigkeit: Sozialethische Sondierungen. Bielefeld: W. Bertelsmann, 2003 (mit einem Vorwort der Herausgeber, 7-8).<\/li>\n<!-- \/wp:list-item -->\n\n<!-- wp:list-item -->\n<li>zus. mit Goebel, Bernd (Hg.): Gentechnologie und die Zukunft der Menschenw\u00fcrde. M\u00fcnster: Lit, 2003 (mit einem gemeinsamen Vorwort, V).<\/li>\n<!-- \/wp:list-item --><\/ul>\n<!-- \/wp:list -->\n\n<!-- wp:paragraph -->\n<p>2002<\/p>\n<!-- \/wp:paragraph -->\n\n<!-- wp:list -->\n<ul class=\"wp-block-list\"><!-- wp:list-item -->\n<li>zus. mit Huch, Monika (Hg.): Eine Erde f\u00fcr alle. Geowissenschaften und Philosophie im Dialog. Ein Beitrag zum Jahr der Geowissenschaften 2002 anl\u00e4sslich der gleichnamigen Veranstaltung am 27. und 28. Juni 2002 in Celle. Hannover: Dt. Geol. Gesellschaft, 2002 (Schriftenreihe der Dt. Geol. Gesellsch. 20).<\/li>\n<!-- \/wp:list-item --><\/ul>\n<!-- \/wp:list -->\n\n<!-- wp:paragraph -->\n<p>2001<\/p>\n<!-- \/wp:paragraph -->\n\n<!-- wp:list -->\n<ul class=\"wp-block-list\"><!-- wp:list-item -->\n<li>zus. mit H\u00f6sle, Vittorio; Koslowski, Peter; Schenk, Richard (Hg.): Jahrbuch f\u00fcr Philosophie des Forschungsinstituts f\u00fcr Philosophie Hannover Bd. 12\/2001, Wien 2001 (mit einem gemeinsamen Vorwort der Herausgeber 11-12).<\/li>\n<!-- \/wp:list-item -->\n\n<!-- wp:list-item -->\n<li>zus. mit Feldbaum, Karl-Heinz; Hobelsberger, Hans; Freitag, Michael (Hg.): Neues Lernen f\u00fcr globale Solidarit\u00e4t: Entwicklungsbezogene Bildung in kirchlicher Kinder- und Jugendarbeit. D\u00fcsseldorf: Verlag Haus Altenberg, 2001 (mit einem gemeinsamen Vorwort der Herausgeber 7-9).<\/li>\n<!-- \/wp:list-item --><\/ul>\n<!-- \/wp:list -->\n\n<!-- wp:paragraph -->\n<p>1999<\/p>\n<!-- \/wp:paragraph -->\n\n<!-- wp:list -->\n<ul class=\"wp-block-list\"><!-- wp:list-item -->\n<li>zus. mit Gralla, Anneliese; Hobelsberger, Hans (Hg.): Diakonische Jugendarbeit: Option f\u00fcr die Jugend und Option von Jugendlichen. M\u00fcnchen: Don Bosco, 1999 (Studien zur Jugendpastoral 6) (mit einem gemeinsamen Vorwort der Herausgeber).<\/li>\n<!-- \/wp:list-item -->\n\n<!-- wp:list-item -->\n<li>Personalentwicklung und Fortbildung: Dokumentation einer Fachtagung der Katholischen Akademie f\u00fcr Jugendfragen vom 4.-6. M\u00e4rz 1999. Odenthal Altenberg 1999 (Schriftenreihe der Katholischen Akademie f\u00fcr Jugendfragen, Bd. 9) (mit einem Vorwort 7-8, einem Res\u00fcmee 89-93 und dem Wiederabdruck eines eigenen Beitrags s.u.).<\/li>\n<!-- \/wp:list-item --><\/ul>\n<!-- \/wp:list -->\n\n<!-- wp:paragraph -->\n<p>1998<\/p>\n<!-- \/wp:paragraph -->\n\n<!-- wp:list -->\n<ul class=\"wp-block-list\"><!-- wp:list-item -->\n<li>zus. mit Hobelsberger, Hans; Tzscheetzsch, Werner (Hg.): Engagement und Religion im Leben von Jugendlichen. Odenthal: Selbstverlag, 1998 (Schriftenreihe der Katholischen Akademie f\u00fcr Jugendfragen, Bd. 7) (mit einem gemeinsamen Vorwort 5-6).<\/li>\n<!-- \/wp:list-item -->\n\n<!-- wp:list-item -->\n<li>zus. mit Amann, Hans; Lechner, Martin (Hg.): \u201eKundschafter des Volkes Gottes\u201d: Festschrift f\u00fcr P. Roman Bleistein SJ zum 70 Geburtstag (Studien zur Jugendpastoral 4). M\u00fcnchen: Don Bosco, 1998 (mit einem gemeinsamen Vorwort 7-10).<\/li>\n<!-- \/wp:list-item --><\/ul>\n<!-- \/wp:list -->\n\n<!-- wp:paragraph -->\n<p>1996<\/p>\n<!-- \/wp:paragraph -->\n\n<!-- wp:list -->\n<ul class=\"wp-block-list\"><!-- wp:list-item -->\n<li>zus. mit Franke-Hesse, Ute (Hg.): Kirchliches Leben und Theologie in Frankreich, Dokumentation einer Fachtagung vom 6. 7.12.1996. Odenthal: Kath. Akademie f\u00fcr Jugendfragen, 1997 (Schriftenreihe Bd. 5) (mit einem Vorwort mit Paul H\u00fcster, 7-8).<\/li>\n<!-- \/wp:list-item -->\n\n<!-- wp:list-item -->\n<li>zus. mit Franke-Hesse, Ute (Hg.): Situation und Perspektiven von Fort- und Weiterbildung, Dokumentation einer Fachtagung vom 4.-6.10.1996. Odenthal: Kath. Akademie f\u00fcr Jugendfragen, 1997 (Schriftenreihe Bd. 4) (mit einem Vorwort 5-8, einem Arbeitsgruppenbericht 119-125 und einem Res\u00fcmee 146-149).<\/li>\n<!-- \/wp:list-item --><\/ul>\n<!-- \/wp:list -->\n\n<!-- wp:paragraph -->\n<p>1993<\/p>\n<!-- \/wp:paragraph -->\n\n<!-- wp:list -->\n<ul class=\"wp-block-list\"><!-- wp:list-item -->\n<li>zus. mit Dreier, Wilhelm u.a. (Hg.): Entdeckung, Eroberung, Befreiung: 500 Jahre Gewalt und Evangelium in Amerika. W\u00fcrzburg: Echter 1993.<\/li>\n<!-- \/wp:list-item --><\/ul>\n<!-- \/wp:list -->\n\n<!-- wp:paragraph -->\n<p>1990<\/p>\n<!-- \/wp:paragraph -->\n\n<!-- wp:list -->\n<ul class=\"wp-block-list\"><!-- wp:list-item -->\n<li>zus. mit Donhauser, Karin; Irrgang, Bernhard; Klawitter, J\u00f6rg (Hg. i. A. der STEIG): \u00d6kologie und Dritte Welt (Themenheft), Forum f\u00fcr Interdisziplin\u00e4re Forschung (FIF) 3(1990)2 (mit einem Vorwort 1-2).<\/li>\n<!-- \/wp:list-item --><\/ul>\n<!-- \/wp:list -->\n\n<!-- wp:paragraph -->\n<p>1985<\/p>\n<!-- \/wp:paragraph -->\n\n<!-- wp:list -->\n<ul class=\"wp-block-list\"><!-- wp:list-item -->\n<li>zus. mit Irrgang, Bernhard; Klawitter, J\u00f6rg (Hg. i. A. der STEIG e.V.): Kommentierte Bibliographie zum Themenfeld Natur Mensch Umwelt. W\u00fcrzburg: STEIG e.V. 1985.<\/li>\n<!-- \/wp:list-item -->\n\n<!-- wp:list-item -->\n<li>zus. mit Irrgang, Bernhard; Klawitter, J\u00f6rg (Hg. i. A. der STEIG e.V.): Interdisziplin\u00e4re Bibliographie: Analysen, Modelle, Strategien zum Themenfeld Natur Mensch Umwelt. W\u00fcrzburg: STEIG e.V. 1985.<\/li>\n<!-- \/wp:list-item -->\n\n<!-- wp:list-item -->\n<li>zus. mit Klawitter, J\u00f6rg (Hg. i. A. der STEIG e.V.): M\u00f6glichkeiten der Ver\u00e4nderung durch Macht und\/oder Elite und\/oder Vorbild angesichts unserer Zukunftsprobleme? W\u00fcrzburg: STEIG e.V. 1985.<\/li>\n<!-- \/wp:list-item --><\/ul>\n<!-- \/wp:list -->\n\n<!-- wp:paragraph -->\n<p><strong>Articles and Book chapters<\/strong><\/p>\n<!-- \/wp:paragraph -->\n\n<!-- wp:paragraph -->\n<p>2024<\/p>\n<!-- \/wp:paragraph -->\n\n<!-- wp:list -->\n<ul class=\"wp-block-list\"><!-- wp:list-item -->\n<li>Zus. m. Michael Quisinsky: Digitalisierung und ihre Bedeutung f\u00fcr Theologie und Kirche (Editorial). In: ET-Studies 15(2024)1, V-VIII.<\/li>\n<!-- \/wp:list-item -->\n\n<!-- wp:list-item -->\n<li>Zus. m. Kivist\u00f6, Hanna-Mari; Wittenbrink, Edith: Refugees\u2019 Human Rights and the Duties of the EU. In: Francesco Lo Piccolo, Annalisa Mangiaracina, Giuseppe Paternostro, Vincenzo Todaro (Hg.): In and Out: Rights of Migrants in the European Space. Cham: Springer Nature Switzerland (UNIPA Springer Series), 135-146.<\/li>\n<!-- \/wp:list-item -->\n\n<!-- wp:list-item -->\n<li>Zus. m. Carmona, Carmen: The Invisible Voices of Migrants in Higher Education. In: Francesco Lo Piccolo, Annalisa Mangiaracina, Giuseppe Paternostro, Vincenzo Todaro (Hg.): In and Out: Rights of Migrants in the European Space. Cham: Springer Nature Switzerland (UNIPA Springer Series), 307-317.<\/li>\n<!-- \/wp:list-item -->\n\n<!-- wp:list-item -->\n<li>Industrie, Innovation und Infrastruktur (SDG 9). Voraussetzungen f\u00fcr eine gelingende sozial-\u00f6kologische Transformation. In: Thomas Laubach, Konstantin Lindner und Simon Steinberger (Hg.): Theology for Future. Die 17 Ziele der UN f\u00fcr nachhaltige Entwicklung theologisch reflektiert. Freiburg i. Br.: Herder, 153\u2013165.<\/li>\n<!-- \/wp:list-item -->\n\n<!-- wp:list-item -->\n<li>Eine Pflicht zum Verzicht. Der Deutsche Ethikrat bezieht Stellung zum Thema Klimagerechtigkeit. In: Herder Korrespondenz 78(2024)4, 20\u201322.<\/li>\n<!-- \/wp:list-item --><\/ul>\n<!-- \/wp:list -->\n\n<!-- wp:paragraph -->\n<p>2023<\/p>\n<!-- \/wp:paragraph -->\n\n<!-- wp:list -->\n<ul class=\"wp-block-list\"><!-- wp:list-item -->\n<li>Die Soziale Frage in der globalen Klimaschutzpolitik. In: Konrad Adenauer Stiftung e.V. (Hg.): Sozialethik konkret. Klimaschutz global gerecht gestalten. Berlin (Sozialethik konkret): KAS, 2023, 59\u201376.<\/li>\n<!-- \/wp:list-item -->\n\n<!-- wp:list-item -->\n<li>Climate justice - An example of a complex interplay of different justice aspects. In: Theresa Perabo und Sigrid Rieuwerts (Hg.): A Fearful Hope. Imagining a Blueprint for a Sustainable Future in an international interdisciplinary Global Outreach Project. M\u00fcnster u. a.: Waxmann 2023 (Mainzer Beitr\u00e4ge zur Kulturanthropologie\/Europ\u00e4ischen Ethnologie), im Erscheinen.<\/li>\n<!-- \/wp:list-item -->\n\n<!-- wp:list-item -->\n<li>Die Welt um uns herum zerf\u00e4llt. Das Apostolische Schreiben \"Laudate deum\". In: Herder Korrespondenz 77(2023)11, 21\u201323.<\/li>\n<!-- \/wp:list-item -->\n\n<!-- wp:list-item -->\n<li>Umweltpolitische Eckpfeiler des Koalitionsvertrages aus sozialethischem Blickwinkel. In: Matthias Pulte (Hg.): Aktuelle Herausforderungen aus der Politik f\u00fcr Religion und Recht. W\u00fcrzburg: Echter, 35-60.<\/li>\n<!-- \/wp:list-item -->\n\n<!-- wp:list-item -->\n<li>Zus. m. H\u00f6llinger, Stephanie: Zukunft der Theologie in Europa (Editorial). In: ET-Studies 14(2023)2, V-VIII.<\/li>\n<!-- \/wp:list-item -->\n\n<!-- wp:list-item -->\n<li>Europ\u00e4ische Theologie: Zukunftsf\u00e4hig? In: Herder Korrespondenz 77(2023)10, 9\u201310.<\/li>\n<!-- \/wp:list-item -->\n\n<!-- wp:list-item -->\n<li>Krieg und Religion \u2013 und die Sehnsucht nach Frieden (Editorial). In: ET-Studies 14(2023)1, V-VIII.<\/li>\n<!-- \/wp:list-item -->\n\n<!-- wp:list-item -->\n<li>\u00dcberlegungsgleichgewicht. In: Johannes Fru\u0308hbauer, Michael Reder, Michael Roseneck und Thomas S. Schmidt (Hg.): Rawls-Handbuch. Leben - Werk - Wirkung. Stuttgart: Metzler 2023, 399\u2013403.<\/li>\n<!-- \/wp:list-item -->\n\n<!-- wp:list-item -->\n<li>Urzustand. In: Johannes Fru\u0308hbauer, Michael Reder, Michael Roseneck und Thomas S. Schmidt (Hg.): Rawls-Handbuch. Leben \u2013 Werk - Wirkung. Stuttgart: Metzler 2023, 409\u2013413.<\/li>\n<!-- \/wp:list-item -->\n\n<!-- wp:list-item -->\n<li>Zus. m. Cremer, Georg: Arbeit muss sich f\u00fcr alle lohnen! Notwendige Reformen f\u00fcr Bezieher:innen von B\u00fcrgergeld und Geringverdiener:innen. In: Amos international 17(2023)1, 7-15.<\/li>\n<!-- \/wp:list-item -->\n\n<!-- wp:list-item -->\n<li>Bedingungsloses Grundeinkommen \u2013 aus sozialethischer Perspektive. In: Torsten Meireis, Clemens Wustmans (Hg.): Bedingungsloses Grundeinkommen \u2013 Utopie, Ideologie, ethisch begr\u00fcndbares Ziel? Berlin, Boston: de Gruyter 2023, 63\u201376 (Berliner Theologische Zeitschrift: Beiheft).<\/li>\n<!-- \/wp:list-item --><\/ul>\n<!-- \/wp:list -->\n\n<!-- wp:paragraph -->\n<p>2022<\/p>\n<!-- \/wp:paragraph -->\n\n<!-- wp:list -->\n<ul class=\"wp-block-list\"><!-- wp:list-item -->\n<li>Les abus sexuels, un probl\u00e8me syst\u00e9mique pour l'\u00c9glise. In: Talitha Cooreman-Guittin und Fr\u00e9d\u00e9ric Trautmann (Hg.): S'aventurer en \u00e9thique. Hommage \u00e0 Marie-Jo Thiel. Strasbourg: Presses Universitaires de Strasbourg 2022, 189-195.<\/li>\n<!-- \/wp:list-item -->\n\n<!-- wp:list-item -->\n<li>zus. mit Eckholt, Margit: Die Frage nach Gott. In: ET-Studies 13(2022)2, V-VIII.<\/li>\n<!-- \/wp:list-item -->\n\n<!-- wp:list-item -->\n<li>zus. mit Wittenbrink, Edith: Abschlussbericht \u00fcber die Aktivit\u00e4ten des Labs \"Diversity and Migration\" an der JGU, Mainz. In: Francesco Lo Piccolo, Annalisa Mangiaracina, Giuseppe Paternostro, Vincenzo Todaro: Research Evidence and Implications on Migration Phenomena in Europe. Palermo: Palermo University Press 2022, 101-113.<\/li>\n<!-- \/wp:list-item -->\n\n<!-- wp:list-item -->\n<li>zus. mit Wittenbrink, Edith: Report on the activities of the Lab \"Diversity and Migration\" at JGU Mainz. In: Francesco Lo Piccolo, Annalisa Mangiaracina, Giuseppe Paternostro, Vincenzo Todaro: Research Evidence and Implications on Migration Phenomena in Europe. Palermo: Palermo University Press 2022, 93-100.<\/li>\n<!-- \/wp:list-item -->\n\n<!-- wp:list-item -->\n<li>Innerkirchliche Konflikte (Editorial). In: ET-Studies 13(2022)1, V-VIII.<\/li>\n<!-- \/wp:list-item -->\n\n<!-- wp:list-item -->\n<li>\u00d6kologisch-soziale Transformation: Wirtschaften als Sozialprozess. Oswald von Nell-Breuning und Papst Franziskus zu den \u201eGrenzen des Wachstums\u201c. In: Bernhard Emunds und Stephan Rixen (Hg.): Oswald von Nell-Breuning weiterdenken. Solidarische Perspektiven f\u00fcr das 21. Jahrhundert. Freiburg: Herder, 91-111.<\/li>\n<!-- \/wp:list-item -->\n\n<!-- wp:list-item -->\n<li>Fehlende Bildungsgerechtigkeit in der Corona-Pandemie. Korreferat zum Beitrag von Christian Fischer. In: Martin Dabrowski, Judith Wolf und Patricia Ehret (Hg.): Globalen Krisen gerecht begegnen. Berlin: KAS 2022, 103-111.<\/li>\n<!-- \/wp:list-item -->\n\n<!-- wp:list-item -->\n<li>Kalter Winter. Die Energiekrise aus sozialethischer Perspektive. In: Herder Korrespondenz 76(2022)9, 31\u201333.<\/li>\n<!-- \/wp:list-item -->\n\n<!-- wp:list-item -->\n<li>Transformation zur Nachhaltigkeit. Sozialethische Impulse. In: Lebendige Seelsorge 73(2022)2, 120-124.<\/li>\n<!-- \/wp:list-item -->\n\n<!-- wp:list-item -->\n<li>Zus. m. Heimbach-Steins, Marianne; Becka, Michelle; Fr\u00fchbauer, Johannes: Einf\u00fchrung. In: Marianne Heimbach-Steins u. a. (Hg.): Christliche Sozialethik - Grundlagen - Kontexte - Themen. Ein Lehr-und Studienbuch. Regensburg: Pustet 2022, 11\u201325.<\/li>\n<!-- \/wp:list-item -->\n\n<!-- wp:list-item -->\n<li>Sozialkatholizismus. In: Marianne Heimbach-Steins u. a. (Hg.): Christliche Sozialethik - Grundlagen - Kontexte - Themen. Ein Lehr-und Studienbuch. Regensburg: Pustet 2022, 105-119.<\/li>\n<!-- \/wp:list-item -->\n\n<!-- wp:list-item -->\n<li>Wirtschaft. In: Marianne Heimbach-Steins u. a. (Hg.): Christliche Sozialethik - Grundlagen - Kontexte - Themen. Ein Lehr-und Studienbuch. Regensburg: Pustet 2022, 261-279.<\/li>\n<!-- \/wp:list-item -->\n\n<!-- wp:list-item -->\n<li>Arbeit. In: Marianne Heimbach-Steins u. a. (Hg.): Christliche Sozialethik - Grundlagen - Kontexte - Themen. Ein Lehr-und Studienbuch. Regensburg: Pustet 2022, 361-373.<\/li>\n<!-- \/wp:list-item -->\n\n<!-- wp:list-item -->\n<li>Soziale Sicherung. In: Marianne Heimbach-Steins u. a. (Hg.): Christliche Sozialethik - Grundlagen - Kontexte - Themen. Ein Lehr-und Studienbuch. Regensburg: Pustet 2022, 374-386.<\/li>\n<!-- \/wp:list-item -->\n\n<!-- wp:list-item -->\n<li>Bildung. In: Marianne Heimbach-Steins u. a. (Hg.): Christliche Sozialethik - Grundlagen - Kontexte - Themen. Ein Lehr-und Studienbuch. Regensburg: Pustet 2022, 387-399.<\/li>\n<!-- \/wp:list-item -->\n\n<!-- wp:list-item -->\n<li>Le chemin synodal en Allemagne. Un pas vers la r\u00e9forme de l'\u00c9glise? In: Marie-Jo Thiel, Anne Danion-Grilliat und Fr\u00e9d\u00e9ric Trautmann (Hg.): Abus sexuels. \u00c9couter, enqu\u00eater, pr\u00e9venir. Strasbourg: Presses Universitaires de Strasbourg 2022, 385\u2013397.<\/li>\n<!-- \/wp:list-item --><\/ul>\n<!-- \/wp:list -->\n\n<!-- wp:paragraph -->\n<p>2021<\/p>\n<!-- \/wp:paragraph -->\n\n<!-- wp:list -->\n<ul class=\"wp-block-list\"><!-- wp:list-item -->\n<li>Papst Leo XIII., Rerum novarum. In: Manfred Brocker (Hg.): Geschichte des politischen Denkens. Das 19. Jahrhundert. Frankfurt am Main: Suhrkamp 2021, 748-761.<\/li>\n<!-- \/wp:list-item -->\n\n<!-- wp:list-item -->\n<li>Solidarit\u00e4t ohne Grenzen: Im Grunde sind wir f\u00fcr alle mitverantwortlich. Eine Response auf Andrea Bieler. In: Journal of Ethics in Antiquity and Christianity (3), 84-88. Online verf\u00fcgbar unter <a href=\"https:\/\/jeac.de\/ojs\/index.php\/jeac\/article\/view\/839\">https:\/\/jeac.de\/ojs\/index.php\/jeac\/article\/view\/839<\/a>.<\/li>\n<!-- \/wp:list-item -->\n\n<!-- wp:list-item -->\n<li>Zus. m. Backert, Andreas: Geht Digitalisierung der Pastoral auch diakonisch? In: Evangel. Magazin f\u00fcr missionarische Pastoral (3). Online verf\u00fcgbar unter https:\/\/www.euangel.de\/ausgabe-3-2021\/digitalitaet\/geht-digitalisierung-der-pastoral-auch-diakonisch\/.<\/li>\n<!-- \/wp:list-item -->\n\n<!-- wp:list-item -->\n<li>Reale Freiheiten f\u00fcr alle. Georg Cremer's Pl\u00e4doyer f\u00fcr eine bef\u00e4higungspolitische Reform des Sozialstaats. In: Herder Korrespondenz 75(2021)12, 44-45.<\/li>\n<!-- \/wp:list-item -->\n\n<!-- wp:list-item -->\n<li>\u00a1No hay verdadera democracia sin el pueblo! Un criterio esencial para una buena pol\u00edtica seg\u00fan Fratelli tutti. In: Rafael Luciani und Daniel Portillo (Hg.): Fraternidad Abierta 2.0. Reflexiones sobre la amistad social en un mundo fragmentado. Madrid: Khaf, 375-390.<\/li>\n<!-- \/wp:list-item -->\n\n<!-- wp:list-item -->\n<li>Universit\u00e4t: Europas Theologen und die Klimakrise. Der Klimawandel als Herausforderung f\u00fcr Kirche und Theologie stand im Mittelpunkt der Tagung der Europ\u00e4ischen Gesellschaft f\u00fcr Katholische Theologie. In: Herder Korrespondenz 75 (2021)10, 11\u201312.<\/li>\n<!-- \/wp:list-item -->\n\n<!-- wp:list-item -->\n<li>Zus. m. Stefan Altmeyer: Religionsunterricht (Editorial). In: ET-Studies 12(2021)2, V-VIII.<\/li>\n<!-- \/wp:list-item -->\n\n<!-- wp:list-item -->\n<li>Extraktivismus: eine sozialethische Perspektive. In: Concilium 2021\/4, 402-410, spanische Ausg.: 39-51, italienische Ausg.: 50-62, englische Ausg.: 36-46.<\/li>\n<!-- \/wp:list-item -->\n\n<!-- wp:list-item -->\n<li>Die Corona-Krise \u2013 Wird die Chance zum Lernen genutzt? In: ThPQ 169(2021), 237-245.<\/li>\n<!-- \/wp:list-item -->\n\n<!-- wp:list-item -->\n<li>Die Corona-Krise als Herausforderung f\u00fcr Theologie und Kirche (Editorial). In: ET-Studies 12(2021)1, V-VIII.<\/li>\n<!-- \/wp:list-item -->\n\n<!-- wp:list-item -->\n<li>Wer ist das Volk? Papst Franziskus zur \u201eLegitimit\u00e4t des Volksbegriffs\u201c. In: Ursula Nothelle-Wildfeuer und Lukas Schmitt (Hg.): Unter Geschwistern? Die Sozialenzyklika Fratelli tutti: Perspektiven - Konsequenzen - Kontroversen. Freiburg i. Br: Herder, 207-219.<\/li>\n<!-- \/wp:list-item -->\n\n<!-- wp:list-item -->\n<li>Zus. mit Wittenbrink, Edith: Eine Entwicklung der Befreiungstheologie? Zu den Unterschieden zwischen der ersten Auflage und der \u00fcberarbeiteten Neuauflage<br>der Theologie der Befreiung von Gustavo Guti\u00e9rrez. In: Michelle Becka, Franz Gmainer-Pranzl (2021): Gustavo Guti\u00e9rrez: Theologie der Befreiung (1971\/2021). Der bleibende Impuls eines theologischen Klassikers. Innsbruck (Salzburger Theologische Studien \u2013 interkulturell): Tyrolia, 87-111.<\/li>\n<!-- \/wp:list-item --><\/ul>\n<!-- \/wp:list -->\n\n<!-- wp:paragraph -->\n<p>2020<\/p>\n<!-- \/wp:paragraph -->\n\n<!-- wp:list -->\n<ul class=\"wp-block-list\"><!-- wp:list-item -->\n<li>Utopie der Geschwisterlichkeit. Zur Enzyklika \"Fratelli tutti\" von Papst Franziskus. In: Herder Korrespondenz 74 (11), S. 29\u201331.<\/li>\n<!-- \/wp:list-item -->\n\n<!-- wp:list-item -->\n<li>Wir brauchen jeweils beides: Ethik und Moral, individuelle Verantwortung und moralf\u00f6rderliche Strukturen \u2013 eine Antwort auf Gertrud Nunner-Winkler. In: Thomas Beschorner, Alexander Brink, Bettina Hollstein, Marc C. H\u00fcbscher und Olaf Schumann (Hg.): Wirtschafts- und Unternehmensethik. Wiesbaden: Springer Fachmedien Wiesbaden, S. 410\u2013412.<\/li>\n<!-- \/wp:list-item -->\n\n<!-- wp:list-item -->\n<li>Neue Strukturen f\u00fcr die Kirche (Editorial). In: ET-Studies 11 (2), S. V.-VIII.<\/li>\n<!-- \/wp:list-item -->\n\n<!-- wp:list-item -->\n<li>Zus. mit Pr\u00fcller-Jagenteufel, Gunter (2020): \"European Theology\" (Editorial). In: ET-Studies 11 (1), S. V\u2013VIII.<\/li>\n<!-- \/wp:list-item -->\n\n<!-- wp:list-item -->\n<li>Digitalisierung und Auswirkungen auf die Sozialversicherungen. In: Martin Dabrowski, Mark Radtke und Patricia Ehret (Hg.): Digitale Transformation und Solidarit\u00e4t. Paderborn: Verlag Ferdinand Sch\u00f6ningh, S.1-21.<\/li>\n<!-- \/wp:list-item -->\n\n<!-- wp:list-item -->\n<li>Der polnische Papst und die unverstandene Theologie der Befreiung. Johannes Paul II und seine Reaktion auf die lateinamerikanischen Neuaufbr\u00fcche nach dem Konzil. In: Stephan Goertz und Magnus Striet (Hg.): Johannes Paul II. Verm\u00e4chtnis und Hypothek eines Pontifikats. Freiburg (Breisgau): Herder, 144-177.<\/li>\n<!-- \/wp:list-item -->\n\n<!-- wp:list-item -->\n<li>Die Einheit der Menschheitsfamilie und die Atmosph\u00e4re als Gemeingut der Menschheit. In: Ulrich Bartosch u.a. (Hg.): Wirtschaft im Dienst des Lebens? Die p\u00e4pstliche Enzyklika Laudato si' als \u00f6konomische und wissenschaftliche Herausforderung. M\u00fcnster: Lit, S. 1\u201314.<\/li>\n<!-- \/wp:list-item -->\n\n<!-- wp:list-item -->\n<li>Global gerechte Entwicklung. In: Marianne Heimbach-Steins, Sebastian Kistler, Walter Lesch und Matthias M\u00f6hring-Hesse (Hg.): Globales Gemeinwohl. Sozialwissenschaftliche und sozialethische Analysen. Paderborn: Sch\u00f6ningh; Brill, 227-248.<\/li>\n<!-- \/wp:list-item -->\n\n<!-- wp:list-item -->\n<li>Migration und globale Gerechtigkeit. Bisch\u00f6fliche Stimmen aus dem S\u00fcden, in: Zeitschrift f\u00fcr Missionswissenschaft und Religionswissenschaft 104(2020)1, 55-67.<\/li>\n<!-- \/wp:list-item -->\n\n<!-- wp:list-item -->\n<li>Verantwortung im 'Anthropoz\u00e4n'. In: Vierteljahresschrift f\u00fcr wissenschaftliche P\u00e4dagogik 96(2020)1, 25\u201340.<\/li>\n<!-- \/wp:list-item -->\n\n<!-- wp:list-item -->\n<li>Zusammen mit Blanc, Julia\/Bogner, Daniel: Eine selbe Gerechtigkeit - f\u00fcr die Welt und f\u00fcr die Kirche?! Einf\u00fchrung in das Schwerpunktthema. In: AmosInternational 14(2020)1, 3\u201310.<\/li>\n<!-- \/wp:list-item --><\/ul>\n<!-- \/wp:list -->\n\n<!-- wp:paragraph -->\n<p>2019<\/p>\n<!-- \/wp:paragraph -->\n\n<!-- wp:list -->\n<ul class=\"wp-block-list\"><!-- wp:list-item -->\n<li>El s\u00ednodo de la Amazon\u00eda: \u00bfUn avance en las reformas necesarias de la Iglesia Cat\u00f3lica? In: AEBCAMagazin. Revista de la Asocicaci\u00f3n de Exbecarios Cat\u00f3licos en Alemania 14(2019), 18\u201320.<\/li>\n<!-- \/wp:list-item -->\n\n<!-- wp:list-item -->\n<li>Imago Dei und Transhumanismus (Editorial). In: ET-Studies 10(2019)2, V-VIII.<\/li>\n<!-- \/wp:list-item -->\n\n<!-- wp:list-item -->\n<li>Werte und Normen: Nicht \"vermitteln\", sondern autonome Aneignung f\u00f6rdern! In: Ethik und Milit\u00e4r 2\/2019, 12-17. Online verf\u00fcgbar unter http:\/\/www.ethikundmilitaer.de\/de\/themenueberblick\/20192-ethik-fuer-soldaten\/kruip-werte-und-normen-nicht-vermitteln-sondern-autonome-aneignung-foerdern\/. \u2013 Englische \u00dcbersetzung: Values And Norms: Don\u2019t \u201eTeach\u201c, Encourage Independent Acquisition! In: Ethics and Armed Forces 02\/2019, 11-15. Online verf\u00fcgbar unter http:\/\/www.ethikundmilitaer.de\/en\/full-issues\/20192-ethics-for-soldiers\/kruip-values-and-norms-dont-teach-encourage-independent-acquisition\/.<\/li>\n<!-- \/wp:list-item -->\n\n<!-- wp:list-item -->\n<li>Brauchen wir eine europ\u00e4ische Arbeitslosenversicherung? K\u00f6ln: Bachem (Kirche und Gesellschaft, 464).<\/li>\n<!-- \/wp:list-item -->\n\n<!-- wp:list-item -->\n<li>Zus. m. Weiler, Birgit: Ein theologischer Ort. Der Aufbruch in Amazonien als Inspirationsquelle. In: Herder Korrespondenz 73 (10), S. 13\u201315.<\/li>\n<!-- \/wp:list-item -->\n\n<!-- wp:list-item -->\n<li>Le d\u00e9fi de la migration internationale. Les voix des \u00e9v\u00eaques du sud, de la doctrine sociale de l'\u00e9glise et les principes d'une justice globale. In: Lumen vitae 74 (2), 157-166.<\/li>\n<!-- \/wp:list-item -->\n\n<!-- wp:list-item -->\n<li>zus. mit Claus Arnold: Kirchengeschichte als Potenzial f\u00fcr notwendige Reformen in der Kirche (Editorial). In: ET-Studies 10(2019)1, V-VIII.<\/li>\n<!-- \/wp:list-item -->\n\n<!-- wp:list-item -->\n<li>zus. mit Meier, Johannes: Welche Christen brauchen Kirche und Welt heute? Erinnerungen an einen gemeinsamen Freund: Karl-Heinz Hein-Rothenb\u00fccher (1954-2016). In: Paul M. Zulehner und Tom\u00e1\u0161 Hal\u00edk (Hg.): Wir teilen diesen Traum. Theologen und Theologinnen aus aller Welt argumentieren pro Pope Francis (E-Book). Ostfildern: Patmos, o. S.<\/li>\n<!-- \/wp:list-item -->\n\n<!-- wp:list-item -->\n<li>Neue Medien - neue Populismen. Eine Herausforderung f\u00fcr die Demokratie. In: Margit Eckholt (Hg.): Religion als Ressource befreiender Entwicklung. 50 Jahre nach der 2. Konferenz des lateinamerikanischen Episkopats in Medell\u00edn. Kontinuit\u00e4ten und Br\u00fcche. Mainz: Gr\u00fcnewald 2019, 281-291. Span. Fassung: Nuevos medios \u2013 nuevos populismos: un desaf\u00edo para la democracia. In: Eckholt, Margit; Dur\u00e1n Casas, Vicente (Hg.) (2020): Religi\u00f3n como fuente para un desarrollo liberador. 50 a\u00f1os de la Conferencia del Episcopado Lationoamericano en Medell\u00edn. Continuidades y rupturas. Bogot\u00e1 (Kolumbien): Editorial Universidad Javeriana, 418-424. Online verf\u00fcgbar unter <a href=\"http:\/\/hdl.handle.net\/10554\/51059.\">http:\/\/hdl.handle.net\/10554\/51059.<\/a><\/li>\n<!-- \/wp:list-item -->\n\n<!-- wp:list-item -->\n<li>zus. m. Zikesch, Raphael: Neo-Extraktivismus und Sozialethik. Ethische Instrumente zur Bewertung und eine kurze Einf\u00fchrung in diesen Band. In: Gerhard Kruip, Dietmar M\u00fc\u00dfig und Raphael Zikesch (Hg.): Neo-Extraktivismus in Bolivien. Chancen, Risiken, Nachhaltigkeit. M\u00fcnster: Aschendorff 2019, 15-30. Span. Fassung: Extractivismo y \u00e9tica social. Algunas herramientas de teor\u00eda moral e introducci\u00f3n a las contribuciones de este libro. In: Gerhard Kruip, Dietmar M\u00fc\u00dfig und Raphael Zikesch (Hg.): El Neo-Extractivismo en Bolivia. Oportunidades, Riesgos, Sostenibilidad. Cochabamba (Bolivien): Itinerarios 2019, 13\u201330.<\/li>\n<!-- \/wp:list-item -->\n\n<!-- wp:list-item -->\n<li>zus. m. M\u00fc\u00dfig, Dietmar; Zikesch, Raphael: Empfehlungen. In: Gerhard Kruip, Dietmar M\u00fc\u00dfig und Raphael Zikesch (Hg.): Neo-Extraktivismus in Bolivien. Chancen, Risiken, Nachhaltigkeit. M\u00fcnster: Aschendorff 2019, 325-330. Span. Fassung: Recomendaciones. Alternativas al neo-extractivismo en Bolivia. In: Gerhard Kruip, Dietmar M\u00fc\u00dfig und Raphael Zikesch (Hg.): El Neo-Extractivismo en Bolivia. Oportunidades, Riesgos, Sostenibilidad. Cochabamba (Bolivien): Itinerarios 2019, 383\u2013395.<\/li>\n<!-- \/wp:list-item --><\/ul>\n<!-- \/wp:list -->\n\n<!-- wp:paragraph -->\n<p>2018<\/p>\n<!-- \/wp:paragraph -->\n\n<!-- wp:list -->\n<ul class=\"wp-block-list\"><!-- wp:list-item -->\n<li>zus. m. Fischer, Luisa: Familie als Ressource gesellschaftlichen Zusammenhalts. Welche Familienpolitik tr\u00e4gt dazu bei? in: Stimme der Familie 65(2018)6, S. 14-18.<\/li>\n<!-- \/wp:list-item -->\n\n<!-- wp:list-item -->\n<li>Ordnungspolitik alleine gen\u00fcgt nicht. Die n\u00fcchterne Wirtschafts- und Unternehmensethik von Hermann Sautter. (Ethik und Gesellschaft 2\/2018: Rechtsbr\u00fcche). Download unter: https:\/\/dx.doi.org\/10.18156\/eug-2-2018-rez-9.<\/li>\n<!-- \/wp:list-item -->\n\n<!-- wp:list-item -->\n<li>Hat die kirchliche Soziallehre von Karl Marx gelernt? K\u00f6ln: Bachem, 2018 (Kirche und Gesellschaft [Gr\u00fcne Reihe], 455).<\/li>\n<!-- \/wp:list-item -->\n\n<!-- wp:list-item -->\n<li>Ethical and Theological Aspects of Poverty According to Pope Francis. In: Martin Schlag und Daniela Ortiz (Hg.): Poverty, injustice, and inequality as challenges for Christian humanism. Berlin: Duncker et Humblot, 2018 (Soziale Orientierung, Band 27), 36\u201349.<\/li>\n<!-- \/wp:list-item -->\n\n<!-- wp:list-item -->\n<li>Liturgie und Diakonie (Editorial). In: ET-Studies 9(2018)2, V-VIII.<\/li>\n<!-- \/wp:list-item -->\n\n<!-- wp:list-item -->\n<li>Betroffenheit und Reue reichen nicht! Was auf die MHG-Studie folgen muss. In: Herder Korrespondenz 72 (11), 13-16.<\/li>\n<!-- \/wp:list-item -->\n\n<!-- wp:list-item -->\n<li>zus. m. Fischer, Luisa: Ver\u00e4nderte Solidarit\u00e4t in Familien - kein Grund f\u00fcr Pessimismus. In: Familien-Prisma 10 (2018) Juli, 11-19.<\/li>\n<!-- \/wp:list-item -->\n\n<!-- wp:list-item -->\n<li>Ethik im Kontext von Theologie und Kirche aus katholischer Perspektive. In: Michael Roth und Marcus Held (Hg.): Was ist eine Theologische Ethik? Grundbestimmungen und Grundvorstellungen. Berlin, Boston: de Gruyter, S. 303\u2013322.<\/li>\n<!-- \/wp:list-item -->\n\n<!-- wp:list-item -->\n<li>Laudato si' als Gerechtigkeitsenzyklika. Sozialethische Perspektiven. In: Zeitschrift f\u00fcr Missionswissenschaft und Religionswissenschaft 102 (1-2), 50-61.<\/li>\n<!-- \/wp:list-item -->\n\n<!-- wp:list-item -->\n<li>Vergessene Hausaufgaben. Der Vatikan kritisiert die fehlende Regulierung der Finanzm\u00e4rkte. In: Herder Korrespondenz 72(2018)7, 26\u201329.<\/li>\n<!-- \/wp:list-item -->\n\n<!-- wp:list-item -->\n<li>Ein falsches Signal. [Das bedingungslose Grundeinkommen - contra]. In: Politikum 4 (2), 65-68.<\/li>\n<!-- \/wp:list-item -->\n\n<!-- wp:list-item -->\n<li>Zus. m. Beck, Hannah; B\u00f6gner, Klemens: Zusammenhalt muss erlebbar werden. In: neue caritas 119(2018)8, 23\u201326.<\/li>\n<!-- \/wp:list-item -->\n\n<!-- wp:list-item -->\n<li>Une \u00c9glise qui change \u2013 Cinq ans apr\u00e8s l'\u00e9lection du Pape Fran\u00e7ois. (Editorial). In: ET-Studies 9 (1), V\u2013VIII.<\/li>\n<!-- \/wp:list-item -->\n\n<!-- wp:list-item -->\n<li>Realistische M\u00f6glichkeit oder sch\u00f6ner Traum? Das bedingungslose Grundeinkommen. In: Herder Korrespondenz 72(2018)5, 32-35.<\/li>\n<!-- \/wp:list-item -->\n\n<!-- wp:list-item -->\n<li>\u201eDas Defizit an anschaulich gelebter Hoffnung ausgleichen\u201c. Gesellschaftlicher Zusammenhalt oder Aufl\u00f6sung des Gemeinwohls? In: Deus Lo Vult, Jahrbuch der Deutschen Statthalterei des Ritterordens vom Heiligen Grab zu Jerusalem 82(2017\/18), 42-46.<\/li>\n<!-- \/wp:list-item -->\n\n<!-- wp:list-item -->\n<li>Gustavo Guti\u00e9rrez: Theologie der Befreiung (1971). In: Manfred Brocker (Hg.): Geschichte des politischen Denkens. Das 20. Jahrhundert. Frankfurt am Main: Suhrkamp (Suhrkamp-Taschenbuch Wissenschaft 2210), 533-547.<\/li>\n<!-- \/wp:list-item -->\n\n<!-- wp:list-item -->\n<li>Gerechtigkeit - Voraussetzung guten Lebens f\u00fcr alle. In: Wort und Antwort 59(2018)1, 26-31.<\/li>\n<!-- \/wp:list-item -->\n\n<!-- wp:list-item -->\n<li>Himmel und Erde f\u00fcr alle. Keine Zukunft ohne globale Solidarit\u00e4t. In: Linus Eibicht, Jakobus Kaffanke und Cyrill Sch\u00e4fer (Hg.): Die Anderen - meine Zukunft. Herausforderungen und Perspektiven f\u00fcr Christen heute. M\u00fcnsterschwarzach: Vier T\u00fcrme, S. 90\u2013123.<\/li>\n<!-- \/wp:list-item --><\/ul>\n<!-- \/wp:list -->\n\n<!-- wp:paragraph -->\n<p>2017<\/p>\n<!-- \/wp:paragraph -->\n\n<!-- wp:list -->\n<ul class=\"wp-block-list\"><!-- wp:list-item -->\n<li>(Neue) Rolle und Verantwortung der Bisch\u00f6fe in der Katholischen Kirche (Editorial). In: ET-Studies 8(2017)2, V-VIII.<\/li>\n<!-- \/wp:list-item -->\n\n<!-- wp:list-item -->\n<li>Asyl: Menschenrechte zwischen Unbedingtheit und Zumutbarkeit. In: Stefan Altmeyer u.a. (Hg.): Menschenrechte und Religionsunterricht. G\u00f6ttingen, Bristol, CT, U.S.A.: Vandenhoeck &amp; Ruprecht 2017 (Neukirchener Theologie, Band 33), S. 202\u2013209<\/li>\n<!-- \/wp:list-item -->\n\n<!-- wp:list-item -->\n<li>Befreiungstheologische Kritik am Kapitalismus und an der Sozialen Marktwirtschaft. Die Position von Papst Franziskus. In: Ingeborg Gabriel, Peter G. Kirschschl\u00e4ger und Richard Sturn (Hg.): Eine Wirtschaft, die Leben f\u00f6rdert. Wirtschafts- und unternehmensethische Reflexionen im Anschluss an Papst Franziskus. Ostfildern: Matthias Gr\u00fcnewald Verlag 2017, S. 153\u2013169.<\/li>\n<!-- \/wp:list-item -->\n\n<!-- wp:list-item -->\n<li>Migranten sind ein Geschenk Gottes. Mexikanische und US-amerikanische Bisch\u00f6fe kritisieren die geplante Mauer. In: Herder Korrespondenz 71(2017)10, 39-42.<\/li>\n<!-- \/wp:list-item -->\n\n<!-- wp:list-item -->\n<li>Die Einheit der Menschheitsfamilie und die Rechte der Migranten. In: Ulrich Hemel und J\u00fcrgen Manemann (Hg.): Heimat finden - Heimat erfinden. Politisch-philosophische Perspektiven. M\u00fcnchen: Fink 2017, 133-149.<\/li>\n<!-- \/wp:list-item -->\n\n<!-- wp:list-item -->\n<li>zus. mit Pr\u00fcller-Jagenteufel, Gunter: Geschlechtergerechtigkeit (Editorial), in: ET-Studies 8(2017)1, V-VIII.<\/li>\n<!-- \/wp:list-item -->\n\n<!-- wp:list-item -->\n<li>'Volk' als kritischer Topos der Theologie. In: Walter Lesch (Hg.): Christentum und Populismus. Klare Fronten? Freiburg: Herder 2017, 38-48, 210-212.<\/li>\n<!-- \/wp:list-item -->\n\n<!-- wp:list-item -->\n<li>Darf man noch Fleisch essen? K\u00f6ln: Bachem, 2017 (Kirche und Gesellschaft, 440).<\/li>\n<!-- \/wp:list-item -->\n\n<!-- wp:list-item -->\n<li>Sozialstaatliche Herausforderungen durch das Crowdworking. In: Martin Dabrowski, Judith Wolf (Hg.): Crowdworking und Gerechtigkeit auf dem Arbeitsmarkt. Paderborn: Sch\u00f6ningh 2017, S. 137-154.<\/li>\n<!-- \/wp:list-item -->\n\n<!-- wp:list-item -->\n<li>Umweltethik und Nachhaltigkeit in christlicher Perspektive. In: Ralph Bergold, Jochen Sautermeister und Andr\u00e9 Schr\u00f6der (Hg.): Dem Wandel eine menschliche Gestalt geben. Sozialethische Perspektiven f\u00fcr die Gesellschaft von morgen. Freiburg (Breisgau): Herder 2017, 319-332. - Auch online unter: <a href=\"http:\/\/www.nachhaltig-predigen.de\/dokumente\/cmsj\/Strukturen\/Umweltethik-Nachhaltigkeit_Kruip\">http:\/\/www.nachhaltig-predigen.de\/dokumente\/cmsj\/Strukturen\/Umweltethik-Nachhaltigkeit_Kruip<\/a>.htm.<\/li>\n<!-- \/wp:list-item -->\n\n<!-- wp:list-item -->\n<li>Beteiligung an\/durch Erwerbsarbeit. Chancen und Schwierigkeiten f\u00fcr die Ankommenden und f\u00fcr die Aufnahmegesellschaft, in: Marianne Heimbach-Steins (Hrsg.), Zerrei\u00dfprobe Fl\u00fcchtlingsintegration, Freiburg i. Br.: Herder 2017, 137-148.<\/li>\n<!-- \/wp:list-item --><\/ul>\n<!-- \/wp:list -->\n\n<!-- wp:paragraph -->\n<p>2016<\/p>\n<!-- \/wp:paragraph -->\n\n<!-- wp:list -->\n<ul class=\"wp-block-list\"><!-- wp:list-item -->\n<li>Verleihung der Carl Friedrich von Weizs\u00e4cker-Medaille an Leonardo Boff. Laudatio. Online auf: <a href=\"http:\/\/issuu.com\/freydruck\/docs\/vlz_laudatio_boff_berlin_2016_web-f?e=2048658\/41921216\">http:\/\/issuu.com\/freydruck\/docs\/vlz_laudatio_boff_berlin_2016_web-f?e=2048658\/41921216<\/a>. \u2013 Auch in: KNA-Dokumente 2017\/1 (Januar), 17-24. Nochmals abgedruckt unter dem Titel \u201eGeerdeter Glaube\u201c in: Boff, Leonardo: Traum von einer neuen Erde \u2013 Bilanz eines theologischen Lebens. Wien; Z\u00fcrich: Lit, 2019, 1-14.<\/li>\n<!-- \/wp:list-item -->\n\n<!-- wp:list-item -->\n<li>Entkolonialisierung des Christentums und der Vernunft? Zur notwendigen Kritik postkolonialer Diskurse. In: Mariano Delgado, Michael Sievernich und Klaus Vellguth (Hg.): Transformationen der Missionswissenschaft. Programme, Protagonisten, Perspektiven. Festschrift zum 100. Jahrgang der ZMR. Fribourg\/Schweiz 2016, 297-305.<\/li>\n<!-- \/wp:list-item -->\n\n<!-- wp:list-item -->\n<li>Der Glaube trennt - das Handeln eint? Oder ist es heute umgekehrt? In: Herder Korrespondenz Spezial 2016: Nach der Glaubensspaltung - zur Zukunft des Christentums, S. 33-35.<\/li>\n<!-- \/wp:list-item -->\n\n<!-- wp:list-item -->\n<li>zus. mit Fischer, Luisa; Horstmann, Julia (Mitarbeit) (2016): Eine Welt - Eine Menschheit: Die internationale Gemeinschaft. In: Bernhard Meuser und \u00d6sterreichische Bischofskonferenz (Hg.): DOCAT - Was tun? Die Soziallehre der Kirche. Augsburg: Sankt Ulrich-Verlag, S. 208-233.<\/li>\n<!-- \/wp:list-item -->\n\n<!-- wp:list-item -->\n<li>Verantwortung der Kirche f\u00fcr Gerechtigkeit und Teilhabe. Ein sozialethischer Essay. Online verf\u00fcgbar unter <a href=\"http:\/\/www.futur2.org\/article\/verantwortung-der-kirche-fuer-gerechtigkeit-und-teilhabe\">http:\/\/www.futur2.org\/article\/verantwortung-der-kirche-fuer-gerechtigkeit-und-teilhabe<\/a>\/.<\/li>\n<!-- \/wp:list-item -->\n\n<!-- wp:list-item -->\n<li>zus. mit Fischer, Luisa: Migration (Editorial). In: ET-Studies 7(2016)2, V-VIII.<\/li>\n<!-- \/wp:list-item -->\n\n<!-- wp:list-item -->\n<li>zus. mit Prcela, Frano: Einf\u00fchrung. In: Kruip, Gerhard; Prcela, Frano (Hg.): Die Zukunft der Orden. W\u00fcrzburg (Echter), 11-20.<\/li>\n<!-- \/wp:list-item -->\n\n<!-- wp:list-item -->\n<li>zus. mit Loichinger, Alexander: Theologie als Wissenschaft (Editorial). In: ET-Studies 7(2016)1, V-X.<\/li>\n<!-- \/wp:list-item -->\n\n<!-- wp:list-item -->\n<li>Theologie als Wissenschaft. In: Christoph B\u00f6ttigheimer und Ren\u00e9 Dausner (Hg.): Das Konzil er\u00f6ffnen. Reflexionen zu Theologie und Kirche 50 Jahre nach dem II. Vatikanischen Konzil. Freiburg: Verlag Herder, 37-42. Franz\u00f6sische \u00dcbersetzung: La th\u00e9ologie comme science. In: Christoph B\u00f6ttigheimer u. a. (Hg.) (2017): 50 ans apr\u00e8s le concile, quelles t\u00e2ches pour la th\u00e9ologie ? Diagnostics et d\u00e9lib\u00e9rations de th\u00e9ologiens du monde entier : d\u00e9clarations et documents des deux congr\u00e8s internationaux de Munich (6 au 8 d\u00e9cembre 2015) et de Paris (13 au 15 avril 2015) (donner raison, 62), 37\u201341. Spanische \u00dcbersetzung : La teolog\u00eda como ciencia. In: Christoph B\u00f6ttigheimer und Ren\u00e9 Dausner (Hg.): \u00abAbrir\u00bb el Concilio. Teolog\u00eda e Iglesia a los 50 a\u00f1os del Vaticano II. Malia\u00f1o (Cantabria, Espa\u00f1a): Sal Terrae, S. 47\u201353.<\/li>\n<!-- \/wp:list-item -->\n\n<!-- wp:list-item -->\n<li>zus. mit Loichinger, Alexander: Theologie als Wissenschaft. In: Christoph B\u00f6ttigheimer und Ren\u00e9 Dausner (Hg.): Vaticanum 21. Die bleibenden Aufgaben des Zweiten Vatikanischen Konzils im 21. Jahrhundert. Dokumentationsband zum M\u00fcnchner Kongress \u201eDas Konzil 'er\u00f6ffnen'\". Freiburg (Breisgau): Herder, S. 87-88.<\/li>\n<!-- \/wp:list-item -->\n\n<!-- wp:list-item -->\n<li>The Unity of the Human Family. A Foundation for Global Justice. In: Fabian Klose und Mirjam Thulin (Hg.): Humanity - A History of European Concepts in Practice from the 16th Century to the Present. G\u00f6ttingen: Vandehoeck&amp;Ruprecht, 267-283.<\/li>\n<!-- \/wp:list-item -->\n\n<!-- wp:list-item -->\n<li>Werden die mexikanischen Bisch\u00f6fe dem Papst folgen? Mexiko vor dem Papstbesuch. In: Herder Korrespondenz 70(2016)2, 22-26.<\/li>\n<!-- \/wp:list-item -->\n\n<!-- wp:list-item -->\n<li>Tr\u017en\u00ed hospod\u00e1\u0159stv\u00ed v katolick\u00e9m soci\u00e1ln\u00edm u\u010deni \u2013 historick\u00fd p\u0159ehled a soci\u00e1ln\u011betick\u00e1 anal\u00fdza (Marktwirtschaft in der katholischen Sozialverk\u00fcndigung. Historischer R\u00fcckblick und systematisch-theologische Analyse). In: Acta Universitatis Carolinae Theologica 6(2016)1, 15-31.<\/li>\n<!-- \/wp:list-item -->\n\n<!-- wp:list-item -->\n<li>Religi\u00f6se Wurzeln und Perspektiven: Judentum und Christentum. In: Mieth, Corinna, Goppel, Anna und Christian Neuh\u00e4user (Hg.): Handbuch Gerechtigkeit. Stuttgart, Weimar: J. B. Metzler, 2016, 35-41.<\/li>\n<!-- \/wp:list-item --><\/ul>\n<!-- \/wp:list -->\n\n<!-- wp:paragraph -->\n<p>2015<\/p>\n<!-- \/wp:paragraph -->\n\n<!-- wp:list -->\n<ul class=\"wp-block-list\"><!-- wp:list-item -->\n<li>Alemania frente a un million de nuevos migrantes. In: Intercambio (Lima, Peru) 33 (Dic)(2015), S. 7-9.<\/li>\n<!-- \/wp:list-item -->\n\n<!-- wp:list-item -->\n<li>zus. mit Meier, Johannes: Weltkirche und Eurozentrismus (Editorial). In: ET-Studies 6(2015)2, V-VIII.<\/li>\n<!-- \/wp:list-item -->\n\n<!-- wp:list-item -->\n<li>Die Armen der Reichen - Was fordert die Option f\u00fcr die Armen von Christen in Deutschland? In: Bibel und Liturgie 88(2015)4, 268-277.<\/li>\n<!-- \/wp:list-item -->\n\n<!-- wp:list-item -->\n<li>Buen vivir - Gut leben im Einklang mit Mutter Erde. Das kulturelle Erbe der Indigenen und die Suche nach einem anderen Fortschritt in Laudato s\u00ed. In: AmosInternational 9(2015)4, 11-18.<\/li>\n<!-- \/wp:list-item -->\n\n<!-- wp:list-item -->\n<li>Toleranz und Dialog: unverzichtbar f\u00fcr menschliches Zusammenleben heute! In: Einblicke. Journal der Katholischen Hochschule f\u00fcr Sozialwesen Berlin WiSe 2015\/16, 4-10.<\/li>\n<!-- \/wp:list-item -->\n\n<!-- wp:list-item -->\n<li>zus. mit Fischer, Luisa: Drama oder Trag\u00f6die in f\u00fcnf Akten? Der Gespr\u00e4chsprozess der Deutschen Bischofskonferenz. In: Herder Korrespondenz 69 (2015)10, 522-526.<\/li>\n<!-- \/wp:list-item -->\n\n<!-- wp:list-item -->\n<li>zus. mit Stra\u00dfner, Veit: Was ist globale Gerechtigkeit? In: Religionsunterricht heute 43(2015)2, 4-9.<\/li>\n<!-- \/wp:list-item -->\n\n<!-- wp:list-item -->\n<li>zus. mit Turner, Geoffrey: The Historical Jesus (Editorial). In: ET-Studies 6(2015)1, V-VIII.<\/li>\n<!-- \/wp:list-item -->\n\n<!-- wp:list-item -->\n<li>zus. mit Fischer, Luisa: Verbesserung der Gespr\u00e4chskultur Ja - aber kaum inhaltliche und strukturelle Fortschritte! Eine Zwischenbilanz des Gespr\u00e4chsprozesses \u201dIm Heute glauben\". In: Martin Kirschner und Joachim Schmiedl (Hg.): Der Dialog geht weiter. Ergebnisse und Perspektiven des Gespr\u00e4chsprozesses. Freiburg : Herder, 26-43.<\/li>\n<!-- \/wp:list-item -->\n\n<!-- wp:list-item -->\n<li>Ein dramatischer Appell. Die neue Umweltenzyklika des Papstes. In: Herder Korrespondenz 69 (2015) 7, 341-344.<\/li>\n<!-- \/wp:list-item -->\n\n<!-- wp:list-item -->\n<li>Mu\u00dfe nur f\u00fcr Privilegierte? Eine sozialethische Skizze zur \u201eZeitgerechtigkeit\u201d. In: Theologisch-praktische Quartalschrift 163(2015)3, 243-253.<\/li>\n<!-- \/wp:list-item -->\n\n<!-- wp:list-item -->\n<li>Steuergerechtigkeit als Teil sozialer Gerechtigkeit. In: Nathalie Georges, Danielle Schronen und Robert Urb\u00e9 (Hg.): Sozialalmanach 2015. Schwerpunkt: Steiergerechtegkeet. Luxembourg: Caritas Luxembourg, S. 171-184.<\/li>\n<!-- \/wp:list-item -->\n\n<!-- wp:list-item -->\n<li>Globale Herausforderungen - auch die Kirche selbst steht in der Pflicht! In: Wort und Antwort 56(2015)3, 120-125.<\/li>\n<!-- \/wp:list-item -->\n\n<!-- wp:list-item -->\n<li>Gewissens- und Religionsfreiheit - ein katholischer Beitrag. In: Wolfgang Breul; Generaldirektion Kulturelles Erbe Rheinland-Pfalz- (Hg.): Ritter! Tod! Teufel? Franz von Sickingen und die Reformation. Ausstellungskatalog. Regensburg: Schnell &amp; Steiner, 153-154.<\/li>\n<!-- \/wp:list-item -->\n\n<!-- wp:list-item -->\n<li>Das Programm von Papst Franziskus und die katholische Kirche in Deutschland. In: Martin Kirschner und Joachim Schmiedl (Hg.): Martyria. Den Glauben bezeugen in der Welt von heute. Freiburg, Basel, Wien: Herder (Katholische Kirche im Dialog, 3), 69-100.<\/li>\n<!-- \/wp:list-item -->\n\n<!-- wp:list-item -->\n<li>Die Welt der Theologie - eine Kritik aus befreiungstheologisch-sozialethischer Perspektive. In: Thomas S\u00f6ding (Hg.): Die Rolle der Theologie in der Kirche. Die Debatte \u00fcber das Dokument der Theologenkommission. Freiburg (Breisgau): Herder (Quaestiones disputatae), 208-231.<\/li>\n<!-- \/wp:list-item -->\n\n<!-- wp:list-item -->\n<li>Moralische Konflikte. Eine Chance zum ethischen Lernen? In: DIE. Zeitschrift f\u00fcr Erwachsenenbildung 22(2015)1, 45-47.<\/li>\n<!-- \/wp:list-item -->\n\n<!-- wp:list-item -->\n<li>\"Liberaci\u00f3n y promoci\u00f3n de los pobres\" (Evangelii gaudium 187). Sobre el tel\u00f3n de fondo latinoamericano del papa Franciso. In: Christus 77(2015)1-2, S. 15-23.<\/li>\n<!-- \/wp:list-item --><\/ul>\n<!-- \/wp:list -->\n\n<!-- wp:paragraph -->\n<p>2014<\/p>\n<!-- \/wp:paragraph -->\n\n<!-- wp:list -->\n<ul class=\"wp-block-list\"><!-- wp:list-item -->\n<li>Soci\u00e1ln\u00ed spravedlnost p\u0159ed ov\u00fdmi v\u00fdzvami \u2013 \u00davahy ze soci\u00e1ln\u011betick\u00e9 perspektivy. (Soziale Gerechtigkeit vor neuen Herausforderungen - Er\u00f6rterungen aus der sozialethischen Perspektive). In: Soci\u00e1lni pr\u00e1ce 14(2014)4, S. 47-57<\/li>\n<!-- \/wp:list-item -->\n\n<!-- wp:list-item -->\n<li>\u201eDie Hilfe, welche die Kirche von der heutigen Welt erf\u00e4hrt\u201d (GS 44). Chancen und Herausforderungen der S\u00e4kularisierung f\u00fcr die Katholische Kirche am Beginn des 21. Jahrhunderts. In: Studia Nauk Teologicznych PAN 8 (2014), S. 85-101.<\/li>\n<!-- \/wp:list-item -->\n\n<!-- wp:list-item -->\n<li>zus. mit Lintner, Martin: 25 Jahre Europ\u00e4ische Gesellschaft f\u00fcr Katholische Theologie (Editorial). In: ET-Studies 5(2014)2, V-IX.<\/li>\n<!-- \/wp:list-item -->\n\n<!-- wp:list-item -->\n<li>Ist die Forderung nach Freihandel kompatibel mit der Option f\u00fcr die Armen? Eine befreiungstheologische Perspektive. In: Amosinternational 8(2014)4, S. 42-47.<\/li>\n<!-- \/wp:list-item -->\n\n<!-- wp:list-item -->\n<li>zus. mit Fischer, Luisa: \u201eDie Offenheit des Prozesses bedeutet nicht, dass auch am Ende alles offen bleibt.\u201d (Kardinal Marx) - Auswertung des vierten Gespr\u00e4chsforums im Gespr\u00e4chsprozess der DBK \u201eIm Heute glauben\u201d vom 12.-13. September 2014 in Magdeburg \u201eIch bin eine Mission - heute von Gott reden\u201d. siehe auch: <a href=\"http:\/\/www.memorandum-freiheit.de\/zum-gespraechsprozess\">http:\/\/www.memorandum-freiheit.de\/zum-gespraechsprozess<\/a>\/ sowie Auswertung-Gespr\u00e4chsforum-Memorandum-Freiheit-Magdeburg-2014.pdf<\/li>\n<!-- \/wp:list-item -->\n\n<!-- wp:list-item -->\n<li>Nov\u00e9 v\u00fdzvy pro soci\u00e1ln\u00ed spravedlnost - europeizace a globalizace. Im Internet unter: http:\/\/www.socialninauka.cz\/aktualne\/zucastnili-jste-se-verejne-prednasky-s-nami.html (20.10.2014). Deutsche \u00dcbersetzung: Neue Herausforderungen f\u00fcr soziale Gerechtigkeit - Europ\u00e4isierung und Globalisierung. Vortrag in Prag am 9.10.2014. Im Internet unter: <a href=\"http:\/\/www.socialninauka.cz\/files\/files\/p%C5%99edn%C3%A1%C5%A1ka%20Kruip.\">http:\/\/www.socialninauka.cz\/files\/files\/p%C5%99edn%C3%A1%C5%A1ka%20Kruip.<\/a>pdf (20.10.2014).<\/li>\n<!-- \/wp:list-item -->\n\n<!-- wp:list-item -->\n<li>Sozialethische Aspekte staatlicher Religionsf\u00f6rderung. In: Matthias Pulte und Ansgar Hense (Hg.): Grund und Grenzen staatlicher Religionsf\u00f6rderung. Unter besonderer Ber\u00fccksichtigung des Verh\u00e4ltnisses von Staat und Katholischer Kirche in Deutschland. Paderborn: Sch\u00f6ningh (Kirchen- und Staatskirchenrecht, 17), S. 127-141<\/li>\n<!-- \/wp:list-item -->\n\n<!-- wp:list-item -->\n<li>Armut als Selbstverpflichtung und politische Diakonie. In: Thomas Laubach und Stefanie Wahl (Hg.): Arme Kirche? Die Botschaft des Papstes in der Diskussion. Freiburg (Breisgau): Herder, 2014 (Theologie kontrovers), S. 75-82.<\/li>\n<!-- \/wp:list-item -->\n\n<!-- wp:list-item -->\n<li>zus. mit Schmiedl, Joachim: Dialog in der Kirche - zum 50. Jahrestag von Ecclesiam suam (Paul VI.) (Editorial). In: ET-Studies 5(2014)1) S. V-IX.<\/li>\n<!-- \/wp:list-item -->\n\n<!-- wp:list-item -->\n<li>zus. mit Bernardy, Anne: Chancen der Erneuerung. Das weltkirchlich-solidarische Engagement katholischer Verb\u00e4nde. In: Herder Korrespondenz 68(2014)8, S. 398-402.<\/li>\n<!-- \/wp:list-item -->\n\n<!-- wp:list-item -->\n<li>Gott oder der Mammon. Gibt es einen rechten Gebrauch des Geldes? In: Lebendiges Zeugnis 68(2014)1, S. 3-13.<\/li>\n<!-- \/wp:list-item -->\n\n<!-- wp:list-item -->\n<li>\u201dDie Befreiung und die F\u00f6rderung der Armen\" (EG 187). Zum lateinamerikanischen Hintergrund von Papst Franziskus. In: Kirche und Gesellschaft \"Gr\u00fcne Reihe\" Nr. 408, herausgegeben von der Katholischen Sozialwissenschaftlichen Zentralstelle. M\u00f6nchengladbach 2014 - Auch im Internet unter <a href=\"http:\/\/ordosocialis.de\/pdf\/Kruip\/408-Papst-19-03-14 final\">http:\/\/ordosocialis.de\/pdf\/Kruip\/408-Papst-19-03-14 final<\/a>.pdf. Spanische \u00dcbersetzung: <a href=\"http:\/\/ordosocialis.de\/pdf\/Kruip\/408-Papst-19-03-14 final-es\">http:\/\/ordosocialis.de\/pdf\/Kruip\/408-Papst-19-03-14 final-es<\/a>.pdf<\/li>\n<!-- \/wp:list-item -->\n\n<!-- wp:list-item -->\n<li>Impuls f\u00fcr weitere Diskussionen. Kirchen legen neues \u201dSozialwort\" vor. In: Herder Korrespondenz 68 (4), S. 173-177.<\/li>\n<!-- \/wp:list-item -->\n\n<!-- wp:list-item -->\n<li>zus. mit Berrang, Luisa: \"Halbzeit - jedoch keine Zeit, eine Pause einzulegen\". Auswertung des Gespr\u00e4chsforums im Gespr\u00e4chsprozess der DBK \"Im Heute glauben.\" vom 13.-14. September 2013 in Stuttgart. Mainz, Februar 2014, siehe auch:<a href=\"http:\/\/www.memorandum-freiheit.de\/zum-gespraechsprozess\">http:\/\/www.memorandum-freiheit.de\/zum-gespraechsprozess<\/a>\/ sowie Auswertung-Gespr\u00e4chsforum-Memorandum-Freiheit-Stuttgart-2013.pdf<\/li>\n<!-- \/wp:list-item -->\n\n<!-- wp:list-item -->\n<li>Um ihrer Glaubw\u00fcrdigkeit willen. Pl\u00e4doyer f\u00fcr den Verzicht auf Staatsdotationen f\u00fcr die Kirche. In: Herder Korrespondenz 68 (2014) 2, S. 79-84.<\/li>\n<!-- \/wp:list-item --><\/ul>\n<!-- \/wp:list -->\n\n<!-- wp:paragraph -->\n<p>2013<\/p>\n<!-- \/wp:paragraph -->\n\n<!-- wp:list -->\n<ul class=\"wp-block-list\"><!-- wp:list-item -->\n<li>Globale Geschwisterlichkeit - gegen eine Globalisierung der Gleichg\u00fcltigkeit. In: Deutsche Bischofskonferenz (Hg.): Br\u00fcderlichkeit - Grundlage und Weg f\u00fcr den Frieden. Welttag des Friedens, 1. Januar 2014. Bonn: Sekretariat der DBK, 2013 (Arbeitshilfen 265), S. 4-6.<\/li>\n<!-- \/wp:list-item -->\n\n<!-- wp:list-item -->\n<li>Bildungsgerechtigkeit zwischen \u00d6konomie, Recht, Bildungswissenschaft, P\u00e4dagogik und Ethik. In: Peter Schallenberg und Arnd K\u00fcppers (Hg.): Interdisziplinarit\u00e4t der Christlichen Sozialethik. Paderborn: Sch\u00f6ningh 2013, S. 153-166.<\/li>\n<!-- \/wp:list-item -->\n\n<!-- wp:list-item -->\n<li>Kirche f\u00fcr die Armen - was hei\u00dft das f\u00fcr die Caritas? In: neue caritas 114(2013)18, S. 21-25. Im Internet unter <a href=\"http:\/\/www.caritas.de\/neue-caritas\/heftarchiv\/jahrgang2013\/artikel\/kirchefuerdiearmenwasheisstdasfuerdiecaritas\">http:\/\/www.caritas.de\/neue-caritas\/heftarchiv\/jahrgang2013\/artikel\/kirchefuerdiearmenwasheisstdasfuerdiecaritas<\/a><\/li>\n<!-- \/wp:list-item -->\n\n<!-- wp:list-item -->\n<li>Zukunftsweisendes und Zeitbedingtes. Zum 200. Geburtstag von Adolph Kolping. In: Herder Korrespondenz 67 (2013) 9, S. 481-485. PDF<\/li>\n<!-- \/wp:list-item -->\n\n<!-- wp:list-item -->\n<li>Qualit\u00e4t der theologischen Ausbildung in Europa (Editorial). In: ET-Studies 3(2012)2, V-VIII (erschienen 2013).<\/li>\n<!-- \/wp:list-item -->\n\n<!-- wp:list-item -->\n<li>Sozialethik als Ethik der Gerechtigkeit sozialer Strukturen und Institutionen. In: Markus Vogt (Hg.): Theologie der Sozialethik. Freiburg (Breisgau); Basel; Wien: Herder (Quaestiones disputatae, 255), S. 211-225.<\/li>\n<!-- \/wp:list-item -->\n\n<!-- wp:list-item -->\n<li>zus. mit Fischer, Luisa: \u201eUm Himmels Willen: Nicht blo\u00df reden!\u201d - Auswertung des Gespr\u00e4chsforums im Gespr\u00e4chsprozess der DBK \"Im Heute glauben.\" vom 14.-15. September 2012 in Hannover, Mainz, 4.1.2013, siehe auch <a href=\"http:\/\/www.memorandum-freiheit.de\/zum-gespraechsprozess\/ sowie Auswertung-Gespr\u00e4chsforum-Memorandum-Freiheit-Hannover-2012\">http:\/\/www.memorandum-freiheit.de\/zum-gespraechsprozess\/ sowie Auswertung-Gespr\u00e4chsforum-Memorandum-Freiheit-Hannover-2012<\/a>.pdf<\/li>\n<!-- \/wp:list-item --><\/ul>\n<!-- \/wp:list -->\n\n<!-- wp:paragraph -->\n<p>2012<\/p>\n<!-- \/wp:paragraph -->\n\n<!-- wp:list -->\n<ul class=\"wp-block-list\"><!-- wp:list-item -->\n<li>Solidarit\u00e4t in Europa (Editorial). In: ET-Studies 3(2012)1, V-VIII.<\/li>\n<!-- \/wp:list-item -->\n\n<!-- wp:list-item -->\n<li>Konfliktbereit im Dialog - um der Kirche und ihrer Zukunft willen. In: Lebendige Seelsorge 63(2012)6, 420-424.<\/li>\n<!-- \/wp:list-item -->\n\n<!-- wp:list-item -->\n<li>Ethik und Sozialethik in der katholischen Erwachsenenbildung. In: Horst Ziegler und Ralph Bergold (Hg.): Neue Vermessungen. Katholische Erwachsenenbildung heute im Spannungsfeld von Kirche und Gesellschaft. Dillingen\/Saar: Kr\u00fcger 2012, 251-273.<\/li>\n<!-- \/wp:list-item -->\n\n<!-- wp:list-item -->\n<li>Kapitalismuskritik: Brauchen wir ein anderes Wirtschaftssystem? In: Diakonia 43(2012)4, 223-229.<\/li>\n<!-- \/wp:list-item -->\n\n<!-- wp:list-item -->\n<li>Kirche auf der Seite von Gesetzesbrechern? Zum innovativen Potenzial des katholischen Forums \"Leben in der Illegalit\u00e4t\". In: Valentin Dessoy und Gundo Lames (Hg.): \"Siehe, ich mache alles neu\". Innovation als strategische Herausforderung in Kirche und Gesellschaft. Trier: Paulinus 2012 (Gesellschaft und Kirche - Wandel gestalten, 2), 298-303.<\/li>\n<!-- \/wp:list-item -->\n\n<!-- wp:list-item -->\n<li>Entwicklung - immer noch ein Name f\u00fcr Frieden? Die Rolle der Religionen in der Entwicklungszusammenarbeit. In: Mariano Delgado, Adrian Holderegger und Guido Vergauwen (Hg.): Friedensf\u00e4higkeit und Friedensvisionen in Religionen und Kulturen. Stuttgart: Kohlhammer 2012, 245-258.<\/li>\n<!-- \/wp:list-item -->\n\n<!-- wp:list-item -->\n<li>La Union Europea. \u00bfModelo para Am\u00e9rica Latina? In: Margit Eckholt und Fernando Barredo (Hg.): Ciudadan\u00eda y memoria. Reflexiones en vista a la conmemoraci\u00f3n del Bicentenario de la Independencia. Quito: Abya Yala 2012, 389-405.<\/li>\n<!-- \/wp:list-item -->\n\n<!-- wp:list-item -->\n<li>Gesellschaft funktioniert nicht ohne Solidarit\u00e4t. In: neue caritas 113(2012)17, 19-22. In: Deutscher Caritasverband (Hg.): Caritas 2013. Jahrbuch des Deutschen Caritasverbandes[erschienen 2012]. Freiburg i. Br.: DCV, 90-96.<\/li>\n<!-- \/wp:list-item -->\n\n<!-- wp:list-item -->\n<li>Pl\u00e4doyer f\u00fcr eine \u201dKultur des K\u00fcmmerns\". In: neue caritas Jahrbuch 2013 [erschienen 2012], 53-58.<\/li>\n<!-- \/wp:list-item -->\n\n<!-- wp:list-item -->\n<li>Soziale Marktwirtschaft in Europa - sozialethische Anmerkungen. Zugleich eine Auseinandersetzung mit der Enzyklika Caritas in veritate und dem Ansatz von Stefano Zamagni. In: Peter Schallenberg und Piotr Mazurkiewicz (Hg.): Soziale Marktwirtschaft in der Europ\u00e4ischen Union. Paderborn: Sch\u00f6ningh 2012, 55-75.<\/li>\n<!-- \/wp:list-item -->\n\n<!-- wp:list-item -->\n<li>\"Eine einzige koh\u00e4rente und zugleich stets neue Lehre\". Der Neuaufbruch der katholischen Soziallehre in Gaudium et spes. In: Kirche und Gesellschaft Nr. 393, herausgegeben von der Katholischen Sozialwissenschaftlichen Zentralstelle. M\u00f6nchengladbach 2012.<\/li>\n<!-- \/wp:list-item -->\n\n<!-- wp:list-item -->\n<li>Handeln als Menschheitsfamilie. Die Besinnung auf Weltgemeing\u00fcter als globale Zukunftsperspektive. In: Herder Korrespondenz 66 (9), 460-465. PDF - Englische \u00dcbersetzung: \"Taking Action as Humankind Family: Reflecting on the World's Common Property\" auf <a href=\"http:\/\/www.con-spiration.de\/texte\/english\/2012\/kruip-e.html.\">http:\/\/www.con-spiration.de\/texte\/english\/2012\/kruip-e.html.<\/a><\/li>\n<!-- \/wp:list-item -->\n\n<!-- wp:list-item -->\n<li>\"Market Economy\": Global Social Challenges. A German Perspective. In: Pham Van Duc (Hg.): Social Responsibility in the Context of Market Economy. Hanoi (Vietnam): Social Sciences Publishing House, 130-150.<\/li>\n<!-- \/wp:list-item -->\n\n<!-- wp:list-item -->\n<li>zus. mit Fischer, Luisa: \"Hausaufgaben\" f\u00fcr den Gespr\u00e4chsprozess. Auswertung des Gespr\u00e4chsforums im Gespr\u00e4chsprozess \"Im Heute glauben\" vom 14.-15. September 2011 in Mannheim. Mit einer Dokumentation der erarbeiteten Texte, Mainz 2012, siehe auch http:\/\/www.memorandum-freiheit.de\/zum-gespraechsprozess\/ sowie Auswertung-Gespr\u00e4chsforum-Memorandum-Freiheit-Mannheim-2011.pdf<\/li>\n<!-- \/wp:list-item -->\n\n<!-- wp:list-item -->\n<li>Gerechte Ressourcenallokation und Priorisierung im Gesundheitswesen. In: Karlies Abmeier, Martin Dabrowski und Judith Wolf (Hg.): Gesundheitssystem und Gerechtigkeit. Paderborn: Sch\u00f6ningh, 69-92.<\/li>\n<!-- \/wp:list-item -->\n\n<!-- wp:list-item -->\n<li>Freiheit und soziale Gerechtigkeit sind kein Widerspruch. In: neue caritas 113(2012), 23-25.<\/li>\n<!-- \/wp:list-item -->\n\n<!-- wp:list-item -->\n<li>Marktwirtschaft und Gerechtigkeit - Die Perspektive der christlichen Soziallehre. In: Vanberg, Viktor J. (Hrsg.): Marktwirtschaft und soziale Gerechtigkeit. Gestaltungsfragen der Wirtschaftsordnung in einer demokratischen Gesellschaft, T\u00fcbingen : Mohr Siebeck, 51-70.<\/li>\n<!-- \/wp:list-item --><\/ul>\n<!-- \/wp:list -->\n\n<!-- wp:paragraph -->\n<p>2011<\/p>\n<!-- \/wp:paragraph -->\n\n<!-- wp:list -->\n<ul class=\"wp-block-list\"><!-- wp:list-item -->\n<li>Berechtigte Emp\u00f6rung. Junge Menschen zu Frieden und Gerechtigkeit erziehen. In: Deutsche Bischofskonferenz (Hg.): Jugend zu Frieden und Gerechtigkeit erziehen. Welttag des Friedens, 1. Januar 2012. Bonn: Sekretariat der DBK (Arbeitshilfen, 252), 4-6.<\/li>\n<!-- \/wp:list-item -->\n\n<!-- wp:list-item -->\n<li>Un nuevo resurgimiento de la Iglesia Cat\u00f3lica en Alemania. In: Christus (M\u00e9xico) 787, Jg. 75, Nov.-Dez. 2011, 42-46.<\/li>\n<!-- \/wp:list-item -->\n\n<!-- wp:list-item -->\n<li>Die Soziale Frage - damals und heute. Aktuelle sozialethische Ver\u00f6ffentlichungen. In: Religionsunterricht an h\u00f6heren Schulen 54(2011)5, 226-230.<\/li>\n<!-- \/wp:list-item -->\n\n<!-- wp:list-item -->\n<li>Sozialdiakonische Kompetenzen. In: Lebendige Seelsorge 62(2011)6, 452-455.<\/li>\n<!-- \/wp:list-item -->\n\n<!-- wp:list-item -->\n<li>Ein Glaube, der etwas bedeutet! Eine Kirche, die den Gl\u00e4ubigen erlaubt, diese Bedeutung pers\u00f6nlich zum Ausdruck zu bringen! In: Eckholt, Margit (Hg.): Prophetie und Aggiornamento - Volk Gottes auf dem Weg. Eine internationale Festgabe f\u00fcr die Bisch\u00f6fliche Aktion ADVENIAT. M\u00fcnster\/Westf: Lit 2011 (Intercambio-Schriftenreihe, 4), 131-138.<\/li>\n<!-- \/wp:list-item -->\n\n<!-- wp:list-item -->\n<li>Vorreiter und Vorbild. Zur bleibenden Bedeutung von Bischof Wilhelm Emmanuel von Ketteler. In: Herder Korrespondenz 65(2011)11, 564-567.<\/li>\n<!-- \/wp:list-item -->\n\n<!-- wp:list-item -->\n<li>Sich aus Verantwortung f\u00fcr die Kirche streiten. Die Aufgabe der Bisch\u00f6fe im Dialog. In: Lebendige Seelsorge 62(2011)5, 374-376.<\/li>\n<!-- \/wp:list-item -->\n\n<!-- wp:list-item -->\n<li>Die Grundidee der Sozialen Marktwirtschaft und ihre Beziehung zur christlichen Sozialethik. In: Konrad-Adenauer-Stiftung (Hg.): Soziale Marktwirtschaft und deren Perzeption im Islam. 23.-24. September 2010, Ankara. Ankara\/T\u00fcrkei: KAS, 11-39. - T\u00fcrkische \u00dcbersetzung: Sosyal Piyasa Ekonomisin ana Hatlari ve Bunlarin Hiristyan Sosyal Ahlakiyla Ba\u011dlantisi. In: Konrad-Adenauer-Stiftung Yayini: Sosyal Piyasa Ekonomisin ve \u0130slam\u2019Daki Alagilani\u015fi , 23 - 24 Eyl\u00fcl 2010. Ankara 2010, 9-34.<\/li>\n<!-- \/wp:list-item -->\n\n<!-- wp:list-item -->\n<li>Die Kirche in der Krise in der Krise. Sozialethische \u00dcberlegungen zu einer politischen Diakonie der Kirche im Kontext einer doppelten Krise. In: ET-Studies. Zeitschrift der Europ\u00e4ischen Gesellschaft f\u00fcr Katholische Theologie 1(2010)2, 167-192 [erschienen 2011].<\/li>\n<!-- \/wp:list-item -->\n\n<!-- wp:list-item -->\n<li>Gibt es einen Neuaufbruch in der katholischen Kirche? In: <a href=\"http:\/\/www.explizit.net\/Kirchen\/Gibt-es-einen-Neuaufbruch-in-der-katholischen-Kirche\">explizit.net<\/a><\/li>\n<!-- \/wp:list-item -->\n\n<!-- wp:list-item -->\n<li>Marktgerechtigkeit und christliche Moral. In: Hirschberg 64 (07\/08), 452-466.<\/li>\n<!-- \/wp:list-item -->\n\n<!-- wp:list-item -->\n<li>Glaubw\u00fcrdigkeit und moralische Autorit\u00e4t. In: Heimbach-Steins, Marianne; Kruip, Gerhard; Wendel, Saskia (Hg.): \u201eKirche 2011 Ein notwendiger Aufbruch\u201d. Argumente zum Memorandum. Freiburg im Breisgau: Herder 2011, 114-124.<\/li>\n<!-- \/wp:list-item -->\n\n<!-- wp:list-item -->\n<li>Educational Governance und kooperative Bildungsverantwortung. In: Heimbach-Steins, Marianne; Kruip, Gehrard (Hg.): Kooperative Bildungsverantwortung. Sozialethische und p\u00e4dagogische Perspektiven auf \u201eEducational Governance\u201d. Bielefeld: W. Bertelsmann 2011, 11-33. - Auch im Internet: <a href=\"http:\/\/www.pedocs.de\/volltexte\/2011\/4432\/pdf\/Kruip_Educational_Governance_2011_D_A.pdf.\">http:\/\/www.pedocs.de\/volltexte\/2011\/4432\/pdf\/Kruip_Educational_Governance_2011_D_A.pdf.<\/a><\/li>\n<!-- \/wp:list-item -->\n\n<!-- wp:list-item -->\n<li>La Iglesia cat\u00f3lica ha perdido la autoridad moral. \u00bfC\u00f3mo puede recuperarla? In: Revista CLAR 49(2011)1, 10-25.<\/li>\n<!-- \/wp:list-item -->\n\n<!-- wp:list-item -->\n<li>Ins Mark getroffen. Wie kann die Kirche moralische Autorit\u00e4t zur\u00fcck gewinnen? In: Herder Korrespondenz 65(2011)4, 173-178.<\/li>\n<!-- \/wp:list-item -->\n\n<!-- wp:list-item -->\n<li>Entsch\u00e4digung gefordert? Die armen L\u00e4nder als Opfer der Finanzmarktkrise 2008-2009. In: Gabriel, Ingeborg; Schwarz, Ludwig (Hg.): Weltordnungspolitik in der Krise. Perspektiven internationaler Gerechtigkeit. Paderborn, M\u00fcnchen, Wien, Z\u00fcrich: Sch\u00f6ningh 2011, 169-184.<\/li>\n<!-- \/wp:list-item --><\/ul>\n<!-- \/wp:list -->\n\n<!-- wp:paragraph -->\n<p>2010<\/p>\n<!-- \/wp:paragraph -->\n\n<!-- wp:list -->\n<ul class=\"wp-block-list\"><!-- wp:list-item -->\n<li>Wachsende Ungleichheit - fehlendes Vertrauen. Kann ein neues Sozialwort der Kirchen in Deutschland helfen? In: Herder Korrespondenz 64(2010)10, 497-501. <a href=\"http:\/\/reddot1.zdv.uni-mainz.de\/cms\/ioEditor\/%5bioID%5dE6970FA1DBD64A1C8E62EA61ED2487E3\/HK_64_2010_10_Ss_497ff.pdf\">PDF<\/a><\/li>\n<!-- \/wp:list-item -->\n\n<!-- wp:list-item -->\n<li>Globalisierung der Solidarit\u00e4t: Die katholische Kirche als Global Player und die Rolle der kirchlichen Hilfswerke in Deutschland. In: ZMR 94(2010)3-4, 213-228.<\/li>\n<!-- \/wp:list-item -->\n\n<!-- wp:list-item -->\n<li>zus. mit Cremer, Georg: Solidarit\u00e4t f\u00f6rdern - zu Eigenverantwortung ermutigen. F\u00fcr eine Sozialpolitik der Bef\u00e4higung. In: Stimmen der Zeit 228(2010)10, 699-711. - Auch in: Katholisch-Soziales Institut der Erzdi\u00f6zese K\u00f6ln (Hg.): Katholische Soziallehre. Richtungsweisend? Haltgebend? Urspr\u00fcnge und Impulse zur Diskussion (CD-Rom). Bad Honnef 2012, B.5.1.<\/li>\n<!-- \/wp:list-item -->\n\n<!-- wp:list-item -->\n<li>Aktuelle sozialethische Beitr\u00e4ge zu Wirtschaftsethik und Unternehmensethik. Ein Literatur\u00fcberblick. In: Jahrbuch f\u00fcr Christliche Sozialwissenschaft, Jg. 51, 321-350.<\/li>\n<!-- \/wp:list-item -->\n\n<!-- wp:list-item -->\n<li>zus. mit Schramm, Michael: Steuergerechtigkeit - Eine Topographie moralischer Fragen. In: Amosinternational 4 (2010)2, 3-9.<\/li>\n<!-- \/wp:list-item -->\n\n<!-- wp:list-item -->\n<li>zus. mit Krau\u00df, Christoph: Kein Anwalt der armen L\u00e4nder? Zur Neupositionierung des BMZ. In: ICEP argumente 6(2010)3, 1-2. <a href=\"http:\/\/reddot1.zdv.uni-mainz.de\/cms\/ioEditor\/%5bioID%5dE6970FA1DBD64A1C8E62EA61ED2487E3\/03_10_KruipKrauss(1).pdf\">PDF<\/a><\/li>\n<!-- \/wp:list-item -->\n\n<!-- wp:list-item -->\n<li>zus. mit Krau\u00df, Christoph: Mit einer Stimme sprechen. Zur Zukunft einer gemeinsamen politischen Diakonie der Kirchen. In: Herder Korrespondenz Spezial 1-2010 (Vers\u00f6hnt verschieden? Perspektiven der \u00d6kumene), 61-64. <a href=\"http:\/\/reddot1.zdv.uni-mainz.de\/cms\/ioEditor\/%5bioID%5dE6970FA1DBD64A1C8E62EA61ED2487E3\/HK_SH_2010_01_Ss_61ff.pdf\">PDF<\/a><\/li>\n<!-- \/wp:list-item -->\n\n<!-- wp:list-item -->\n<li>Weltarmut und globale Gerechtigkeit - Wozu verpflichtet uns die Not der Menschen in anderen Teilen der Welt? In: Spie\u00df, Christian (Hg.): Freiheit - Natur - Religion. Studien zur Sozialethik (FS Anzenbacher). Paderborn: Sch\u00f6ningh 2010, 241-261.<\/li>\n<!-- \/wp:list-item -->\n\n<!-- wp:list-item -->\n<li>zus. mit Winkler, Katja: Moraltheoretische, entwicklungspsychologische und andragogisch-konzeptionelle Grundlagen ethischen Lernens. In: Gisbertz, Helga; Kruip, Gerhard; Tolksdorf, Markus (Hg.): Ethisches Lernen in der allgemeinen Erwachsenenbildung. Bielefeld: W. Bertelsmann 2010, 15-55. - Im Internet: <a href=\"http:\/\/www.pedocs.de\/volltexte\/2010\/3080\/pdf\/Kruip_Winkler_Moraltheoretische_Grundlagen_ethischen_Lernens_2010_D_A.pdf.\">http:\/\/www.pedocs.de\/volltexte\/2010\/3080\/pdf\/Kruip_Winkler_Moraltheoretische_Grundlagen_ethischen_Lernens_2010_D_A.pdf.<\/a><\/li>\n<!-- \/wp:list-item -->\n\n<!-- wp:list-item -->\n<li>zus. mit Gisbertz, Helga: Tolksdorf, Markus: Zum k\u00fcnftigen Umgang mit ethischen Themen in der allgemeinen Erwachsenenbildung. In: Gisbertz, Helga; Kruip, Gerhard; Tolksdorf, Markus (Hg.): Ethisches Lernen in der allgemeinen Erwachsenenbildung. Bielefeld: W. Bertelsmann 2010, 205-211.<\/li>\n<!-- \/wp:list-item -->\n\n<!-- wp:list-item -->\n<li>Caritas in veritate. Ein kritischer Kommentar aus sozialethischer Perspektive. In: Theologie und Glaube 100(2010)1, 85-107.<\/li>\n<!-- \/wp:list-item -->\n\n<!-- wp:list-item -->\n<li>Menschenrecht auf Bildung? Diagnosen - Reflexionen - Perspektiven seiner Umsetzung in Deutschland. In: Bock, Veronika (Hg.): Die W\u00fcrde des Menschen unantastbar? 60 Jahre Allgemeine Erkl\u00e4rung der Menschenrechte. M\u00fcnster: Lit, 2010, 57-75.<\/li>\n<!-- \/wp:list-item -->\n\n<!-- wp:list-item -->\n<li>\u201eUnser t\u00e4gliches Brot gib uns heute\u201d. Das Recht auf ein soziokulturelles Existenzminimum in einer globalisierten Welt. In: Stimpfle, Alois (Hg.): Pater Noster - oder mit sieben Bitten auf in den Himmel? M\u00fcnster: Lit 2010, 89-106.<\/li>\n<!-- \/wp:list-item --><\/ul>\n<!-- \/wp:list -->\n\n<!-- wp:paragraph -->\n<p>2009<\/p>\n<!-- \/wp:paragraph -->\n\n<!-- wp:list -->\n<ul class=\"wp-block-list\"><!-- wp:list-item -->\n<li>Zur Verantwortung des Christen - Freiheit in einer vernetzten Welt. In: Gemeinschaft Katholischer Soldaten (GKS) (Hg.): Als Soldat und Christ dem Frieden verpflichtet. Beitr\u00e4ge zur Ethik des soldatischen Dienstes. Berlin 2009, 482-496 (Wiederabdruck des gleichnamigen Beitrags in: Auftrag - Organ der Gemeinschaft Katholischer Soldaten 42(2002)247, 37-45.<\/li>\n<!-- \/wp:list-item -->\n\n<!-- wp:list-item -->\n<li>Gibt es ein Menschenrecht auf ethische Bildung? In: zfwu 10 (2009), 164-179. <br>erneut abgedruckt in: Thomas Beschorner u. a. (Hg.): Wirtschafts- und Unternehmensethik. Wiesbaden: Springer Fachmedien Wiesbaden 2020, S. 389\u2013405.<\/li>\n<!-- \/wp:list-item -->\n\n<!-- wp:list-item -->\n<li>Das \u201echristliche Menschenbild\u201d - keine Letztbegr\u00fcndungsformel! In: Darwish, Farid; Wahler, Hendrik (Hg.): Menschenbilder. Praktische Folgen einer Haltung des Menschen zu sich selbst. London: Turnshare 2009, 29-46.<\/li>\n<!-- \/wp:list-item -->\n\n<!-- wp:list-item -->\n<li>Ist Geiz geil oder gottlos? Haben oder Sein im sp\u00e4ten Kapitalismus. In: Nickl, Peter (Hg.): Die Sieben Tods\u00fcnden - Zwischen Reiz und Reue. M\u00fcnster: Lit 2009, 13-30.<\/li>\n<!-- \/wp:list-item -->\n\n<!-- wp:list-item -->\n<li>Menschenrecht auf Bildung. Chancengerechtigkeit f\u00fcr Kinder und Jugendliche mit famili\u00e4rem Armuts- und Migrationshintergrund. In: Religionsunterricht an h\u00f6heren Schulen 52(2009)5, 287-289 und 292-296.<\/li>\n<!-- \/wp:list-item -->\n\n<!-- wp:list-item -->\n<li>Finanzmarktkrise: das Ende der Sozialen Marktwirtschaft? In: neue caritas Jahrbuch 2010 [erschienen 2009], S. 32-37.<\/li>\n<!-- \/wp:list-item -->\n\n<!-- wp:list-item -->\n<li>Fordert christliche Sozialethik einen allgemeinen Mindestlohn? In: Nacke, Bernhard (Hg.): Orientierung und Innovation. Beitr\u00e4ge der Kirche f\u00fcr Staat und Gesellschaft. Freiburg (Breisgau) u.a.: Herder 2009, 418-431.- Auch in: Katholisch-Soziales Institut der Erzdi\u00f6zese K\u00f6ln (Hg.): Katholische Soziallehre. Richtungsweisend? Haltgebend? Urspr\u00fcnge und Impulse zur Diskussion (CD-Rom). Bad Honnef 2012, B.4.5.<\/li>\n<!-- \/wp:list-item -->\n\n<!-- wp:list-item -->\n<li>Wie stehen die Kirchen zur Organlebendspende? In: muko.info. Das Magazin des Mukoviszidose e.V. 2009\/3, 32-33.<\/li>\n<!-- \/wp:list-item -->\n\n<!-- wp:list-item -->\n<li>\"De Iustitia in Mundo\". Gobal Justice in the Tradition of the Social Teaching of the Catholic Church. In: Mack, Elke; Schramm, Michael; Klasen, Stephan; Pogge, Thomas (Hg.): Absolute Poverty and Global Justice. Empirical Data - Moral Theories - Initiatives. Farnham: Ashgate 2009, 79-90.<\/li>\n<!-- \/wp:list-item -->\n\n<!-- wp:list-item -->\n<li>Bildungsfinanzierung - auch eine Frage der Gerechtigkeit! In: Heimbach-Steins, Marianne; Kruip, Gerhard; Kunze, Axel-Bernd (Hg.): Bildungsgerechtigkeit - Interdisziplin\u00e4re Perspektiven. Bielefeld: W. Bertelsmann 2009, 73-92.<\/li>\n<!-- \/wp:list-item -->\n\n<!-- wp:list-item -->\n<li>Der Mensch - \u201edas echte Kapital\u201d. In: neue caritas 110(2009)16, 21-25.<\/li>\n<!-- \/wp:list-item -->\n\n<!-- wp:list-item -->\n<li>zus. mit Heimbach-Steins, Marianne; Kunze, Axel-Bernd: Menschenrecht auf Bildung. Ma\u00dfstab f\u00fcr die Bildungspolitik in Deutschland? In: Heimbach-Steins, Marianne; Kruip, Gerhard; Kunze, Axel-Bernd (Hg.): Bildung, Politik und Menschenrecht. Ein ethischer Diskurs. Bielefeld: W. Bertelsmann 2009, 7-14.<\/li>\n<!-- \/wp:list-item -->\n\n<!-- wp:list-item -->\n<li>Entwicklung und Wahrheit. Die Sozialenzyklika Benedikts XVI. erm\u00f6glicht viele Lesarten. In: Herder Korrespondenz 63(2009)8, 388-392.<\/li>\n<!-- \/wp:list-item -->\n\n<!-- wp:list-item -->\n<li>Market Economy - Global Social Challenges. A German Perspective. In: Philosophy (Hanoi, Vietnam) 2009\/5(216), 26-36 (in vietnamesischer Sprache).<\/li>\n<!-- \/wp:list-item -->\n\n<!-- wp:list-item -->\n<li>Globale Gerechtigkeit und Option f\u00fcr die Armen. Konsequenzen f\u00fcr die weltweite Armutsbek\u00e4mpfung. In: Abmeier, Karlies; Dabrowski, Martin; Wolf, Judith (Hg.): Globalisierung und globale Gerechtigkeit. Paderborn: Sch\u00f6ningh 2009, 11-32.<\/li>\n<!-- \/wp:list-item -->\n\n<!-- wp:list-item -->\n<li>Justicia social - desde la perspectiva de la \u00e9tica social cristiana. In: Bombassaro, Luiz Carlos; Kr\u00fcggeler, Thomas; Timm de Souza, Ricardo (Hg.): Democracia e inclus\u00e3o social. Desigualdade como desaf\u00edo para a sociedade e a Igreja no Brasil. Porto Alegre (Brasilien): Edipucrs 2009, 29-53.<\/li>\n<!-- \/wp:list-item -->\n\n<!-- wp:list-item -->\n<li>Eigeninteresse, universelle Normen des Gerechten und partikulare Vorstellungen des Guten. Welche Wertbindungen braucht die Entwicklungspolitik? In: Reifeld, Helmut; Wahlers, Gerhard (Hg.): Jenseits der Milleniumsziele. Wertorientierung f\u00fcr die k\u00fcnftige Entwicklungspolitik. Sankt Augustin\/Bonn: Konrad Adenauer-Stiftung 2009, 57-74.<\/li>\n<!-- \/wp:list-item -->\n\n<!-- wp:list-item -->\n<li>Mexiko. In: Meier, Johannes; Stra\u00dfner, Veit (Hg.): Lateinamerika und Karibik. Paderborn u.a: Sch\u00f6ningh 2009 (Kirche und Katholizismus seit 1945, 6), 63-110.<\/li>\n<!-- \/wp:list-item -->\n\n<!-- wp:list-item -->\n<li>zus. mit Cremer, Georg: Reich der Freiheit oder Hartz IV f\u00fcr alle? Sozialethische und \u00f6konomische \u00dcberlegungen zum bedingungslosen Grundeinkommen. In: Stimmen der Zeit 227(2009)6, 415-425.<\/li>\n<!-- \/wp:list-item -->\n\n<!-- wp:list-item -->\n<li>Moral und Religion im interkulturellen Dialog, in: Christian Thies (Hg.), Der Wert der Menschenw\u00fcrde, Paderborn: Sch\u00f6ningh 2009, 223-239.<\/li>\n<!-- \/wp:list-item -->\n\n<!-- wp:list-item -->\n<li>Sozialethische Perspektiven zur aktuellen Finanzmarktkrise. In: Sekretariat der Deutschen Bischofskonferenz (Hg.): Studienhalbtag zur Finanz- und Wirtschaftskrise. Fr\u00fchjahrs-Vollversammlung der Deutschen Bischofskonferenz in Hamburg, 4.3.2009. Bonn: DBK 2009, 22-30.<\/li>\n<!-- \/wp:list-item -->\n\n<!-- wp:list-item -->\n<li>In der Menschenw\u00fcrde begr\u00fcndet. F\u00fcr ein Menschenrecht auf Bildung auch in Deutschland. In: Herder Korrespondenz 63(2009)3, 145-149. - Auch in: Katholisch-Soziales Institut der Erzdi\u00f6zese K\u00f6ln (Hg.): Katholische Soziallehre. Richtungsweisend? Haltgebend? Urspr\u00fcnge und Impulse zur Diskussion (CD-Rom). Bad Honnef 2012, B.4.2.<\/li>\n<!-- \/wp:list-item -->\n\n<!-- wp:list-item -->\n<li>Formaci\u00f3n para todos y justicia participativa y contributiva. Una reflexi\u00f3n desde la \u00e9tica social cristiana. In: Eckholt, Margit; Lerner Febres, Salom\u00f3n (Hg.): Ciudadan\u00eda, democracia y derechos humanos. Reflexiones en vista a la conmemoraci\u00f3n del Bicentenario de la Independencia. Quito (Ecuador): Abya-Yala 2009, 155-171.<\/li>\n<!-- \/wp:list-item --><\/ul>\n<!-- \/wp:list -->\n\n<!-- wp:paragraph -->\n<p>2008<\/p>\n<!-- \/wp:paragraph -->\n\n<!-- wp:list -->\n<ul class=\"wp-block-list\"><!-- wp:list-item -->\n<li>Gerechtigkeit jetzt und f\u00fcr alle Zeiten - Eine sozialethische Perspektive. In: Schwarz-Boenneke, Bernadette (Hg.): Gerechtigkeit jetzt und f\u00fcr alle Zeiten (Jes 9,6). Veranstaltungen zur bundesweiten Er\u00f6ffnung der Adveniat-Jahresaktion 2007. Mainz: Adveniat 2008, 23-34.<\/li>\n<!-- \/wp:list-item -->\n\n<!-- wp:list-item -->\n<li>In der Legitimationskrise. Neue Aufgaben f\u00fcr die Soziale Marktwirtschaft. In: Herder Korrespondenz 62(2008)10, 498-502.<\/li>\n<!-- \/wp:list-item -->\n\n<!-- wp:list-item -->\n<li>Soll die katholische Kirche auf eigenem Boden den Anbau gentechnisch ver\u00e4nderter Organismen erlauben? Eine Empfehlung. In: Drell, Volker; Thies, Christian (Hg.): Agro-Gentechnik. Zum F\u00fcr und Wider einer neuen landwirtschaftlichen Technologie. M\u00fcnster u.a: Lit 2008, 69-72.<\/li>\n<!-- \/wp:list-item -->\n\n<!-- wp:list-item -->\n<li>Gerechte Bildungsfinanzierung - sozialethische Kriterien. In: Dabrowski, Martin; Wolf, Judith (Hg.): Bildungspolitik und Bildungsgerechtigkeit. Paderborn u.a.: Sch\u00f6ningh 2008, 141-161.<\/li>\n<!-- \/wp:list-item -->\n\n<!-- wp:list-item -->\n<li>zus. mit Neuhoff, Katja: Hauptsch\u00fcler ohne Zukunftsperspektive? In: Stimmen der Zeit 133(2008)8, 507-520.<\/li>\n<!-- \/wp:list-item -->\n\n<!-- wp:list-item -->\n<li>\u201eEine andere Welt ist m\u00f6glich\u201d - Globalisierung der Gerechtigkeit. In: Trierer Theologische Zeitschrift 117(2008)3, 235-252.<\/li>\n<!-- \/wp:list-item -->\n\n<!-- wp:list-item -->\n<li>\u00c9tica Social Cristiana. In: Thesing, Josef (Hg.): Doctrina social cristiana. Textos de las conferencias de la VI. Academia de Verano del 28 de junio al 16 de julio de 2008. Bad Honnef: Konrad Adenauer-Stiftung; Adveniat; KSI (ohne Seitenangabe, 18 S.).<\/li>\n<!-- \/wp:list-item -->\n\n<!-- wp:list-item -->\n<li>Neuaufbruch oder Regression? Die Ergebnisse der lateinamerikanischen Bischofsversammlung in Aparecida (13.-31.5.2007) aus sozialethischer Sicht. In: ZMR 92(2008), 119-132. PDF<\/li>\n<!-- \/wp:list-item -->\n\n<!-- wp:list-item -->\n<li>Verantwortung wof\u00fcr? Unternehmen vor wachsenden Herausforderungen globaler M\u00e4rkte und universeller Geltungsanspr\u00fcche. D\u00fcsseldorf: NRW-Bank (Denkraum.2). PDF<\/li>\n<!-- \/wp:list-item -->\n\n<!-- wp:list-item -->\n<li>Die Option f\u00fcr die Armen: Was bedeutet sie in Deutschland? In: Amosinternational 2(2008)2, 23-31.<\/li>\n<!-- \/wp:list-item -->\n\n<!-- wp:list-item -->\n<li>Traditional Conceptions of Justice in Christianity. In: Bhargava, Rajeev; Dusche, Michael; Reifeld, Helmut (Hg.): Justice. Political, social, juridical. New Delhi: Sage 2008, 94-115.<\/li>\n<!-- \/wp:list-item -->\n\n<!-- wp:list-item -->\n<li>Die Krux des gerechten Lohnes. In: neue caritas 109(2008)5, 9-11.<\/li>\n<!-- \/wp:list-item -->\n\n<!-- wp:list-item -->\n<li>zus. mit Winkler, Katja: Bildungsethik - ethische Bildung. In: Natur und Geist. Das Forschungsmagazin der Johannes Gutenberg-Universit\u00e4t Mainz 24(2008)1, 40-43.<\/li>\n<!-- \/wp:list-item -->\n\n<!-- wp:list-item -->\n<li>Fortschritte im Selbstverst\u00e4ndigungsprozess: Ans\u00e4tze, Methode und Themen der Sozialethik. In: Herder Korrespondenz Spezial \u201eGlauben denken\u201d Februar 2008, 45-48.<\/li>\n<!-- \/wp:list-item -->\n\n<!-- wp:list-item -->\n<li>Selbstbestimmte Teilhabe sozialethisch gesehen. In: neue caritas 109(2008)2, 9-11.<\/li>\n<!-- \/wp:list-item --><\/ul>\n<!-- \/wp:list -->\n\n<!-- wp:paragraph -->\n<p>2007<\/p>\n<!-- \/wp:paragraph -->\n\n<!-- wp:list -->\n<ul class=\"wp-block-list\"><!-- wp:list-item -->\n<li>Wirklich gerecht sind nur Gerechtigkeiten. In: Deutscher Caritasverband (Hg.): Caritas 2008. Jahrbuch des Deutschen Caritasverbandes. Freiburg i. Br.: DCV 2007, 30-36.<\/li>\n<!-- \/wp:list-item -->\n\n<!-- wp:list-item -->\n<li>Vom Fortschritt der V\u00f6lker zur Entwicklung der Einen Welt: 40 Jahre Populorum Progressio. In: KSI-inform 3\/2007, 5.<\/li>\n<!-- \/wp:list-item -->\n\n<!-- wp:list-item -->\n<li>Vertragstheorien und Diskursethik: Zur Bedeutung prozeduraler Ethiken in der sozialen Arbeit. In: Lesch, Walter; Lob-H\u00fcdepohl, Andreas (Hg.): Ethik Sozialer Arbeit: Ein Handbuch. Paderborn u.a.: Sch\u00f6ningh; UTB, 69-87.<\/li>\n<!-- \/wp:list-item -->\n\n<!-- wp:list-item -->\n<li>zus. mit Neuhoff, Katja: Das Menschenrecht auf Bildung und seine Umsetzung in Deutschland - Perspektiven. In: Heimbach-Steins, Marianne; Kruip, Gerhard; Kunze, Axel-Bernd (Hg.): Das Menschenrecht auf Bildung und seine Umsetzung in Deutschland. Diagnosen - Reflexionen - Perspektiven. Bielefeld: W. Bertelsmann 2007, 205-220.<\/li>\n<!-- \/wp:list-item -->\n\n<!-- wp:list-item -->\n<li>zus. mit Winkler, Katja: Ethisches Lernen in der allgemeinen Erwachsenenbildung (Basispapier). Bonn: Katholische Bundesarbeitsgemeinschaft f\u00fcr Erwachsenenbildung, 2007 (Sonderdruck).<\/li>\n<!-- \/wp:list-item -->\n\n<!-- wp:list-item -->\n<li>Kriterien f\u00fcr die Rationierung und Differenzierung von Sozialleistungen. In: Dabrowski, Martin; Wolf, Judith (Hg.): Aufgaben und Grenzen des Sozialstaats. Paderborn u.a.: Sch\u00f6ningh 2007, 197-220.<\/li>\n<!-- \/wp:list-item -->\n\n<!-- wp:list-item -->\n<li>Marktgerechte Gesellschaft oder sozial gerechter Markt? In: rhs - Religionsunterricht an h\u00f6heren Schulen 50(2007)4, 218-225.<\/li>\n<!-- \/wp:list-item -->\n\n<!-- wp:list-item -->\n<li>zus. mit Krau\u00df, Christoph: In Selbstblockaden verstrickt. R\u00f6mische Korrekturen am Schlussdokument von Aparecida. In: Herder Korrespondenz 61(2007)9, 450-453. - Englische \u00dcbersetzung im Internet unter <a href=\"http:\/\/www.con-spiration.de\/texte\/english\/2007\/krauss-kruip-e.html\">http:\/\/www.con-spiration.de\/texte\/english\/2007\/krauss-kruip-e.html<\/a>.<\/li>\n<!-- \/wp:list-item -->\n\n<!-- wp:list-item -->\n<li>Globale Finanzm\u00e4rkte und menschliche Entwicklung. Eine christlich-sozialethische Perspektive. In: Giersch, Christoph (Hg.): Money makes the world go round? Ethik als notwendiges Gestaltungsprinzip f\u00fcr Banken und Kapitalm\u00e4rkte. M\u00fcnchen, Mering: Hampp 2007, 55-70.<\/li>\n<!-- \/wp:list-item -->\n\n<!-- wp:list-item -->\n<li>Kirche und Religionen in Lateinamerika: Neue Ambivalenzen zwischen Modernisierungs- und Retraditionalisierungsprozessen. In: Bernecker, Walther L. u.a. (Hg.): Lateinamerika 1870-2000. Wien: Promedia 2007, 213-230 (leicht \u00fcberarbeitete und aktualisierte Fassung des Beitrags in Kaller-Dietrich, Martina; Potthast, Barbara; Tobler, Hans Werner (Hg.): Lateinamerika im 19. und 20. Jahrhundert. Wien: Promedia, 2004, 175-191).<\/li>\n<!-- \/wp:list-item -->\n\n<!-- wp:list-item -->\n<li>Eine andere Welt ist m\u00f6glich: Der G8-Gipfel und die Enzyklika \"Populorum Progressio\" Pauls VI. In: Herder Korrespondenz 61(2007)6, 290-294.<\/li>\n<!-- \/wp:list-item -->\n\n<!-- wp:list-item -->\n<li>zus. mit Winkler, Katja: Ist Moral lehrbar? M\u00fcssen wir Moral wirklich lernen? In: Kompass. Soldat in Welt und Kirche, Ausgabe 05\/2007 (2.5.07), 4-7.<\/li>\n<!-- \/wp:list-item -->\n\n<!-- wp:list-item -->\n<li>Gerechtigkeit in einem globalisierten Luxemburg. In: Schronen, Danielle; Urb\u00e9, Robert (Hg.): Sozialalmanach 2007. Schwerpunkt: Soziale Gerechtigkeit. Das Caritas-Jahrbuch zur sozialen Lage Luxemburgs. Luxemburg: Caritas 2007, 117-130.<\/li>\n<!-- \/wp:list-item -->\n\n<!-- wp:list-item -->\n<li>Soziale Gerechtigkeit in der christlichen Soziallehre. In: Blanke, Hermann-Josef (Hg.): Der Umbau des Sozialstaats zwischen Freiheitlichkeit und Solidarit\u00e4t. T\u00fcbingen: Mohr-Siebeck 2007, 225-242.<\/li>\n<!-- \/wp:list-item -->\n\n<!-- wp:list-item -->\n<li>Gerechtigkeit zwischen den Generationen. In: Blasberg-Kuhnke, Martina; Wittrahm, Andreas (Hg.): Altern in Freiheit und W\u00fcrde: Handbuch christliche Altenarbeit. M\u00fcnchen: K\u00f6sel 2007, 52-62.<\/li>\n<!-- \/wp:list-item -->\n\n<!-- wp:list-item -->\n<li>Introduction. In: Kruip, Gerhard; Reifeld, Helmut (Hg.): Church and Civil Society: The Role of Christian Churches in the Emerging Countries of Argentina, Mexico, Nigeria and South Africa. Sankt Augustin\/Berlin: KAS 2007, 11-18.<\/li>\n<!-- \/wp:list-item --><\/ul>\n<!-- \/wp:list -->\n\n<!-- wp:paragraph -->\n<p>2006<\/p>\n<!-- \/wp:paragraph -->\n\n<!-- wp:list -->\n<ul class=\"wp-block-list\"><!-- wp:list-item -->\n<li>La necesidad de \u201evolver a pensar\u201d lo social, in: Eckholt, Margit; Michelini, Dorando (Hg.), El trabajo y el futuro del hombre. Reflexiones sobre la crisis actual y perspectivas desde la enc\u00edclica Laborem Exercens, Buenos Aires (San Pablo) 2006, 255-266.<\/li>\n<!-- \/wp:list-item -->\n\n<!-- wp:list-item -->\n<li>Bildungsarmut - eine der zentralen \u201eSozialen Fragen\u201d der Gegenwart. In: Misereor (Hg.): Bildung. Aachen: Misereor 2006, 16-21.<\/li>\n<!-- \/wp:list-item -->\n\n<!-- wp:list-item -->\n<li>Menschenrechte und soziale Gerechtigkeit. Wert\u00fcberzeugungen Europas vor der Herausforderung des Globalisierungsprozesses. In: Elm, Ralf (Hg.): Vernunft und Freiheit in der Kultur Europas. Freiburg i. Br., Alber 2006, 425-465.<\/li>\n<!-- \/wp:list-item -->\n\n<!-- wp:list-item -->\n<li>Katholische Kirche und Religionsfreiheit. In: Rottleuthner, Hubert; Mahlmann, Matthias (Hg.): Ein neuer Kampf der Religionen?: Staat, Recht und religi\u00f6se Toleranz. Berlin: Duncker &amp; Humblot 2006, 101-126.<\/li>\n<!-- \/wp:list-item -->\n\n<!-- wp:list-item -->\n<li>zus. mit Fischer, Michael: Nicht nur Einzelschicksale: Stellt sich in Deutschland von neuem die soziale Frage? In: Herder Korrespondenz 60(2006)12, 613-617.<\/li>\n<!-- \/wp:list-item -->\n\n<!-- wp:list-item -->\n<li>Impliziert die Anerkennung des Anderen die Billigung unmoralischer Handlungen? In: Kruip, Gerhard; V\u00f6gele, Wolfgang (Hg.): Schatten der Differenz. Das Paradigma der Anerkennung und die Realit\u00e4t gesellschaftlicher Konflikte. M\u00fcnster: Lit. 2006, 303-321.<\/li>\n<!-- \/wp:list-item -->\n\n<!-- wp:list-item -->\n<li>Zur Einf\u00fchrung: Gott im Kontext der Gegenwart - Versuch einer Diagnose der Zeit und ihrer theologischen Herausforderung. In: Fischer, Michael; Kruip, Gerhard (Hg.): Als g\u00e4be es Ihn nicht - Vernunft und Gottesfrage heute. M\u00fcnster u.a.: Lit 2006, 1-13.<\/li>\n<!-- \/wp:list-item -->\n\n<!-- wp:list-item -->\n<li>Bildungspolitik und Sozialpolitik - Zum Verh\u00e4ltnis von Beteiligungs- und Verteilungsgerechtigkeit. In: Katholische Erwachsenenbildung im Lande Niedersachsen e.V. (Hg.): Jubil\u00e4umsjahrbuch 2005\/2006. Hannover: Selbstverlag 2006, 19-21.<\/li>\n<!-- \/wp:list-item -->\n\n<!-- wp:list-item -->\n<li>Katholische Kirche in der Finanzkrise: Gibt es theologische und ethische Kriterien \u201erichtigen\u201d Sparens? In: Franz, Thomas; Sauer, Hanjo (Hg.): Glaube in der Welt von heute: Theologie und Kirche nach dem Zweiten Vatikanischen Konzil. Band 2: Diskursfelder. F\u00fcr Elmar Klinger. W\u00fcrzburg: Echter 2006, 468-485.<\/li>\n<!-- \/wp:list-item -->\n\n<!-- wp:list-item -->\n<li>Katholische Kirche in einer globalisierten Welt. In: G\u00f6llner, Reinhard; Knapp, Markus (Hg.): Kirche der Zukunft - Zukunft der Kirche. M\u00fcnster: Lit 2006, 117-136.<\/li>\n<!-- \/wp:list-item -->\n\n<!-- wp:list-item -->\n<li>Die sozialethische Relevanz der Berufung auf die '\u0080\u009akatholischen' Grundlagen des Sozialstaats (Korreferat). In: Gro\u00dfe Kracht, Hermann-Josef; Kostka, Ulrike; Schramm, Michael (Hg.): Der fraglich gewordene Sozialstaat: Aktuelle Streitfelder - ethische Grundlagenprobleme. Paderborn u.a.: Sch\u00f6ningh, 2006, 32-36.<\/li>\n<!-- \/wp:list-item -->\n\n<!-- wp:list-item -->\n<li>Gerechtigkeit im Gesundheitswesen - zwischen wachsenden Anspr\u00fcchen und \u00f6konomischen Zw\u00e4ngen. In: Sternberg, Thomas (Hg.): Soziale Gerechtigkeiten: Beitr\u00e4ge zu einer neuen Sozialkultur. M\u00fcnster: dialogverlag 2006, 75-105.<\/li>\n<!-- \/wp:list-item --><\/ul>\n<!-- \/wp:list -->\n\n<!-- wp:paragraph -->\n<p>2005<\/p>\n<!-- \/wp:paragraph -->\n\n<!-- wp:list -->\n<ul class=\"wp-block-list\"><!-- wp:list-item -->\n<li>Was ist soziale Gerechtigkeit? Korreferat zum Vortrag des DGB-Bundesvorsitzenden Michael Sommer. In: Horster, Detlef (Hg.): Sozialstaat und Gerechtigkeit: Hannah-Arendt-Lectures und Hannah-Arendt-Tage 2004. Weilerswist: Velbr\u00fcck 2005, 87-99.<\/li>\n<!-- \/wp:list-item -->\n\n<!-- wp:list-item -->\n<li>Systematische Bestandsaufnahme: Der neue \u201eSozialkatechismus\u201d sichert das Erbe p\u00e4pstlicher Sozialverk\u00fcndigung. In: Herder Korrespondenz 59(2005)1, 11-15.<\/li>\n<!-- \/wp:list-item -->\n\n<!-- wp:list-item -->\n<li>Erfordert die \u00f6konomische Integration Europas eine \u00dcbereinstimmung von Gerechtigkeitsvorstellungen? Das Beispiel sozialer Gerechtigkeit. In: Societas Ethica (Hg.): Pluralismus in Europa? 41. Jahresbericht 2004 der Societas Ethica. Erlangen 2005, 206-223. - Nochmals abgedruckt in: Heuser, Stefan; Ulrich, Hans G. (Hg.): Pluralism in Europe - One Law, One Market, One Culture? Proceedings of the Annual Conference of the Societas Ethica in Ljubljana, August 2004. Berlin: Lit 2006, 153-170.<\/li>\n<!-- \/wp:list-item -->\n\n<!-- wp:list-item -->\n<li>Wer mag schon den Kapitalismus?: Die Naivit\u00e4t moralischer Emp\u00f6rung und die Komplexit\u00e4t des Marktes. In: Herder Korrespondenz 59(2005)7, 348-352.<\/li>\n<!-- \/wp:list-item -->\n\n<!-- wp:list-item -->\n<li>Vom \u201eSinn f\u00fcr Ungerechtigkeit\u201d zur \u201eGlobalisierung der Gerechtigkeit\u201d. In: Kaplow, Ian; Lienkamp, Christoph (Hg.): Sinn f\u00fcr Ungerechtigkeit: Ethische Argumentationen im globalen Kontext. Baden-Baden: Nomos 2005, 100-116.<\/li>\n<!-- \/wp:list-item -->\n\n<!-- wp:list-item -->\n<li>Warum wir das Neue \u201esozial denken\u201d m\u00fcssen. In: impulse aus der Hauptabteilung Schule und Hochschule des Erzbistums K\u00f6ln Nr. 74, 2. Quartal 2005, 2-6.<\/li>\n<!-- \/wp:list-item -->\n\n<!-- wp:list-item -->\n<li>zus. mit Vogt, Markus: Globalisierung: Ein Bericht vom Berliner Werkstattgespr\u00e4ch der SozialethikerInnen 2004. In: Jahrbuch f\u00fcr Christliche Sozialwissenschaften 46(2005), 346-351.<\/li>\n<!-- \/wp:list-item -->\n\n<!-- wp:list-item -->\n<li>zus. mit Hemel, Ulrich: Das fiph vor neuen Herausforderungen: Eine kleine Zwischenbilanz und ein Ausblick nach f\u00fcnf Jahren \u201eNeuausrichtung\u201d (2000-2005). In: fiph-journal Nr. 6 (September 2005), 13-14.<\/li>\n<!-- \/wp:list-item --><\/ul>\n<!-- \/wp:list -->\n\n<!-- wp:paragraph -->\n<p>2004<\/p>\n<!-- \/wp:paragraph -->\n\n<!-- wp:list -->\n<ul class=\"wp-block-list\"><!-- wp:list-item -->\n<li>Kirchen und Religionen in Lateinamerika: Neue Ambivalenzen zwischen Modernisierungs- und Retraditionalisierungsprozessen. In: Kaller-Dietrich, Martina; Potthast, Barbara; Tobler, Hans Werner (Hg.): Lateinamerika im 19. und 20. Jahrhundert. Wien: Promedia 2004, 175-191.<\/li>\n<!-- \/wp:list-item -->\n\n<!-- wp:list-item -->\n<li>Role of Civil Society in the Development of Modern States. In: Konrad-Adenauer-Stiftung (Hg.): Political Philosophy in Dialogue [in chinesischer Sprache]. Peking: Selbstverlag 2004, 94-110.<\/li>\n<!-- \/wp:list-item -->\n\n<!-- wp:list-item -->\n<li>Das Soziale weiter denken. In: Stimmen der Zeit 222(2004)6, 398-408.<\/li>\n<!-- \/wp:list-item -->\n\n<!-- wp:list-item -->\n<li>Wechselseitige Verpflichtungen: Partnerschaft in der Entwicklungszusammenarbeit. In: Entwicklungspolitik 12\/2004, 39-40. Nochmals abgedruckt in: Hirsch, Klaus; Seitz, Klaus (Hg.): Zwischen Sicherheitskalk\u00fcl, Interesse und Moral: Beitr\u00e4ge zur Ethik der Entwicklungspolitik. Frankfurt am Main: IKO 2005, 185-190.<\/li>\n<!-- \/wp:list-item -->\n\n<!-- wp:list-item -->\n<li>Was ist soziale Gerechtigkeit? Grunds\u00e4tzliche \u00dcberlegungen zur aktuellen Sozialstaatsdebatte in Deutschland. In: Jans, Jan (Hg.): F\u00fcr die Freiheit verantwortlich: Festschrift f\u00fcr Karl-Wilhelm Merks, Fribourg\/Schweiz: Academic Press; Freiburg\/Wien: Herder 2004, 221-237.<\/li>\n<!-- \/wp:list-item -->\n\n<!-- wp:list-item -->\n<li>Religion, Kirche und Staat. In: Bernecker, Walther L. u.a. (Hg.): Mexiko heute: Politik, Wirtschaft, Kultur. 3., vollst. neu bearb. Aufl. Frankfurt am Main: Vervuert 2004, 149-173.<\/li>\n<!-- \/wp:list-item -->\n\n<!-- wp:list-item -->\n<li>Gemeinwohl und Subsidiarit\u00e4t: Die Vorteile von Freiheit und Kooperation. In: Berten, Ignace; Eggensperger, Thomas; Engel, Ulrich (Hg.): Gemeinwohl im Konflikt der Interessen: Gesellschaftspolitische, sozialethische und philosophisch-theologische Recherchen zu Europa. M\u00fcnster: Lit, 2004, 55-72. - Polnische \u00dcbersetzung: Dobre wsp\u00f3lne i subsydiarno\u015b\u0107: zalety wolno\u015bci i kooperacji. In: Wok\u00f3l Wsp\u00f3lczeswno\u015bci 17(2004)1, 106-121.<\/li>\n<!-- \/wp:list-item --><\/ul>\n<!-- \/wp:list -->\n\n<!-- wp:paragraph -->\n<p>2003<\/p>\n<!-- \/wp:paragraph -->\n\n<!-- wp:list -->\n<ul class=\"wp-block-list\"><!-- wp:list-item -->\n<li>Gibt es moralische Kriterien f\u00fcr einen gesellschaftlichen Kompromiss in ethischen Fragen? Zugleich ein Kommentar zur getroffenen Regelung des Imports von embryonalen Stammzellen. In: Goebel, Bernd; Kruip, Gerhard (Hg.): Gentechnologie und die Zukunft der Menschenw\u00fcrde. M\u00fcnster: Lit, 2003, 133-149.<\/li>\n<!-- \/wp:list-item -->\n\n<!-- wp:list-item -->\n<li>\u00dcber den Markt steuern: L\u00f6sen Bildungsgutscheine Gerechtigkeitsprobleme bei der Bildungsfinanzierung? In: Herder Korrespondenz 57(2003)3, 151-155.<\/li>\n<!-- \/wp:list-item -->\n\n<!-- wp:list-item -->\n<li>Nicht so bescheiden! Korreferat zu Wilfried Hinsch: Die Verschuldung \u00e4rmster Entwicklungsl\u00e4nder aus ethischer Sicht. In: Dabrowski, Martin u.a. (Hg.): Die Diskussion um ein Insolvenzrecht f\u00fcr Staaten: Bewertungen eines L\u00f6sungsvorschlags zur \u00dcberwindung der Internationalen Schuldenkrise. Berlin: Duncker &amp; Humblot 2003, 45-53.<\/li>\n<!-- \/wp:list-item -->\n\n<!-- wp:list-item -->\n<li>Die Option f\u00fcr die Armen als wirtschaftspolitische Maxime. In: Schick, Gerhard (Hg.): Wirtschaftsordnung und Fundamentalismus. Berlin: Stiftung Marktwirtschaft 2003, 117-129.<\/li>\n<!-- \/wp:list-item -->\n\n<!-- wp:list-item -->\n<li>Katholische Kirche und Globalisierung. In: V\u00f6gele, Wolfgang; Wegner, Gerhard (Hg.): Religion und Globalisierung. Rehberg-Loccum : Ev. Akademie Loccum, 2003, 47-56 (Loccumer Protokolle 57\/02).<\/li>\n<!-- \/wp:list-item -->\n\n<!-- wp:list-item -->\n<li>Bildungsgutscheine - ein Weg zur L\u00f6sung der Gerechtigkeits- und Steuerungsprobleme des Bildungssystems. In: Heimbach-Steins, Marianne; Kruip, Gerhard (Hg.): Bildung und Beteiligungsgerechtigkeit: Sozialethische Sondierungen. Bielefeld: W. Bertelsmann 2003, 109-129.<\/li>\n<!-- \/wp:list-item -->\n\n<!-- wp:list-item -->\n<li>Lebenslanges Lernen unter der Perspektive von Beteiligungsgerechtigkeit - Einf\u00fchrung. In: Heimbach-Steins, Marianne; Kruip, Gerhard (Hg.): Bildung und Beteiligungsgerechtigkeit: Sozialethische Sondierungen. Bielefeld: W. Bertelsmann 2003, 249-254.<\/li>\n<!-- \/wp:list-item -->\n\n<!-- wp:list-item -->\n<li>Europa in Lateinamerika - Neubewertung der kulturellen Wurzeln. In: Burmeister, Hans-Peter; Lange, Joachim (Hg.): Lateinamerika und Europa. Perspektiven der wirtschaftlichen, politischen und kulturellen Beziehungen. Rehburg-Loccum: Selbstverlag 2003, 57-66 (Loccumer Protokolle 09\/03)<\/li>\n<!-- \/wp:list-item -->\n\n<!-- wp:list-item -->\n<li>zus. mit Heimbach-Steins, Marianne: Wir brauchen eine Sozialethik der Bildung! Einf\u00fchrung in Thema und Struktur des Bandes. In: Heimbach-Steins, Marianne; Kruip, Gerhard (Hg.): Bildung und Beteiligungsgerechtigkeit: Sozialethische Sondierungen. Bielefeld: W. Bertelsmann 2003, 9-22.<\/li>\n<!-- \/wp:list-item --><\/ul>\n<!-- \/wp:list -->\n\n<!-- wp:paragraph -->\n<p>2002<\/p>\n<!-- \/wp:paragraph -->\n\n<!-- wp:list -->\n<ul class=\"wp-block-list\"><!-- wp:list-item -->\n<li>Katholische Erwachsenenbildung im Dienst der Beteiligungsgerechtigkeit. In: Katholische Erwachsenenbildung in der Di\u00f6zese Hildesheim e.V. (Hg.): Beteiligung schafft Gerechtigkeit (Jahresthema 2001). Hildesheim 2001, 4-29. Erneut abgedruckt in: Katholische Erwachsenenbildung im Lande Niedersachsen e.V. (Hg.): Jahresbericht 2000\/2001. Hannover 2002, 10-17.<\/li>\n<!-- \/wp:list-item -->\n\n<!-- wp:list-item -->\n<li>Lassen sich moralische Normen rational begr\u00fcnden? Eine Auseinandersetzung mit dem Ansatz Peter Stemmers \u201eHandeln zugunsten anderer\u201d (2001).<\/li>\n<!-- \/wp:list-item -->\n\n<!-- wp:list-item -->\n<li>Sprengkraft gelebter Hoffnung. Wie viel religi\u00f6ses Profil braucht die christliche Sozialethik? In: Herder Korrespondenz 56(2002)4, 197-202.<\/li>\n<!-- \/wp:list-item -->\n\n<!-- wp:list-item -->\n<li>Zur Verantwortung des Christen - Freiheit in einer vernetzten Welt. In: Auftrag - Organ der Gemeinschaft Katholischer Soldaten 42(2002)247, 37-45.<\/li>\n<!-- \/wp:list-item -->\n\n<!-- wp:list-item -->\n<li>Eine Implementierungstheorie der Moral (Korreferat zu Michael Schramm: Kontingenzer\u00f6ffnung und Kontingenzmanagement - Christliche Sozialethik als theologische Systemethik). In: Jahrbuch f\u00fcr Christliche Sozialwissenschaften 43(2002), 117-125.<\/li>\n<!-- \/wp:list-item -->\n\n<!-- wp:list-item -->\n<li>Was leistet die Philosophie im Dialog mit den Geowissenschaften? In: Huch, Monika; Kruip, Gerhard (Hg.): Eine Erde f\u00fcr alle. Geowissenschaften und Philosophie im Dialog. Ein Beitrag zum Jahr der Geowissenschaften 2002 anl\u00e4sslich der gleichnamigen Veranstaltung am 27. und 28. Juni 2002 in Celle. Hannover: Dt. Geol. Gesellschaft, 2002, 62-68 (Schriftenreihe der Dt. Geol. Gesellsch. 20).<\/li>\n<!-- \/wp:list-item -->\n\n<!-- wp:list-item -->\n<li>Die moralischen Herausforderungen der Gentechnik am Menschen. In: Verband L\u00e4ndlicher Heimvolkshochschulen Deutschlands e.V. (Hg.): Die Geister, die ich rief\u2026: Gentechnik zwischen Zukunftssicherung, Fortschrittsglaube und Ethik (Tagungsdokumentation). Stuttgart: Selbstverlag 2002, 14-23;<\/li>\n<!-- \/wp:list-item -->\n\n<!-- wp:list-item -->\n<li>Korruptionsbek\u00e4mpfung und Zivilgesellschaft in Entwicklungsl\u00e4ndern am Beispiel Bolivien. In: Arnold, Volker (Hg.): Wirtschaftsethische Perspektiven VI. Berlin : Duncker &amp; Humblot, 2002, 47-75 (Schriften des Vereins f\u00fcr Socialpolitik Bd. 228\/VI).<\/li>\n<!-- \/wp:list-item --><\/ul>\n<!-- \/wp:list -->\n\n<!-- wp:paragraph -->\n<p>2001<\/p>\n<!-- \/wp:paragraph -->\n\n<!-- wp:list -->\n<ul class=\"wp-block-list\"><!-- wp:list-item -->\n<li>Werteverlust oder Wertewandel? Bilanz \u00fcber die Ressourcen einer postkonventionellen Moral. In: Herder Korrespondenz 55(2001)2, 76-80.<\/li>\n<!-- \/wp:list-item -->\n\n<!-- wp:list-item -->\n<li>Dritter Sektor und Zivilgesellschaft in der Dritten Welt - Bolivien als Vorbild. In: Jahrbuch f\u00fcr Christliche Sozialwissenschaft 2001, 168-194.<\/li>\n<!-- \/wp:list-item -->\n\n<!-- wp:list-item -->\n<li>\u201eKatholische Soziallehre\u201d heute - Zwischen lehramtlicher Tradition und neuen Herausforderungen. In: bdkj-Journal 10(2001)5, 16-17. - Auch in: Katholisch-Soziales Institut der Erzdi\u00f6zese K\u00f6ln (Hg.): Katholische Soziallehre. Richtungsweisend? Haltgebend? Urspr\u00fcnge und Impulse zur Diskussion (CD-Rom). Bad Honnef 2012, B.1.2.<\/li>\n<!-- \/wp:list-item -->\n\n<!-- wp:list-item -->\n<li>Lebenslanges Lernen im Rahmen der Akademiearbeit. In: Pr\u00e4sidium der Bundeskonferenz der Rektoren und Pr\u00e4sidenten kirchlicher Fachhochschulen in der Bundesrepublik Deutschland (Hg.): Schnittstellen lebenslangen Lernens: Kirchliche Fachhochschulen und ihre Tr\u00e4ger im Gespr\u00e4ch (Tagungsdokumentation). Darmstadt 2001, 37-49.<\/li>\n<!-- \/wp:list-item -->\n\n<!-- wp:list-item -->\n<li>Konkurrenz der Solidarit\u00e4ten. In: Feldbaum, Karl-Heinz; Hobelsberger, Hans; Kruip, Gerhard; Freitag, Michael (Hg.): Neues Lernen f\u00fcr globale Solidarit\u00e4t: Entwicklungsbezogene Bildung in kirchlicher Kinder- und Jugendarbeit. D\u00fcsseldorf: Verlag Haus Altenberg 2001, 101-112.<\/li>\n<!-- \/wp:list-item -->\n\n<!-- wp:list-item -->\n<li>Werteverlust - Wertewandel - Wertepolitik: Ressourcen f\u00fcr eine postkonventionelle Moral, in: H\u00f6sle, Vittorio u.a. (Hg.), Jahrbuch f\u00fcr Philosophie des Forschungsinstituts f\u00fcr Philosophie Hannover Bd. 12\/2001, Wien 2001, 137-155.<\/li>\n<!-- \/wp:list-item -->\n\n<!-- wp:list-item -->\n<li>Perspektiven der zuk\u00fcnftigen Arbeit des Forschungsinstituts f\u00fcr Philosophie Hannover, in: H\u00f6sle, Vittorio u.a. (Hg.), Jahrbuch f\u00fcr Philosophie des Forschungsinstituts f\u00fcr Philosophie Hannover Bd. 12\/2001, Wien 2001, 185-187.<\/li>\n<!-- \/wp:list-item -->\n\n<!-- wp:list-item -->\n<li>zus. mit Ammicht-Quinn, Regina; Jans, Jan; Lienkamp, Andreas: Abschlu\u00dfpodium. In: Merks, Karl-Wilhelm (Hg.): Verantwortung - Ende oder Wandlungen einer Vorstellung? Orte und Funktionen der Ethik in unserer Gesellschaft. Dokumentation des 29. Internationalen Fachkongresses f\u00fcr Moraltheologie und Sozialethik, 20.-24. September 1999. M\u00fcnster: Lit 2001, 275-288.<\/li>\n<!-- \/wp:list-item --><\/ul>\n<!-- \/wp:list -->\n\n<!-- wp:paragraph -->\n<p>2000<\/p>\n<!-- \/wp:paragraph -->\n\n<!-- wp:list -->\n<ul class=\"wp-block-list\"><!-- wp:list-item -->\n<li>Individualisierung und Erlebnisorientierung - Gesellschaftliche Hintergr\u00fcnde f\u00fcr die ver\u00e4nderte Einstellung von Jugendlichen zu Religion und Kirche. In: K\u00d6B 1\/2000, 5-11.<\/li>\n<!-- \/wp:list-item -->\n\n<!-- wp:list-item -->\n<li>Jugend und Kirche - Individualisierte Religionsstile Jugendlicher in moderner Gesellschaft: Thesenpapier. In: Informationsdienst f\u00fcr Internatserzieher 60 (Dez. 1999) [erschienen 2000], 17-22.<\/li>\n<!-- \/wp:list-item -->\n\n<!-- wp:list-item -->\n<li>Impulse der Theologie der Befreiung f\u00fcr die kirchliche Solidarit\u00e4tsarbeit. In: Delgado, Mariano; Noti, Odilo; Venetz, Hermann-Josef (Hg.): Blutende Hoffnung: Gustavo Guti\u00e9rrez zu Ehren. Luzern: Exodus 2000, 200-214.<\/li>\n<!-- \/wp:list-item -->\n\n<!-- wp:list-item -->\n<li>Young People and Religious Beliefs in Western Europe. In: SEDOS (Hg.): Europe - New Roles for the Church in East and West. SEDOS-Symposion 1999. Roma 2000, 53-69.<\/li>\n<!-- \/wp:list-item -->\n\n<!-- wp:list-item -->\n<li>Realismus und klare Optionen. Was bedeutet das Gedenken an das Martyrium Oscar Arnulfo Romeros heute? In: Herder Korrespondenz 54(2000)6, 301-304.<\/li>\n<!-- \/wp:list-item -->\n\n<!-- wp:list-item -->\n<li>Politisches Erdbeben: Der Beitrag der Kirche zum Ende der PRI-Herrschaft in Mexiko. In: Herder Korrespondenz 54(2000)9, 478-482.<\/li>\n<!-- \/wp:list-item -->\n\n<!-- wp:list-item -->\n<li>Orte der Entwicklung sozialer Kompetenz im Kontext von Individualisierung und Erlebnisorientierung. Vor- und Nachteile von Freiwilligendiensten bzw. sozialen Pflichtdiensten. In: Fortbildungs-Akademie des Deutschen Caritasverbandes u.a. (Hg.): Soziale Kompetenz entwickeln - Bilanz des Zivildienstes und Perspektiven f\u00fcr Freiwilligendienste. Studientagung vom 7.-11. Februar 2000. Dokumentation: Plenum. Freiburg i.Br.: Selbstverlag 2000, 109-122.<\/li>\n<!-- \/wp:list-item -->\n\n<!-- wp:list-item -->\n<li>Bildung und Armutsbek\u00e4mpfung - aus sozialethischer Perspektive. In: Jim\u00e9nez Carvajal, Jorge Enrique u.a. (Hg.): Marktwirtschaft und Soziale Gerechtigkeit f\u00fcr Lateinamerika. M\u00fcnster: Lit 2000, 136-144. Spanische \u00dcbersetzung: \u201eEducaci\u00f3n y lucha contra la pobreza. Una perspectiva \u00e9tico-social\u201d, in: Jim\u00e9nez Carvajal, Jorge Enrique u.a. (Hg.): Econom\u00eda de Mercado y Justicia Social para Lationoam\u00e9rica. Buenos Aires : CIEDLA\/Konrad-Adenauer-Stiftung, 2000, 139-147.<\/li>\n<!-- \/wp:list-item -->\n\n<!-- wp:list-item -->\n<li>Nachwort. In: Franke-Hesse, Ute (Hg.): \u201eWas lange w\u00e4hrt \u2026\u201d Wirkung und Nutzen langfristiger Fort- und Weiterbildung. Zu einer Befragung ehemaliger Kursteilnehmer\/innen. Odenthal-Altenberg : Selbstverlag, 2000, 140-144 (Schriftenreihe der Katholischen Akademie f\u00fcr Jugendfragen Bd. 11).<\/li>\n<!-- \/wp:list-item -->\n\n<!-- wp:list-item -->\n<li>Therapien mit Nebenwirkungen - zur notwendigen Erg\u00e4nzung \u00f6konomischer Anpassungen durch eine soziale und eine politische Dimension (Korreferat zu Marc Piazolo). In: Dabrowski, Martin; Eschenburg, Rolf; Gabriel, Karl (Hg.): L\u00f6sungsstrategien zur \u00dcberwindung der Internationalen Schuldenkrise, Berlin 2000, 141-150.<\/li>\n<!-- \/wp:list-item --><\/ul>\n<!-- \/wp:list -->\n\n<!-- wp:paragraph -->\n<p>1999<\/p>\n<!-- \/wp:paragraph -->\n\n<!-- wp:list -->\n<ul class=\"wp-block-list\"><!-- wp:list-item -->\n<li>\u201eEvangelisierung in den indigenen Kulturen\u201d: Samuel Ruiz (*1924), Bischof von San Crist\u00f3bal de Las Casas\/Mexiko. In: Meier, Johannes (Hg.): Die Armen zuerst! Zw\u00f6lf Lebensbilder lateinamerikanischer Bisch\u00f6fe. Mainz: Gr\u00fcnewald 1999, 200-217.<\/li>\n<!-- \/wp:list-item -->\n\n<!-- wp:list-item -->\n<li>Wachsendes Bed\u00fcrfnis nach Orientierung - Eine Herausforderung f\u00fcr kirchliche Kinder- und Jugendarbeit. In: Jugend &amp; Gesellschaft 1999\/2, 14-16.<\/li>\n<!-- \/wp:list-item -->\n\n<!-- wp:list-item -->\n<li>Das Humankapital pflegen. Auch die Kirche bedarf dringend der Personalentwicklung. In: Herder Korrespondenz 53(1999)5, 245 249; in leicht erweiterter Fassung wieder abgedruckt in: Kruip, Gerhard (Hg.): Personalentwicklung und Fortbildung: Dokumentation einer Fachtagung der Katholischen Akademie f\u00fcr Jugendfragen vom 4.-6. M\u00e4rz 1999. Odenthal: Altenberg 1999 (Schriftenreihe der Katholischen Akademie f\u00fcr Jugendfragen, Bd. 9), 95-107.<\/li>\n<!-- \/wp:list-item -->\n\n<!-- wp:list-item -->\n<li>Chancengerechtigkeit: Neue Generationen haben ein Recht auf Umverteilung. In: Schallenberg, Peter (Hg.): \u201eAls w\u00f6gen Tr\u00e4nen unsere Arbeit auf\u201d - Menschliche Arbeit im gesellschaftlichen Wandel: 50 Jahre Sozialinstitut Kommende Dortmund. M\u00fcnster: Lit 1999, 195-207.<\/li>\n<!-- \/wp:list-item -->\n\n<!-- wp:list-item -->\n<li>Die Kompetenz der Kirche f\u00fcr die Politik - aus theologisch sozialethischer Sicht. In: Lochb\u00fchler, Wilfried; Wiemeyer, Joachim; Wolf, Judith (Hg.): Der \u00d6ffentlichkeitsauftrag der Kirche. M\u00fcnster: Lit, 1999, 112-126.<\/li>\n<!-- \/wp:list-item -->\n\n<!-- wp:list-item -->\n<li>zus. Hobelsberger, Hans: \u201eDiakonische Jugendarbeit\u201d und \u201ejugendbezogene Diakonie\u201d - Ein Orientierungsversuch. In: Gralla, Anneliese; Hobelsberger, Hans; Kruip, Gerhard (Hg.): Diakonische Jugendarbeit: Option f\u00fcr die Jugend und Option von Jugendlichen. M\u00fcnchen: Don Bosco 1999 (Studien zur Jugendpastoral 6), 11-25.<\/li>\n<!-- \/wp:list-item --><\/ul>\n<!-- \/wp:list -->\n\n<!-- wp:paragraph -->\n<p>1998<\/p>\n<!-- \/wp:paragraph -->\n\n<!-- wp:list -->\n<ul class=\"wp-block-list\"><!-- wp:list-item -->\n<li>Intergenerationelle Gerechtigkeit - eine sozialethische Ann\u00e4herung vor dem Hintergrund aktueller Diskussionen. In: Amann, Hans; Kruip, Gerhard; Lechner, Martin (Hg.): \u201eKundschafter des Volkes Gottes\u201d: Festschrift f\u00fcr P. Roman Bleistein SJ zum 70 Geburtstag (Studien zur Jugendpastoral 4). M\u00fcnchen: Don Bosco 1998, 162-177.<\/li>\n<!-- \/wp:list-item -->\n\n<!-- wp:list-item -->\n<li>Befreiung im Kontext der Hegemonie des Neoliberalismus: Zur Neoliberalismus-Kritik der lateinamerikanischen Kirche. In: Keul, Hildegund; Sander, Hans Joachim (Hg.): Das Volk Gottes - ein Ort der Befreiung. Festschrift f\u00fcr Elmar Klinger. W\u00fcrzburg: Echter 1998, 121-137.<\/li>\n<!-- \/wp:list-item -->\n\n<!-- wp:list-item -->\n<li>Der Laie in kirchlichen Leitungs\u00e4mtern. In: Abteilung Jugendseelsorge im Generalvikariat K\u00f6ln (Hg.): Thema: F\u00fchren und Leiten. Dokumentation einer Tagung f\u00fcr Leiter\/innen der Katholischen Jugend\u00e4mter und die Stadt \/Kreisjugendseelsorger im Erzbistum K\u00f6ln, 12.-14.11.97. K\u00f6ln 1998 (ohne Seitenzahlen).<\/li>\n<!-- \/wp:list-item -->\n\n<!-- wp:list-item -->\n<li>Kein geschlossenes System. Wo steht die Christliche Gesellschaftsethik heute? In: Herder Korrespondenz 52(1998)7, 351-356.<\/li>\n<!-- \/wp:list-item -->\n\n<!-- wp:list-item -->\n<li>Roman Bleistein 70 Jahre. In: Jugendwohl 79(1998)7\/8, 372-373.<\/li>\n<!-- \/wp:list-item -->\n\n<!-- wp:list-item -->\n<li>Elemente eines christlichen Lebensentwurfs in moderner Gesellschaft. In: Hobelsberger, Hans; Kruip, Gerhard; Tzscheetzsch, Werner (Hg.): Engagement und Religion im Leben von Jugendlichen. Odenthal: Selbstverlag, 1998 (Schriftenreihe der Katholischen Akademie f\u00fcr Jugendfragen, Bd. 7), 111-132.<\/li>\n<!-- \/wp:list-item -->\n\n<!-- wp:list-item -->\n<li>El ethos vivido por la juventud y la reflexi\u00f3n \u00e9tica. In: Eckholt, Margit; H\u00fcnermann, Peter (Hg.): La juventud latinoamericana en los procesos de globalizaci\u00f3n. Opci\u00f3n por los j\u00f3venes: Buenos Aires: Ed. Universitaria de Buenos Aires, 1998, 275-297. Deutsche \u00dcbersetzung: Das gelebte Ethos der Jugend und die ethische Reflexion der Kirche. In: Eckholt, Margit; H\u00fcnermann, Peter (Hg.): Option f\u00fcr die Jugend. Die lateinamerikanische Jugend im Sog der Globalisierungsprozesse. M\u00fcnchen: Don Bosco 1998, 229-252.<\/li>\n<!-- \/wp:list-item --><\/ul>\n<!-- \/wp:list -->\n\n<!-- wp:paragraph -->\n<p>1997<\/p>\n<!-- \/wp:paragraph -->\n\n<!-- wp:list -->\n<ul class=\"wp-block-list\"><!-- wp:list-item -->\n<li>Die Rezeption der Theologie der Befreiung in der Christlichen Sozialethik in Deutschland. In: Fornet Betancourt, Ra\u00fal (Hg.): Befreiungstheologie: Kritischer R\u00fcckblick und Perspektiven f\u00fcr die Zukunft. Bd. 3: Die Rezeption im deutschsprachigen Raum. Mainz: Gr\u00fcnewald 1997, 41-66.<\/li>\n<!-- \/wp:list-item -->\n\n<!-- wp:list-item -->\n<li>Unwirtliche St\u00e4dte, Menschen Bilder, Weg-Zeichen. Zu Bildern von Gerd Winner und Ingemar Reuter. In: Spurensuche: F\u00fcr eine Spiritualit\u00e4t solidarischen Lebens. Aachen: Misereor 1997, 87-96.<\/li>\n<!-- \/wp:list-item -->\n\n<!-- wp:list-item -->\n<li>Frankreich als Missionsland - das Evangelisierungskonzept der franz\u00f6sischen Arbeiterpriester. In: Franke Hesse, Ute; Kruip, Gerhard (Hg.): Kirchliches Leben und Theologie in Frankreich. Dokumentation einer Fachtagung in Kooperation mit der Arbeitsstelle f\u00fcr Jugendseelsorge zur Vorbereitung des Weltjugendtags in Paris 1997. Odenthal: Katholische Akademie f\u00fcr Jugendfragen 1997 (Schriftenreihe der Katholischen Akademie f\u00fcr Jugendfragen; 5), 50-66.<\/li>\n<!-- \/wp:list-item -->\n\n<!-- wp:list-item -->\n<li>Einleitung zu Kapitel 2, Kommentare zu den Nrn. 48-77, 84-90, 161-163, 165, 167-176, 204-208, 237-242. In: F\u00fcr eine Zukunft in Solidarit\u00e4t und Gerechtigkeit: Wort des Rates der Evangelischen Kirche in Deutschland und der Deutschen Bischofskonferenz zur wirtschaftlichen und sozialen Lage in Deutschland. Eingeleitet und kommentiert von Marianne Heimbach Steins und Andreas Lienkamp (Hg.). Unter Mitarbeit von Gerhard Kruip und Stefan Lunte. Hildesheim : Bernward bei Don Bosco 1997.<\/li>\n<!-- \/wp:list-item -->\n\n<!-- wp:list-item -->\n<li>\u201eJugend Kultur Kirche: Die lateinamerikanische Jugend vor dem Proze\u00df der Globalisierung\u201d, VII. Interdisziplin\u00e4res Seminar des Stipendienwerks Deutschland Lateinamerika in Cochabamba\/Bolivien vom 24.2. bis 1.3.1997 [Tagungsbericht]. In: JPInfo [Jugendpastoralinstitut Benediktbeuern] 2\/1997, 5-6.<\/li>\n<!-- \/wp:list-item -->\n\n<!-- wp:list-item -->\n<li>Sozialethik als Verfahrensethik. In: H\u00f6hn, Hans Joachim (Hg.): Christliche Sozialethik interdisziplin\u00e4r. Paderborn u.a.: Sch\u00f6ningh 1997, 41-58.<\/li>\n<!-- \/wp:list-item -->\n\n<!-- wp:list-item -->\n<li>Globalisierung als Chance f\u00fcr universelle Solidarit\u00e4t. Situation und Perspektiven der \u201eEntwicklungszusammenarbeit\u201d. In: H\u00f6hn, Hans Joachim (Hg.): Christliche Sozialethik interdisziplin\u00e4r. Paderborn u.a.: Sch\u00f6ningh 1997, 309-336.<\/li>\n<!-- \/wp:list-item -->\n\n<!-- wp:list-item -->\n<li>Globalisierung, globale Solidarit\u00e4t und das Menschenrecht auf Arbeit. Kommentar zum Gemeinsamen Wort. In: Arbeiterfragen 2\/1997, 12-16.<\/li>\n<!-- \/wp:list-item -->\n\n<!-- wp:list-item -->\n<li>Die Chancen der Jugend und die Zukunftsf\u00e4higkeit der Gesellschaft. Anmerkungen zu den jugendbezogenen Ausagen des Sozialworts. In: Gabriel, Karl; Kr\u00e4mer, Werner (Hg.): Kirchen im gesellschaftlichen Konflikt. Der Konsultationsproze\u00df und das Sozialwort der Kirchen \u201eF\u00fcr eine Zukunft in Solidarit\u00e4t und Gerechtigkeit\u201d. M\u00fcnster : Lit 1997 (Studien zur christlichen Gesellschaftsethik 1), 232-242. Als Vorabdruck unter dem Titel \u201eJugend im Blick der Kirchen\u201d. In: Jugendwohl 78(1997)8\/9, 349-356.<\/li>\n<!-- \/wp:list-item -->\n\n<!-- wp:list-item -->\n<li>Soziallehre: Herausgefordert durch das neue Europa. In: Herder Korrespondenz 51(1997)8, 393 395.<\/li>\n<!-- \/wp:list-item -->\n\n<!-- wp:list-item -->\n<li>\u201eWieviel Milieu brauche ich zum Arbeiten?\u201d In: Arbeitsstelle f\u00fcr Jugendseelsorge (Hg.): \u201eF\u00fcrchte dich nicht, du kleine Herde!\u201d Diaspora als Herausforderung f\u00fcr die Jugendpastoral. Dokumentation der Jahreskonferenz Jugendseelsorge 03.-08.11.1996. D\u00fcsseldorf 1997, 20-24.<\/li>\n<!-- \/wp:list-item -->\n\n<!-- wp:list-item -->\n<li>Deutschland vor den Herausforderungen der Globalisierung. In: Nacke, Bernhard (Hg.): Sozialwort der Kirchen in der Diskussion - Argumente der Parteien, Verb\u00e4nde und Wissenschaft. W\u00fcrzburg: Echter 1997, 363-380.<\/li>\n<!-- \/wp:list-item -->\n\n<!-- wp:list-item -->\n<li>zus. mit Dinger, Wolfgang; Lemaire, Bernhard: Organisationsentwicklung und Managementfortbildung im Angebot der Katholischen Akademie f\u00fcr Jugendfragen. In: Deutscher Caritasverband (Hg.): Caritas Jahrbuch '98. Freiburg: Eigenverlag 1997, 213-220.<\/li>\n<!-- \/wp:list-item -->\n\n<!-- wp:list-item -->\n<li>zus. mit H\u00f6hn, Hans Joachim: Inkulturation, Prozesse der Dekulturation und die Option f\u00fcr die Armen. In: Lienkamp, Andreas; Lienkamp, Christoph (Hg.): Die \u201eIdentit\u00e4t\u201d des Glaubens in den Kulturen. Das Inkulturationsparadigma auf dem Pr\u00fcfstand. W\u00fcrzburg: Echter 1997, 285-292.<\/li>\n<!-- \/wp:list-item --><\/ul>\n<!-- \/wp:list -->\n\n<!-- wp:paragraph -->\n<p>1996<\/p>\n<!-- \/wp:paragraph -->\n\n<!-- wp:list -->\n<ul class=\"wp-block-list\"><!-- wp:list-item -->\n<li>Die Theologie der Befreiung und der Zusammenbruch des realen Sozialismus - eine unbew\u00e4ltigte Herausforderung. In: Zeitschrift f\u00fcr Missionswissenschaft und Religionswissenschaft 80(1996)1, 3-25.<\/li>\n<!-- \/wp:list-item -->\n\n<!-- wp:list-item -->\n<li>M\u00f6glichkeit von Menschlichkeit : Wir brauchen mehr als eine \u201eOption f\u00fcr die Armen in Deutschland\u201d. In: Kursiv. Jugendseelsorge im Erzbistum K\u00f6ln, Juni 1996, 4.<\/li>\n<!-- \/wp:list-item -->\n\n<!-- wp:list-item -->\n<li>Junge Erwachsene und christliche Religion. In: Zivi Zeit 1996\/4, 14-18.<\/li>\n<!-- \/wp:list-item -->\n\n<!-- wp:list-item -->\n<li>Individualisierung der Lebensentw\u00fcrfe, Pluralisierung und Vielschichtigkeit der Lebenslagen junger Menschen als Herausforderung an Kirche und Caritas. In: Di\u00f6zesan-Caritasverband f\u00fcr das Erzbistum K\u00f6ln e.V. (Hg.): Beitr\u00e4ge zum Verh\u00e4ltnis von Caritas und Jugend. K\u00f6ln: Selbstverlag 1996 (Schriftenreihe des Di\u00f6zesan Caritasverbandes K\u00f6ln; 32), 26-31.<\/li>\n<!-- \/wp:list-item -->\n\n<!-- wp:list-item -->\n<li>Welche Optionen braucht die kirchliche Jugendarbeit in Deutschland? In: Hobelsberger, Hans; Lechner, Martin; Tzscheetzsch, Werner (Hg.): Ziele und Aufgaben kirchlicher Jugendarbeit - Bilanz und Auftrag 20 Jahre nach dem Synodenbeschlu\u00df. M\u00fcnchen : Don Bosco 1996 (Studien zur Jugendpastoral 3), 149-168.<\/li>\n<!-- \/wp:list-item -->\n\n<!-- wp:list-item -->\n<li>Option f\u00fcr die Armen im Kontext der lateinamerikanischen Kirche, Die Option kommt zu uns, Anmerkungen zur \u00dcbertragungsproblematik. In: Erzbistum K\u00f6ln, Abteilung Jugendseelsorge (Hg.): II. Symposion \u201eJugend Kirche Gesellschaft\u201d: Jugendpastoral vor der Option, Altenberg 19.-20.3.96 (Dokumentation). K\u00f6ln: Erdi\u00f6zese K\u00f6ln o.J., 1-29.<\/li>\n<!-- \/wp:list-item -->\n\n<!-- wp:list-item -->\n<li>zus. mit Zimmermann, Klaus: Der Indianeraufstand in Chiapas - Schock und Hoffnung f\u00fcr ein k\u00fcnftiges Mexiko. In: Briesemeister, Dietrich; Zimmermann, Klaus (Hg.): Mexiko heute: Politik, Wirtschaft, Kultur. Frankfurt: Vervuert, Neuauflage 1996, 101-120.<\/li>\n<!-- \/wp:list-item --><\/ul>\n<!-- \/wp:list -->\n\n<!-- wp:paragraph -->\n<p>1995<\/p>\n<!-- \/wp:paragraph -->\n\n<!-- wp:list -->\n<ul class=\"wp-block-list\"><!-- wp:list-item -->\n<li>Armutsbek\u00e4mpfung und \u201enachhaltige Entwicklung\u201d - der notwendige Beitrag der reichen Staaten des Nordens. In: Heimbach Steins, Marianne; Lienkamp; Andreas; Wiemeyer, Joachim (Hg.): Brennpunkt Sozialethik: Theorien, Aufgaben, Methoden. F\u00fcr Franz Furger. Freiburg i. Br. u. a.: Herder, 1995, 367-384.<\/li>\n<!-- \/wp:list-item -->\n\n<!-- wp:list-item -->\n<li>Grundeinkommen f\u00fcr alle - ein Beitrag zur Bew\u00e4ltigung der Krise des Sozialstaats? In: Arbeiterfragen 1\/95, 3-33.<\/li>\n<!-- \/wp:list-item -->\n\n<!-- wp:list-item -->\n<li>Krise des Selbstvertrauens: Nicht nur in Chiapas kommt Mexiko nicht zur Ruhe. In: Herder Korrespondenz 49(1995)5, 267-271.<\/li>\n<!-- \/wp:list-item -->\n\n<!-- wp:list-item -->\n<li>Kirche als Anw\u00e4ltin der Armen im globalen Verteilungskampf. In: Bisch\u00f6fliches Generalvikariat der Di\u00f6zese Hildesheim (Hg.): Expo Hearing, 21.2.1995. Dokumentation. Hildesheim: Eigenverlag 1995, 7-12.<\/li>\n<!-- \/wp:list-item --><\/ul>\n<!-- \/wp:list -->\n\n<!-- wp:paragraph -->\n<p>1994<\/p>\n<!-- \/wp:paragraph -->\n\n<!-- wp:list -->\n<ul class=\"wp-block-list\"><!-- wp:list-item -->\n<li>Vor einer \u201ezweiten Revolution\u201d? Der Indio Aufstand im mexikanischen Chiapas und seine Folgen. In: Herder Korrespondenz 48(1994)3, 147-152.<\/li>\n<!-- \/wp:list-item -->\n\n<!-- wp:list-item -->\n<li>Widerstand gegen Betriebsstillegungen - sozialethisch relevante Lernerfahrungen: Ein Kommentar. In: Arbeiterfragen 2\/94, 23 27.<\/li>\n<!-- \/wp:list-item --><\/ul>\n<!-- \/wp:list -->\n\n<!-- wp:paragraph -->\n<p>1993<\/p>\n<!-- \/wp:paragraph -->\n\n<!-- wp:list -->\n<ul class=\"wp-block-list\"><!-- wp:list-item -->\n<li>Fakten, die zum Teilen zwingen: Daten zu nationalen und weltweiten sozialen Ungleichheiten. In: Koch, G\u00fcnter; Pretscher, Josef (Hg.): Teilen, um zu leben: Sozialethische Impulse christlichen Glaubens. W\u00fcrzburg: Echter 1993, 7-30.<\/li>\n<!-- \/wp:list-item -->\n\n<!-- wp:list-item -->\n<li>Gesellschaftsethik im interdisziplin\u00e4ren Dialog: Wilhelm Dreiers Beitrag zur Erneuerung der Gesellschaftsethik nach dem Konzil. In: Hengsbach, Friedhelm; Emunds, Bernhard; M\u00f6hring Hesse, Matthias (Hg.): Jenseits Katholischer Soziallehre: Neue Entw\u00fcrfe christlicher Gesellschaftsethik. D\u00fcsseldorf: Patmos 1993, 91-105 (Anm.: 305-306).<\/li>\n<!-- \/wp:list-item -->\n\n<!-- wp:list-item -->\n<li>Erinnerung an die Opfer - Verantwortung vor der Geschichte. In: Dreier, Wilhelm u.a. (Hg.): Entdeckung, Eroberung, Befreiung: 500 Jahre Gewalt und Evangelium in Amerika. W\u00fcrzburg: Echter 1993, 20-34.<\/li>\n<!-- \/wp:list-item -->\n\n<!-- wp:list-item -->\n<li>Mexiko und seine Geschichtsbew\u00e4ltigung. In: Uni Intern (Universit\u00e4t W\u00fcrzburg) 18\/93 (17.06.93), 5-6.<\/li>\n<!-- \/wp:list-item -->\n\n<!-- wp:list-item -->\n<li>1492-1992: Kein Neubeginn ohne kritische Reflexion der Geschichte. Bericht \u00fcber zwei Tagungen. In: Zeitschrift f\u00fcr Missionswissenschaft und Religionswissenschaft 77(1993)1, 78-82.<\/li>\n<!-- \/wp:list-item --><\/ul>\n<!-- \/wp:list -->\n\n<!-- wp:paragraph -->\n<p>1992<\/p>\n<!-- \/wp:paragraph -->\n\n<!-- wp:list -->\n<ul class=\"wp-block-list\"><!-- wp:list-item -->\n<li>Memoria y Liberaci\u00f3n: El aporte de Walter Benjamin. In: Centro Evangelio y Liberaci\u00f3n (Hg.): V Centenario Memoria y Liberaci\u00f3n : XI Congreso de Teolog\u00eda. Madrid 1991, 212-215. - Leicht \u00fcberarbeitet auch in: Concordia 21 (1992), 87-91.<\/li>\n<!-- \/wp:list-item -->\n\n<!-- wp:list-item -->\n<li>Jubelfeier oder gef\u00e4hrliche Erinnerung? Der Stand der spanischen Vorbereitung und Diskussion zum \u201eQuinto Centenario\u201d - ein Konfliktpanorama (Sept. 1991). In: Jahrbuch f\u00fcr Christliche Sozialwissenschaft 33(1992), 197-225.<\/li>\n<!-- \/wp:list-item -->\n\n<!-- wp:list-item -->\n<li>Religion, Kirche und Staat. In: Briesemeister, Dietrich; Zimmermann, Klaus (Hg.): Mexiko heute: Politik, Wirtschaft, Kultur. Frankfurt: Vervuert, 1992, 311-332; \u00fcberarbeitete Neuauflage 1996, 292-310.<\/li>\n<!-- \/wp:list-item -->\n\n<!-- wp:list-item -->\n<li>Nachwort. In: Wilhelm Dreier: Umkehr zur Zukunft: Sozialethische Wegzeichen in ein postkolonialistisches Zeitalter. Saarbr\u00fccken; Fort Lauderdale: Breitenbach, 1992, 251-255.<\/li>\n<!-- \/wp:list-item --><\/ul>\n<!-- \/wp:list -->\n\n<!-- wp:paragraph -->\n<p>1991<\/p>\n<!-- \/wp:paragraph -->\n\n<!-- wp:list -->\n<ul class=\"wp-block-list\"><!-- wp:list-item -->\n<li>Las ra\u00edces hist\u00f3ricas de la Doctrina Social Cat\u00f3lica en la Alemania del siglo XIX - \u00bfUn modelo para superar los desaf\u00edos de la modernidad? In: Salmanticensis 38(1991)2, Mayo Agosto 1991, 193-224.<\/li>\n<!-- \/wp:list-item -->\n\n<!-- wp:list-item -->\n<li>Armutsorientierte kirchliche Entwicklungsarbeit: Misereor auf dem Pr\u00fcfstand. In: Zeitschrift f\u00fcr Missionswissenschaft und Religionswissenschaft 75(1991)3, 224-231.<\/li>\n<!-- \/wp:list-item -->\n\n<!-- wp:list-item -->\n<li>\u201eChristliche Sozialethik im weltweiten Horizont\u201d - M\u00fcnster, 6.-8. Februar 1991 [Tagungsbericht]. In: Zeitschrift f\u00fcr Missionswissenschaft und Religionswissenschaft 75(1991)4, 310-313.<\/li>\n<!-- \/wp:list-item -->\n\n<!-- wp:list-item -->\n<li>Memoria de las v\u00edctimas de luchas pasadas - condici\u00f3n y consecuencia de una praxis liberadora del presente. In: Cristianismo y Sociedad. M\u00e9xico 110(1991)4, 55- 64.<\/li>\n<!-- \/wp:list-item --><\/ul>\n<!-- \/wp:list -->\n\n<!-- wp:paragraph -->\n<p>1990<\/p>\n<!-- \/wp:paragraph -->\n\n<!-- wp:list -->\n<ul class=\"wp-block-list\"><!-- wp:list-item -->\n<li>Gibt es eine befreiungstheologische Wirtschaftsethik? Beispiele aus der katholischen Kirche Mexikos. In: Jahrbuch f\u00fcr Christliche Sozialwissenschaft 31(1990), 156-178.<\/li>\n<!-- \/wp:list-item -->\n\n<!-- wp:list-item -->\n<li>F\u00fcnfhundert Jahre \u201eEntdeckung\u201d Amerikas: Jubelfeier oder gef\u00e4hrliche Erinnerung? In: Information der Bayerischen Julius Maximilians Universit\u00e4t W\u00fcrzburg 4\/24 (20.12.1990), 12-14.<\/li>\n<!-- \/wp:list-item --><\/ul>\n<!-- \/wp:list -->\n\n<!-- wp:paragraph -->\n<p>1988<\/p>\n<!-- \/wp:paragraph -->\n\n<!-- wp:list -->\n<ul class=\"wp-block-list\"><!-- wp:list-item -->\n<li>Theologie der Befreiung und Katholische Soziallehre: Neue Ans\u00e4tze im Dialog. In: Zeitschrift f\u00fcr Missionswissenschaft und Religionswissenschaft 72(1988)1, 55-64.<\/li>\n<!-- \/wp:list-item -->\n\n<!-- wp:list-item -->\n<li>\u201ePraxisver\u00e4ndernde Bildung\u201d an der Universit\u00e4t: Erfahrungen mit \u201eteilnehmerorientierten\u201d Seminaren am Lehrstuhl f\u00fcr Christliche Sozialwissenschaft, Universit\u00e4t W\u00fcrzburg. In: Allert, Rochus u.a.: Die Zeichen der Zeit erkennen: Lernorte einer nachkonziliaren Sozialethik. Wilhelm Dreier zum 60. Geburtstag. M\u00fcnster: liberaci\u00f3n, 1988, 133-153.<\/li>\n<!-- \/wp:list-item -->\n\n<!-- wp:list-item -->\n<li>Befreiung und Entwicklung: Zum Verh\u00e4ltnis von Soziallehre und Theologie der Befreiung. In: Gabriel, Karl; Klein, Wolfgang; Kr\u00e4mer, Werner (Hg.): Die gesellschaftliche Verantwortung der Kirche: Zur Enzyklika Sollicitudo rei socialis. D\u00fcsseldorf: Patmos 1988, 137-153.<\/li>\n<!-- \/wp:list-item --><\/ul>\n<!-- \/wp:list -->\n\n<!-- wp:paragraph -->\n<p>1987<\/p>\n<!-- \/wp:paragraph -->\n\n<!-- wp:list -->\n<ul class=\"wp-block-list\"><!-- wp:list-item -->\n<li>zus. mit Duwe, Detlef, u.a.: Anders lernen an der UNI: Analyse bestehender, Konzept und Praxis neuer Hochschulrealit\u00e4t. W\u00fcrzburg: Lehrstuhl f\u00fcr Christliche Sozialwissenschaft, 1987.<\/li>\n<!-- \/wp:list-item --><\/ul>\n<!-- \/wp:list -->\n\n<!-- wp:paragraph -->\n<p>1986<\/p>\n<!-- \/wp:paragraph -->\n\n<!-- wp:list -->\n<ul class=\"wp-block-list\"><!-- wp:list-item -->\n<li>Weder die Herren noch die Krone der Sch\u00f6pfung: Versuch einer nicht anthropozentrischen Umweltethik aus christlich theologischer Perspektive. In: Keul, Hildegund u.a. (Hg. i. A. der STEIG): Verantwortung in Umwelt und Sch\u00f6pfung. W\u00fcrzburg: STEIG e.V. 1986, 7-14.<\/li>\n<!-- \/wp:list-item --><\/ul>\n<!-- \/wp:list -->\n\n<!-- wp:paragraph -->\n<p>1985<\/p>\n<!-- \/wp:paragraph -->\n\n<!-- wp:list -->\n<ul class=\"wp-block-list\"><!-- wp:list-item -->\n<li>Der Traum einer Menschheitsfamilie. Brauchen wir die \u201eDritte Welt\u201d dazu? In: der steig 3 (Mai 1985), 18-23.<\/li>\n<!-- \/wp:list-item -->\n\n<!-- wp:list-item -->\n<li>Hacia la Liberaci\u00f3n del Hombre y de la Naturaleza Eplotados. In: Christus (M\u00e9xico) 589 (Oct. 1985), 41-45.<\/li>\n<!-- \/wp:list-item -->\n\n<!-- wp:list-item -->\n<li>zus. mit Klawitter, J\u00f6rg: Rhapsodische Schlussgedanken. In: Klawitter, J\u00f6rg; Kruip, Gerhard (Hg. i.A. der STEIG e.V.): M\u00f6glichkeiten der Ver\u00e4nderung durch Macht und\/oder Elite und\/oder Vorbild angesichts unserer Zukunftsprobleme. W\u00fcrzburg: STEIG e.V. 1985, 52-54.<\/li>\n<!-- \/wp:list-item --><\/ul>\n<!-- \/wp:list -->\n\n<!-- wp:paragraph -->\n<p>1984<\/p>\n<!-- \/wp:paragraph -->\n\n<!-- wp:list -->\n<ul class=\"wp-block-list\"><!-- wp:list-item -->\n<li>\u201eZahlt keine Steuern - organisiert Euch\u201d: Basisbewegungen in den Elendsvierteln von Mexico City. In: Mittelamerika Magazin 37 (April 1984), 17-20.<\/li>\n<!-- \/wp:list-item -->\n\n<!-- wp:list-item -->\n<li>Altmexikanische Religion und christliche Heilsbotschaft. In: Zeitschrift f\u00fcr Missionswissenschaft und Religionswissenschaft 68(1984)4, 309-310.<\/li>\n<!-- \/wp:list-item -->\n\n<!-- wp:list-item -->\n<li>zus. mit Haub, Thomas; Gerhard Kuriewicz: Arbeitsgruppe Soziologie-Politologie in STEIG. Bewu\u00dftseins- und Verhaltens\u00e4nderung durch Einsicht in Sachzw\u00e4nge und Normen - M\u00f6glichkeiten und Grenzen. In: K\u00fcmmel, Reiner; Suhrcke, Monika (Hg.): Energie und Gerechtigkeit. M\u00fcnchen: Minerva 1984, 187-191.<\/li>\n<!-- \/wp:list-item --><\/ul>\n<!-- \/wp:list -->\n\n<!-- wp:paragraph -->\n<p>1983<\/p>\n<!-- \/wp:paragraph -->\n\n<!-- wp:list -->\n<ul class=\"wp-block-list\"><!-- wp:list-item -->\n<li>Mexiko Stadt: Millionen leben in Elendsvierteln. In: Image. Informations- und Diskussionsforum der Katholischen Hochschulgemeinde W\u00fcrzburg 14(1983)54, 22-24.<\/li>\n<!-- \/wp:list-item --><\/ul>\n<!-- \/wp:list -->\n\n<!-- wp:paragraph -->\n<p>1982<\/p>\n<!-- \/wp:paragraph -->\n\n<!-- wp:list -->\n<ul class=\"wp-block-list\"><!-- wp:list-item -->\n<li>Die Probleme der Schwellenl\u00e4nder am Beispiel Mexikos. In: Christian Lehmann (Hg.): Entwicklungsprobleme der Industriegesellschaft. W\u00fcrzburg: STEIG e.V. 1982, 55-58.<\/li>\n<!-- \/wp:list-item -->\n\n<!-- wp:list-item -->\n<li>Mexiko: Offensive gegen die Basisgemeinden. Der Erzbischof von Mexiko Stadt bringt Adveniat ins Zwielicht. In: Publik Forum 11(1982)25\/26, 38.<\/li>\n<!-- \/wp:list-item -->\n\n<!-- wp:list-item -->\n<li>Zukunft und Entwicklung f\u00fcr alle - eine Utopie. Hg. v. Wilhelm Dreier. W\u00fcrzburg: Lehrstuhl f\u00fcr Christliche Sozialwissenschaft, 1982.<\/li>\n<!-- \/wp:list-item --><\/ul>\n<!-- \/wp:list -->\n\n<!-- wp:paragraph -->\n<p>1978<\/p>\n<!-- \/wp:paragraph -->\n\n<!-- wp:list -->\n<ul class=\"wp-block-list\"><!-- wp:list-item -->\n<li>zus. mit M\u00fcller, Karlheinz u.a.: Lernprogramm Synoptiker: Programmierte Unterweisung zum methodischen Umgang mit den synoptischen Evangelien. W\u00fcrzburg: Lehrstuhl f\u00fcr Biblische Einleitung, 1978.<\/li>\n<!-- \/wp:list-item --><\/ul>\n<!-- \/wp:list -->\n\n<!-- wp:paragraph -->\n<p><strong>Book reviews<\/strong><\/p>\n<!-- \/wp:paragraph -->\n\n<!-- wp:paragraph -->\n<p>2024<\/p>\n<!-- \/wp:paragraph -->\n\n<!-- wp:list -->\n<ul class=\"wp-block-list\"><!-- wp:list-item -->\n<li>Kistler, Sebastian; Puzio, Anna; Riedl, Anna Maria; Veith, Werner (Hg.) (2023): Digitale Transformationen der Gesellschaft. Sozialethische Perspektiven auf den technologischen Wandel. In: ET-Studies 15(2024)1, 159-160.<\/li>\n<!-- \/wp:list-item -->\n\n<!-- wp:list-item -->\n<li>Heimbach-Steins, Marianne; K\u00f6nemann, Judith (Hg.) (2019): Religi\u00f6se Identit\u00e4ten in einer globalisierten Welt. In: ET-Studies 15(2024)1, 168-169.<\/li>\n<!-- \/wp:list-item --><\/ul>\n<!-- \/wp:list -->\n\n<!-- wp:paragraph -->\n<p>2023<\/p>\n<!-- \/wp:paragraph -->\n\n<!-- wp:list -->\n<ul class=\"wp-block-list\"><!-- wp:list-item -->\n<li>Vellguth, Klaus (Hg.) (2022): Eine Welt - keine Sklaverei. Moderne Sklaverei weltweit. Freiburg, Basel, Wien: Verlag Herder (Theologie der Einen Welt, Band 20). In: Zeitschrift f\u00fcr Kirchengeschichte 134(2023)3, 423-424.<\/li>\n<!-- \/wp:list-item -->\n\n<!-- wp:list-item -->\n<li>Heil, Uta; Schellenberg, Annette (Hg.) (2023): Zukunft der Theologie - Theologie der Zukunft. 200 Jahre Evangelisch-Theologische Fakult\u00e4t Wien. In: ET-Studies 14(2023)2, 335-336.<\/li>\n<!-- \/wp:list-item -->\n\n<!-- wp:list-item -->\n<li>Ludwig, Johannes (2022): System Kirche. Machtaus\u00fcbung zwischen Idee, Interesse und Institution. Basel, W\u00fcrzburg: Schwabe, Echter. In: ET-Studies 14(2023)1, 155-156.<\/li>\n<!-- \/wp:list-item -->\n\n<!-- wp:list-item -->\n<li>Alshanskaya, Alena (2016): Der Europa-Diskurs der Russischen Orthodoxen Kirche (1996-2011), Frankfurt am Main: Lang, (Erfurter Studien zur Kulturgeschichte des Orthodoxen Christentums, 12). In: ET-Studies 14(2023)1, 149-150.<\/li>\n<!-- \/wp:list-item -->\n\n<!-- wp:list-item -->\n<li>H\u00f6llinger, Stephanie (2019): Anspr\u00fcche an Ehe und Partnerschaft. Ein theologischer Beitrag zu einer beziehungsethischen Herausforderung. M\u00fcnster: Aschendorff Verlag. In: Marriage, Families and Spirituality (KU Leuven) 29 (2023)2, 289-290. <\/li>\n<!-- \/wp:list-item -->\n\n<!-- wp:list-item -->\n<li>Hartmut Rosa (2022): Demokratie braucht Religion. Mit einem Vorwort von Gregor Gysi. M\u00fcnchen: K\u00f6sel Verlag. In: Eulenfisch Literatur 16(2023)1, 56-57.<\/li>\n<!-- \/wp:list-item --><\/ul>\n<!-- \/wp:list -->\n\n<!-- wp:paragraph -->\n<p>2022<\/p>\n<!-- \/wp:paragraph -->\n\n<!-- wp:list -->\n<ul class=\"wp-block-list\"><!-- wp:list-item -->\n<li>Vogt, Markus (2021): Christliche Umweltethik. Grundlagen und zentrale Herausforderungen. Freiburg, Basel, Wien: Herder. In: ET-Studies 13(2022)1, 177-179.<\/li>\n<!-- \/wp:list-item -->\n\n<!-- wp:list-item -->\n<li>Lederhilger, Severin J. (Hg.) (2020): Die gespaltene Gesellschaft. Analysen, Perspektiven und die Aufgabe der Kirchen. Regensburg: Verlag Friedrich Pustet (Schriften der Katholischen Privat-Universit\u00e4t Linz, Band 9). In: Amos International 2022\/2, 49-50.<\/li>\n<!-- \/wp:list-item -->\n\n<!-- wp:list-item -->\n<li>Becka, Michelle; Emunds, Bernhard; Eurich, Johannes; Kubon-Gilke, Gisela; Meireis, Torsten; M\u00f6hring-Hesse, Matthias (2020): Sozialethik als Kritik, Baden-Baden, Nomos, (Ethik und Gesellschaft, Band 1). In: ET-Studies 13(2022)2, 369-370.<\/li>\n<!-- \/wp:list-item -->\n\n<!-- wp:list-item -->\n<li>Erbele-K\u00fcster, Dorothea; K\u00fcster, Volker; Roth, Michael (2021): Theologie infiziert. Religi\u00f6se Rede im Kontext der Pandemie, Stuttgart, Verlag W. Kohlhammer, (Theologische Interventionen, Band 7). In: ET-Studies 13(2022)2, 358-359.<\/li>\n<!-- \/wp:list-item -->\n\n<!-- wp:list-item -->\n<li>Hersche, Peter (2021): Max Weber, die \u00d6kologie und der Katholizismus. Basel: Schwabe Verlag. In: Zeitschrift f\u00fcr Kirchengeschichte 133(2022)2, 282-283.<\/li>\n<!-- \/wp:list-item --><\/ul>\n<!-- \/wp:list -->\n\n<!-- wp:paragraph -->\n<p>2021<\/p>\n<!-- \/wp:paragraph -->\n\n<!-- wp:list -->\n<ul class=\"wp-block-list\"><!-- wp:list-item -->\n<li>Jochen Ostheimer (2019): Liberalismus und soziale Gerechtigkeit. Zur politischen Philosophie von Rawls, Nozick und Hayek. Paderborn. In: Theologische Revue 117(2021) Januar o.S. Online zug\u00e4nglich \u00fcber <a href=\"https:\/\/www.uni-muenster.de\/Ejournals\/index.php\/thrv\/article\/view\/3110\/3186.\">https:\/\/www.uni-muenster.de\/Ejournals\/index.php\/thrv\/article\/view\/3110\/3186.<\/a><\/li>\n<!-- \/wp:list-item -->\n\n<!-- wp:list-item -->\n<li>Mukerji, Nikil; Mannino, Adriano (2020): Covid-19. Was in der Krise z\u00e4hlt: \u00fcber Philosophie in Echtzeit. 3., durchgesehene Auflage. Ditzingen: Reclam. In: ET-Studies 12(2021)1, 175-176.<\/li>\n<!-- \/wp:list-item -->\n\n<!-- wp:list-item -->\n<li>Zulehner, Paul M. (2021): Bange Zuversicht. Was Menschen in der Corona-Krise bewegt. Ostfildern: Patmos Verlag. In: ET-Studies 12(2021)1, 177-178.<\/li>\n<!-- \/wp:list-item -->\n\n<!-- wp:list-item -->\n<li>Cremer, Georg (2021): Sozial ist, was stark macht. Warum Deutschland eine Politik der Bef\u00e4higung braucht und was sie leistet. 1. Auflage. Freiburg: Verlag Herder. In: neue caritas 2021\/15, 20.<\/li>\n<!-- \/wp:list-item -->\n\n<!-- wp:list-item -->\n<li>Klaus Mertes (2021): Den Kreislauf des Scheiterns durchbrechen. Damit die Aufarbeitung des Missbrauchs am Ende nicht wieder am Anfang steht. Ostfildern: Patmos Verlag. In: Eulenfisch Literatur 2\/2021, 24-25.<\/li>\n<!-- \/wp:list-item -->\n\n<!-- wp:list-item -->\n<li>Famer\u00e9e, Joseph; Routhier, Gilles (2021): Penser la r\u00e9forme de l\u2019\u00c9glise. Paris : Cerf. In: ET-Studies 12(2021)2, 384-385.<\/li>\n<!-- \/wp:list-item -->\n\n<!-- wp:list-item -->\n<li>L\u00fcdecke, Norbert (2021): Die T\u00e4uschung. Haben Katholiken die Kirche, die sie verdienen? Darmstadt: wgb. In: ET-Studies 12(2021)2, 387-389.<\/li>\n<!-- \/wp:list-item --><\/ul>\n<!-- \/wp:list -->\n\n<!-- wp:paragraph -->\n<p>2020<\/p>\n<!-- \/wp:paragraph -->\n\n<!-- wp:list -->\n<ul class=\"wp-block-list\"><!-- wp:list-item -->\n<li>Hilpert, Konrad (2019): Ethik der Menschenrechte. Zwischen Rhetorik und Verwirklichung. Paderborn: Ferdinand Sch\u00f6ningh. In: Theologische Revue 116(2020) Januar o.S. Online zug\u00e4nglich \u00fcber <a href=\"https:\/\/www.uni-muenster.de\/Ejournals\/index.php\/thrv\/article\/view\/2552\/2463.\">https:\/\/www.uni-muenster.de\/Ejournals\/index.php\/thrv\/article\/view\/2552\/2463.<\/a><\/li>\n<!-- \/wp:list-item -->\n\n<!-- wp:list-item -->\n<li>Kre\u00df, Hartmut (2018): Staat und Person. Politische Ethik im Umbruch des modernen Staates. Stuttgart: Kohlhammer. In: Theologische Revue 116(2020) Januar o.S. Online zug\u00e4nglich \u00fcber <a href=\"https:\/\/www.uni-muenster.de\/Ejournals\/index.php\/thrv\/article\/view\/2552\/2463\">https:\/\/www.uni-muenster.de\/Ejournals\/index.php\/thrv\/article\/view\/2552\/2463<\/a>.<\/li>\n<!-- \/wp:list-item -->\n\n<!-- wp:list-item -->\n<li>Bogner, Daniel (2019): Ihr macht uns die Kirche kaputt. \u2026 doch wir lassen das nicht zu! Freiburg im Breisgau, Ann Arbor, Michigan: Herder Verlag; ProQuest. In: ET-Studies 11(2020)2, 343-345.<\/li>\n<!-- \/wp:list-item --><\/ul>\n<!-- \/wp:list -->\n\n<!-- wp:paragraph -->\n<p>2019<\/p>\n<!-- \/wp:paragraph -->\n\n<!-- wp:list -->\n<ul class=\"wp-block-list\"><!-- wp:list-item -->\n<li>Emunds, Bernhard (Hg.) (2018): Christliche Sozialethik \u2013 Orientierung welcher Praxis? Friedhelm Hengsbach SJ zu Ehren. (Ethik und Gesellschaft Band 4), Baden-Baden. In: Stimmen der Zeit 144(2019)3, 232-234.<\/li>\n<!-- \/wp:list-item --><\/ul>\n<!-- \/wp:list -->\n\n<!-- wp:paragraph -->\n<p>2018<\/p>\n<!-- \/wp:paragraph -->\n\n<!-- wp:list -->\n<ul class=\"wp-block-list\"><!-- wp:list-item -->\n<li>Sautter, Hermann (2017): Verantwortlich wirtschaften. Die Ethik gesamtwirtschaftlicher Regelwerke und des unternehmerischen Handelns. Marburg: Metropolis-Verlag (Ethik und \u00d6konomie, Band 20). Rezension: Ordnungspolitik alleine gen\u00fcgt nicht. Die n\u00fcchterne Wirtschafts- und Unternehmensethik von Hermann Sautter. (Ethik und Gesellschaft 2\/2018: Rechtsbr\u00fcche). Download unter: <a href=\"https:\/\/dx.doi.org\/10.18156\/eug-2-2018-rez-9.\">https:\/\/dx.doi.org\/10.18156\/eug-2-2018-rez-9.<\/a><\/li>\n<!-- \/wp:list-item -->\n\n<!-- wp:list-item -->\n<li>Clemens Sedmak (2017): \u201eDie W\u00fcrde des Menschen ist unantastbar\u201c. Zur Anwendung der Katholischen Soziallehre. Regensburg: Friedrich Pustet Verlag. In: EULENFISCH Literatur 11(2018)1, 28-29. \u2013 Im Internet unter: <a href=\"http:\/\/www.eulenfisch.de\/literatur\/literaturmagazin\/literaturmagazin-01-2018\/.\">http:\/\/www.eulenfisch.de\/literatur\/literaturmagazin\/literaturmagazin-01-2018\/.<\/a><\/li>\n<!-- \/wp:list-item -->\n\n<!-- wp:list-item -->\n<li>Boeve, Lieven.; Maeseneer, Y. de; van Stichel, Ellen (Hg.) (2014): Questioning the human. Toward a theological anthropology for the twenty-first century: Fordham University Press. In: ET-Studies 9(2018)1, 165-166.<\/li>\n<!-- \/wp:list-item -->\n\n<!-- wp:list-item -->\n<li>Gabriel, Karl; Reuter, Hans-Richard (Hg.) (2017): Religion und Wohlfahrtsstaatlichkeit in Deutschland. Konfessionen - Semantiken - Diskurse. 1. Auflage. T\u00fcbingen: Mohr Siebeck. In: AmosInternational 12(2018)4, 51-52.<\/li>\n<!-- \/wp:list-item -->\n\n<!-- wp:list-item -->\n<li>Kern, Bruno (2017): \"Es rettet uns kein h\u00f6h'res Wesen\"? Die Religionskritik von Karl-Marx - ein solidarisches Streitgespr\u00e4ch. Ostfildern: Matthias Gr\u00fcnewald Verlag. In: Eulenfisch Literatur 11(2018)2, 62-63 \u2013 Im Internet unter: <a href=\"http:\/\/www.eulenfisch.de\/literatur\/literaturmagazin\/literaturmagazin-02-2018\/.\">http:\/\/www.eulenfisch.de\/literatur\/literaturmagazin\/literaturmagazin-02-2018\/.<\/a><br>2017<\/li>\n<!-- \/wp:list-item -->\n\n<!-- wp:list-item -->\n<li>MacAskill, William (2016): Gutes besser tun. Wie wir mit effektivem Altruismus die Welt ver\u00e4ndern k\u00f6nnen. M\u00fcnchen: Ullstein. In: AmosInternational 11(2017)1, 41-43.<\/li>\n<!-- \/wp:list-item -->\n\n<!-- wp:list-item -->\n<li>Hallermann, Heribert; Meckel, Thomas; Meckel-Pfannkuche, Sabrina; Pulte, Matthias (Hg.) (2017): Reform an Haupt und Gliedern. Impulse f\u00fcr eine Kirche \"im Aufbruch\". W\u00fcrzburg: Echter. In: ET-Studies 8(2017)2, 387-389.<\/li>\n<!-- \/wp:list-item --><\/ul>\n<!-- \/wp:list -->\n\n<!-- wp:paragraph -->\n<p>2016<\/p>\n<!-- \/wp:paragraph -->\n\n<!-- wp:list -->\n<ul class=\"wp-block-list\"><!-- wp:list-item -->\n<li>Nussbaum, Martha (2014): Die neue religi\u00f6se Intoleranz. Ein Ausweg aus der Politik der Angst. Darmstadt: WBG (Wissenschaftliche Buchgesellschaft). In: Theologische Revue 112(2016)2, 160-161.<\/li>\n<!-- \/wp:list-item --><\/ul>\n<!-- \/wp:list -->\n\n<!-- wp:paragraph -->\n<p>2015<\/p>\n<!-- \/wp:paragraph -->\n\n<!-- wp:list -->\n<ul class=\"wp-block-list\"><!-- wp:list-item -->\n<li>Wiemeyer, Joachim (2015): Keine Freiheit ohne Gerechtigkeit. Christliche Sozialethik angesichts globaler Herausforderungen. Freiburg im Breisgau: Verlag Herder. In: AmosInternational 2015\/4, 46-47.<\/li>\n<!-- \/wp:list-item -->\n\n<!-- wp:list-item -->\n<li>Joas, Hans (2015): Sind die Menschenrechte westlich? M\u00fcnchen: K\u00f6sel. In: Eulenfisch Literatur 8(2015)2, 38-39. <\/li>\n<!-- \/wp:list-item --><\/ul>\n<!-- \/wp:list -->\n\n<!-- wp:paragraph -->\n<p>2014<\/p>\n<!-- \/wp:paragraph -->\n\n<!-- wp:list -->\n<ul class=\"wp-block-list\"><!-- wp:list-item -->\n<li>Heimbach-Steins, Marianne (2012): Religionsfreiheit. Ein Menschenrecht unter Druck. Paderborn. In: Theologische Revue 110(2014)1, Sp. 54-56.<\/li>\n<!-- \/wp:list-item -->\n\n<!-- wp:list-item -->\n<li>Goosen, Gideon (2011): Hyphenated Christians. Towards a better understanding of dual religious belonging. Oxford, New York: Peter Lang (Studies in theology, society, and culture, v. 6). In: ET-Studies 5(2014)1, 183-185.<\/li>\n<!-- \/wp:list-item -->\n\n<!-- wp:list-item -->\n<li>Erbacher, J\u00fcrgen (2013): Papst Franziskus. Aufbruch und Neuanfang. M\u00fcnchen: Pattloch; Waldenfels, Hans (2014): Sein Name ist Franziskus. Der Papst der Armen. Paderborn: Sch\u00f6ningh; Holztrattner, Magdalena (Hg.) (2013): Innovation Armut. Wohin f\u00fchrt Papst Franziskus die Kirche? Innsbruck [u.a.]: Tyrolia. In: ET-Studies 5(2014)1, 186-188.<\/li>\n<!-- \/wp:list-item -->\n\n<!-- wp:list-item -->\n<li>Hal\u00edk, Tom\u00e1\u0161 (2014): All meine Wege sind DIR vertraut. Von der Untergrundkirche ins Labyrinth der Freiheit. Freiburg im Breisgau: Verlag Herder. In: Eulenfisch Literatur 7(2014)2, 12-13. \u2013 Im Internet unter <\/li>\n<!-- \/wp:list-item -->\n\n<!-- wp:list-item -->\n<li>Hartlieb, Michael (2013): Die Menschenw\u00fcrde und ihre Verletzung durch extreme Armut. Eine sozialethisch-systematische Relekt\u00fcre des W\u00fcrdebegriffs. Paderborn: Sch\u00f6ningh. In: AmosInternational 8(2014)4, 50-51.<\/li>\n<!-- \/wp:list-item -->\n\n<!-- wp:list-item -->\n<li>Goldschmidt, Nils; Nothelle-Wildfeuer, Ursula (Hg.) (2010): Freiburger Schule und Christliche Gesellschaftslehre. Joseph Kardinal H\u00f6ffner und die Ordnung von Wirtschaft und Gesellschaft. T\u00fcbingen: Mohr Siebeck (Untersuchungen zur Ordnungstheorie und Ordnungspolitik, 59). In: Theologische Revue 110(2014)6, Sp. 519-520.<\/li>\n<!-- \/wp:list-item --><\/ul>\n<!-- \/wp:list -->\n\n<!-- wp:paragraph -->\n<p>2013<\/p>\n<!-- \/wp:paragraph -->\n\n<!-- wp:list -->\n<ul class=\"wp-block-list\"><!-- wp:list-item -->\n<li>Campagna, Norbert (2012): La sexualit\u00e9 des handicap\u00e9s. Faut-il seulement la tol\u00e9rer ou aussi l'encourager ? Gen\u00e8ve: Labor et Fides (Le Champ \u00e9thique, 58). In: ET-Studies 4(2013)1, 161-163.<\/li>\n<!-- \/wp:list-item -->\n\n<!-- wp:list-item -->\n<li>Katz, Heiner (2021): Kirchliche Autorit\u00e4t im Strukturwandel der Gesellschaft. Eine religions- und wissenssoziologische Untersuchung zum nachkonziliaren Autorit\u00e4tsproblem der katholischen Kirche, M\u00fcnster. In: ET-Studies 4(2013)2, 354-356.<\/li>\n<!-- \/wp:list-item -->\n\n<!-- wp:list-item -->\n<li>Wolf, Hubert (2013): Die Nonnen von Sant\u2019Ambrogio. Eine wahre Geschichte, M\u00fcnchen. In: ET-Studies 4(2013)2, 356-357.<\/li>\n<!-- \/wp:list-item -->\n\n<!-- wp:list-item -->\n<li>Leinen, Frank (Hg.) (2012): M\u00e9xico 2010. Kultur in Bewegung \u2013 Mythen auf dem Pr\u00fcfstand. D\u00fcsseldorf: d\u00fcsseldorf university press. In: Philologie im Netz 66(2013).<\/li>\n<!-- \/wp:list-item --><\/ul>\n<!-- \/wp:list -->\n\n<!-- wp:paragraph -->\n<p>2011<\/p>\n<!-- \/wp:paragraph -->\n\n<!-- wp:list -->\n<ul class=\"wp-block-list\"><!-- wp:list-item -->\n<li>Nacke, Stefan (2021): Die Kirche der Weltgesellschaft. Das II. Vatikanische Konzil und die Globalisierung des Katholizismus. Wiesbaden : VS Verlag f\u00fcr Sozialwissenschaften. In: Amosinternational 2011\/1, 45-46.<\/li>\n<!-- \/wp:list-item -->\n\n<!-- wp:list-item -->\n<li>Castles, Francis G.; Leibfried, Stephan; Lewis, Jane; Obinger, Herbert; Pierson, Christopher (Hg.) (2010): The Oxford Handbook of the Welfare State. Oxford: Oxford University Press. In: Amosinternational 2011\/1, 41-42.<\/li>\n<!-- \/wp:list-item -->\n\n<!-- wp:list-item -->\n<li>Hilpert, Konrad (Hg.) (2011): Zukunftshorizonte katholischer Sexualethik. Freiburg i. Br. : Herder. In: Amosinternational 2011\/4, 48-49.<\/li>\n<!-- \/wp:list-item -->\n\n<!-- wp:list-item -->\n<li>Goertz, Stephan; Ulonska, Herbert (Hg.) (2010): Sexuelle Gewalt. Fragen an Kirche und Theologie. M\u00fcnster: Lit (Theologie, 31). In: ET-Studies 2(2011)2, 312-313.<\/li>\n<!-- \/wp:list-item --><\/ul>\n<!-- \/wp:list -->\n\n<!-- wp:paragraph -->\n<p>2009<\/p>\n<!-- \/wp:paragraph -->\n\n<!-- wp:list -->\n<ul class=\"wp-block-list\"><!-- wp:list-item -->\n<li>Detlef Horster (2009): Ethik. Stuttgart: Reclam. In: fiph-journal 14, November 2009, 5.<\/li>\n<!-- \/wp:list-item -->\n\n<!-- wp:list-item -->\n<li>Rauscher, Anton (Hg.) (2008): Handbuch der Katholischen Soziallehre. Im Auftrag der G\u00f6rresgesellschaft und der Katholischen Sozialwissenschaftlichen Zentralstelle. Unter Mitarbeit von J\u00f6rg Althammer, Wolfgang Bergsdorf und Otto Depenheuer. Berlin: Duncker &amp; Humblot. In: Herder Korrespondenz 63(2009)6, 322. \u2013 Auch online auf socialnet.de: http:\/\/www.socialnet.de\/rezensionen\/7389.php<\/li>\n<!-- \/wp:list-item -->\n\n<!-- wp:list-item -->\n<li>Olaru, Bogdan (Hg.) (2008): Autonomy, Responsibility and Health Care. Critical Reflections. Bukarest: Zeta-books, 229. In: fiph-journal 13, April 2009, 7.<\/li>\n<!-- \/wp:list-item --><\/ul>\n<!-- \/wp:list -->\n\n<!-- wp:paragraph -->\n<p>2008<\/p>\n<!-- \/wp:paragraph -->\n\n<!-- wp:list -->\n<ul class=\"wp-block-list\"><!-- wp:list-item -->\n<li>Gabriel, Ingeborg; Papaderos, Alexandros K.; K\u00f6rtner, Ulrich H. J. (Hg.) (2006): Perspektiven \u00f6kumenischer Sozialethik. Der Auftrag der Kirchen im gr\u00f6\u00dferen Europa. 2. Aufl. Ostfildern: Matthias-Gr\u00fcnewald-Verl.; Gabriel, Ingeborg; Gassner, Franz (Hg.) (2007): Solidarit\u00e4t und Gerechtigkeit. \u00d6kumenische Perspektiven. Ostfildern: Matthias-Gr\u00fcnewald-Verl., 278 S., 19,90 Euro. Beide In: fiph-journal 11, M\u00e4rz 2008, 31.<\/li>\n<!-- \/wp:list-item -->\n\n<!-- wp:list-item -->\n<li>Pries, Ludger (2008): Die Transnationalisierung der sozialen Welt. Sozialr\u00e4ume jenseits von Nationalgesellschaften. Frankfurt am Main: Suhrkamp (Edition Suhrkamp, 2521). In: fiph-journal 11, M\u00e4rz 2008, 17.<\/li>\n<!-- \/wp:list-item -->\n\n<!-- wp:list-item -->\n<li>Nass, Elmar (2006): Der humangerechte Sozialstaat. Ein sozialethischer Entwurf zur Symbiose aus \u00f6konomischer Effizienz und sozialer Gerechtigkeit. T\u00fcbingen: Mohr Siebeck (Untersuchungen zur Ordnungstheorie und Ordnungspolitik, 51). In: fiph-journal 11, M\u00e4rz 2008, 23.<\/li>\n<!-- \/wp:list-item --><\/ul>\n<!-- \/wp:list -->\n\n<!-- wp:paragraph -->\n<p>2007<\/p>\n<!-- \/wp:paragraph -->\n\n<!-- wp:list -->\n<ul class=\"wp-block-list\"><!-- wp:list-item -->\n<li>Christofer Frey; J\u00fcrgen H\u00e4drich; Lars Klinnert (Hrsg.) (2006): Gerechtigkeit \u2013 Illusion oder Herausforderung? Felder und Aufgaben f\u00fcr die interdisziplin\u00e4re Diskussion. M\u00fcnster u.a.: Lit. In: fiph-journal 10 (September 2007), 16.<\/li>\n<!-- \/wp:list-item -->\n\n<!-- wp:list-item -->\n<li>Jahrbuch f\u00fcr christliche Sozialwissenschaften 47 (2006): Gesundheit \u2013 Ethik \u2013 Politik. Sozialethik der Gesundheitsversorgung. M\u00fcnster: Aschendorff. In: Zeitschrift f\u00fcr medizinische Ethik 53(2007)4, 423-425.<\/li>\n<!-- \/wp:list-item --><\/ul>\n<!-- \/wp:list -->\n\n<!-- wp:paragraph -->\n<p>2005<\/p>\n<!-- \/wp:paragraph -->\n\n<!-- wp:list -->\n<ul class=\"wp-block-list\"><!-- wp:list-item -->\n<li>Marianne Heimbach-Steins (Hrsg.) (2004): Christliche Sozialethik. Ein Lehrbuch, Bd. 1. Regensburg: Pustet. In: fiph-journal 6 (September 2005), 21.<br>2004<\/li>\n<!-- \/wp:list-item -->\n\n<!-- wp:list-item -->\n<li>Karafyllis, Nicole C. (Hrsg.) (2003): Biofakte : Versuch \u00fcber den Menschen zwischen Artefakt und Lebewesen. Paderborn. In: fiph-journal 3, Februar 2004, 11.<\/li>\n<!-- \/wp:list-item -->\n\n<!-- wp:list-item -->\n<li>Seco Serrano, Carlos (2000): Historia del conservadurismo espa\u00f1ol. Una l\u00ednea pol\u00edtica integradora en el siglo XIX. Madrid. In: Iberoamericana 4(2004)14, 276.<\/li>\n<!-- \/wp:list-item -->\n\n<!-- wp:list-item -->\n<li>Madsen, Richard; Strong, Tracy B. (Hrsg.) : The many and the one : Religious and Secular Perspectives on Ethical Pluralism in the Modern World. In: fiph-journal 4, September 2004, 15<\/li>\n<!-- \/wp:list-item --><\/ul>\n<!-- \/wp:list -->\n\n<!-- wp:paragraph -->\n<p>2003<\/p>\n<!-- \/wp:paragraph -->\n\n<!-- wp:list -->\n<ul class=\"wp-block-list\"><!-- wp:list-item -->\n<li>Furger, Franz: Christliche Sozialethik in pluraler Gesellschaft. \/ Posthum hrsg. v. Marianne Heimbach Steins; Andreas Lienkamp u. Joachim Wiemeyer (1997): M\u00fcnster: Lit. In: Zeitschrift f\u00fcr Missionswissenschaft und Religionswissenschaft 87(2003)1, 75-76.<\/li>\n<!-- \/wp:list-item -->\n\n<!-- wp:list-item -->\n<li>Pitou van Diejck (Hrsg.) (1998): The Bolivian Experiment: Structural Adjustment and Poverty Alleviation. Amsterdam : Centrum voor Studie en Documentatie van Ltijns Amerika. In: Iberoamericana 3(2003)9, 310-311.<\/li>\n<!-- \/wp:list-item --><\/ul>\n<!-- \/wp:list -->\n\n<!-- wp:paragraph -->\n<p>2002<\/p>\n<!-- \/wp:paragraph -->\n\n<!-- wp:list -->\n<ul class=\"wp-block-list\"><!-- wp:list-item -->\n<li>Cremer, Georg (2000): Korruption begrenzen : Praxisfeld Entwicklungspolitik. Freiburg i. Br. : Lambertus. In: ZMR 86(2002)4, 298-300.<\/li>\n<!-- \/wp:list-item --><\/ul>\n<!-- \/wp:list -->\n\n<!-- wp:list -->\n<ul class=\"wp-block-list\"><!-- wp:list-item -->\n<li>Lienkamp, Andreas (2000): Theodor Steinb\u00fcchels Sozialismusrezeption : Eine christlich-sozialethische Relecture. Paderborn: Sch\u00f6ningh. In: ZMR 86(2002)4, 314-315.<\/li>\n<!-- \/wp:list-item --><\/ul>\n<!-- \/wp:list -->\n\n<!-- wp:paragraph -->\n<p>2000<\/p>\n<!-- \/wp:paragraph -->\n\n<!-- wp:list -->\n<ul class=\"wp-block-list\"><!-- wp:list-item -->\n<li>Kim, Hyung-Min (1995): Solidarit\u00e4t und Menschenrechte : Eine theologisch-sozialethische Er\u00f6rterung der Begr\u00fcndung und Umsetzung der Menschenrechte der dritten Dimension. M\u00fcnster: Lit. In: Theologische Revue 95(2000)6, Sp. 498-500.<\/li>\n<!-- \/wp:list-item --><\/ul>\n<!-- \/wp:list -->\n\n<!-- wp:paragraph -->\n<p>1998<\/p>\n<!-- \/wp:paragraph -->\n\n<!-- wp:list -->\n<ul class=\"wp-block-list\"><!-- wp:list-item -->\n<li>Tangeman, Michael (1995): Mexico at the crossroads : Politics, the church, and the poor. Maryknoll, NY: Orbis. In: Zeitschrift f\u00fcr Missionswissenschaft und Religionswissenschaft 82(1998)4, 316-317.<\/li>\n<!-- \/wp:list-item -->\n\n<!-- wp:list-item -->\n<li>Nuscheler, Franz; Gabriel, Karl; Keller, Sabine; Treber, Monika (1995): Christliche Dritte-Welt-Gruppen : Praxis und Selbstverst\u00e4ndnis. Mainz : Matthias Gr\u00fcnewald Verl., (Forum Weltkirche ; Bd. 5). In: Zeitschrift f\u00fcr Missionswissenschaft und Religionswissenschaft 82(1998)2, 134 135.<\/li>\n<!-- \/wp:list-item -->\n\n<!-- wp:list-item -->\n<li>Sievernich, Michael; Spelthahn, Dieter (Hrsg.) (1995): F\u00fcnfhundert Jahre Evangelisierung Lateinamerikas. Geschichte Kontroversen Perspektiven. Frankfurt am Main: Vervuert. In: Zeitschrift f\u00fcr Missionswissenschaft und Religionswissenschaft 82(1998)4, 309-310.<\/li>\n<!-- \/wp:list-item --><\/ul>\n<!-- \/wp:list -->\n\n<!-- wp:paragraph -->\n<p>1997<\/p>\n<!-- \/wp:paragraph -->\n\n<!-- wp:list -->\n<ul class=\"wp-block-list\"><!-- wp:list-item -->\n<li>B\u00fcchele, Herwig (1996): Eine Welt oder keine : Sozialethische Grundfragen angesichts einer ausbleibenden Weltordnungspolitik. Innsbruck, Wien : Tyrolia; Mainz : Gr\u00fcnewald. In: Theologischer Literaturdienst 1\/97, 11 12.<\/li>\n<!-- \/wp:list-item -->\n\n<!-- wp:list-item -->\n<li>Jugendwerk der Deutschen Shell (Hrsg.) (1997): Jugend '97 : Zukunftsperspektiven Gesellschaftliches Engagement Politische Orientierungen. \/ Gesamtkonzeption und Koordination: Arthur Fischer, Richard M\u00fcnchmeier. Opladen : Leske+Budrich. In: Katechetische Bl\u00e4tter 122(1997), 356.<\/li>\n<!-- \/wp:list-item --><\/ul>\n<!-- \/wp:list -->\n\n<!-- wp:paragraph -->\n<p>1996<\/p>\n<!-- \/wp:paragraph -->\n\n<!-- wp:list -->\n<ul class=\"wp-block-list\"><!-- wp:list-item -->\n<li>Hausmanninger, Thomas (Hrsg.) (1993): Christliche Sozialethik zwischen Moderne und Postmoderne. Paderborn u.a. : Sch\u00f6ningh. In: Zeitschrift f\u00fcr Missionswissenschaft und Religionswissenschaft 80(1996)2, 157-159.<\/li>\n<!-- \/wp:list-item -->\n\n<!-- wp:list-item -->\n<li>Bedford Strohm, Heinrich (1993): Vorrang f\u00fcr die Armen : Auf dem Weg zu einer theologischen Theorie der Gerechtigkeit. G\u00fctersloh: Kaiser. In: Zeitschrift f\u00fcr Missionswissenschaft und Religionswissenschaft 80(1996), 148-149.<\/li>\n<!-- \/wp:list-item -->\n\n<!-- wp:list-item -->\n<li>Wingen, Max (1994): Zur Theorie und Praxis der Familienpolitik. Stuttgart: Kohlhammer. In: Theologischer Literaturdienst 1\/96, 15 16.<\/li>\n<!-- \/wp:list-item --><\/ul>\n<!-- \/wp:list -->\n\n<!-- wp:paragraph -->\n<p>1995<\/p>\n<!-- \/wp:paragraph -->\n\n<!-- wp:list -->\n<ul class=\"wp-block-list\"><!-- wp:list-item -->\n<li>Michael Schramm (1994): Der Geldwert der Sch\u00f6pfung. Theologie \u00d6kologie \u00d6konomie. Paderborn u.a. : Sch\u00f6ningh. In: Diakonia 26(1995)2, 142.<\/li>\n<!-- \/wp:list-item -->\n\n<!-- wp:list-item -->\n<li>Gaillot, Jacques (1990): \"Eine Kirche, die nicht dient, dient zu nichts.\" Erfahrungen eines Bischofs. Freiburg i. Br. : Herder. In: Diakonia 26(1995)2, 142 143.<\/li>\n<!-- \/wp:list-item -->\n\n<!-- wp:list-item -->\n<li>Fliethmann, Thomas; L\u00fccking, Michel (Hrsg.) (1992): Im Dienst der Armen: Entwicklungsarbeit als Selbstvollzug der Kirche. \/ Mit Beitr\u00e4gen von Herbert K\u00f6tter, Hermann Sautter, Franz Furger, Peter H\u00fcnermann, Norbert Herkenrath, Margit Eckholt. M\u00fcnster: Aschendorff, (Schriften des Institus f\u00fcr Christliche Sozialwissenschaften der Westf\u00e4lischen Wilhelms\u2011Universit\u00e4t M\u00fcnster ; Bd. 26). In: Zeitschrift f\u00fcr Missionswissenschaft und Religionswissenschaft 79(1995)3, 246-247.<\/li>\n<!-- \/wp:list-item --><\/ul>\n<!-- \/wp:list -->\n\n<!-- wp:paragraph -->\n<p>1994<\/p>\n<!-- \/wp:paragraph -->\n\n<!-- wp:list -->\n<ul class=\"wp-block-list\"><!-- wp:list-item -->\n<li>G\u00fcnter Baadte; Anton Rauscher (Hrsg.) (1992): Dritte Welt und Entwicklung. \/ Mit Beitr\u00e4gen von Franz Ansprenger, Franz Furger, Gerhard Grohs, Hans Rimbert Hemmer, Norbert Herkenrath und Horst Pietschmann. Graz; Wien; K\u00f6ln: Styria, (Kirche heute ; Bd. 6). In: Zeitschrift f\u00fcr Missionswissenschaft und Religionswissenschaft 78(1994).<\/li>\n<!-- \/wp:list-item -->\n\n<!-- wp:list-item -->\n<li>Wolfgang Ockenfels (1992): Kolonialethik : Von der Kolonial zur Entwicklungspolitik. Paderborn u.a. : Sch\u00f6ningh, (Abhandlungen zur Sozialethik ; Bd. 32). In: Zeitschrift f\u00fcr Missionswissenschaft und Religionswissenschaft 78(1994)4, 313 317.<\/li>\n<!-- \/wp:list-item -->\n\n<!-- wp:list-item -->\n<li>Der christliche Glaube und die heutige Weltwirtschaft (1992): Ein Studiendokument des \u00d6kumenischen Rates der Kirchen. Genf: WCC Publications. In: Zeitschrift f\u00fcr Missionswissenschaft und Religionswissenschaft 78(1994)4, 305 306.<\/li>\n<!-- \/wp:list-item -->\n\n<!-- wp:list-item -->\n<li>Rudolf Weiler (1991): Einf\u00fchrung in die katholische Soziallehre : Ein systematischer Abri\u00df. Graz; Wien; K\u00f6ln: Verl. Styria. 144 S. In: Zeitschrift f\u00fcr Missionswissenschaft und Religionswissenschaft 78(1994)3, 252\u2011253.<\/li>\n<!-- \/wp:list-item -->\n\n<!-- wp:list-item -->\n<li>Baadte, G\u00fcnter; Rauscher, Anton (Hrsg.) (1991): Wirtschaft und Ethik. \/ Mit Beitr\u00e4gen von Friedrich Beutter, Heinz Frisch, Eilert Herms, Karl Homann, Hermann Sautter, Alfred Sch\u00fcller. Graz; Wien; K\u00f6ln : Verl. Styria, (Kirche heute ; 5). In: Zeitschrift f\u00fcr Missionswissenschaft und Religionswissenschaft 78(1994)3, 225.<\/li>\n<!-- \/wp:list-item --><\/ul>\n<!-- \/wp:list -->\n\n<!-- wp:paragraph -->\n<p>1993<\/p>\n<!-- \/wp:paragraph -->\n\n<!-- wp:list -->\n<ul class=\"wp-block-list\"><!-- wp:list-item -->\n<li>Gessenharter, Wolfgang; Fr\u00f6chling, Helmut (Hrsg.) (1991): Minderheiten: St\u00f6rpotential oder Chance f\u00fcr eine friedliche Gesellschaft? Baden Baden: Nomos (Milit\u00e4r, R\u00fcstung, Sicherheit; Band 67); 346 S. In: Katechetische Bl\u00e4tter 118(1993)1, 69 70.<\/li>\n<!-- \/wp:list-item -->\n\n<!-- wp:list-item -->\n<li>Rotter, Hans; Virt, G\u00fcnter (Hrsg.) (1990): Neues Lexikon der christlichen Moral. Innsbruck; Wien: Tyrolia. In: Diakonia 24(1993)6, 430 431.<\/li>\n<!-- \/wp:list-item -->\n\n<!-- wp:list-item -->\n<li>Bucher, Alexius J.; Fornet Betancourt, Ra\u00fal; Renker, Joseph; Sing, Horst (Hrsg.) (1991): Die \"Vorrangige Option f\u00fcr die Armen\" der katholischen Kirche in Lateinamerika : Zug\u00e4nge zu ihrer Begr\u00fcndungsproblematik, Geschichte und Verwirklichung. Band 1: Begr\u00fcndungszusammenh\u00e4nge. Eichst\u00e4tt; Ingolstadt; Wien: Rolf Kaufmann (Concordia. Internationale Zeitschrift f\u00fcr Philosophie ; Reihe Monographien 5.1). In: Zeitschrift f\u00fcr Missionswissenschaft und Religionswissenschaft 77(1993)1, 92 93.<\/li>\n<!-- \/wp:list-item -->\n\n<!-- wp:list-item -->\n<li>Hengsbach, Friedhelm (1991): Wirtschaftsethik : Aufbruch, Konflikte, Perspektiven. Freiburg; Basel; Wien: Herder (Herder Spektrum; 4013). In: Forum f\u00fcr Interdisziplin\u00e4re Forschung 11 (1993), 123 125.<\/li>\n<!-- \/wp:list-item -->\n\n<!-- wp:list-item -->\n<li>Sawyer, Frank (1992): The Poor are many : Political Ethics in the Social Encyclicals, Christian Democracy, and Liberation Theology in Latin America. Kampen: Kok (Kerk en theologie in context ; 15). In: Zeitschrift f\u00fcr Missionswissenschaft und Religionswissenschaft 77(1993)1, 94 95.<\/li>\n<!-- \/wp:list-item -->\n\n<!-- wp:list-item -->\n<li>Swidler, Leonhard; Connor, Patrick (Hrsg.) (1990): \"Alle Katholiken haben das Recht \u2026\" : Freiheitsrechte in der Kirche. M\u00fcnchen : K\u00f6sel. In: Diakonia 24(1993)2, 143.<\/li>\n<!-- \/wp:list-item -->\n\n<!-- wp:list-item -->\n<li>Chenu, Marie Dominique (1991): Kirchliche Soziallehre im Wandel : Das Ringen der Kirche um das Verst\u00e4ndnis der gesellschaftlichen Wirklichkeit. Fribourg\/Luzern: Exodus. In: Zeitschrift f\u00fcr Missionswissenschaft und Religionswissenschaft 77(1993)2, 165.<\/li>\n<!-- \/wp:list-item --><\/ul>\n<!-- \/wp:list -->\n\n<!-- wp:paragraph -->\n<p>1992<\/p>\n<!-- \/wp:paragraph -->\n\n<!-- wp:list -->\n<ul class=\"wp-block-list\"><!-- wp:list-item -->\n<li>Sayer, Josef; Biesinger, Albert (1988): Von lateinamerikanischen Gemeinden lernen. M\u00fcnchen: K\u00f6sel. In: Diakonia 23(1992)3, 211.<\/li>\n<!-- \/wp:list-item -->\n\n<!-- wp:list-item -->\n<li>Bornhorst, Bernd u.a. (1990): Entwicklungsarbeit auf dem Land : Beispiele aus 3 Kontinenten. Aachen: Misereor (Misereor Dialog 7). In: Zeitschrift f\u00fcr Missionswissenschaft und Religionswissenschaft 76(1992), 221 222.<\/li>\n<!-- \/wp:list-item -->\n\n<!-- wp:list-item -->\n<li>Justenhoven, Heinz Gerhard (1991): Francisco de Vitoria zu Krieg und Frieden. K\u00f6ln: Bachem (Theologie und Frieden 5). In: Zeitschrift f\u00fcr Missionswissenschaft und Religionswissenschaft 76(1992), 170 171.<\/li>\n<!-- \/wp:list-item --><\/ul>\n<!-- \/wp:list -->\n\n<!-- wp:paragraph -->\n<p>1991<\/p>\n<!-- \/wp:paragraph -->\n\n<!-- wp:list -->\n<ul class=\"wp-block-list\"><!-- wp:list-item -->\n<li>Collet, Giancarlo; Rechsteiner, Justin (Hrsg.) (1990): Vergessen hei\u00dft verraten : Erinnerungen an Oscar A. Romero zum 10. Todestag. Wuppertal: Hammer. In: Theologische Revue 87(1991)6, 499.<\/li>\n<!-- \/wp:list-item -->\n\n<!-- wp:list-item -->\n<li>Mensen, Bernhard (Hrsg.) (1989): F\u00fcnfhundert Jahre Lateinamerika. Nettetal. In: Zeitschrift f\u00fcr Missionswissenschaft und Religionswissenschaft 75(1991)1, 80 81.<\/li>\n<!-- \/wp:list-item -->\n\n<!-- wp:list-item -->\n<li>Eicher, Peter; Mette, Norbert (Hrsg.) (1989): Auf der Seite der Unterdr\u00fcckten? Theologie der Befreiung im Kontext Europas. D\u00fcsseldorf <strong>und <\/strong>Baadte, G\u00fcnter; Rauscher, Anton (Hrsg.) (1989): Christliche Gesellschaftslehre: Eine Ortsbestimmung. Graz; Wien; K\u00f6ln. In: Katechetische Bl\u00e4tter 116(1991)3, 226 227.<\/li>\n<!-- \/wp:list-item -->\n\n<!-- wp:list-item -->\n<li>Kaufmann, Franz Xaver (1989): Religion und Modernit\u00e4t : Sozialwissenschaftliche Perspektiven. T\u00fcbingen: Mohr, J.C.B. Mohr. In: Zeitschrift f\u00fcr Missionswissenschaft und Religionswissenschaft 75(1991)4, 316.<\/li>\n<!-- \/wp:list-item --><\/ul>\n<!-- \/wp:list -->\n\n<!-- wp:paragraph -->\n<p>1990<\/p>\n<!-- \/wp:paragraph -->\n\n<!-- wp:list -->\n<ul class=\"wp-block-list\"><!-- wp:list-item -->\n<li>Schrader, Achim; Schl\u00fcter, Heinz (Hrsg.) (1987): \u00d6kologie Diskussion in Lateinamerika: Sozialwissenschaftliche Beitr\u00e4ge. M\u00fcnster. In: Forum f\u00fcr Interdisziplin\u00e4re Forschung 3(1990)2, 88.<\/li>\n<!-- \/wp:list-item -->\n\n<!-- wp:list-item -->\n<li>Siebert, Horst (1990): Die vergeudete Umwelt. Steht die Dritte Welt vor dem \u00f6kologischen Bankrott? Frankfurt. In: Forum f\u00fcr Interdisziplin\u00e4re Forschung 3(1990)2, 90 91.<\/li>\n<!-- \/wp:list-item -->\n\n<!-- wp:list-item -->\n<li>Klawitter, J\u00f6rg; K\u00fcmmel, Reiner; Maier Rigaud. Gerhard (Hrsg.) (1990): Natur und Industriegesellschaft: Beitr\u00e4ge aus interdisziplin\u00e4rer Sicht. In: Forum f\u00fcr Interdisziplin\u00e4re Forschung 3(1990)2, 91 92.<\/li>\n<!-- \/wp:list-item -->\n\n<!-- wp:list-item -->\n<li>Hauser, J\u00fcrg A. (1990): Bev\u00f6lkerungs und Umweltprobleme der Dritten Welt, Bd. 1. Bern; Stuttgart. In: Forum f\u00fcr Interdisziplin\u00e4re Forschung 3(1990)2, 92.<\/li>\n<!-- \/wp:list-item --><\/ul>\n<!-- \/wp:list -->\n\n<!-- wp:paragraph -->\n<p>1989<\/p>\n<!-- \/wp:paragraph -->\n\n<!-- wp:list -->\n<ul class=\"wp-block-list\"><!-- wp:list-item -->\n<li>Ricardo Antoncich; Jos\u00e9 Miguel Mun\u00e1rriz (1988): Die Soziallehre der Kirche. D\u00fcsseldorf: Patmos (Bibliothek Theologie der Befreiung). In: Katechetische Bl\u00e4tter (1989)5, 382 383. Gek\u00fcrzt in: Zeitschrift f\u00fcr Missionswissenschaft und Religionswissenschaft 73(1989), 150 151.<\/li>\n<!-- \/wp:list-item -->\n\n<!-- wp:list-item -->\n<li>Enrique Dussel (1988): Ethik der Gemeinschaft. D\u00fcsseldorf: Patmos (Bibliothek Theologie der Befreiung). In: Zeitschrift f\u00fcr Missionswissenschaft und Religionswissenschaft 73(1989), 249 250.<\/li>\n<!-- \/wp:list-item -->\n\n<!-- wp:list-item -->\n<li>Egon Spiegel (1987): Gewaltverzicht : Grundlagen einer biblischen Friedenstheologie. Kassel: Weber; Zucht. In: Literaturdienst Theologie 1989\/3, 35 36.<\/li>\n<!-- \/wp:list-item -->\n\n<!-- wp:list-item -->\n<li>Peter H\u00fcnermann; Margit Eckholt (Hrsg.) (1989): Katholische Soziallehre Wirtschaft Demokratie : Ein lateinamerikanisch deutsches Dialogprogramm I. M\u00fcnchen: Kaiser; Mainz: Gr\u00fcnewald. In: Katechetische Bl\u00e4tter 114(1989)10, 769 770.<\/li>\n<!-- \/wp:list-item -->\n\n<!-- wp:list-item -->\n<li>Ruth R\u00f6mer (1989): Sprachwissenschaft und Rassenideologie in Deutschland. M\u00fcnchen: Fink. In: Forum f\u00fcr Interdisziplin\u00e4re Forschung 2(1989)2, 85 86.<\/li>\n<!-- \/wp:list-item --><\/ul>\n<!-- \/wp:list -->\n\n<!-- wp:paragraph -->\n<p>1987<\/p>\n<!-- \/wp:paragraph -->\n\n<!-- wp:list -->\n<ul class=\"wp-block-list\"><!-- wp:list-item -->\n<li>Klaus Philipp Seif (1986): Daten vor dem Gewissen : Die Brisanz der personenbezogenen Datenerfassung. Freiburg: Herder. In: Theologischer Literaturdienst 2\/1987, 27 28. Ausf\u00fchrlicher in: der steig 9 10 (Okt. 1987), 51 53.<\/li>\n<!-- \/wp:list-item --><\/ul>\n<!-- \/wp:list -->\n\n<!-- wp:paragraph -->\n<p>1985<\/p>\n<!-- \/wp:paragraph -->\n\n<!-- wp:list -->\n<ul class=\"wp-block-list\"><!-- wp:list-item -->\n<li>18 Rezensionen in: Bernhard Irrgang; J\u00f6rg Klawitter; Gerhard Kruip (Hrsg. i.A. der STEIG e.V.): Interdisziplin\u00e4re Bibliographie: Analysen, Modelle, Strategien zum Themenfeld Natur Mensch Umwelt. W\u00fcrzburg : STEIG e.V. 1985.<\/li>\n<!-- \/wp:list-item -->\n\n<!-- wp:list-item -->\n<li>Alfons Auer (1985): Umweltethik: Besprechung und Kritik. In: der STEIG 2 (Jan. 1985), 17 21.<\/li>\n<!-- \/wp:list-item -->\n\n<!-- wp:list-item -->\n<li>Arnold K\u00f6pcke Duttler (1984): Von der Zerbrechlichkeit der Hoffnung : Zur Kritik der Industriegesellschaft. W\u00fcrzburg. In: Publik Forum 14(1985)22, 30.<\/li>\n<!-- \/wp:list-item --><\/ul>\n<!-- \/wp:list -->\n\n<!-- wp:paragraph -->\n<p><strong>Scientific Lexicon Entries and Articels of scientific Handbooks&nbsp;<\/strong><\/p>\n<!-- \/wp:paragraph -->\n\n<!-- wp:list -->\n<ul class=\"wp-block-list\"><!-- wp:list-item -->\n<li>\u201eMexiko VI.: Kultur, Religion, Bildung\u201d. In: Staatslexikon der G\u00f6rresgesellschaft Band 6\/1992. Freiburg: Herder, 7. Aufl. 1992, 414-415.<\/li>\n<!-- \/wp:list-item -->\n\n<!-- wp:list-item -->\n<li>\u201eDurango\u201d. In: LThK IV, 3. Aufl. 1995, 412.<\/li>\n<!-- \/wp:list-item -->\n\n<!-- wp:list-item -->\n<li>\u201eKatholische Akademie f\u00fcr Jugendfragen\u201d. In: Deutscher Verein f\u00fcr \u00f6ffentliche und private F\u00fcrsorge (Hg.): Fachlexikon der sozialen Arbeit, 4. Aufl. Frankfurt\/Main: Eigenverlag 1997, 536.<\/li>\n<!-- \/wp:list-item -->\n\n<!-- wp:list-item -->\n<li>\u201eKolonialismus\u201d: I. Begriff und Geschichte, III. Moderner Kolonialismus. In: LThK VI, 3. Aufl. 1997, 199-201.<\/li>\n<!-- \/wp:list-item -->\n\n<!-- wp:list-item -->\n<li>\u201eMexiko\u201d I. Allgemeine Einf\u00fchrung, IV. Kirche und Theologie in der Gegenwart, V. Statistik. In: LThK VII, 3. Aufl. 1998, 212, 216-222.<\/li>\n<!-- \/wp:list-item -->\n\n<!-- wp:list-item -->\n<li>\u201eMexiko Stadt\u201d. In: LThK VII, 3. Aufl. 1998, 222.<\/li>\n<!-- \/wp:list-item -->\n\n<!-- wp:list-item -->\n<li>\u201eMonterrey\u201d. In: LThK VII, 3. Aufl. 1998, 440.<\/li>\n<!-- \/wp:list-item -->\n\n<!-- wp:list-item -->\n<li>\u201eOaxaca\u201d. In: LThK VII, 3. Aufl. 1998, 955.<\/li>\n<!-- \/wp:list-item -->\n\n<!-- wp:list-item -->\n<li>\u201eCristiada\u201d. In: Religion in Geschichte und Gegenwart. Bd. 2, 4. Auflage. T\u00fcbingen: J.C.B. Mohr (Paul Siebeck) 1999, 496.<\/li>\n<!-- \/wp:list-item -->\n\n<!-- wp:list-item -->\n<li>\u201eSan Crist\u00f3bal de Las Casas\u201d. In: LThK IX, 3. Aufl. 2000, 18.<\/li>\n<!-- \/wp:list-item -->\n\n<!-- wp:list-item -->\n<li>\u201eKatholische Akademie f\u00fcr Jugendfragen\u201d. In: Mette, Norbert; Rickers, Folkert (Hg.): Lexikon der Religionsp\u00e4dagogik. 2 Bde. Neukirchen-Vluyn: Neukirchener Verlag 2001, 990-991.<\/li>\n<!-- \/wp:list-item -->\n\n<!-- wp:list-item -->\n<li>\u201eMendez Arceo, Sergio.\u201d In: RGG Bd. 5, 4. Aufl. 2002, 1034.<\/li>\n<!-- \/wp:list-item -->\n\n<!-- wp:list-item -->\n<li>\u201eMexiko\u201d. In: RGG Bd. 5, 4. Aufl. 2002, 1193-1196.<\/li>\n<!-- \/wp:list-item -->\n\n<!-- wp:list-item -->\n<li>Herrschaft, Politik, Staat im Katholizismus. In: Kl\u00f6cker, Michael; Tworuschka, Udo (Hg.): Ethik der Weltreligionen. Ein Handbuch. Darmstadt: WBG (Wissenschaftliche Buchgesellschaft) 2005, 149-152.<\/li>\n<!-- \/wp:list-item -->\n\n<!-- wp:list-item -->\n<li>\u201eWilhelm Dreier\u201d. In: Biographisch-bibliographisches Kirchenlexikon Band XXX (2009), hg. v. Traugott Bautz, Nordhausen: Bautz, 2009 (Erg\u00e4nzungen XVII), 275-279, auch in: <a href=\"http:\/\/www.bbkl.de\/d\/dreier_w.shtml.\">http:\/\/www.bbkl.de\/d\/dreier_w.shtml.<\/a><\/li>\n<!-- \/wp:list-item -->\n\n<!-- wp:list-item -->\n<li>\u201eKatholische Kirche\u201d. In: Barbara Potthast und Silke Hensel (Hg.): Das Lateinamerika-Lexikon. Wuppertal: Hammer 2013, S. 166-168.<\/li>\n<!-- \/wp:list-item -->\n\n<!-- wp:list-item -->\n<li>Armut III. Sozialethisch. In: G\u00f6rresgesellschaft und Verlag Herder (Hg.): Staatslexikon. Recht - Wirtschaft - Gesellschaft. 8. Aufl. Bd. 1. Freiburg (Breisgau): Herder 2017, Sp. 391-396. <a href=\"https:\/\/www.staatslexikon-online.de\/Lexikon\/Armut\">https:\/\/www.staatslexikon-online.de\/Lexikon\/Armut<\/a><\/li>\n<!-- \/wp:list-item -->\n\n<!-- wp:list-item -->\n<li>Bildung III. Sozialethische Perspektiven. In: G\u00f6rresgesellschaft und Verlag Herder (Hg.): Staatslexikon. Recht - Wirtschaft - Gesellschaft. 8. Aufl. Bd. 1. Freiburg (Breisgau): Herder 2017, Sp. 703-707. <a href=\"https:\/\/www.staatslexikon-online.de\/Lexikon\/Bildung\">https:\/\/www.staatslexikon-online.de\/Lexikon\/Bildung<\/a><\/li>\n<!-- \/wp:list-item -->\n\n<!-- wp:list-item -->\n<li>Grundwerte - Katholisch. In: Michael Droege, Heribert Hallermann, Thomas Meckel und Heinrich de Wall (Hg.): Lexikon f\u00fcr Kirchen- und Religionsrecht. Band 2 (F-K). Paderborn: Sch\u00f6ningh 2019, 459-461.<\/li>\n<!-- \/wp:list-item -->\n\n<!-- wp:list-item -->\n<li>Staat und Gesellschaft. III. Sozialethik, in: G\u00f6rresgesellschaft und Verlag Herder (Hg.), Staatslexikon. Recht - Wirtschaft - Gesellschaft, Freiburg (Breisgau), 8. Aufl. 2021, Bd.5, Sp. 532-536.<\/li>\n<!-- \/wp:list-item --><\/ul>\n<!-- \/wp:list -->\n\n<!-- wp:paragraph -->\n<p><strong>Tutorial Note <\/strong><\/p>\n<!-- \/wp:paragraph -->\n\n<!-- wp:list -->\n<ul class=\"wp-block-list\"><!-- wp:list-item -->\n<li>Sozial-diakonische Kompetenzen: Lehrbrief 24 des Pastoralen Basiskurses von Theologie im Fernkurs. W\u00fcrzburg: Theologie im Fernkurs, 2003, 64 S. (Neuauflage 2009).<\/li>\n<!-- \/wp:list-item --><\/ul>\n<!-- \/wp:list -->\n\n<!-- wp:paragraph -->\n<p><strong>Editions of Series<\/strong> <\/p>\n<!-- \/wp:paragraph -->\n\n<!-- wp:list -->\n<ul class=\"wp-block-list\"><!-- wp:list-item -->\n<li>zus. mit Lechner, Martin, 1995-2000 Studien zur Jugendpastoral. M\u00fcnchen, Don Bosco Verlag (Bd. 3-6).<\/li>\n<!-- \/wp:list-item -->\n\n<!-- wp:list-item -->\n<li>Schriftenreihe der Katholischen Akademie f\u00fcr Jugendfragen (Bd. 4-9, 1995-2000)<\/li>\n<!-- \/wp:list-item -->\n\n<!-- wp:list-item -->\n<li>Jahrbuch des Forschungsinstituts f\u00fcr Philosophie. Passagen-Verlag Wien (Bd. 2001)<\/li>\n<!-- \/wp:list-item -->\n\n<!-- wp:list-item -->\n<li>zus. mit Hemel, Ulrich: Preisschriften des Forschungsinstituts f\u00fcr Philosophie Hannover. Wallstein-Verlag G\u00f6ttingen (Bd. 1, 2003, bis Bd. 5, 2008).<\/li>\n<!-- \/wp:list-item -->\n\n<!-- wp:list-item -->\n<li>Philosophie aktuell. Ver\u00f6ffentlichungen aus der Arbeit des Forschungsinstituts f\u00fcr Philosophie Hannover. Lit-Verlag M\u00fcnster (Bd. 1, 2005 bis Bd. 8, 2008)<\/li>\n<!-- \/wp:list-item -->\n\n<!-- wp:list-item -->\n<li>zus. mit Heimbach-Steins, Marianne; Kunze, Axel Bernd: Forum Bildungsethik. Bertelsman-Verlag Bielefeld (ab Bd. 1 2007).<\/li>\n<!-- \/wp:list-item --><\/ul>\n<!-- \/wp:list -->\n\n<!-- wp:paragraph -->\n<p><strong>Editions of Journals<\/strong><\/p>\n<!-- \/wp:paragraph -->\n\n<!-- wp:list -->\n<ul class=\"wp-block-list\"><!-- wp:list-item -->\n<li>fiph-journal. 2 Hefte pro Jahr, von 2003 bis 1\/2009.<\/li>\n<!-- \/wp:list-item -->\n\n<!-- wp:list-item -->\n<li>Zusammen mit Schramm, Michael: Schwerpunktthema \u201eSteuergerechtigkeit\u201c. In: AmosInternational 4(2010)2.<\/li>\n<!-- \/wp:list-item -->\n\n<!-- wp:list-item -->\n<li>ET-Studies. Zeitschrift der Europ\u00e4ischen Gesellschaft f\u00fcr Katholische Theologie, 2 Hefte pro Jahr, ab 2011: Heft 2(2011)1 bis 2024: Heft 15(2024)2.<\/li>\n<!-- \/wp:list-item -->\n\n<!-- wp:list-item -->\n<li>Zusammen mit Blanc, Julia; Bogner, Daniel: Schwerpunktthema \u201eSozialethische Anforderungen an die Kirchenreform\u201c. In: AmosInternational 14(2020)1.<\/li>\n<!-- \/wp:list-item --><\/ul>\n<!-- \/wp:list -->\n\n<!-- wp:paragraph -->\n<p><strong>Collaboration on ecclesial Statements and Documents&nbsp;<\/strong><\/p>\n<!-- \/wp:paragraph -->\n\n<!-- wp:paragraph {\"fontSize\":\"normal\"} -->\n<p class=\"has-normal-font-size\">Als Mitglied (von 2003 bis 2008 als Vorsitzender) der Sachverst\u00e4ndigengruppe \u201eWeltwirtschaft und Sozialethik\u201d, hg. v. der Wissenschaftlichen Arbeitsgruppe f\u00fcr weltkirchliche Aufgaben der Deutschen Bischofskonferenz:<\/p>\n<!-- \/wp:paragraph -->\n\n<!-- wp:list -->\n<ul class=\"wp-block-list\"><!-- wp:list-item -->\n<li>Gutes Geld f\u00fcr alle: Sozialethische \u00dcberlegungen zur Geldwertstabilit\u00e4t. Bonn 1991.<\/li>\n<!-- \/wp:list-item -->\n\n<!-- wp:list-item -->\n<li>Von der Dependenz zur Interdependenz: Anst\u00f6\u00dfe und Grenzen der Dependenztheorie. Bonn 1994.<\/li>\n<!-- \/wp:list-item -->\n\n<!-- wp:list-item -->\n<li>Wirtschaft: global und \u00f6kologisch: \u00dcberlegungen zu Ressourcenschonung und Umwelterhaltung. Bonn 1994.<\/li>\n<!-- \/wp:list-item -->\n\n<!-- wp:list-item -->\n<li>Mut zur Strukturanpassung bei uns - Hilfe f\u00fcr die Entwicklungsl\u00e4nder. Bonn 1995.<\/li>\n<!-- \/wp:list-item -->\n\n<!-- wp:list-item -->\n<li>Stellungnahme der Sachverst\u00e4ndigengruppe der Kommission \u201eWeltkirche\u201d der DBK \u201eWeltwirtschaft und Sozialethik\u201d zum Konsultationspapier der Kirchen \u201eZur wirtschaftlichen und sozialen Lage in Deutschland\u201d. In: Katholisch Soziales Institut der Erzdi\u00f6zese K\u00f6ln (Hg.): Alle Eingaben zum Konsultationsproze\u00df. Bad Honnef 1996, CD Rom, Dok. Nr. 432.<\/li>\n<!-- \/wp:list-item -->\n\n<!-- wp:list-item -->\n<li>Soziale Sicherungssysteme als Elemente der Armutsbek\u00e4mpfung in Entwicklungsl\u00e4ndern. Bonn 1997.<\/li>\n<!-- \/wp:list-item -->\n\n<!-- wp:list-item -->\n<li>Stabilit\u00e4t und soziale Gerechtigkeit - Zur Einf\u00fchrung des Euro. Bonn 1999.<\/li>\n<!-- \/wp:list-item -->\n\n<!-- wp:list-item -->\n<li>Die vielen Gesichter der Globalisierung - Perspektiven einer menschengerechten Weltordnung. Eine Studie der Sachverst\u00e4ndigengruppe \u2026 und der kirchlichen Werke Adveniat, Caritas International, Misereor, missio Aachen, missio M\u00fcnchen und Renovabis. Bonn 1999.<\/li>\n<!-- \/wp:list-item -->\n\n<!-- wp:list-item -->\n<li>Das soziale Kapital - Ein Baustein im Kampf gegen Armut von Gesellschaften. Bonn 2000.<\/li>\n<!-- \/wp:list-item -->\n\n<!-- wp:list-item -->\n<li>Globale Finanzen und menschliche Entwicklung. Bonn 2001.<\/li>\n<!-- \/wp:list-item -->\n\n<!-- wp:list-item -->\n<li>Partnerschaft mit den Armen: Wechselseitige Verpflichtungen in der entwicklungspolitischen Zusammenarbeit. Bonn 2004.<\/li>\n<!-- \/wp:list-item -->\n\n<!-- wp:list-item -->\n<li>\u00d6konomisch motivierte Migration zwischen nationalen Eigeninteressen und weltweiter Gerechtigkeit. Bonn 2005.<\/li>\n<!-- \/wp:list-item -->\n\n<!-- wp:list-item -->\n<li>Welthandel im Dienst der Armen. Bonn 2006.<\/li>\n<!-- \/wp:list-item -->\n\n<!-- wp:list-item -->\n<li>Verlagerung von Arbeitspl\u00e4tzen. Entwicklungschancen und Menschenw\u00fcrde - Sozialethische \u00dcberlegungen. Bonn 2008.<\/li>\n<!-- \/wp:list-item -->\n\n<!-- wp:list-item -->\n<li>Mit Geldanlagen die Welt ver\u00e4ndern? Eine Orientierungshilfe zum ethikbezogenen Investment. Bonn 2010.<\/li>\n<!-- \/wp:list-item -->\n\n<!-- wp:list-item -->\n<li>Den Hunger bek\u00e4mpfen. Unsere gemeinsame Verantwortung f\u00fcr das Menschenrecht auf Nahrung. Bonn 2012.<\/li>\n<!-- \/wp:list-item -->\n\n<!-- wp:list-item -->\n<li>Wen k\u00fcmmert die Sorgearbeit? Gerechte Arbeitspl\u00e4tze in Privathaushalten. Bonn 2015.<\/li>\n<!-- \/wp:list-item -->\n\n<!-- wp:list-item -->\n<li>Raus aus der Wachstumsgesellschaft? Eine sozialethische Analyse und Bewertung von Postwachstumsstrategien. Bonn 2018.<\/li>\n<!-- \/wp:list-item -->\n\n<!-- wp:list-item -->\n<li>Wie sozial-\u00f6kologische Transformation gelingen kann. Eine interdisziplin\u00e4re Studie im Rahmen des Dialogprojektes zum weltkirchlichen Beitrag der katholischen Kirche f\u00fcr eine sozial-\u00f6kologische Transformation im Lichte von Laudato si\u2018. Bonn 2021.<\/li>\n<!-- \/wp:list-item --><\/ul>\n<!-- \/wp:list -->\n\n<!-- wp:paragraph {\"fontSize\":\"normal\"} -->\n<p class=\"has-normal-font-size\">Als Mitglied einer Redaktionsgruppe um Bischof Dr. Franz Kamphaus (in der Schlussphase der Erstellung des Dokuments):<\/p>\n<!-- \/wp:paragraph -->\n\n<!-- wp:list -->\n<ul class=\"wp-block-list\"><!-- wp:list-item -->\n<li>Deutsche Kommission Justitia et Pax: Gerechtigkeit f\u00fcr alle: Zur Grundlegung kirchlicher Entwicklungsarbeit, Bonn 1991.<\/li>\n<!-- \/wp:list-item --><\/ul>\n<!-- \/wp:list -->\n\n<!-- wp:paragraph {\"fontSize\":\"normal\"} -->\n<p class=\"has-normal-font-size\">Als Mitglied einer Redaktionsgruppe der Ergebnisse des Hearings \u201eGerechtigkeit weltweit\u201d (Die Wolfsburg, 13.-14.6.95) im Rahmen des \u00d6kumenischen Konsultationsnetzes):<\/p>\n<!-- \/wp:paragraph -->\n\n<!-- wp:list -->\n<ul class=\"wp-block-list\"><!-- wp:list-item -->\n<li>Die vorrangige Option f\u00fcr die Armen - Basis und Ordnungsprinzip eines gemeinsamen Wortes der Kirchen zur wirtschaftlichen und sozialen Lage Deutschlands in der einen Welt. In: Katholisch Soziales Institut der Erzdi\u00f6zese K\u00f6ln (Hg.): Alle Eingaben zum Konsultationsproze\u00df. Bad Honnef 1996, CD Rom, Dok. Nr. 1195.<\/li>\n<!-- \/wp:list-item --><\/ul>\n<!-- \/wp:list -->\n\n<!-- wp:paragraph {\"fontSize\":\"normal\"} -->\n<p class=\"has-normal-font-size\">Als Miglied der Arbeitsgruppe III \u201eDie Zukunft von Bildung und Qualifizierung\u201d der Gemeinsamen Initiative \u201eBeteiligung schafft Gerechtigkeit\u201d:<\/p>\n<!-- \/wp:paragraph -->\n\n<!-- wp:list -->\n<ul class=\"wp-block-list\"><!-- wp:list-item -->\n<li>Lebenslanges Lernen unter der Perspektive von Beteiligungsgerechtigkeit. Bonn 2002.<\/li>\n<!-- \/wp:list-item --><\/ul>\n<!-- \/wp:list -->\n\n<!-- wp:paragraph {\"fontSize\":\"normal\"} -->\n<p class=\"has-normal-font-size\">Als Mitglied einer von der Kommission f\u00fcr gesellschaftliche und soziale Fragen der Deutschen Bischofskonferenz berufenen Expertengruppe:<\/p>\n<!-- \/wp:paragraph -->\n\n<!-- wp:list -->\n<ul class=\"wp-block-list\"><!-- wp:list-item -->\n<li>Kommission f\u00fcr gesellschaftliche und soziale Fragen der Deutschen Bischofskonferenz: Das Soziale neu denken: F\u00fcr eine langfristig angelegte Reformpolitik. Bonn 2003.<\/li>\n<!-- \/wp:list-item -->\n\n<!-- wp:list-item -->\n<li>Auf dem Weg aus der Krise. Beobachtungen und Orientierungen. Stellungnahme einer von der Kommission f\u00fcr gesellschaftliche und soziale Fragen der Deutschen Bischofskonferenz berufenen Arbeitsgruppe zur Finanz- und Wirtschaftskrise \/ hrsg. vom Sekretariat der Deutschen Bischofskonferenz. Bonn 2009 (Die deutschen Bisch\u00f6fe - Kommission f\u00fcr gesellschaftliche und soziale Fragen 30).<\/li>\n<!-- \/wp:list-item -->\n\n<!-- wp:list-item -->\n<li>Chancengerechte Gesellschaft. Leitbild f\u00fcr eine freiheitliche Ordnung. Impulspapier der Kommission f\u00fcr gesellschaftliche und soziale Fragen der Deutschen Bischofskonferenz (hrsg. vom Sekreatriat der DBK, Bonn 2011 (Die deutschen Bisch\u00f6fe - Kommission f\u00fcr gesellschaftliche und soziale Fragen 34).<\/li>\n<!-- \/wp:list-item -->\n\n<!-- wp:list-item -->\n<li>Gerechte Regeln f\u00fcr den freien Handel. Sozialethische Orientierungen f\u00fcr eine Transatlantische Handels- und Investitionspartnerschaft (TTIP). Stellungnahme eines von der Kommission f\u00fcr gesellschaftliche und soziale Fragen der Deutschen Bischofskonferenz berufenen Expertenkreises. Bonn: DBK, 2015 (Die deutschen Bisch\u00f6fe - Kommission f\u00fcr gesellschaftliche und soziale Fragen, 43).<\/li>\n<!-- \/wp:list-item --><\/ul>\n<!-- \/wp:list -->\n\n<!-- wp:paragraph {\"fontSize\":\"normal\"} -->\n<p class=\"has-normal-font-size\">Als Mitglied des St\u00e4ndigen Arbeitskreises im Sachbereich 2 \u201ePolitische Grundfragen\u201d des Zentralkomitees der deutschen Katholiken bzw. von themenbezogenen Ad-hoc-Arbeitskreisen beim ZdK:<\/p>\n<!-- \/wp:paragraph -->\n\n<!-- wp:list -->\n<ul class=\"wp-block-list\"><!-- wp:list-item -->\n<li>Politische Erkl\u00e4rung des ZdK aus Anlass der Wahlen zum 15. Deutschen Bundestag am 22. September 2002. Bonn 2002.<\/li>\n<!-- \/wp:list-item -->\n\n<!-- wp:list-item -->\n<li>F\u00fcr eine wertgebundene europ\u00e4ische Verfassungsordnung. Erkl\u00e4rung des ZdKs zur Arbeit des Europ\u00e4ischen Konvents f\u00fcr die Zukunft Europas, Bonn 2002.<\/li>\n<!-- \/wp:list-item -->\n\n<!-- wp:list-item -->\n<li>Das Europ\u00e4ische Sozialmodell - Richtschnur f\u00fcr Reformen. Bonn, 25.11.2006.<\/li>\n<!-- \/wp:list-item --><\/ul>\n<!-- \/wp:list -->\n\n<!-- wp:paragraph {\"fontSize\":\"normal\"} -->\n<p class=\"has-normal-font-size\">Als Mitglied der Bioethik-Kommission des Landes Rheinland-Pfalz:<\/p>\n<!-- \/wp:paragraph -->\n\n<!-- wp:list -->\n<ul class=\"wp-block-list\"><!-- wp:list-item -->\n<li>Gesundheit und Gerechtigkeit. Ethische, soziale und rechtliche Herausforderungen, Bericht der Bioethik-Kommission des Landes Rheinland-Pfalz vom 30. April 2010, Mainz 2010.<\/li>\n<!-- \/wp:list-item -->\n\n<!-- wp:list-item -->\n<li>Pr\u00e4implantationsdiagnostik. Stellungnahme der Bioethik-Kommission des Landes Rheinland-Pfalz vom April 2011, Mainz 2011 (Mitverfasser eines abweichenden Votums, S. 12-15).<\/li>\n<!-- \/wp:list-item --><\/ul>\n<!-- \/wp:list -->\n\n<!-- wp:paragraph {\"fontSize\":\"normal\"} -->\n<p class=\"has-normal-font-size\">Im Auftrag der Synode der Evangelischen Kirche in Hessen und Nassau:<\/p>\n<!-- \/wp:paragraph -->\n\n<!-- wp:list -->\n<ul class=\"wp-block-list\"><!-- wp:list-item -->\n<li>Zus. m. Pulte, Matthias; Ruthig, Josef: St\u00f6rung religi\u00f6ser Handlungen durch L\u00e4rm und Argumentationshilfen f\u00fcr k\u00fcnftige \u00f6ffentliche Planfeststellungsverfahren. In: Drucksache der Synode der EKHN Nr. 52\/17 [2014], 3-119 <a href=\"https:\/\/kirchenrecht-ekhn.de\/synodalds\/38335.pdf\">PDF<\/a><\/li>\n<!-- \/wp:list-item --><\/ul>\n<!-- \/wp:list -->\n<!-- \/wp:jgu\/accordion-item -->\n\n<!-- wp:jgu\/accordion-item {\"title\":\"ORCID Connecting Research and Researchers\",\"init\":false,\"slug\":\"orcid-connecting-research-and-researchers\"} -->\n<!-- wp:paragraph -->\n<p><a href=\"https:\/\/orcid.org\/0000-0001-9123-2904\">https:\/\/orcid.org\/0000-0001-9123-2904<\/a><\/p>\n<!-- \/wp:paragraph -->\n<!-- \/wp:jgu\/accordion-item -->\n\n<!-- wp:jgu\/accordion-item {\"title\":\"Research Interests\",\"init\":false,\"slug\":\"research-interests\"} -->\n<!-- wp:list -->\n<ul class=\"wp-block-list\"><!-- wp:list-item -->\n<li><\/li>\n<!-- \/wp:list-item --><\/ul>\n<!-- \/wp:list -->\n\n<!-- wp:paragraph {\"fontSize\":\"normal\"} -->\n<p class=\"has-normal-font-size\"><strong>Practical Philosophy and Social Ethics esp.:<\/strong><\/p>\n<!-- \/wp:paragraph -->\n\n<!-- wp:list -->\n<ul class=\"wp-block-list\"><!-- wp:list-item -->\n<li>Globalisation and global justice<\/li>\n<!-- \/wp:list-item -->\n\n<!-- wp:list-item -->\n<li>Civil society and democracy<\/li>\n<!-- \/wp:list-item -->\n\n<!-- wp:list-item -->\n<li>Labor and welfare state<\/li>\n<!-- \/wp:list-item -->\n\n<!-- wp:list-item -->\n<li>Intergenerational justice<\/li>\n<!-- \/wp:list-item -->\n\n<!-- wp:list-item -->\n<li>Education and equal opportunities, educational justice<\/li>\n<!-- \/wp:list-item -->\n\n<!-- wp:list-item -->\n<li>Ethical learning in the context of adult education<\/li>\n<!-- \/wp:list-item -->\n\n<!-- wp:list-item -->\n<li>Ethics of business and environment<\/li>\n<!-- \/wp:list-item -->\n\n<!-- wp:list-item -->\n<li>Poverty reduction in countries of the so called \"Third world\"<\/li>\n<!-- \/wp:list-item -->\n\n<!-- wp:list-item -->\n<li>Mexiko and Bolivia<\/li>\n<!-- \/wp:list-item -->\n\n<!-- wp:list-item -->\n<li>Latin American theology<\/li>\n<!-- \/wp:list-item -->\n\n<!-- wp:list-item -->\n<li>Theories of justice and moral<\/li>\n<!-- \/wp:list-item -->\n\n<!-- wp:list-item -->\n<li>Theology of liberation and catholic social teaching<\/li>\n<!-- \/wp:list-item -->\n\n<!-- wp:list-item -->\n<li>Reforms of the Catholic Church<\/li>\n<!-- \/wp:list-item --><\/ul>\n<!-- \/wp:list -->\n<!-- \/wp:jgu\/accordion-item -->\n\n<!-- wp:jgu\/accordion-item {\"title\":\"Contact\",\"init\":false,\"slug\":\"contact\"} -->\n<!-- wp:jgu\/contact-card {\"name\":\"Gerhard Kruip\",\"avatar\":{\"id\":9007,\"url\":null}} -->\n<!-- wp:jgu\/list-item {\"icon\":\"address-card-solid\",\"title\":\"Kruip@uni-mainz.de\",\"uuid\":\"1717672458337\"} \/-->\n<!-- \/wp:jgu\/contact-card -->\n<!-- \/wp:jgu\/accordion-item -->\n<!-- \/wp:jgu\/accordion -->","_links":{"self":[{"href":"https:\/\/www.sozialethik.kath.theologie.uni-mainz.de\/en\/wp-json\/wp\/v2\/pages\/10418","targetHints":{"allow":["GET"]}}],"collection":[{"href":"https:\/\/www.sozialethik.kath.theologie.uni-mainz.de\/en\/wp-json\/wp\/v2\/pages"}],"about":[{"href":"https:\/\/www.sozialethik.kath.theologie.uni-mainz.de\/en\/wp-json\/wp\/v2\/types\/page"}],"author":[{"embeddable":true,"href":"https:\/\/www.sozialethik.kath.theologie.uni-mainz.de\/en\/wp-json\/wp\/v2\/users\/1"}],"replies":[{"embeddable":true,"href":"https:\/\/www.sozialethik.kath.theologie.uni-mainz.de\/en\/wp-json\/wp\/v2\/comments?post=10418"}],"version-history":[{"count":10,"href":"https:\/\/www.sozialethik.kath.theologie.uni-mainz.de\/en\/wp-json\/wp\/v2\/pages\/10418\/revisions"}],"predecessor-version":[{"id":11853,"href":"https:\/\/www.sozialethik.kath.theologie.uni-mainz.de\/en\/wp-json\/wp\/v2\/pages\/10418\/revisions\/11853"}],"wp:attachment":[{"href":"https:\/\/www.sozialethik.kath.theologie.uni-mainz.de\/en\/wp-json\/wp\/v2\/media?parent=10418"}],"wp:term":[{"taxonomy":"category","embeddable":true,"href":"https:\/\/www.sozialethik.kath.theologie.uni-mainz.de\/en\/wp-json\/wp\/v2\/categories?post=10418"},{"taxonomy":"post_tag","embeddable":true,"href":"https:\/\/www.sozialethik.kath.theologie.uni-mainz.de\/en\/wp-json\/wp\/v2\/tags?post=10418"}],"curies":[{"name":"wp","href":"https:\/\/api.w.org\/{rel}","templated":true}]}}